{"version":"1.0","provider_name":"Fundaci\u00f3n Mutua de Propietarios","provider_url":"https:\/\/www.fundacionmdp.org\/ca\/","author_name":"fundacionmdp","author_url":"https:\/\/www.fundacionmdp.org\/ca\/author\/fundacionmdp\/","title":"Qu\u00e8 \u00e9s el barem de mobilitat redu\u00efda? - Fundaci\u00f3n Mutua de Propietarios","type":"rich","width":600,"height":338,"html":"<blockquote class=\"wp-embedded-content\" data-secret=\"ULJy7HXjdN\"><a href=\"https:\/\/www.fundacionmdp.org\/ca\/que-es-el-barem-de-mobilitat-reduida\/\">Qu\u00e8 \u00e9s el barem de mobilitat redu\u00efda?<\/a><\/blockquote><iframe sandbox=\"allow-scripts\" security=\"restricted\" src=\"https:\/\/www.fundacionmdp.org\/ca\/que-es-el-barem-de-mobilitat-reduida\/embed\/#?secret=ULJy7HXjdN\" width=\"600\" height=\"338\" title=\"&#8220;Qu\u00e8 \u00e9s el barem de mobilitat redu\u00efda?&#8221; &#8212; Fundaci\u00f3n Mutua de Propietarios\" data-secret=\"ULJy7HXjdN\" frameborder=\"0\" marginwidth=\"0\" marginheight=\"0\" scrolling=\"no\" class=\"wp-embedded-content\"><\/iframe><script>\n\/*! This file is auto-generated *\/\n!function(d,l){\"use strict\";l.querySelector&&d.addEventListener&&\"undefined\"!=typeof URL&&(d.wp=d.wp||{},d.wp.receiveEmbedMessage||(d.wp.receiveEmbedMessage=function(e){var t=e.data;if((t||t.secret||t.message||t.value)&&!\/[^a-zA-Z0-9]\/.test(t.secret)){for(var s,r,n,a=l.querySelectorAll('iframe[data-secret=\"'+t.secret+'\"]'),o=l.querySelectorAll('blockquote[data-secret=\"'+t.secret+'\"]'),c=new RegExp(\"^https?:$\",\"i\"),i=0;i<o.length;i++)o[i].style.display=\"none\";for(i=0;i<a.length;i++)s=a[i],e.source===s.contentWindow&&(s.removeAttribute(\"style\"),\"height\"===t.message?(1e3<(r=parseInt(t.value,10))?r=1e3:~~r<200&&(r=200),s.height=r):\"link\"===t.message&&(r=new URL(s.getAttribute(\"src\")),n=new URL(t.value),c.test(n.protocol))&&n.host===r.host&&l.activeElement===s&&(d.top.location.href=t.value))}},d.addEventListener(\"message\",d.wp.receiveEmbedMessage,!1),l.addEventListener(\"DOMContentLoaded\",function(){for(var e,t,s=l.querySelectorAll(\"iframe.wp-embedded-content\"),r=0;r<s.length;r++)(t=(e=s[r]).getAttribute(\"data-secret\"))||(t=Math.random().toString(36).substring(2,12),e.src+=\"#?secret=\"+t,e.setAttribute(\"data-secret\",t)),e.contentWindow.postMessage({message:\"ready\",secret:t},\"*\")},!1)))}(window,document);\n\/\/# sourceURL=https:\/\/www.fundacionmdp.org\/wp-includes\/js\/wp-embed.min.js\n<\/script>\n","thumbnail_url":"https:\/\/www.fundacionmdp.org\/wp-content\/uploads\/2019\/09\/movilidad.jpg","thumbnail_width":1000,"thumbnail_height":667,"description":"El barem de Mobilitat redu\u00efda determina el grau de capacitat motriu que t\u00e9 una persona amb discapacitat mitjan\u00e7ant una puntuaci\u00f3 estimada per l\u2019Administraci\u00f3. Aquest Barem de Mobilitat \u00e9s necessari per adquirir el Certificat de Discapacitat, que permet a les persones amb discapacitat beneficiar-se de les prestacions tant locals, com auton\u00f2miques o estatals. A partir d\u2019un\u00a0 [&hellip;]"}