{"id":12277,"date":"2026-01-22T08:46:35","date_gmt":"2026-01-22T06:46:35","guid":{"rendered":"https:\/\/www.fundacionmdp.org\/?post_type=convocatorias&#038;p=12277"},"modified":"2026-03-20T17:18:23","modified_gmt":"2026-03-20T15:18:23","slug":"convocatoria-dajuts-directes-per-realitzar-obres-daccessibilitat-als-edificis-de-comunitats-de-propietaris-madrid-valencia-i-barcelona","status":"publish","type":"convocatorias","link":"https:\/\/www.fundacionmdp.org\/ca\/convocatorias\/convocatoria-dajuts-directes-per-realitzar-obres-daccessibilitat-als-edificis-de-comunitats-de-propietaris-madrid-valencia-i-barcelona\/","title":{"rendered":"Convocat\u00f2ria d&#8217;ajuts directes per realitzar obres d&#8217;accessibilitat als edificis de comunitats de propietaris (Madrid, Valencia i Barcelona)"},"content":{"rendered":"\t\t<div data-elementor-type=\"wp-post\" data-elementor-id=\"12277\" class=\"elementor elementor-12277 elementor-12238\">\n\t\t\t\t<div class=\"elementor-element elementor-element-449da96 e-flex e-con-boxed e-con e-parent\" data-id=\"449da96\" data-element_type=\"container\" data-e-type=\"container\">\n\t\t\t\t\t<div class=\"e-con-inner\">\n\t\t\t\t<div class=\"elementor-element elementor-element-da21c98 elementor-widget elementor-widget-text-editor\" data-id=\"da21c98\" data-element_type=\"widget\" data-e-type=\"widget\" data-widget_type=\"text-editor.default\">\n\t\t\t\t<div class=\"elementor-widget-container\">\n\t\t\t\t\t\t\t\t\t<h1>Convocat\u00f2ria d\u2019ajuts directes per a obres d\u2019accessibilitat als edificis de comunitats de propietaris (Madrid, Valencia, Barcelona 2026)<\/h1>\t\t\t\t\t\t\t\t<\/div>\n\t\t\t\t<\/div>\n\t\t\t\t<div class=\"elementor-element elementor-element-8197be3 elementor-widget-divider--view-line elementor-widget elementor-widget-divider\" data-id=\"8197be3\" data-element_type=\"widget\" data-e-type=\"widget\" data-widget_type=\"divider.default\">\n\t\t\t\t<div class=\"elementor-widget-container\">\n\t\t\t\t\t\t\t<div class=\"elementor-divider\">\n\t\t\t<span class=\"elementor-divider-separator\">\n\t\t\t\t\t\t<\/span>\n\t\t<\/div>\n\t\t\t\t\t\t<\/div>\n\t\t\t\t<\/div>\n\t\t\t\t<div class=\"elementor-element elementor-element-a30a09f elementor-widget elementor-widget-text-editor\" data-id=\"a30a09f\" data-element_type=\"widget\" data-e-type=\"widget\" data-widget_type=\"text-editor.default\">\n\t\t\t\t<div class=\"elementor-widget-container\">\n\t\t\t\t\t\t\t\t\t<p>Convocat\u00f2ria d\u2019ajuts econ\u00f2mics per a obres d\u2019accessibilitat als edificis.<\/p><p><span style=\"font-family: proxima-nova, sans-serif; font-size: 17px; font-style: normal; font-variant-ligatures: normal; font-variant-caps: normal; font-weight: 400;\">Convocat\u00f2ria 2026: <strong>T<\/strong><\/span><span style=\"font-variant-ligatures: normal; font-variant-caps: normal; font-family: proxima-nova, sans-serif; font-size: 17px; font-style: normal; font-weight: 600;\">ancada<\/span><\/p>\t\t\t\t\t\t\t\t<\/div>\n\t\t\t\t<\/div>\n\t\t\t\t<div class=\"elementor-element elementor-element-ceb44fd elementor-widget elementor-widget-text-editor\" data-id=\"ceb44fd\" data-element_type=\"widget\" data-e-type=\"widget\" data-widget_type=\"text-editor.default\">\n\t\t\t\t<div class=\"elementor-widget-container\">\n\t\t\t\t\t\t\t\t\t<h2>T\u2019ajudem a convertir el teu edifici d\u2019habitatges en un espai sense barreres arquitect\u00f2niques<\/h2><p>En el marc del Programa Sin Barreras de la Fundaci\u00f3 Mutua de Propietarios obre nova Convocat\u00f2ria 2026 d\u2019ajuts econ\u00f2miques directes per a impulsar la realitzaci\u00f3 d&#8217;edificis accessibles. La missi\u00f3 de la Fundaci\u00f3 \u00e9s la de millorar la qualitat de vida de les persones amb mobilitat redu\u00efda facilitant l\u2019accessibilitat a l\u2019habitatge i el seu entorn.<\/p>\t\t\t\t\t\t\t\t<\/div>\n\t\t\t\t<\/div>\n\t\t\t\t<div class=\"elementor-element elementor-element-2229729 elementor-widget elementor-widget-menu-anchor\" data-id=\"2229729\" data-element_type=\"widget\" data-e-type=\"widget\" data-widget_type=\"menu-anchor.default\">\n\t\t\t\t<div class=\"elementor-widget-container\">\n\t\t\t\t\t\t\t<div class=\"elementor-menu-anchor\" id=\"FAQ\"><\/div>\n\t\t\t\t\t\t<\/div>\n\t\t\t\t<\/div>\n\t\t\t\t<div class=\"elementor-element elementor-element-fa790e2 elementor-widget elementor-widget-toggle\" data-id=\"fa790e2\" data-element_type=\"widget\" data-e-type=\"widget\" data-widget_type=\"toggle.default\">\n\t\t\t\t<div class=\"elementor-widget-container\">\n\t\t\t\t\t\t\t<div class=\"elementor-toggle\">\n\t\t\t\t\t\t\t<div class=\"elementor-toggle-item\">\n\t\t\t\t\t<div id=\"elementor-tab-title-2621\" class=\"elementor-tab-title\" data-tab=\"1\" role=\"button\" aria-controls=\"elementor-tab-content-2621\" aria-expanded=\"false\">\n\t\t\t\t\t\t\t\t\t\t\t\t<span class=\"elementor-toggle-icon elementor-toggle-icon-right\" aria-hidden=\"true\">\n\t\t\t\t\t\t\t\t\t\t\t\t\t\t\t<span class=\"elementor-toggle-icon-closed\"><svg class=\"e-font-icon-svg e-fas-chevron-down\" viewBox=\"0 0 448 512\" xmlns=\"http:\/\/www.w3.org\/2000\/svg\"><path d=\"M207.029 381.476L12.686 187.132c-9.373-9.373-9.373-24.569 0-33.941l22.667-22.667c9.357-9.357 24.522-9.375 33.901-.04L224 284.505l154.745-154.021c9.379-9.335 24.544-9.317 33.901.04l22.667 22.667c9.373 9.373 9.373 24.569 0 33.941L240.971 381.476c-9.373 9.372-24.569 9.372-33.942 0z\"><\/path><\/svg><\/span>\n\t\t\t\t\t\t\t\t<span class=\"elementor-toggle-icon-opened\"><svg class=\"elementor-toggle-icon-opened e-font-icon-svg e-fas-chevron-up\" viewBox=\"0 0 448 512\" xmlns=\"http:\/\/www.w3.org\/2000\/svg\"><path d=\"M240.971 130.524l194.343 194.343c9.373 9.373 9.373 24.569 0 33.941l-22.667 22.667c-9.357 9.357-24.522 9.375-33.901.04L224 227.495 69.255 381.516c-9.379 9.335-24.544 9.317-33.901-.04l-22.667-22.667c-9.373-9.373-9.373-24.569 0-33.941L207.03 130.525c9.372-9.373 24.568-9.373 33.941-.001z\"><\/path><\/svg><\/span>\n\t\t\t\t\t\t\t\t\t\t\t\t\t<\/span>\n\t\t\t\t\t\t\t\t\t\t\t\t<a class=\"elementor-toggle-title\" tabindex=\"0\">Qui pot demanar l\u2019ajuda?<\/a>\n\t\t\t\t\t<\/div>\n\n\t\t\t\t\t<div id=\"elementor-tab-content-2621\" class=\"elementor-tab-content elementor-clearfix\" data-tab=\"1\" role=\"region\" aria-labelledby=\"elementor-tab-title-2621\"><p>Les Comunitats de Propietaris (en r\u00e8gim de propietat horitzontal) que convisquin persones m\u00e9s gran de 75 anys o persones amb discapacitat amb afectaci\u00f3 a la mobilitat.<\/p><p>La convocat\u00f2ria d\u2019ajuts directes disposa d\u2019una dotaci\u00f3 pressupost\u00e0ria de 150.000\u20ac, que es repartiran entre les comunitats ubicades a:<\/p><ul><li>Ciutat de Barcelona<\/li><li>\u00c0rea metropolitana de Barcelona<\/li><li>Ciutat de Madrid<\/li><li>Comunitat de Madrid<\/li><li>Ciutat de Val\u00e8ncia<\/li><\/ul><\/div>\n\t\t\t\t<\/div>\n\t\t\t\t\t\t\t<div class=\"elementor-toggle-item\">\n\t\t\t\t\t<div id=\"elementor-tab-title-2622\" class=\"elementor-tab-title\" data-tab=\"2\" role=\"button\" aria-controls=\"elementor-tab-content-2622\" aria-expanded=\"false\">\n\t\t\t\t\t\t\t\t\t\t\t\t<span class=\"elementor-toggle-icon elementor-toggle-icon-right\" aria-hidden=\"true\">\n\t\t\t\t\t\t\t\t\t\t\t\t\t\t\t<span class=\"elementor-toggle-icon-closed\"><svg class=\"e-font-icon-svg e-fas-chevron-down\" viewBox=\"0 0 448 512\" xmlns=\"http:\/\/www.w3.org\/2000\/svg\"><path d=\"M207.029 381.476L12.686 187.132c-9.373-9.373-9.373-24.569 0-33.941l22.667-22.667c9.357-9.357 24.522-9.375 33.901-.04L224 284.505l154.745-154.021c9.379-9.335 24.544-9.317 33.901.04l22.667 22.667c9.373 9.373 9.373 24.569 0 33.941L240.971 381.476c-9.373 9.372-24.569 9.372-33.942 0z\"><\/path><\/svg><\/span>\n\t\t\t\t\t\t\t\t<span class=\"elementor-toggle-icon-opened\"><svg class=\"elementor-toggle-icon-opened e-font-icon-svg e-fas-chevron-up\" viewBox=\"0 0 448 512\" xmlns=\"http:\/\/www.w3.org\/2000\/svg\"><path d=\"M240.971 130.524l194.343 194.343c9.373 9.373 9.373 24.569 0 33.941l-22.667 22.667c-9.357 9.357-24.522 9.375-33.901.04L224 227.495 69.255 381.516c-9.379 9.335-24.544 9.317-33.901-.04l-22.667-22.667c-9.373-9.373-9.373-24.569 0-33.941L207.03 130.525c9.372-9.373 24.568-9.373 33.941-.001z\"><\/path><\/svg><\/span>\n\t\t\t\t\t\t\t\t\t\t\t\t\t<\/span>\n\t\t\t\t\t\t\t\t\t\t\t\t<a class=\"elementor-toggle-title\" tabindex=\"0\">Quines s\u00f3n les actuacions subvencionables?<\/a>\n\t\t\t\t\t<\/div>\n\n\t\t\t\t\t<div id=\"elementor-tab-content-2622\" class=\"elementor-tab-content elementor-clearfix\" data-tab=\"2\" role=\"region\" aria-labelledby=\"elementor-tab-title-2622\"><p><b>Les obres subvencionables s\u00f3n les\u00a0de\u00a0rehabilitaci\u00f3\u00a0i millora de l\u2019accessibilitat\u00a0que es realitzin en les\u00a0zones comunes del edificis d\u2019habitatges, com:<\/b><\/p><ol><li>La instal\u00b7laci\u00f3 d\u2019ascensors nous, baixades de cota d\u2019ascensors existents\u00a0i\/o millora de les condicions d\u2019accessibilitat als ascensors existents i reformes d\u2019accessibilitat entre plantes.<\/li><li>L\u2019execuci\u00f3 o millora de rampes\u00a0d\u2019acc\u00e9s per a la supressi\u00f3 de desnivells des de la via p\u00fablica a l\u2019interior dels vest\u00edbuls dels edificis d\u2019habitatges.<\/li><li>Reformes constructives\u00a0que comportin l\u2019enderrocament, eixamplament o adequaci\u00f3 de portes (excloses les dels propis habitatges que s\u00f3n d\u2019\u00fanica responsabilitat del titular), passadissos i ampliaci\u00f3 de parades d\u2019ascensors sempre d\u2019elements comuns,<\/li><li>Instal\u00b7laci\u00f3 de dispositius elevadors individuals, com per exemple, salva-escales, plataformes elevadores, etc.<\/li><\/ol><p><strong>\u00danicament podran sol\u00b7licitar els ajuts aquelles comunitats de propietaris que\u00a0no\u00a0hagin iniciat\u00a0les obres d\u2019accessibilitat\u00a0anteriorment citades.<\/strong><\/p><\/div>\n\t\t\t\t<\/div>\n\t\t\t\t\t\t\t<div class=\"elementor-toggle-item\">\n\t\t\t\t\t<div id=\"elementor-tab-title-2623\" class=\"elementor-tab-title\" data-tab=\"3\" role=\"button\" aria-controls=\"elementor-tab-content-2623\" aria-expanded=\"false\">\n\t\t\t\t\t\t\t\t\t\t\t\t<span class=\"elementor-toggle-icon elementor-toggle-icon-right\" aria-hidden=\"true\">\n\t\t\t\t\t\t\t\t\t\t\t\t\t\t\t<span class=\"elementor-toggle-icon-closed\"><svg class=\"e-font-icon-svg e-fas-chevron-down\" viewBox=\"0 0 448 512\" xmlns=\"http:\/\/www.w3.org\/2000\/svg\"><path d=\"M207.029 381.476L12.686 187.132c-9.373-9.373-9.373-24.569 0-33.941l22.667-22.667c9.357-9.357 24.522-9.375 33.901-.04L224 284.505l154.745-154.021c9.379-9.335 24.544-9.317 33.901.04l22.667 22.667c9.373 9.373 9.373 24.569 0 33.941L240.971 381.476c-9.373 9.372-24.569 9.372-33.942 0z\"><\/path><\/svg><\/span>\n\t\t\t\t\t\t\t\t<span class=\"elementor-toggle-icon-opened\"><svg class=\"elementor-toggle-icon-opened e-font-icon-svg e-fas-chevron-up\" viewBox=\"0 0 448 512\" xmlns=\"http:\/\/www.w3.org\/2000\/svg\"><path d=\"M240.971 130.524l194.343 194.343c9.373 9.373 9.373 24.569 0 33.941l-22.667 22.667c-9.357 9.357-24.522 9.375-33.901.04L224 227.495 69.255 381.516c-9.379 9.335-24.544 9.317-33.901-.04l-22.667-22.667c-9.373-9.373-9.373-24.569 0-33.941L207.03 130.525c9.372-9.373 24.568-9.373 33.941-.001z\"><\/path><\/svg><\/span>\n\t\t\t\t\t\t\t\t\t\t\t\t\t<\/span>\n\t\t\t\t\t\t\t\t\t\t\t\t<a class=\"elementor-toggle-title\" tabindex=\"0\">Quina ajuda s\u2019ofereix?<\/a>\n\t\t\t\t\t<\/div>\n\n\t\t\t\t\t<div id=\"elementor-tab-content-2623\" class=\"elementor-tab-content elementor-clearfix\" data-tab=\"3\" role=\"region\" aria-labelledby=\"elementor-tab-title-2623\"><p>L\u2019ajut correspon al <strong>50% del import<\/strong> de la suma dels costos subvencionables per realitzar una obra de millora en accessibilitat, <strong>fins a un m\u00e0xim de 15.000\u20ac<\/strong> per comunitat.<\/p><p>Es consideren costos subvencionables:<\/p><ul><li>El\/els pressupost\/os per a l\u2019execuci\u00f3 de les obres d\u2019accessibilitat de la\/s empresa\/es contractista\/es.<\/li><li>I els honoraris t\u00e8cnics per a la redacci\u00f3 del projecte o la mem\u00f2ria t\u00e8cnica i direcci\u00f3 d\u2019obra, si s\u00f3n exclusivament per a obres de millora de l\u2019accessibilitat.<\/li><\/ul><p>NO es consideren costos subvencionables els derivats de:<\/p><ul><li>Pagament de taxes d\u2019organismes oficials per a l\u2019obtenci\u00f3 de llic\u00e8ncies i permisos.<\/li><li>Pagament de Visats de projectes a col\u00b7legis professionals.<\/li><\/ul><\/div>\n\t\t\t\t<\/div>\n\t\t\t\t\t\t\t<div class=\"elementor-toggle-item\">\n\t\t\t\t\t<div id=\"elementor-tab-title-2624\" class=\"elementor-tab-title\" data-tab=\"4\" role=\"button\" aria-controls=\"elementor-tab-content-2624\" aria-expanded=\"false\">\n\t\t\t\t\t\t\t\t\t\t\t\t<span class=\"elementor-toggle-icon elementor-toggle-icon-right\" aria-hidden=\"true\">\n\t\t\t\t\t\t\t\t\t\t\t\t\t\t\t<span class=\"elementor-toggle-icon-closed\"><svg class=\"e-font-icon-svg e-fas-chevron-down\" viewBox=\"0 0 448 512\" xmlns=\"http:\/\/www.w3.org\/2000\/svg\"><path d=\"M207.029 381.476L12.686 187.132c-9.373-9.373-9.373-24.569 0-33.941l22.667-22.667c9.357-9.357 24.522-9.375 33.901-.04L224 284.505l154.745-154.021c9.379-9.335 24.544-9.317 33.901.04l22.667 22.667c9.373 9.373 9.373 24.569 0 33.941L240.971 381.476c-9.373 9.372-24.569 9.372-33.942 0z\"><\/path><\/svg><\/span>\n\t\t\t\t\t\t\t\t<span class=\"elementor-toggle-icon-opened\"><svg class=\"elementor-toggle-icon-opened e-font-icon-svg e-fas-chevron-up\" viewBox=\"0 0 448 512\" xmlns=\"http:\/\/www.w3.org\/2000\/svg\"><path d=\"M240.971 130.524l194.343 194.343c9.373 9.373 9.373 24.569 0 33.941l-22.667 22.667c-9.357 9.357-24.522 9.375-33.901.04L224 227.495 69.255 381.516c-9.379 9.335-24.544 9.317-33.901-.04l-22.667-22.667c-9.373-9.373-9.373-24.569 0-33.941L207.03 130.525c9.372-9.373 24.568-9.373 33.941-.001z\"><\/path><\/svg><\/span>\n\t\t\t\t\t\t\t\t\t\t\t\t\t<\/span>\n\t\t\t\t\t\t\t\t\t\t\t\t<a class=\"elementor-toggle-title\" tabindex=\"0\">Com i quin \u00e9s el termini de presentaci\u00f3 de les sol\u00b7licituds i resoluci\u00f3 dels ajuts?<\/a>\n\t\t\t\t\t<\/div>\n\n\t\t\t\t\t<div id=\"elementor-tab-content-2624\" class=\"elementor-tab-content elementor-clearfix\" data-tab=\"4\" role=\"region\" aria-labelledby=\"elementor-tab-title-2624\"><p>La sol\u00b7licitud dels ajuts es realitza de manera telem\u00e0tica a trav\u00e9s de la<a href=\"https:\/\/www.pre-fundacionmdp.org\/Ayudas\/\"> plataforma web<\/a> de la Fundaci\u00f3 Mutua de Propietarios:\u00a0<\/p><p>Les dates i procesos importants d&#8217;aquesta convocatoria son els sig\u00fcents:<\/p><p><img fetchpriority=\"high\" decoding=\"async\" class=\"alignnone wp-image-12248 size-full\" src=\"https:\/\/www.fundacionmdp.org\/wp-content\/uploads\/2026\/01\/image4.png\" alt=\"\" width=\"1039\" height=\"537\" srcset=\"https:\/\/www.fundacionmdp.org\/wp-content\/uploads\/2026\/01\/image4.png 1039w, https:\/\/www.fundacionmdp.org\/wp-content\/uploads\/2026\/01\/image4-300x155.png 300w, https:\/\/www.fundacionmdp.org\/wp-content\/uploads\/2026\/01\/image4-1024x529.png 1024w, https:\/\/www.fundacionmdp.org\/wp-content\/uploads\/2026\/01\/image4-768x397.png 768w\" sizes=\"(max-width: 1039px) 100vw, 1039px\" \/><\/p><p>El procediment per l\u2019atorgament dels ajuts ser\u00e0 per concurr\u00e8ncia competitiva, mitjan\u00e7ant els criteris de puntuaci\u00f3 establerts a les Bases de la Convocat\u00f2ria de l&#8217;any que s&#8217;aplica l&#8217;ajut.<\/p><\/div>\n\t\t\t\t<\/div>\n\t\t\t\t\t\t\t<div class=\"elementor-toggle-item\">\n\t\t\t\t\t<div id=\"elementor-tab-title-2625\" class=\"elementor-tab-title\" data-tab=\"5\" role=\"button\" aria-controls=\"elementor-tab-content-2625\" aria-expanded=\"false\">\n\t\t\t\t\t\t\t\t\t\t\t\t<span class=\"elementor-toggle-icon elementor-toggle-icon-right\" aria-hidden=\"true\">\n\t\t\t\t\t\t\t\t\t\t\t\t\t\t\t<span class=\"elementor-toggle-icon-closed\"><svg class=\"e-font-icon-svg e-fas-chevron-down\" viewBox=\"0 0 448 512\" xmlns=\"http:\/\/www.w3.org\/2000\/svg\"><path d=\"M207.029 381.476L12.686 187.132c-9.373-9.373-9.373-24.569 0-33.941l22.667-22.667c9.357-9.357 24.522-9.375 33.901-.04L224 284.505l154.745-154.021c9.379-9.335 24.544-9.317 33.901.04l22.667 22.667c9.373 9.373 9.373 24.569 0 33.941L240.971 381.476c-9.373 9.372-24.569 9.372-33.942 0z\"><\/path><\/svg><\/span>\n\t\t\t\t\t\t\t\t<span class=\"elementor-toggle-icon-opened\"><svg class=\"elementor-toggle-icon-opened e-font-icon-svg e-fas-chevron-up\" viewBox=\"0 0 448 512\" xmlns=\"http:\/\/www.w3.org\/2000\/svg\"><path d=\"M240.971 130.524l194.343 194.343c9.373 9.373 9.373 24.569 0 33.941l-22.667 22.667c-9.357 9.357-24.522 9.375-33.901.04L224 227.495 69.255 381.516c-9.379 9.335-24.544 9.317-33.901-.04l-22.667-22.667c-9.373-9.373-9.373-24.569 0-33.941L207.03 130.525c9.372-9.373 24.568-9.373 33.941-.001z\"><\/path><\/svg><\/span>\n\t\t\t\t\t\t\t\t\t\t\t\t\t<\/span>\n\t\t\t\t\t\t\t\t\t\t\t\t<a class=\"elementor-toggle-title\" tabindex=\"0\">Quins s\u00f3n els documents necessaris per a sol\u00b7licitar l\u2019ajut?<\/a>\n\t\t\t\t\t<\/div>\n\n\t\t\t\t\t<div id=\"elementor-tab-content-2625\" class=\"elementor-tab-content elementor-clearfix\" data-tab=\"5\" role=\"region\" aria-labelledby=\"elementor-tab-title-2625\"><p>Recorda tenir a m\u00e0 aquesta\u00a0<strong>informaci\u00f3 i documents<\/strong>\u00a0abans de que inici\u00efs el proc\u00e9s de sol\u00b7licitud de l\u2019ajut:<\/p><ul><li><strong>CIF<\/strong>\u00a0de la Comunitat de Propietaris<\/li><li>N\u00famero de la\u00a0<strong>referencia cadastral<\/strong>, any de construcci\u00f3 i n\u00famero d\u2019<strong>habitatges<\/strong>\u00a0i\u00a0<strong>locals<\/strong>\u00a0del edifici.<\/li><li>DNI\u00a0<strong>persones m\u00e9s de 75 anys<\/strong><\/li><li>DNI\u00a0<strong>persones amb discapacitat<\/strong>\u00a0+\u00a0<strong>Targeta o documentaci\u00f3<\/strong>\u00a0que acrediti l\u2019 afectaci\u00f3 a la mobilitat.<\/li><li>Acta de Junta\u00a0<strong>on s\u2019acordi la voluntat d\u2019executar les obres<\/strong><\/li><li>DNI del president\/a o del representant legal de la Comunitat + Acta del seu nomenament.<\/li><li><strong>Certificat d\u2019estar al corrent de pagaments de seguretat social.<\/strong><\/li><li><strong>Projecte visat o mem\u00f2ria t\u00e8cnica<\/strong>\u00a0i pl\u00e0nols delimitats.<\/li><li><strong>Llicencia d\u2019obra<\/strong>\u00a0o perm\u00eds d\u2019obra\u00a0<strong>atorgat<\/strong>\u00a0per l\u2019Ajuntament corresponent.<\/li><li>Certificat d\u2019aptitud\u00a0<strong>IEE\/ITE<\/strong>.<\/li><li><strong>Honoraris T\u00e8cnics<\/strong>\u00a0i\u00a0<strong>Pressupost\/os de les obres<\/strong>\u00a0a realitzar.<\/li><li>Conjunt de\u00a0<strong>fotografies<\/strong>\u00a0dels elements a modificar<\/li><li>Mesurament de\u00a0<strong>l\u2019\u00edndex d\u2019 accessibilitat<\/strong>\u00a0de\u00a0<strong>l\u2019App Zero Barreras\u00a0<\/strong>(aplicaci\u00f3 m\u00f2bil gratu\u00efta)<\/li><\/ul><p>Recorda que un cop inici\u00efs la tramitaci\u00f3 haur\u00e0s de\u00a0<strong>descarregar i retornar signat :<\/strong><\/p><ul><li><strong>Declaraci\u00f3 de la sol\u00b7licitud<\/strong>\u00a0(signada pel representant legal de la Comunitat)<\/li><li><strong>Declaraci\u00f3 de dades de les persones amb mobilitat redu\u00efda\u00a0<\/strong>(signat per aquestes persones)<\/li><\/ul><\/div>\n\t\t\t\t<\/div>\n\t\t\t\t\t\t\t\t<\/div>\n\t\t\t\t\t\t<\/div>\n\t\t\t\t<\/div>\n\t\t\t\t<div class=\"elementor-element elementor-element-5da25f0 elementor-widget elementor-widget-spacer\" data-id=\"5da25f0\" data-element_type=\"widget\" data-e-type=\"widget\" data-widget_type=\"spacer.default\">\n\t\t\t\t<div class=\"elementor-widget-container\">\n\t\t\t\t\t\t\t<div class=\"elementor-spacer\">\n\t\t\t<div class=\"elementor-spacer-inner\"><\/div>\n\t\t<\/div>\n\t\t\t\t\t\t<\/div>\n\t\t\t\t<\/div>\n\t\t\t\t<div class=\"elementor-element elementor-element-e03d748 elementor-widget elementor-widget-text-editor\" data-id=\"e03d748\" data-element_type=\"widget\" data-e-type=\"widget\" data-widget_type=\"text-editor.default\">\n\t\t\t\t<div class=\"elementor-widget-container\">\n\t\t\t\t\t\t\t\t\t<h2>Documentaci\u00f3n de inter\u00e9s<\/h2>\t\t\t\t\t\t\t\t<\/div>\n\t\t\t\t<\/div>\n\t\t<div class=\"elementor-element elementor-element-c1513ef convocatoria-descargables e-flex e-con-boxed e-con e-child\" data-id=\"c1513ef\" data-element_type=\"container\" data-e-type=\"container\">\n\t\t\t\t\t<div class=\"e-con-inner\">\n\t\t<div class=\"elementor-element elementor-element-5f4cbcf convocatoria-descargable e-con-full e-flex e-con e-child\" data-id=\"5f4cbcf\" data-element_type=\"container\" data-e-type=\"container\">\n\t\t<div class=\"elementor-element elementor-element-8186303 convocatoria-descargable-title e-flex e-con-boxed e-con e-child\" data-id=\"8186303\" data-element_type=\"container\" data-e-type=\"container\">\n\t\t\t\t\t<div class=\"e-con-inner\">\n\t\t\t\t<div class=\"elementor-element elementor-element-451e5f3 title-no-margin-bot no-margin-bot elementor-widget elementor-widget-text-editor\" data-id=\"451e5f3\" data-element_type=\"widget\" data-e-type=\"widget\" data-widget_type=\"text-editor.default\">\n\t\t\t\t<div class=\"elementor-widget-container\">\n\t\t\t\t\t\t\t\t\t<h3>Bases de la convocat\u00f2ria 2026<\/h3>\t\t\t\t\t\t\t\t<\/div>\n\t\t\t\t<\/div>\n\t\t\t\t<div class=\"elementor-element elementor-element-eff2925 elementor-widget elementor-widget-button\" data-id=\"eff2925\" data-element_type=\"widget\" data-e-type=\"widget\" data-widget_type=\"button.default\">\n\t\t\t\t<div class=\"elementor-widget-container\">\n\t\t\t\t\t\t\t\t\t<div class=\"elementor-button-wrapper\">\n\t\t\t\t\t<a class=\"elementor-button elementor-button-link elementor-size-sm\" href=\"https:\/\/www.fundacionmdp.org\/wp-content\/uploads\/2026\/02\/AF_Bases_Convocatoria_Ayudas_catalanv2.pdf\" target=\"_blank\">\n\t\t\t\t\t\t<span class=\"elementor-button-content-wrapper\">\n\t\t\t\t\t\t\t\t\t<span class=\"elementor-button-text\">Descarregar<\/span>\n\t\t\t\t\t<\/span>\n\t\t\t\t\t<\/a>\n\t\t\t\t<\/div>\n\t\t\t\t\t\t\t\t<\/div>\n\t\t\t\t<\/div>\n\t\t\t\t\t<\/div>\n\t\t\t\t<\/div>\n\t\t<div class=\"elementor-element elementor-element-d91be2e e-con-full e-flex e-con e-child\" data-id=\"d91be2e\" data-element_type=\"container\" data-e-type=\"container\">\n\t\t\t\t<div class=\"elementor-element elementor-element-7c7ece9 elementor-widget__width-initial elementor-widget elementor-widget-image\" data-id=\"7c7ece9\" data-element_type=\"widget\" data-e-type=\"widget\" data-widget_type=\"image.default\">\n\t\t\t\t<div class=\"elementor-widget-container\">\n\t\t\t\t\t\t\t\t\t\t\t\t\t\t\t<img decoding=\"async\" width=\"595\" height=\"842\" src=\"https:\/\/www.fundacionmdp.org\/wp-content\/uploads\/2026\/01\/Bases_Convocatoria_Ayudas_catalan_v1.jpg\" class=\"attachment-large size-large wp-image-12257\" alt=\"\" srcset=\"https:\/\/www.fundacionmdp.org\/wp-content\/uploads\/2026\/01\/Bases_Convocatoria_Ayudas_catalan_v1.jpg 595w, https:\/\/www.fundacionmdp.org\/wp-content\/uploads\/2026\/01\/Bases_Convocatoria_Ayudas_catalan_v1-212x300.jpg 212w\" sizes=\"(max-width: 595px) 100vw, 595px\" \/>\t\t\t\t\t\t\t\t\t\t\t\t\t\t\t<\/div>\n\t\t\t\t<\/div>\n\t\t\t\t<\/div>\n\t\t\t\t<\/div>\n\t\t<div class=\"elementor-element elementor-element-19498f7 convocatoria-descargable e-con-full e-flex e-con e-child\" data-id=\"19498f7\" data-element_type=\"container\" data-e-type=\"container\">\n\t\t<div class=\"elementor-element elementor-element-59bd8a7 convocatoria-descargable-title e-flex e-con-boxed e-con e-child\" data-id=\"59bd8a7\" data-element_type=\"container\" data-e-type=\"container\">\n\t\t\t\t\t<div class=\"e-con-inner\">\n\t\t\t\t<div class=\"elementor-element elementor-element-a09d07c title-no-margin-bot no-margin-bot elementor-widget elementor-widget-text-editor\" data-id=\"a09d07c\" data-element_type=\"widget\" data-e-type=\"widget\" data-widget_type=\"text-editor.default\">\n\t\t\t\t<div class=\"elementor-widget-container\">\n\t\t\t\t\t\t\t\t\t<h3>Guia de la convocat\u00f2ria 2026<\/h3>\t\t\t\t\t\t\t\t<\/div>\n\t\t\t\t<\/div>\n\t\t\t\t<div class=\"elementor-element elementor-element-3672c33 elementor-widget elementor-widget-button\" data-id=\"3672c33\" data-element_type=\"widget\" data-e-type=\"widget\" data-widget_type=\"button.default\">\n\t\t\t\t<div class=\"elementor-widget-container\">\n\t\t\t\t\t\t\t\t\t<div class=\"elementor-button-wrapper\">\n\t\t\t\t\t<a class=\"elementor-button elementor-button-link elementor-size-sm\" href=\"https:\/\/www.fundacionmdp.org\/wp-content\/uploads\/2026\/03\/AF_Guia_Convocatoria_Ayudas_catalan.pdf\" target=\"_blank\">\n\t\t\t\t\t\t<span class=\"elementor-button-content-wrapper\">\n\t\t\t\t\t\t\t\t\t<span class=\"elementor-button-text\">Descarregar<\/span>\n\t\t\t\t\t<\/span>\n\t\t\t\t\t<\/a>\n\t\t\t\t<\/div>\n\t\t\t\t\t\t\t\t<\/div>\n\t\t\t\t<\/div>\n\t\t\t\t\t<\/div>\n\t\t\t\t<\/div>\n\t\t<div class=\"elementor-element elementor-element-e4209f4 e-con-full e-flex e-con e-child\" data-id=\"e4209f4\" data-element_type=\"container\" data-e-type=\"container\">\n\t\t\t\t<div class=\"elementor-element elementor-element-7b29774 elementor-widget__width-initial elementor-widget elementor-widget-image\" data-id=\"7b29774\" data-element_type=\"widget\" data-e-type=\"widget\" data-widget_type=\"image.default\">\n\t\t\t\t<div class=\"elementor-widget-container\">\n\t\t\t\t\t\t\t\t\t\t\t\t\t\t\t<img decoding=\"async\" width=\"724\" height=\"1024\" src=\"https:\/\/www.fundacionmdp.org\/wp-content\/uploads\/2026\/01\/AF_Guia_Convocatoria_Ayudas_catalan-724x1024.jpg\" class=\"attachment-large size-large wp-image-12434\" alt=\"\" srcset=\"https:\/\/www.fundacionmdp.org\/wp-content\/uploads\/2026\/01\/AF_Guia_Convocatoria_Ayudas_catalan-724x1024.jpg 724w, https:\/\/www.fundacionmdp.org\/wp-content\/uploads\/2026\/01\/AF_Guia_Convocatoria_Ayudas_catalan-212x300.jpg 212w, https:\/\/www.fundacionmdp.org\/wp-content\/uploads\/2026\/01\/AF_Guia_Convocatoria_Ayudas_catalan-768x1086.jpg 768w, https:\/\/www.fundacionmdp.org\/wp-content\/uploads\/2026\/01\/AF_Guia_Convocatoria_Ayudas_catalan-1086x1536.jpg 1086w, https:\/\/www.fundacionmdp.org\/wp-content\/uploads\/2026\/01\/AF_Guia_Convocatoria_Ayudas_catalan-1448x2048.jpg 1448w, https:\/\/www.fundacionmdp.org\/wp-content\/uploads\/2026\/01\/AF_Guia_Convocatoria_Ayudas_catalan-scaled.jpg 1810w\" sizes=\"(max-width: 724px) 100vw, 724px\" \/>\t\t\t\t\t\t\t\t\t\t\t\t\t\t\t<\/div>\n\t\t\t\t<\/div>\n\t\t\t\t<\/div>\n\t\t\t\t<\/div>\n\t\t<div class=\"elementor-element elementor-element-1ff9137 convocatoria-descargable e-con-full e-flex e-con e-child\" data-id=\"1ff9137\" data-element_type=\"container\" data-e-type=\"container\">\n\t\t<div class=\"elementor-element elementor-element-96d42f9 convocatoria-descargable-title e-flex e-con-boxed e-con e-child\" data-id=\"96d42f9\" data-element_type=\"container\" data-e-type=\"container\">\n\t\t\t\t\t<div class=\"e-con-inner\">\n\t\t\t\t<div class=\"elementor-element elementor-element-127b253 title-no-margin-bot no-margin-bot elementor-widget elementor-widget-text-editor\" data-id=\"127b253\" data-element_type=\"widget\" data-e-type=\"widget\" data-widget_type=\"text-editor.default\">\n\t\t\t\t<div class=\"elementor-widget-container\">\n\t\t\t\t\t\t\t\t\t<h3>Manual Plataforma Ajuts Fundaci\u00f3<\/h3>\t\t\t\t\t\t\t\t<\/div>\n\t\t\t\t<\/div>\n\t\t\t\t<div class=\"elementor-element elementor-element-2a3e9d5 elementor-widget elementor-widget-button\" data-id=\"2a3e9d5\" data-element_type=\"widget\" data-e-type=\"widget\" data-widget_type=\"button.default\">\n\t\t\t\t<div class=\"elementor-widget-container\">\n\t\t\t\t\t\t\t\t\t<div class=\"elementor-button-wrapper\">\n\t\t\t\t\t<a class=\"elementor-button elementor-button-link elementor-size-sm\" href=\"https:\/\/www.fundacionmdp.org\/wp-content\/uploads\/2024\/02\/Manual-de-la-Plataforma-de-Ayudas-PSB-PDF.pdf\" target=\"_blank\">\n\t\t\t\t\t\t<span class=\"elementor-button-content-wrapper\">\n\t\t\t\t\t\t\t\t\t<span class=\"elementor-button-text\">Descarregar<\/span>\n\t\t\t\t\t<\/span>\n\t\t\t\t\t<\/a>\n\t\t\t\t<\/div>\n\t\t\t\t\t\t\t\t<\/div>\n\t\t\t\t<\/div>\n\t\t\t\t\t<\/div>\n\t\t\t\t<\/div>\n\t\t<div class=\"elementor-element elementor-element-d2a06fd e-con-full e-flex e-con e-child\" data-id=\"d2a06fd\" data-element_type=\"container\" data-e-type=\"container\">\n\t\t\t\t<div class=\"elementor-element elementor-element-030ca1f elementor-widget__width-initial elementor-widget elementor-widget-image\" data-id=\"030ca1f\" data-element_type=\"widget\" data-e-type=\"widget\" data-widget_type=\"image.default\">\n\t\t\t\t<div class=\"elementor-widget-container\">\n\t\t\t\t\t\t\t\t\t\t\t\t\t\t\t<img loading=\"lazy\" decoding=\"async\" width=\"1000\" height=\"562\" src=\"https:\/\/www.fundacionmdp.org\/wp-content\/uploads\/2023\/05\/manual-plataforma-convocatoria.jpg\" class=\"attachment-large size-large wp-image-6506\" alt=\"\" srcset=\"https:\/\/www.fundacionmdp.org\/wp-content\/uploads\/2023\/05\/manual-plataforma-convocatoria.jpg 1000w, https:\/\/www.fundacionmdp.org\/wp-content\/uploads\/2023\/05\/manual-plataforma-convocatoria-300x169.jpg 300w, https:\/\/www.fundacionmdp.org\/wp-content\/uploads\/2023\/05\/manual-plataforma-convocatoria-768x432.jpg 768w, https:\/\/www.fundacionmdp.org\/wp-content\/uploads\/2023\/05\/manual-plataforma-convocatoria-800x450.jpg 800w\" sizes=\"(max-width: 1000px) 100vw, 1000px\" \/>\t\t\t\t\t\t\t\t\t\t\t\t\t\t\t<\/div>\n\t\t\t\t<\/div>\n\t\t\t\t<\/div>\n\t\t\t\t<\/div>\n\t\t<div class=\"elementor-element elementor-element-720f6b4 convocatoria-descargable e-con-full e-flex e-con e-child\" data-id=\"720f6b4\" data-element_type=\"container\" data-e-type=\"container\">\n\t\t<div class=\"elementor-element elementor-element-2b57b6b convocatoria-descargable-title e-flex e-con-boxed e-con e-child\" data-id=\"2b57b6b\" data-element_type=\"container\" data-e-type=\"container\">\n\t\t\t\t\t<div class=\"e-con-inner\">\n\t\t\t\t<div class=\"elementor-element elementor-element-a5bd1bf title-no-margin-bot no-margin-bot elementor-widget elementor-widget-text-editor\" data-id=\"a5bd1bf\" data-element_type=\"widget\" data-e-type=\"widget\" data-widget_type=\"text-editor.default\">\n\t\t\t\t<div class=\"elementor-widget-container\">\n\t\t\t\t\t\t\t\t\t<h3>Resoluci\u00f3 de la convocat\u00f2ria 2026<\/h3>\t\t\t\t\t\t\t\t<\/div>\n\t\t\t\t<\/div>\n\t\t\t\t<div class=\"elementor-element elementor-element-0c74a30 elementor-widget elementor-widget-button\" data-id=\"0c74a30\" data-element_type=\"widget\" data-e-type=\"widget\" data-widget_type=\"button.default\">\n\t\t\t\t<div class=\"elementor-widget-container\">\n\t\t\t\t\t\t\t\t\t<div class=\"elementor-button-wrapper\">\n\t\t\t\t\t<a class=\"elementor-button elementor-size-sm\" role=\"button\">\n\t\t\t\t\t\t<span class=\"elementor-button-content-wrapper\">\n\t\t\t\t\t\t\t\t\t<span class=\"elementor-button-text\">Properament<\/span>\n\t\t\t\t\t<\/span>\n\t\t\t\t\t<\/a>\n\t\t\t\t<\/div>\n\t\t\t\t\t\t\t\t<\/div>\n\t\t\t\t<\/div>\n\t\t\t\t\t<\/div>\n\t\t\t\t<\/div>\n\t\t<div class=\"elementor-element elementor-element-2bfe5d0 e-con-full e-flex e-con e-child\" data-id=\"2bfe5d0\" data-element_type=\"container\" data-e-type=\"container\">\n\t\t\t\t<div class=\"elementor-element elementor-element-ce6a2dd elementor-widget__width-initial elementor-widget elementor-widget-image\" data-id=\"ce6a2dd\" data-element_type=\"widget\" data-e-type=\"widget\" data-widget_type=\"image.default\">\n\t\t\t\t<div class=\"elementor-widget-container\">\n\t\t\t\t\t\t\t\t\t\t\t\t\t\t\t<img loading=\"lazy\" decoding=\"async\" width=\"724\" height=\"1024\" src=\"https:\/\/www.fundacionmdp.org\/wp-content\/uploads\/2025\/07\/RESOLUCIO-PUBLICA-2025_CAT-724x1024.jpg\" class=\"attachment-large size-large wp-image-11673\" alt=\"\" srcset=\"https:\/\/www.fundacionmdp.org\/wp-content\/uploads\/2025\/07\/RESOLUCIO-PUBLICA-2025_CAT-724x1024.jpg 724w, https:\/\/www.fundacionmdp.org\/wp-content\/uploads\/2025\/07\/RESOLUCIO-PUBLICA-2025_CAT-212x300.jpg 212w, https:\/\/www.fundacionmdp.org\/wp-content\/uploads\/2025\/07\/RESOLUCIO-PUBLICA-2025_CAT-768x1087.jpg 768w, https:\/\/www.fundacionmdp.org\/wp-content\/uploads\/2025\/07\/RESOLUCIO-PUBLICA-2025_CAT-1086x1536.jpg 1086w, https:\/\/www.fundacionmdp.org\/wp-content\/uploads\/2025\/07\/RESOLUCIO-PUBLICA-2025_CAT-1447x2048.jpg 1447w, https:\/\/www.fundacionmdp.org\/wp-content\/uploads\/2025\/07\/RESOLUCIO-PUBLICA-2025_CAT-scaled.jpg 1809w\" sizes=\"(max-width: 724px) 100vw, 724px\" \/>\t\t\t\t\t\t\t\t\t\t\t\t\t\t\t<\/div>\n\t\t\t\t<\/div>\n\t\t\t\t<\/div>\n\t\t\t\t<\/div>\n\t\t\t\t\t<\/div>\n\t\t\t\t<\/div>\n\t\t\t\t<div class=\"elementor-element elementor-element-68297d1 elementor-widget elementor-widget-text-editor\" data-id=\"68297d1\" data-element_type=\"widget\" data-e-type=\"widget\" data-widget_type=\"text-editor.default\">\n\t\t\t\t<div class=\"elementor-widget-container\">\n\t\t\t\t\t\t\t\t\t<p><strong>En cas de m\u00e9s dubtes<\/strong>, tamb\u00e9 pots enviar-nos un correu electr\u00f2nic a l\u2019adre\u00e7a d\u2019email que s\u2019indica en aquest.<br \/><a href=\"mailto:solicitudes@fundacionmdp.org\">solicitudes@fundacionmdp.org<\/a><\/p>\t\t\t\t\t\t\t\t<\/div>\n\t\t\t\t<\/div>\n\t\t<div class=\"elementor-element elementor-element-7c5dafb e-flex e-con-boxed e-con e-child\" data-id=\"7c5dafb\" data-element_type=\"container\" data-e-type=\"container\">\n\t\t\t\t\t<div class=\"e-con-inner\">\n\t\t\t\t<div class=\"elementor-element elementor-element-54995c8 elementor-align-center solicitar-convo elementor-widget elementor-widget-button\" data-id=\"54995c8\" data-element_type=\"widget\" data-e-type=\"widget\" data-widget_type=\"button.default\">\n\t\t\t\t<div class=\"elementor-widget-container\">\n\t\t\t\t\t\t\t\t\t<div class=\"elementor-button-wrapper\">\n\t\t\t\t\t<a class=\"elementor-button elementor-button-link elementor-size-sm\" href=\"https:\/\/mdp.outsystemsenterprise.com\/AyudasFundacion\/\">\n\t\t\t\t\t\t<span class=\"elementor-button-content-wrapper\">\n\t\t\t\t\t\t\t\t\t<span class=\"elementor-button-text\">Sol\u00b7licitar<\/span>\n\t\t\t\t\t<\/span>\n\t\t\t\t\t<\/a>\n\t\t\t\t<\/div>\n\t\t\t\t\t\t\t\t<\/div>\n\t\t\t\t<\/div>\n\t\t\t\t\t<\/div>\n\t\t\t\t<\/div>\n\t\t\t\t\t<\/div>\n\t\t\t\t<\/div>\n\t\t\t\t<\/div>\n\t\t","protected":false},"featured_media":0,"template":"","ano_convocatoria":[66],"class_list":["post-12277","convocatorias","type-convocatorias","status-publish","hentry","ano_convocatoria-66","entry"],"acf":[],"yoast_head":"<!-- This site is optimized with the Yoast SEO plugin v27.3 - https:\/\/yoast.com\/product\/yoast-seo-wordpress\/ -->\n<title>Convocat\u00f2ria d&#039;ajuts directes per realitzar obres d&#039;accessibilitat als edificis de comunitats de propietaris (Madrid, Valencia i Barcelona) - Fundaci\u00f3n Mutua de Propietarios<\/title>\n<meta name=\"robots\" content=\"index, follow, max-snippet:-1, max-image-preview:large, max-video-preview:-1\" \/>\n<link rel=\"canonical\" href=\"https:\/\/www.fundacionmdp.org\/convocatorias\/convocatoria-de-ayudas-directas-para-realizar-obras-de-accesibilidad-a-los-edificios-de-comunidades-de-propietarios-madrid-valencia-y-barcelona\/\" \/>\n<meta property=\"og:locale\" content=\"ca_ES\" \/>\n<meta property=\"og:type\" content=\"article\" \/>\n<meta property=\"og:title\" content=\"Convocat\u00f2ria d&#039;ajuts directes per realitzar obres d&#039;accessibilitat als edificis de comunitats de propietaris (Madrid, Valencia i Barcelona) - Fundaci\u00f3n Mutua de Propietarios\" \/>\n<meta property=\"og:description\" content=\"Convocat\u00f2ria d\u2019ajuts directes per a obres d\u2019accessibilitat als edificis de comunitats de propietaris (Madrid, Valencia, Barcelona 2026) Convocat\u00f2ria d\u2019ajuts econ\u00f2mics per a obres d\u2019accessibilitat als edificis. Convocat\u00f2ria 2026: Tancada T\u2019ajudem a convertir el teu edifici d\u2019habitatges en un espai sense barreres arquitect\u00f2niques En el marc del Programa Sin Barreras de la Fundaci\u00f3 Mutua de Propietarios [&hellip;]\" \/>\n<meta property=\"og:url\" content=\"https:\/\/www.fundacionmdp.org\/convocatorias\/convocatoria-de-ayudas-directas-para-realizar-obras-de-accesibilidad-a-los-edificios-de-comunidades-de-propietarios-madrid-valencia-y-barcelona\/\" \/>\n<meta property=\"og:site_name\" content=\"Fundaci\u00f3n Mutua de Propietarios\" \/>\n<meta property=\"article:modified_time\" content=\"2026-03-20T15:18:23+00:00\" \/>\n<meta property=\"og:image\" content=\"https:\/\/www.fundacionmdp.org\/wp-content\/uploads\/2026\/01\/image4.png\" \/>\n\t<meta property=\"og:image:width\" content=\"1039\" \/>\n\t<meta property=\"og:image:height\" content=\"537\" \/>\n\t<meta property=\"og:image:type\" content=\"image\/png\" \/>\n<meta name=\"twitter:card\" content=\"summary_large_image\" \/>\n<meta name=\"twitter:label1\" content=\"Temps estimat de lectura\" \/>\n\t<meta name=\"twitter:data1\" content=\"5 minuts\" \/>\n<script type=\"application\/ld+json\" class=\"yoast-schema-graph\">{\"@context\":\"https:\\\/\\\/schema.org\",\"@graph\":[{\"@type\":\"WebPage\",\"@id\":\"https:\\\/\\\/www.fundacionmdp.org\\\/convocatorias\\\/convocatoria-de-ayudas-directas-para-realizar-obras-de-accesibilidad-a-los-edificios-de-comunidades-de-propietarios-madrid-valencia-y-barcelona\\\/\",\"url\":\"https:\\\/\\\/www.fundacionmdp.org\\\/convocatorias\\\/convocatoria-de-ayudas-directas-para-realizar-obras-de-accesibilidad-a-los-edificios-de-comunidades-de-propietarios-madrid-valencia-y-barcelona\\\/\",\"name\":\"Convocat\u00f2ria d'ajuts directes per realitzar obres d'accessibilitat als edificis de comunitats de propietaris (Madrid, Valencia i Barcelona) - Fundaci\u00f3n Mutua de Propietarios\",\"isPartOf\":{\"@id\":\"https:\\\/\\\/www.fundacionmdp.org\\\/#website\"},\"primaryImageOfPage\":{\"@id\":\"https:\\\/\\\/www.fundacionmdp.org\\\/convocatorias\\\/convocatoria-de-ayudas-directas-para-realizar-obras-de-accesibilidad-a-los-edificios-de-comunidades-de-propietarios-madrid-valencia-y-barcelona\\\/#primaryimage\"},\"image\":{\"@id\":\"https:\\\/\\\/www.fundacionmdp.org\\\/convocatorias\\\/convocatoria-de-ayudas-directas-para-realizar-obras-de-accesibilidad-a-los-edificios-de-comunidades-de-propietarios-madrid-valencia-y-barcelona\\\/#primaryimage\"},\"thumbnailUrl\":\"https:\\\/\\\/www.fundacionmdp.org\\\/wp-content\\\/uploads\\\/2026\\\/01\\\/image4.png\",\"datePublished\":\"2026-01-22T06:46:35+00:00\",\"dateModified\":\"2026-03-20T15:18:23+00:00\",\"breadcrumb\":{\"@id\":\"https:\\\/\\\/www.fundacionmdp.org\\\/convocatorias\\\/convocatoria-de-ayudas-directas-para-realizar-obras-de-accesibilidad-a-los-edificios-de-comunidades-de-propietarios-madrid-valencia-y-barcelona\\\/#breadcrumb\"},\"inLanguage\":\"ca\",\"potentialAction\":[{\"@type\":\"ReadAction\",\"target\":[\"https:\\\/\\\/www.fundacionmdp.org\\\/convocatorias\\\/convocatoria-de-ayudas-directas-para-realizar-obras-de-accesibilidad-a-los-edificios-de-comunidades-de-propietarios-madrid-valencia-y-barcelona\\\/\"]}]},{\"@type\":\"ImageObject\",\"inLanguage\":\"ca\",\"@id\":\"https:\\\/\\\/www.fundacionmdp.org\\\/convocatorias\\\/convocatoria-de-ayudas-directas-para-realizar-obras-de-accesibilidad-a-los-edificios-de-comunidades-de-propietarios-madrid-valencia-y-barcelona\\\/#primaryimage\",\"url\":\"https:\\\/\\\/www.fundacionmdp.org\\\/wp-content\\\/uploads\\\/2026\\\/01\\\/image4.png\",\"contentUrl\":\"https:\\\/\\\/www.fundacionmdp.org\\\/wp-content\\\/uploads\\\/2026\\\/01\\\/image4.png\"},{\"@type\":\"BreadcrumbList\",\"@id\":\"https:\\\/\\\/www.fundacionmdp.org\\\/convocatorias\\\/convocatoria-de-ayudas-directas-para-realizar-obras-de-accesibilidad-a-los-edificios-de-comunidades-de-propietarios-madrid-valencia-y-barcelona\\\/#breadcrumb\",\"itemListElement\":[{\"@type\":\"ListItem\",\"position\":1,\"name\":\"Home\",\"item\":\"https:\\\/\\\/www.fundacionmdp.org\\\/ca\\\/\"},{\"@type\":\"ListItem\",\"position\":2,\"name\":\"Convocat\u00f2ria d&#8217;ajuts directes per realitzar obres d&#8217;accessibilitat als edificis de comunitats de propietaris (Madrid, Valencia i Barcelona)\"}]},{\"@type\":\"WebSite\",\"@id\":\"https:\\\/\\\/www.fundacionmdp.org\\\/#website\",\"url\":\"https:\\\/\\\/www.fundacionmdp.org\\\/\",\"name\":\"Fundaci\u00f3n Mutua de Propietarios\",\"description\":\"En la Fundaci\u00f3n Mutua de Propietarios te ayudamos a convertir tu edificio de viviendas en un espacio sin barreras arquitect\u00f3nicas.\",\"publisher\":{\"@id\":\"https:\\\/\\\/www.fundacionmdp.org\\\/#organization\"},\"potentialAction\":[{\"@type\":\"SearchAction\",\"target\":{\"@type\":\"EntryPoint\",\"urlTemplate\":\"https:\\\/\\\/www.fundacionmdp.org\\\/?s={search_term_string}\"},\"query-input\":{\"@type\":\"PropertyValueSpecification\",\"valueRequired\":true,\"valueName\":\"search_term_string\"}}],\"inLanguage\":\"ca\"},{\"@type\":\"Organization\",\"@id\":\"https:\\\/\\\/www.fundacionmdp.org\\\/#organization\",\"name\":\"Fundaci\u00f3n Mutua de Propietarios\",\"url\":\"https:\\\/\\\/www.fundacionmdp.org\\\/\",\"logo\":{\"@type\":\"ImageObject\",\"inLanguage\":\"ca\",\"@id\":\"https:\\\/\\\/www.fundacionmdp.org\\\/#\\\/schema\\\/logo\\\/image\\\/\",\"url\":\"https:\\\/\\\/www.fundacionmdp.org\\\/wp-content\\\/uploads\\\/2023\\\/05\\\/logo_FMdP_cat.png\",\"contentUrl\":\"https:\\\/\\\/www.fundacionmdp.org\\\/wp-content\\\/uploads\\\/2023\\\/05\\\/logo_FMdP_cat.png\",\"width\":655,\"height\":297,\"caption\":\"Fundaci\u00f3n Mutua de Propietarios\"},\"image\":{\"@id\":\"https:\\\/\\\/www.fundacionmdp.org\\\/#\\\/schema\\\/logo\\\/image\\\/\"}}]}<\/script>\n<!-- \/ Yoast SEO plugin. -->","yoast_head_json":{"title":"Convocat\u00f2ria d'ajuts directes per realitzar obres d'accessibilitat als edificis de comunitats de propietaris (Madrid, Valencia i Barcelona) - Fundaci\u00f3n Mutua de Propietarios","robots":{"index":"index","follow":"follow","max-snippet":"max-snippet:-1","max-image-preview":"max-image-preview:large","max-video-preview":"max-video-preview:-1"},"canonical":"https:\/\/www.fundacionmdp.org\/convocatorias\/convocatoria-de-ayudas-directas-para-realizar-obras-de-accesibilidad-a-los-edificios-de-comunidades-de-propietarios-madrid-valencia-y-barcelona\/","og_locale":"ca_ES","og_type":"article","og_title":"Convocat\u00f2ria d'ajuts directes per realitzar obres d'accessibilitat als edificis de comunitats de propietaris (Madrid, Valencia i Barcelona) - Fundaci\u00f3n Mutua de Propietarios","og_description":"Convocat\u00f2ria d\u2019ajuts directes per a obres d\u2019accessibilitat als edificis de comunitats de propietaris (Madrid, Valencia, Barcelona 2026) Convocat\u00f2ria d\u2019ajuts econ\u00f2mics per a obres d\u2019accessibilitat als edificis. Convocat\u00f2ria 2026: Tancada T\u2019ajudem a convertir el teu edifici d\u2019habitatges en un espai sense barreres arquitect\u00f2niques En el marc del Programa Sin Barreras de la Fundaci\u00f3 Mutua de Propietarios [&hellip;]","og_url":"https:\/\/www.fundacionmdp.org\/convocatorias\/convocatoria-de-ayudas-directas-para-realizar-obras-de-accesibilidad-a-los-edificios-de-comunidades-de-propietarios-madrid-valencia-y-barcelona\/","og_site_name":"Fundaci\u00f3n Mutua de Propietarios","article_modified_time":"2026-03-20T15:18:23+00:00","og_image":[{"width":1039,"height":537,"url":"https:\/\/www.fundacionmdp.org\/wp-content\/uploads\/2026\/01\/image4.png","type":"image\/png"}],"twitter_card":"summary_large_image","twitter_misc":{"Temps estimat de lectura":"5 minuts"},"schema":{"@context":"https:\/\/schema.org","@graph":[{"@type":"WebPage","@id":"https:\/\/www.fundacionmdp.org\/convocatorias\/convocatoria-de-ayudas-directas-para-realizar-obras-de-accesibilidad-a-los-edificios-de-comunidades-de-propietarios-madrid-valencia-y-barcelona\/","url":"https:\/\/www.fundacionmdp.org\/convocatorias\/convocatoria-de-ayudas-directas-para-realizar-obras-de-accesibilidad-a-los-edificios-de-comunidades-de-propietarios-madrid-valencia-y-barcelona\/","name":"Convocat\u00f2ria d'ajuts directes per realitzar obres d'accessibilitat als edificis de comunitats de propietaris (Madrid, Valencia i Barcelona) - Fundaci\u00f3n Mutua de Propietarios","isPartOf":{"@id":"https:\/\/www.fundacionmdp.org\/#website"},"primaryImageOfPage":{"@id":"https:\/\/www.fundacionmdp.org\/convocatorias\/convocatoria-de-ayudas-directas-para-realizar-obras-de-accesibilidad-a-los-edificios-de-comunidades-de-propietarios-madrid-valencia-y-barcelona\/#primaryimage"},"image":{"@id":"https:\/\/www.fundacionmdp.org\/convocatorias\/convocatoria-de-ayudas-directas-para-realizar-obras-de-accesibilidad-a-los-edificios-de-comunidades-de-propietarios-madrid-valencia-y-barcelona\/#primaryimage"},"thumbnailUrl":"https:\/\/www.fundacionmdp.org\/wp-content\/uploads\/2026\/01\/image4.png","datePublished":"2026-01-22T06:46:35+00:00","dateModified":"2026-03-20T15:18:23+00:00","breadcrumb":{"@id":"https:\/\/www.fundacionmdp.org\/convocatorias\/convocatoria-de-ayudas-directas-para-realizar-obras-de-accesibilidad-a-los-edificios-de-comunidades-de-propietarios-madrid-valencia-y-barcelona\/#breadcrumb"},"inLanguage":"ca","potentialAction":[{"@type":"ReadAction","target":["https:\/\/www.fundacionmdp.org\/convocatorias\/convocatoria-de-ayudas-directas-para-realizar-obras-de-accesibilidad-a-los-edificios-de-comunidades-de-propietarios-madrid-valencia-y-barcelona\/"]}]},{"@type":"ImageObject","inLanguage":"ca","@id":"https:\/\/www.fundacionmdp.org\/convocatorias\/convocatoria-de-ayudas-directas-para-realizar-obras-de-accesibilidad-a-los-edificios-de-comunidades-de-propietarios-madrid-valencia-y-barcelona\/#primaryimage","url":"https:\/\/www.fundacionmdp.org\/wp-content\/uploads\/2026\/01\/image4.png","contentUrl":"https:\/\/www.fundacionmdp.org\/wp-content\/uploads\/2026\/01\/image4.png"},{"@type":"BreadcrumbList","@id":"https:\/\/www.fundacionmdp.org\/convocatorias\/convocatoria-de-ayudas-directas-para-realizar-obras-de-accesibilidad-a-los-edificios-de-comunidades-de-propietarios-madrid-valencia-y-barcelona\/#breadcrumb","itemListElement":[{"@type":"ListItem","position":1,"name":"Home","item":"https:\/\/www.fundacionmdp.org\/ca\/"},{"@type":"ListItem","position":2,"name":"Convocat\u00f2ria d&#8217;ajuts directes per realitzar obres d&#8217;accessibilitat als edificis de comunitats de propietaris (Madrid, Valencia i Barcelona)"}]},{"@type":"WebSite","@id":"https:\/\/www.fundacionmdp.org\/#website","url":"https:\/\/www.fundacionmdp.org\/","name":"Fundaci\u00f3n Mutua de Propietarios","description":"En la Fundaci\u00f3n Mutua de Propietarios te ayudamos a convertir tu edificio de viviendas en un espacio sin barreras arquitect\u00f3nicas.","publisher":{"@id":"https:\/\/www.fundacionmdp.org\/#organization"},"potentialAction":[{"@type":"SearchAction","target":{"@type":"EntryPoint","urlTemplate":"https:\/\/www.fundacionmdp.org\/?s={search_term_string}"},"query-input":{"@type":"PropertyValueSpecification","valueRequired":true,"valueName":"search_term_string"}}],"inLanguage":"ca"},{"@type":"Organization","@id":"https:\/\/www.fundacionmdp.org\/#organization","name":"Fundaci\u00f3n Mutua de Propietarios","url":"https:\/\/www.fundacionmdp.org\/","logo":{"@type":"ImageObject","inLanguage":"ca","@id":"https:\/\/www.fundacionmdp.org\/#\/schema\/logo\/image\/","url":"https:\/\/www.fundacionmdp.org\/wp-content\/uploads\/2023\/05\/logo_FMdP_cat.png","contentUrl":"https:\/\/www.fundacionmdp.org\/wp-content\/uploads\/2023\/05\/logo_FMdP_cat.png","width":655,"height":297,"caption":"Fundaci\u00f3n Mutua de Propietarios"},"image":{"@id":"https:\/\/www.fundacionmdp.org\/#\/schema\/logo\/image\/"}}]}},"_links":{"self":[{"href":"https:\/\/www.fundacionmdp.org\/ca\/wp-json\/wp\/v2\/convocatorias\/12277","targetHints":{"allow":["GET"]}}],"collection":[{"href":"https:\/\/www.fundacionmdp.org\/ca\/wp-json\/wp\/v2\/convocatorias"}],"about":[{"href":"https:\/\/www.fundacionmdp.org\/ca\/wp-json\/wp\/v2\/types\/convocatorias"}],"version-history":[{"count":31,"href":"https:\/\/www.fundacionmdp.org\/ca\/wp-json\/wp\/v2\/convocatorias\/12277\/revisions"}],"predecessor-version":[{"id":12459,"href":"https:\/\/www.fundacionmdp.org\/ca\/wp-json\/wp\/v2\/convocatorias\/12277\/revisions\/12459"}],"wp:attachment":[{"href":"https:\/\/www.fundacionmdp.org\/ca\/wp-json\/wp\/v2\/media?parent=12277"}],"wp:term":[{"taxonomy":"ano_convocatoria","embeddable":true,"href":"https:\/\/www.fundacionmdp.org\/ca\/wp-json\/wp\/v2\/ano_convocatoria?post=12277"}],"curies":[{"name":"wp","href":"https:\/\/api.w.org\/{rel}","templated":true}]}}