{"id":8541,"date":"2023-05-09T10:42:25","date_gmt":"2023-05-09T08:42:25","guid":{"rendered":"http:\/\/108.128.154.120\/?post_type=convocatorias&#038;p=8541"},"modified":"2026-01-14T17:09:46","modified_gmt":"2026-01-14T15:09:46","slug":"convocatoria-dajuts-economics-pel-financament-al-0-interes-per-a-la-millora-daccessibilitat-dedificis-dhabitatges-situats-en-tot-el-territori-espanyol","status":"publish","type":"convocatorias","link":"https:\/\/www.fundacionmdp.org\/ca\/convocatorias\/convocatoria-dajuts-economics-pel-financament-al-0-interes-per-a-la-millora-daccessibilitat-dedificis-dhabitatges-situats-en-tot-el-territori-espanyol\/","title":{"rendered":"Convocat\u00f2ria d\u2019ajuts econ\u00f2mics pel finan\u00e7ament al 0% inter\u00e8s per a la millora d\u2019accessibilitat d\u2019edificis d\u2019habitatges situats en tot el Territori Espanyol"},"content":{"rendered":"\t\t<div data-elementor-type=\"wp-post\" data-elementor-id=\"8541\" class=\"elementor elementor-8541 elementor-2287\">\n\t\t\t\t<div class=\"elementor-element elementor-element-6b0067ae e-flex e-con-boxed e-con e-parent\" data-id=\"6b0067ae\" data-element_type=\"container\" data-e-type=\"container\">\n\t\t\t\t\t<div class=\"e-con-inner\">\n\t\t\t\t<div class=\"elementor-element elementor-element-71c4ea58 elementor-widget elementor-widget-text-editor\" data-id=\"71c4ea58\" data-element_type=\"widget\" data-e-type=\"widget\" data-widget_type=\"text-editor.default\">\n\t\t\t\t<div class=\"elementor-widget-container\">\n\t\t\t\t\t\t\t\t\t<h1>Convocat\u00f2ria d\u2019ajuts econ\u00f2mics pel finan\u00e7ament al 0% inter\u00e8s per a la millora d\u2019accessibilitat d\u2019edificis d\u2019habitatges situats en tot el Territori Espanyol<\/h1>\t\t\t\t\t\t\t\t<\/div>\n\t\t\t\t<\/div>\n\t\t\t\t<div class=\"elementor-element elementor-element-3fcc64c elementor-widget-divider--view-line elementor-widget elementor-widget-divider\" data-id=\"3fcc64c\" data-element_type=\"widget\" data-e-type=\"widget\" data-widget_type=\"divider.default\">\n\t\t\t\t<div class=\"elementor-widget-container\">\n\t\t\t\t\t\t\t<div class=\"elementor-divider\">\n\t\t\t<span class=\"elementor-divider-separator\">\n\t\t\t\t\t\t<\/span>\n\t\t<\/div>\n\t\t\t\t\t\t<\/div>\n\t\t\t\t<\/div>\n\t\t\t\t<div class=\"elementor-element elementor-element-29354a6a elementor-widget elementor-widget-text-editor\" data-id=\"29354a6a\" data-element_type=\"widget\" data-e-type=\"widget\" data-widget_type=\"text-editor.default\">\n\t\t\t\t<div class=\"elementor-widget-container\">\n\t\t\t\t\t\t\t\t\t<h3>Convocat\u00f2ria 2025:\u00a0 TANCADA<\/h3><p>La Fundaci\u00f3 Mutua de Propietarios i Uni\u00f3n de Cr\u00e9ditos Inmobiliarios (UCI) han signat un acord per tal de publicar la present Convocat\u00f2ria d\u2019ajuts amb la missi\u00f3 principal de facilitar el finan\u00e7ament a les Comunitats de Propietaris per a la rehabilitaci\u00f3 d\u2019elements comuns per a la millora de l\u2019accessibilitat en edificis d\u2019habitatges situats en el territori espanyol.<\/p>\t\t\t\t\t\t\t\t<\/div>\n\t\t\t\t<\/div>\n\t\t\t\t<div class=\"elementor-element elementor-element-4034de1 elementor-widget elementor-widget-menu-anchor\" data-id=\"4034de1\" data-element_type=\"widget\" data-e-type=\"widget\" data-widget_type=\"menu-anchor.default\">\n\t\t\t\t<div class=\"elementor-widget-container\">\n\t\t\t\t\t\t\t<div class=\"elementor-menu-anchor\" id=\"FAQ\"><\/div>\n\t\t\t\t\t\t<\/div>\n\t\t\t\t<\/div>\n\t\t\t\t<div class=\"elementor-element elementor-element-7b881c5 elementor-widget elementor-widget-toggle\" data-id=\"7b881c5\" data-element_type=\"widget\" data-e-type=\"widget\" data-widget_type=\"toggle.default\">\n\t\t\t\t<div class=\"elementor-widget-container\">\n\t\t\t\t\t\t\t<div class=\"elementor-toggle\">\n\t\t\t\t\t\t\t<div class=\"elementor-toggle-item\">\n\t\t\t\t\t<div id=\"elementor-tab-title-1291\" class=\"elementor-tab-title\" data-tab=\"1\" role=\"button\" aria-controls=\"elementor-tab-content-1291\" aria-expanded=\"false\">\n\t\t\t\t\t\t\t\t\t\t\t\t<span class=\"elementor-toggle-icon elementor-toggle-icon-right\" aria-hidden=\"true\">\n\t\t\t\t\t\t\t\t\t\t\t\t\t\t\t<span class=\"elementor-toggle-icon-closed\"><svg class=\"e-font-icon-svg e-fas-chevron-down\" viewBox=\"0 0 448 512\" xmlns=\"http:\/\/www.w3.org\/2000\/svg\"><path d=\"M207.029 381.476L12.686 187.132c-9.373-9.373-9.373-24.569 0-33.941l22.667-22.667c9.357-9.357 24.522-9.375 33.901-.04L224 284.505l154.745-154.021c9.379-9.335 24.544-9.317 33.901.04l22.667 22.667c9.373 9.373 9.373 24.569 0 33.941L240.971 381.476c-9.373 9.372-24.569 9.372-33.942 0z\"><\/path><\/svg><\/span>\n\t\t\t\t\t\t\t\t<span class=\"elementor-toggle-icon-opened\"><svg class=\"elementor-toggle-icon-opened e-font-icon-svg e-fas-chevron-up\" viewBox=\"0 0 448 512\" xmlns=\"http:\/\/www.w3.org\/2000\/svg\"><path d=\"M240.971 130.524l194.343 194.343c9.373 9.373 9.373 24.569 0 33.941l-22.667 22.667c-9.357 9.357-24.522 9.375-33.901.04L224 227.495 69.255 381.516c-9.379 9.335-24.544 9.317-33.901-.04l-22.667-22.667c-9.373-9.373-9.373-24.569 0-33.941L207.03 130.525c9.372-9.373 24.568-9.373 33.941-.001z\"><\/path><\/svg><\/span>\n\t\t\t\t\t\t\t\t\t\t\t\t\t<\/span>\n\t\t\t\t\t\t\t\t\t\t\t\t<a class=\"elementor-toggle-title\" tabindex=\"0\">Quines condicions han de complir les Comunitats de Propietaris?<\/a>\n\t\t\t\t\t<\/div>\n\n\t\t\t\t\t<div id=\"elementor-tab-content-1291\" class=\"elementor-tab-content elementor-clearfix\" data-tab=\"1\" role=\"region\" aria-labelledby=\"elementor-tab-title-1291\"><p>Les <strong>Comunitats de Propietaris<\/strong> han d\u2019estar constitu\u00efdes en el r\u00e8gim de <strong>propietat<\/strong> <strong>horitzontal<\/strong> i complir amb <strong>una<\/strong> de les <u>dues condicions<\/u>:<\/p><ol><li>Que en l\u2019edifici resideixin un percentatge igual o superior al <strong>40%* de persones de 65 anys o m\u00e9s.<\/strong><\/li><li>Que en l\u2019edifici resideixi com a m\u00ednim <strong>(1)<\/strong> una <strong>persona amb mobilitat redu\u00efda (certificat de discapacitat legalment reconegut)<\/strong> + un percentatge igual o superior al <strong>20%* de persones de 65 anys o m\u00e9s.<\/strong><\/li><\/ol><p><em><small>(*) Pel c\u00e0lcul del (%) percentatge es considera la seg\u00fcent f\u00f3rmula: (Nombre de persones 65 anys o m\u00e9s dividit per Nombre d\u2019habitatges 1a resid\u00e8ncia)<\/small><\/em><\/p><p><strong>Podran optar als ajuts els edificis situats a tot el territori espanyol.<\/strong><\/p><\/div>\n\t\t\t\t<\/div>\n\t\t\t\t\t\t\t<div class=\"elementor-toggle-item\">\n\t\t\t\t\t<div id=\"elementor-tab-title-1292\" class=\"elementor-tab-title\" data-tab=\"2\" role=\"button\" aria-controls=\"elementor-tab-content-1292\" aria-expanded=\"false\">\n\t\t\t\t\t\t\t\t\t\t\t\t<span class=\"elementor-toggle-icon elementor-toggle-icon-right\" aria-hidden=\"true\">\n\t\t\t\t\t\t\t\t\t\t\t\t\t\t\t<span class=\"elementor-toggle-icon-closed\"><svg class=\"e-font-icon-svg e-fas-chevron-down\" viewBox=\"0 0 448 512\" xmlns=\"http:\/\/www.w3.org\/2000\/svg\"><path d=\"M207.029 381.476L12.686 187.132c-9.373-9.373-9.373-24.569 0-33.941l22.667-22.667c9.357-9.357 24.522-9.375 33.901-.04L224 284.505l154.745-154.021c9.379-9.335 24.544-9.317 33.901.04l22.667 22.667c9.373 9.373 9.373 24.569 0 33.941L240.971 381.476c-9.373 9.372-24.569 9.372-33.942 0z\"><\/path><\/svg><\/span>\n\t\t\t\t\t\t\t\t<span class=\"elementor-toggle-icon-opened\"><svg class=\"elementor-toggle-icon-opened e-font-icon-svg e-fas-chevron-up\" viewBox=\"0 0 448 512\" xmlns=\"http:\/\/www.w3.org\/2000\/svg\"><path d=\"M240.971 130.524l194.343 194.343c9.373 9.373 9.373 24.569 0 33.941l-22.667 22.667c-9.357 9.357-24.522 9.375-33.901.04L224 227.495 69.255 381.516c-9.379 9.335-24.544 9.317-33.901-.04l-22.667-22.667c-9.373-9.373-9.373-24.569 0-33.941L207.03 130.525c9.372-9.373 24.568-9.373 33.941-.001z\"><\/path><\/svg><\/span>\n\t\t\t\t\t\t\t\t\t\t\t\t\t<\/span>\n\t\t\t\t\t\t\t\t\t\t\t\t<a class=\"elementor-toggle-title\" tabindex=\"0\">Quines s\u00f3n les actuacions que s\u00f3n objecte de l\u2019ajuda?<\/a>\n\t\t\t\t\t<\/div>\n\n\t\t\t\t\t<div id=\"elementor-tab-content-1292\" class=\"elementor-tab-content elementor-clearfix\" data-tab=\"2\" role=\"region\" aria-labelledby=\"elementor-tab-title-1292\"><p>Les actuacions que s\u00f3n objecte dels ajuts s\u00f3n aquelles <strong>obres<\/strong> <strong>de<\/strong> <strong>rehabilitaci\u00f3<\/strong> <strong>de millora de l\u2019accessibilitat<\/strong> que es realitzin en les <strong>zones comunes d\u2019acc\u00e9s als edificis d\u2019habitatges<\/strong>, com:<\/p><ol><li>La <strong>instal\u00b7laci\u00f3 d\u2019ascensors<\/strong> i millora de les condicions d\u2019accessibilitat als ascensors existents (<strong>ampliacions o baixades a cota 0<\/strong>)<\/li><li><strong>L\u2019execuci\u00f3 o millora de rampes<\/strong> per a la supressi\u00f3 de desnivells en l\u2019acc\u00e9s des de la via p\u00fablica a l\u2019interior dels vest\u00edbuls dels edificis d\u2019habitatges.<\/li><li><strong>Reformes constructives<\/strong> que comportin l\u2019enderrocament, eixamplament o adequaci\u00f3 de portes (excloses les dels propis habitatges que s\u00f3n d\u2019\u00fanica responsabilitat del titular), passadissos i ampliaci\u00f3 de parades d\u2019ascensors sempre d\u2019elements comuns, salva-escales o altres dispositius d\u2019accessibilitat i la instal\u00b7laci\u00f3 de dispositius elevadors consistents en plataformes elevadores verticals (PVE).<\/li><\/ol><\/div>\n\t\t\t\t<\/div>\n\t\t\t\t\t\t\t<div class=\"elementor-toggle-item\">\n\t\t\t\t\t<div id=\"elementor-tab-title-1293\" class=\"elementor-tab-title\" data-tab=\"3\" role=\"button\" aria-controls=\"elementor-tab-content-1293\" aria-expanded=\"false\">\n\t\t\t\t\t\t\t\t\t\t\t\t<span class=\"elementor-toggle-icon elementor-toggle-icon-right\" aria-hidden=\"true\">\n\t\t\t\t\t\t\t\t\t\t\t\t\t\t\t<span class=\"elementor-toggle-icon-closed\"><svg class=\"e-font-icon-svg e-fas-chevron-down\" viewBox=\"0 0 448 512\" xmlns=\"http:\/\/www.w3.org\/2000\/svg\"><path d=\"M207.029 381.476L12.686 187.132c-9.373-9.373-9.373-24.569 0-33.941l22.667-22.667c9.357-9.357 24.522-9.375 33.901-.04L224 284.505l154.745-154.021c9.379-9.335 24.544-9.317 33.901.04l22.667 22.667c9.373 9.373 9.373 24.569 0 33.941L240.971 381.476c-9.373 9.372-24.569 9.372-33.942 0z\"><\/path><\/svg><\/span>\n\t\t\t\t\t\t\t\t<span class=\"elementor-toggle-icon-opened\"><svg class=\"elementor-toggle-icon-opened e-font-icon-svg e-fas-chevron-up\" viewBox=\"0 0 448 512\" xmlns=\"http:\/\/www.w3.org\/2000\/svg\"><path d=\"M240.971 130.524l194.343 194.343c9.373 9.373 9.373 24.569 0 33.941l-22.667 22.667c-9.357 9.357-24.522 9.375-33.901.04L224 227.495 69.255 381.516c-9.379 9.335-24.544 9.317-33.901-.04l-22.667-22.667c-9.373-9.373-9.373-24.569 0-33.941L207.03 130.525c9.372-9.373 24.568-9.373 33.941-.001z\"><\/path><\/svg><\/span>\n\t\t\t\t\t\t\t\t\t\t\t\t\t<\/span>\n\t\t\t\t\t\t\t\t\t\t\t\t<a class=\"elementor-toggle-title\" tabindex=\"0\">Quina ajuda s\u2019ofereix i quines s\u00f3n les condicions de finan\u00e7ament?<\/a>\n\t\t\t\t\t<\/div>\n\n\t\t\t\t\t<div id=\"elementor-tab-content-1293\" class=\"elementor-tab-content elementor-clearfix\" data-tab=\"3\" role=\"region\" aria-labelledby=\"elementor-tab-title-1293\"><p>La Fundaci\u00f3 Mutua de Propietarios ofereix ajuts econ\u00f2mics pel <strong>finan\u00e7ament al 0%<\/strong> fent front al <strong>pagament dels interessos<\/strong> dels pr\u00e9stecs concedits per U.C.I (Uni\u00f3n de Creditos Immobiliarios.S.A) a les Comunitats de Propietaris fins a un m\u00e0xim de <strong>100.000\u20ac*<\/strong> de quantia del pr\u00e9stec.<\/p><p>En virtut de l\u2019acord signat entre la Fundaci\u00f3 M\u00fatua de Propietaris i Uni\u00f3 de Cr\u00e8dits Immobiliaris (UCI), les condicions financeres per a aquesta convocat\u00f2ria s\u00f3n les seg\u00fcents:<\/p><ul><li>El titular del pr\u00e9stec ser\u00e0 la <strong>Comunitat de Propietaris<\/strong> benefici\u00e0ria.<\/li><li>Finan\u00e7ament <strong>d\u2019obres de rehabilitaci\u00f3 de millora de l\u2019accessibilitat<\/strong> en zones comunes.<\/li><li>El termini m\u00e0xim per a la devoluci\u00f3 del pr\u00e9stec \u00e9s de <strong>5 anys<\/strong>.<\/li><li>10 habitatges \u00e9s el n\u00famero d\u2019habitatges m\u00ednim per solicitar l\u2019ajut.<\/li><li>S\u2019ha de disposar al compte bancari el 10% del valor del pressupost de l\u2019obra, a la data de la sol.licitud.<\/li><\/ul><p><em><small>(*) En el cas que el pr\u00e9stec super\u00e9s el l\u00edmit, es realitzaria un pr\u00e9stec fins a 100.000\u20ac on la Fundaci\u00f3 M\u00fatua de Propietarios es far\u00e0 c\u00e0rrec de l\u2019import dels interessos (0% interessos) i un segon pr\u00e9stec per la resta de l\u2019import, on la Comunitat de Propietaris es far\u00e0 c\u00e0rrec de les quotes i els interessos segons les condicions de finan\u00e7ament establertes segons les condicions de finan\u00e7ament establertes per l\u2019entitat financera UCI S.A .<\/small><\/em><\/p><\/div>\n\t\t\t\t<\/div>\n\t\t\t\t\t\t\t<div class=\"elementor-toggle-item\">\n\t\t\t\t\t<div id=\"elementor-tab-title-1294\" class=\"elementor-tab-title\" data-tab=\"4\" role=\"button\" aria-controls=\"elementor-tab-content-1294\" aria-expanded=\"false\">\n\t\t\t\t\t\t\t\t\t\t\t\t<span class=\"elementor-toggle-icon elementor-toggle-icon-right\" aria-hidden=\"true\">\n\t\t\t\t\t\t\t\t\t\t\t\t\t\t\t<span class=\"elementor-toggle-icon-closed\"><svg class=\"e-font-icon-svg e-fas-chevron-down\" viewBox=\"0 0 448 512\" xmlns=\"http:\/\/www.w3.org\/2000\/svg\"><path d=\"M207.029 381.476L12.686 187.132c-9.373-9.373-9.373-24.569 0-33.941l22.667-22.667c9.357-9.357 24.522-9.375 33.901-.04L224 284.505l154.745-154.021c9.379-9.335 24.544-9.317 33.901.04l22.667 22.667c9.373 9.373 9.373 24.569 0 33.941L240.971 381.476c-9.373 9.372-24.569 9.372-33.942 0z\"><\/path><\/svg><\/span>\n\t\t\t\t\t\t\t\t<span class=\"elementor-toggle-icon-opened\"><svg class=\"elementor-toggle-icon-opened e-font-icon-svg e-fas-chevron-up\" viewBox=\"0 0 448 512\" xmlns=\"http:\/\/www.w3.org\/2000\/svg\"><path d=\"M240.971 130.524l194.343 194.343c9.373 9.373 9.373 24.569 0 33.941l-22.667 22.667c-9.357 9.357-24.522 9.375-33.901.04L224 227.495 69.255 381.516c-9.379 9.335-24.544 9.317-33.901-.04l-22.667-22.667c-9.373-9.373-9.373-24.569 0-33.941L207.03 130.525c9.372-9.373 24.568-9.373 33.941-.001z\"><\/path><\/svg><\/span>\n\t\t\t\t\t\t\t\t\t\t\t\t\t<\/span>\n\t\t\t\t\t\t\t\t\t\t\t\t<a class=\"elementor-toggle-title\" tabindex=\"0\">On i com es sol\u00b7licita el finan\u00e7ament i l\u2019ajuda?<\/a>\n\t\t\t\t\t<\/div>\n\n\t\t\t\t\t<div id=\"elementor-tab-content-1294\" class=\"elementor-tab-content elementor-clearfix\" data-tab=\"4\" role=\"region\" aria-labelledby=\"elementor-tab-title-1294\"><p>Les sol\u00b7licituds s\u2019hauran de presentar en <strong>format telem\u00e0tic<\/strong> a trav\u00e9s <strong>aplicatiu de gesti\u00f3 d\u2019ajuts<\/strong> que es troben en la web de Fundaci\u00f3 Mutua de Propietarios a trav\u00e9s de<\/p><p><a href=\"https:\/\/mdp.outsystemsenterprise.com\/AyudasFundacion\/\"><strong>ACC\u00c9S AJUTS<\/strong><\/a><strong>\u00a0<\/strong><\/p><\/div>\n\t\t\t\t<\/div>\n\t\t\t\t\t\t\t<div class=\"elementor-toggle-item\">\n\t\t\t\t\t<div id=\"elementor-tab-title-1295\" class=\"elementor-tab-title\" data-tab=\"5\" role=\"button\" aria-controls=\"elementor-tab-content-1295\" aria-expanded=\"false\">\n\t\t\t\t\t\t\t\t\t\t\t\t<span class=\"elementor-toggle-icon elementor-toggle-icon-right\" aria-hidden=\"true\">\n\t\t\t\t\t\t\t\t\t\t\t\t\t\t\t<span class=\"elementor-toggle-icon-closed\"><svg class=\"e-font-icon-svg e-fas-chevron-down\" viewBox=\"0 0 448 512\" xmlns=\"http:\/\/www.w3.org\/2000\/svg\"><path d=\"M207.029 381.476L12.686 187.132c-9.373-9.373-9.373-24.569 0-33.941l22.667-22.667c9.357-9.357 24.522-9.375 33.901-.04L224 284.505l154.745-154.021c9.379-9.335 24.544-9.317 33.901.04l22.667 22.667c9.373 9.373 9.373 24.569 0 33.941L240.971 381.476c-9.373 9.372-24.569 9.372-33.942 0z\"><\/path><\/svg><\/span>\n\t\t\t\t\t\t\t\t<span class=\"elementor-toggle-icon-opened\"><svg class=\"elementor-toggle-icon-opened e-font-icon-svg e-fas-chevron-up\" viewBox=\"0 0 448 512\" xmlns=\"http:\/\/www.w3.org\/2000\/svg\"><path d=\"M240.971 130.524l194.343 194.343c9.373 9.373 9.373 24.569 0 33.941l-22.667 22.667c-9.357 9.357-24.522 9.375-33.901.04L224 227.495 69.255 381.516c-9.379 9.335-24.544 9.317-33.901-.04l-22.667-22.667c-9.373-9.373-9.373-24.569 0-33.941L207.03 130.525c9.372-9.373 24.568-9.373 33.941-.001z\"><\/path><\/svg><\/span>\n\t\t\t\t\t\t\t\t\t\t\t\t\t<\/span>\n\t\t\t\t\t\t\t\t\t\t\t\t<a class=\"elementor-toggle-title\" tabindex=\"0\">Quin \u00e9s el termini presentaci\u00f3 de les sol\u00b7licituds?<\/a>\n\t\t\t\t\t<\/div>\n\n\t\t\t\t\t<div id=\"elementor-tab-content-1295\" class=\"elementor-tab-content elementor-clearfix\" data-tab=\"5\" role=\"region\" aria-labelledby=\"elementor-tab-title-1295\"><p>El per\u00edode de presentaci\u00f3 de les sol\u00b7licituds per a Convocat\u00f2ria <strong>2025 s\u2019inicia al mes de mar\u00e7 de 2025 i estar\u00e0 obert fins esgotar partida pressupost\u00e0ria<\/strong>. La selecci\u00f3 de sol\u00b7licituds presentades ser\u00e0 per ordre de validaci\u00f3 de tota la documentaci\u00f3 degudament presentada. El procediment de selecci\u00f3, avaluaci\u00f3 i resoluci\u00f3 de sol\u00b7licituds es troba definit en l\u2019annex 3 del plec.<\/p><\/div>\n\t\t\t\t<\/div>\n\t\t\t\t\t\t\t<div class=\"elementor-toggle-item\">\n\t\t\t\t\t<div id=\"elementor-tab-title-1296\" class=\"elementor-tab-title\" data-tab=\"6\" role=\"button\" aria-controls=\"elementor-tab-content-1296\" aria-expanded=\"false\">\n\t\t\t\t\t\t\t\t\t\t\t\t<span class=\"elementor-toggle-icon elementor-toggle-icon-right\" aria-hidden=\"true\">\n\t\t\t\t\t\t\t\t\t\t\t\t\t\t\t<span class=\"elementor-toggle-icon-closed\"><svg class=\"e-font-icon-svg e-fas-chevron-down\" viewBox=\"0 0 448 512\" xmlns=\"http:\/\/www.w3.org\/2000\/svg\"><path d=\"M207.029 381.476L12.686 187.132c-9.373-9.373-9.373-24.569 0-33.941l22.667-22.667c9.357-9.357 24.522-9.375 33.901-.04L224 284.505l154.745-154.021c9.379-9.335 24.544-9.317 33.901.04l22.667 22.667c9.373 9.373 9.373 24.569 0 33.941L240.971 381.476c-9.373 9.372-24.569 9.372-33.942 0z\"><\/path><\/svg><\/span>\n\t\t\t\t\t\t\t\t<span class=\"elementor-toggle-icon-opened\"><svg class=\"elementor-toggle-icon-opened e-font-icon-svg e-fas-chevron-up\" viewBox=\"0 0 448 512\" xmlns=\"http:\/\/www.w3.org\/2000\/svg\"><path d=\"M240.971 130.524l194.343 194.343c9.373 9.373 9.373 24.569 0 33.941l-22.667 22.667c-9.357 9.357-24.522 9.375-33.901.04L224 227.495 69.255 381.516c-9.379 9.335-24.544 9.317-33.901-.04l-22.667-22.667c-9.373-9.373-9.373-24.569 0-33.941L207.03 130.525c9.372-9.373 24.568-9.373 33.941-.001z\"><\/path><\/svg><\/span>\n\t\t\t\t\t\t\t\t\t\t\t\t\t<\/span>\n\t\t\t\t\t\t\t\t\t\t\t\t<a class=\"elementor-toggle-title\" tabindex=\"0\">Quins s\u00f3n els documents necessaris per a sol\u00b7licitar l\u2019ajut?<\/a>\n\t\t\t\t\t<\/div>\n\n\t\t\t\t\t<div id=\"elementor-tab-content-1296\" class=\"elementor-tab-content elementor-clearfix\" data-tab=\"6\" role=\"region\" aria-labelledby=\"elementor-tab-title-1296\"><ol><li>Declaraci\u00f3 i sol\u00b7licitud d\u2019ajut (formulari)<\/li><li>Declaraci\u00f3 cessi\u00f3 de dades de car\u00e0cter personal persones m\u00e9s gran de 65 anys i\/o persones amb discapacitat (formulari)<\/li><li>C\u00f2pia dels DNI\u2019s de les persones m\u00e9s gran de 65 anys.<\/li><li>Certificat de discapacitat amb afectaci\u00f3 al barem de mobilitat.<\/li><li>Acta de la Junta de Copropietaris on s\u2019acordi la voluntat d\u2019executar les obres del projecte presentat i la sol\u00b7licitud d\u2019un pr\u00e9stec<\/li><li>CIF de la Comunitat Propietaris (P.H)<\/li><li>DNI del president\/a de la Comunitat de Ve\u00efns\/as i acta de nomenament.<\/li><li>Certificat de Titularitat Banc\u00e0ria: N\u00famero de compte on s\u2019abonar\u00e0 l\u2019ajuda en cas de concessi\u00f3)<\/li><li>Certificat d\u2019estar al corrent de les obligacions en mat\u00e8ria de seguretat social en el cas de Comunitats de Propietaris\/as amb personal contractat.<\/li><li>Pressupost de les obres a realitzar de la\/s empresa\/s contractista\/s<\/li><li>Projecte Visat o Mem\u00f2ria T\u00e8cnica en funci\u00f3 de l\u2019obra a realitzar.<\/li><li>Llic\u00e8ncia o perm\u00eds d\u2019obra.<\/li><li>Certificat d\u2019aptitud de l\u2019edifici ITE o Registre amb l\u2019Administraci\u00f3 de l\u2019Informe IEE.<\/li><li>Fotografies d\u2019elements a modificar.<\/li><\/ol><\/div>\n\t\t\t\t<\/div>\n\t\t\t\t\t\t\t\t<\/div>\n\t\t\t\t\t\t<\/div>\n\t\t\t\t<\/div>\n\t\t\t\t<div class=\"elementor-element elementor-element-30904cd9 elementor-widget elementor-widget-spacer\" data-id=\"30904cd9\" data-element_type=\"widget\" data-e-type=\"widget\" data-widget_type=\"spacer.default\">\n\t\t\t\t<div class=\"elementor-widget-container\">\n\t\t\t\t\t\t\t<div class=\"elementor-spacer\">\n\t\t\t<div class=\"elementor-spacer-inner\"><\/div>\n\t\t<\/div>\n\t\t\t\t\t\t<\/div>\n\t\t\t\t<\/div>\n\t\t\t\t<div class=\"elementor-element elementor-element-2b1fb82f elementor-widget elementor-widget-text-editor\" data-id=\"2b1fb82f\" data-element_type=\"widget\" data-e-type=\"widget\" data-widget_type=\"text-editor.default\">\n\t\t\t\t<div class=\"elementor-widget-container\">\n\t\t\t\t\t\t\t\t\t<h2>Tens m\u00e9s consultes relacionades amb aquesta amb aquesta convocat\u00f2ria d\u2019ajudes?<\/h2>\t\t\t\t\t\t\t\t<\/div>\n\t\t\t\t<\/div>\n\t\t<div class=\"elementor-element elementor-element-5440c4fc convocatoria-descargables e-flex e-con-boxed e-con e-child\" data-id=\"5440c4fc\" data-element_type=\"container\" data-e-type=\"container\">\n\t\t\t\t\t<div class=\"e-con-inner\">\n\t\t<div class=\"elementor-element elementor-element-1aeb0099 convocatoria-descargable e-flex e-con-boxed e-con e-child\" data-id=\"1aeb0099\" data-element_type=\"container\" data-e-type=\"container\">\n\t\t\t\t\t<div class=\"e-con-inner\">\n\t\t<div class=\"elementor-element elementor-element-7e9c81ee convocatoria-descargable-title e-flex e-con-boxed e-con e-child\" data-id=\"7e9c81ee\" data-element_type=\"container\" data-e-type=\"container\">\n\t\t\t\t\t<div class=\"e-con-inner\">\n\t\t\t\t<div class=\"elementor-element elementor-element-1e2dfd35 title-no-margin-bot no-margin-bot elementor-widget elementor-widget-text-editor\" data-id=\"1e2dfd35\" data-element_type=\"widget\" data-e-type=\"widget\" data-widget_type=\"text-editor.default\">\n\t\t\t\t<div class=\"elementor-widget-container\">\n\t\t\t\t\t\t\t\t\t<h3>Plec de condicions<\/h3><p>Pots ampliar aquesta informaci\u00f3 en el Plec 2025 Convocat\u00f2ria Programa Sense Barreres Finan\u00e7ament 0%.<\/p>\t\t\t\t\t\t\t\t<\/div>\n\t\t\t\t<\/div>\n\t\t\t\t<div class=\"elementor-element elementor-element-29f6babe elementor-widget elementor-widget-button\" data-id=\"29f6babe\" data-element_type=\"widget\" data-e-type=\"widget\" data-widget_type=\"button.default\">\n\t\t\t\t<div class=\"elementor-widget-container\">\n\t\t\t\t\t\t\t\t\t<div class=\"elementor-button-wrapper\">\n\t\t\t\t\t<a class=\"elementor-button elementor-button-link elementor-size-sm\" href=\"https:\/\/www.fundacionmdp.org\/wp-content\/uploads\/2025\/03\/Plec-2025-Financament-al-0-CAT.pdf\" target=\"_blank\">\n\t\t\t\t\t\t<span class=\"elementor-button-content-wrapper\">\n\t\t\t\t\t\t\t\t\t<span class=\"elementor-button-text\">DESCARREGAR<\/span>\n\t\t\t\t\t<\/span>\n\t\t\t\t\t<\/a>\n\t\t\t\t<\/div>\n\t\t\t\t\t\t\t\t<\/div>\n\t\t\t\t<\/div>\n\t\t\t\t\t<\/div>\n\t\t\t\t<\/div>\n\t\t<div class=\"elementor-element elementor-element-55199969 e-con-full convocatoria-descargable-img e-flex e-con e-child\" data-id=\"55199969\" data-element_type=\"container\" data-e-type=\"container\">\n\t\t\t\t<div class=\"elementor-element elementor-element-7d6bd5fc elementor-widget elementor-widget-image\" data-id=\"7d6bd5fc\" data-element_type=\"widget\" data-e-type=\"widget\" data-widget_type=\"image.default\">\n\t\t\t\t<div class=\"elementor-widget-container\">\n\t\t\t\t\t\t\t\t\t\t\t\t\t\t\t<img fetchpriority=\"high\" decoding=\"async\" width=\"592\" height=\"838\" src=\"https:\/\/www.fundacionmdp.org\/wp-content\/uploads\/2023\/05\/imatge_2022-10-31_091032686.jpg\" class=\"attachment-large size-large wp-image-6613\" alt=\"\" srcset=\"https:\/\/www.fundacionmdp.org\/wp-content\/uploads\/2023\/05\/imatge_2022-10-31_091032686.jpg 592w, https:\/\/www.fundacionmdp.org\/wp-content\/uploads\/2023\/05\/imatge_2022-10-31_091032686-212x300.jpg 212w\" sizes=\"(max-width: 592px) 100vw, 592px\" \/>\t\t\t\t\t\t\t\t\t\t\t\t\t\t\t<\/div>\n\t\t\t\t<\/div>\n\t\t\t\t<\/div>\n\t\t\t\t\t<\/div>\n\t\t\t\t<\/div>\n\t\t<div class=\"elementor-element elementor-element-7e004512 convocatoria-descargable e-flex e-con-boxed e-con e-child\" data-id=\"7e004512\" data-element_type=\"container\" data-e-type=\"container\">\n\t\t\t\t\t<div class=\"e-con-inner\">\n\t\t<div class=\"elementor-element elementor-element-1ebf8b27 convocatoria-descargable-title e-flex e-con-boxed e-con e-child\" data-id=\"1ebf8b27\" data-element_type=\"container\" data-e-type=\"container\">\n\t\t\t\t\t<div class=\"e-con-inner\">\n\t\t\t\t<div class=\"elementor-element elementor-element-5b5b91cc title-no-margin-bot no-margin-bot elementor-widget elementor-widget-text-editor\" data-id=\"5b5b91cc\" data-element_type=\"widget\" data-e-type=\"widget\" data-widget_type=\"text-editor.default\">\n\t\t\t\t<div class=\"elementor-widget-container\">\n\t\t\t\t\t\t\t\t\t<h3>Manual Plataforma Ajuts Fundaci\u00f3<\/h3>\nConsulta\u2019l si tens dubtes de com tramitar els ajuts\t\t\t\t\t\t\t\t<\/div>\n\t\t\t\t<\/div>\n\t\t\t\t<div class=\"elementor-element elementor-element-5c45db6f elementor-widget elementor-widget-button\" data-id=\"5c45db6f\" data-element_type=\"widget\" data-e-type=\"widget\" data-widget_type=\"button.default\">\n\t\t\t\t<div class=\"elementor-widget-container\">\n\t\t\t\t\t\t\t\t\t<div class=\"elementor-button-wrapper\">\n\t\t\t\t\t<a class=\"elementor-button elementor-button-link elementor-size-sm\" href=\"https:\/\/www.fundacionmdp.org\/wp-content\/uploads\/2024\/02\/Manual-de-la-Plataforma-de-Ayudas-PSB-PDF.pdf\" target=\"_blank\">\n\t\t\t\t\t\t<span class=\"elementor-button-content-wrapper\">\n\t\t\t\t\t\t\t\t\t<span class=\"elementor-button-text\">Descarregar<\/span>\n\t\t\t\t\t<\/span>\n\t\t\t\t\t<\/a>\n\t\t\t\t<\/div>\n\t\t\t\t\t\t\t\t<\/div>\n\t\t\t\t<\/div>\n\t\t\t\t\t<\/div>\n\t\t\t\t<\/div>\n\t\t<div class=\"elementor-element elementor-element-61a144a6 e-con-full convocatoria-descargable-img e-flex e-con e-child\" data-id=\"61a144a6\" data-element_type=\"container\" data-e-type=\"container\">\n\t\t\t\t<div class=\"elementor-element elementor-element-6f8aee14 elementor-widget elementor-widget-image\" data-id=\"6f8aee14\" data-element_type=\"widget\" data-e-type=\"widget\" data-widget_type=\"image.default\">\n\t\t\t\t<div class=\"elementor-widget-container\">\n\t\t\t\t\t\t\t\t\t\t\t\t\t\t\t<img decoding=\"async\" width=\"1000\" height=\"562\" src=\"https:\/\/www.fundacionmdp.org\/wp-content\/uploads\/2023\/05\/manual-plataforma-convocatoria.jpg\" class=\"attachment-large size-large wp-image-6506\" alt=\"\" srcset=\"https:\/\/www.fundacionmdp.org\/wp-content\/uploads\/2023\/05\/manual-plataforma-convocatoria.jpg 1000w, https:\/\/www.fundacionmdp.org\/wp-content\/uploads\/2023\/05\/manual-plataforma-convocatoria-300x169.jpg 300w, https:\/\/www.fundacionmdp.org\/wp-content\/uploads\/2023\/05\/manual-plataforma-convocatoria-768x432.jpg 768w, https:\/\/www.fundacionmdp.org\/wp-content\/uploads\/2023\/05\/manual-plataforma-convocatoria-800x450.jpg 800w\" sizes=\"(max-width: 1000px) 100vw, 1000px\" \/>\t\t\t\t\t\t\t\t\t\t\t\t\t\t\t<\/div>\n\t\t\t\t<\/div>\n\t\t\t\t<\/div>\n\t\t\t\t\t<\/div>\n\t\t\t\t<\/div>\n\t\t\t\t\t<\/div>\n\t\t\t\t<\/div>\n\t\t\t\t<div class=\"elementor-element elementor-element-23ff28dd elementor-widget elementor-widget-text-editor\" data-id=\"23ff28dd\" data-element_type=\"widget\" data-e-type=\"widget\" data-widget_type=\"text-editor.default\">\n\t\t\t\t<div class=\"elementor-widget-container\">\n\t\t\t\t\t\t\t\t\t<p>En cas de m\u00e9s dubtes, tamb\u00e9 pots enviar-nos un correu electr\u00f2nic a l\u2019adre\u00e7a d\u2019email que s\u2019indica en aquest. <a href=\"mailto:solicitudes@fundacionmdp.org\">solicitudes@fundacionmdp.org<\/a><\/p>\t\t\t\t\t\t\t\t<\/div>\n\t\t\t\t<\/div>\n\t\t<div class=\"elementor-element elementor-element-1a6177f9 e-flex e-con-boxed e-con e-child\" data-id=\"1a6177f9\" data-element_type=\"container\" data-e-type=\"container\">\n\t\t\t\t\t<div class=\"e-con-inner\">\n\t\t\t\t<div class=\"elementor-element elementor-element-45904a1f elementor-align-center solicitar-convo elementor-widget elementor-widget-button\" data-id=\"45904a1f\" data-element_type=\"widget\" data-e-type=\"widget\" data-widget_type=\"button.default\">\n\t\t\t\t<div class=\"elementor-widget-container\">\n\t\t\t\t\t\t\t\t\t<div class=\"elementor-button-wrapper\">\n\t\t\t\t\t<a class=\"elementor-button elementor-button-link elementor-size-sm\" href=\"https:\/\/mdp.outsystemsenterprise.com\/AyudasFundacion\/\">\n\t\t\t\t\t\t<span class=\"elementor-button-content-wrapper\">\n\t\t\t\t\t\t\t\t\t<span class=\"elementor-button-text\">Sol\u00b7licitar ajuda<\/span>\n\t\t\t\t\t<\/span>\n\t\t\t\t\t<\/a>\n\t\t\t\t<\/div>\n\t\t\t\t\t\t\t\t<\/div>\n\t\t\t\t<\/div>\n\t\t\t\t\t<\/div>\n\t\t\t\t<\/div>\n\t\t\t\t\t<\/div>\n\t\t\t\t<\/div>\n\t\t\t\t<\/div>\n\t\t","protected":false},"featured_media":0,"template":"","ano_convocatoria":[65],"class_list":["post-8541","convocatorias","type-convocatorias","status-publish","hentry","ano_convocatoria-65","entry"],"acf":[],"yoast_head":"<!-- This site is optimized with the Yoast SEO plugin v27.3 - https:\/\/yoast.com\/product\/yoast-seo-wordpress\/ -->\n<title>Convocat\u00f2ria d\u2019ajuts econ\u00f2mics pel finan\u00e7ament al 0% inter\u00e8s per a la millora d\u2019accessibilitat d\u2019edificis d\u2019habitatges situats en tot el Territori Espanyol - Fundaci\u00f3n Mutua de Propietarios<\/title>\n<meta name=\"robots\" content=\"index, follow, max-snippet:-1, max-image-preview:large, max-video-preview:-1\" \/>\n<link rel=\"canonical\" href=\"https:\/\/www.fundacionmdp.org\/ca\/convocatorias\/convocatoria-dajuts-economics-pel-financament-al-0-interes-per-a-la-millora-daccessibilitat-dedificis-dhabitatges-situats-en-tot-el-territori-espanyol\/\" \/>\n<meta property=\"og:locale\" content=\"ca_ES\" \/>\n<meta property=\"og:type\" content=\"article\" \/>\n<meta property=\"og:title\" content=\"Convocat\u00f2ria d\u2019ajuts econ\u00f2mics pel finan\u00e7ament al 0% inter\u00e8s per a la millora d\u2019accessibilitat d\u2019edificis d\u2019habitatges situats en tot el Territori Espanyol - Fundaci\u00f3n Mutua de Propietarios\" \/>\n<meta property=\"og:description\" content=\"Convocat\u00f2ria d\u2019ajuts econ\u00f2mics pel finan\u00e7ament al 0% inter\u00e8s per a la millora d\u2019accessibilitat d\u2019edificis d\u2019habitatges situats en tot el Territori Espanyol Convocat\u00f2ria 2025:\u00a0 TANCADA La Fundaci\u00f3 Mutua de Propietarios i Uni\u00f3n de Cr\u00e9ditos Inmobiliarios (UCI) han signat un acord per tal de publicar la present Convocat\u00f2ria d\u2019ajuts amb la missi\u00f3 principal de facilitar el finan\u00e7ament [&hellip;]\" \/>\n<meta property=\"og:url\" content=\"https:\/\/www.fundacionmdp.org\/ca\/convocatorias\/convocatoria-dajuts-economics-pel-financament-al-0-interes-per-a-la-millora-daccessibilitat-dedificis-dhabitatges-situats-en-tot-el-territori-espanyol\/\" \/>\n<meta property=\"og:site_name\" content=\"Fundaci\u00f3n Mutua de Propietarios\" \/>\n<meta property=\"article:modified_time\" content=\"2026-01-14T15:09:46+00:00\" \/>\n<meta property=\"og:image\" content=\"https:\/\/www.fundacionmdp.org\/wp-content\/uploads\/2023\/05\/imatge_2022-10-31_091032686.jpg\" \/>\n\t<meta property=\"og:image:width\" content=\"592\" \/>\n\t<meta property=\"og:image:height\" content=\"838\" \/>\n\t<meta property=\"og:image:type\" content=\"image\/jpeg\" \/>\n<meta name=\"twitter:card\" content=\"summary_large_image\" \/>\n<meta name=\"twitter:label1\" content=\"Temps estimat de lectura\" \/>\n\t<meta name=\"twitter:data1\" content=\"6 minuts\" \/>\n<script type=\"application\/ld+json\" class=\"yoast-schema-graph\">{\"@context\":\"https:\\\/\\\/schema.org\",\"@graph\":[{\"@type\":\"WebPage\",\"@id\":\"https:\\\/\\\/www.fundacionmdp.org\\\/ca\\\/convocatorias\\\/convocatoria-dajuts-economics-pel-financament-al-0-interes-per-a-la-millora-daccessibilitat-dedificis-dhabitatges-situats-en-tot-el-territori-espanyol\\\/\",\"url\":\"https:\\\/\\\/www.fundacionmdp.org\\\/ca\\\/convocatorias\\\/convocatoria-dajuts-economics-pel-financament-al-0-interes-per-a-la-millora-daccessibilitat-dedificis-dhabitatges-situats-en-tot-el-territori-espanyol\\\/\",\"name\":\"Convocat\u00f2ria d\u2019ajuts econ\u00f2mics pel finan\u00e7ament al 0% inter\u00e8s per a la millora d\u2019accessibilitat d\u2019edificis d\u2019habitatges situats en tot el Territori Espanyol - Fundaci\u00f3n Mutua de Propietarios\",\"isPartOf\":{\"@id\":\"https:\\\/\\\/www.fundacionmdp.org\\\/#website\"},\"primaryImageOfPage\":{\"@id\":\"https:\\\/\\\/www.fundacionmdp.org\\\/ca\\\/convocatorias\\\/convocatoria-dajuts-economics-pel-financament-al-0-interes-per-a-la-millora-daccessibilitat-dedificis-dhabitatges-situats-en-tot-el-territori-espanyol\\\/#primaryimage\"},\"image\":{\"@id\":\"https:\\\/\\\/www.fundacionmdp.org\\\/ca\\\/convocatorias\\\/convocatoria-dajuts-economics-pel-financament-al-0-interes-per-a-la-millora-daccessibilitat-dedificis-dhabitatges-situats-en-tot-el-territori-espanyol\\\/#primaryimage\"},\"thumbnailUrl\":\"https:\\\/\\\/www.fundacionmdp.org\\\/wp-content\\\/uploads\\\/2023\\\/05\\\/imatge_2022-10-31_091032686.jpg\",\"datePublished\":\"2023-05-09T08:42:25+00:00\",\"dateModified\":\"2026-01-14T15:09:46+00:00\",\"breadcrumb\":{\"@id\":\"https:\\\/\\\/www.fundacionmdp.org\\\/ca\\\/convocatorias\\\/convocatoria-dajuts-economics-pel-financament-al-0-interes-per-a-la-millora-daccessibilitat-dedificis-dhabitatges-situats-en-tot-el-territori-espanyol\\\/#breadcrumb\"},\"inLanguage\":\"ca\",\"potentialAction\":[{\"@type\":\"ReadAction\",\"target\":[\"https:\\\/\\\/www.fundacionmdp.org\\\/ca\\\/convocatorias\\\/convocatoria-dajuts-economics-pel-financament-al-0-interes-per-a-la-millora-daccessibilitat-dedificis-dhabitatges-situats-en-tot-el-territori-espanyol\\\/\"]}]},{\"@type\":\"ImageObject\",\"inLanguage\":\"ca\",\"@id\":\"https:\\\/\\\/www.fundacionmdp.org\\\/ca\\\/convocatorias\\\/convocatoria-dajuts-economics-pel-financament-al-0-interes-per-a-la-millora-daccessibilitat-dedificis-dhabitatges-situats-en-tot-el-territori-espanyol\\\/#primaryimage\",\"url\":\"https:\\\/\\\/www.fundacionmdp.org\\\/wp-content\\\/uploads\\\/2023\\\/05\\\/imatge_2022-10-31_091032686.jpg\",\"contentUrl\":\"https:\\\/\\\/www.fundacionmdp.org\\\/wp-content\\\/uploads\\\/2023\\\/05\\\/imatge_2022-10-31_091032686.jpg\"},{\"@type\":\"BreadcrumbList\",\"@id\":\"https:\\\/\\\/www.fundacionmdp.org\\\/ca\\\/convocatorias\\\/convocatoria-dajuts-economics-pel-financament-al-0-interes-per-a-la-millora-daccessibilitat-dedificis-dhabitatges-situats-en-tot-el-territori-espanyol\\\/#breadcrumb\",\"itemListElement\":[{\"@type\":\"ListItem\",\"position\":1,\"name\":\"Home\",\"item\":\"https:\\\/\\\/www.fundacionmdp.org\\\/ca\\\/\"},{\"@type\":\"ListItem\",\"position\":2,\"name\":\"Convocat\u00f2ria d\u2019ajuts econ\u00f2mics pel finan\u00e7ament al 0% inter\u00e8s per a la millora d\u2019accessibilitat d\u2019edificis d\u2019habitatges situats en tot el Territori Espanyol\"}]},{\"@type\":\"WebSite\",\"@id\":\"https:\\\/\\\/www.fundacionmdp.org\\\/#website\",\"url\":\"https:\\\/\\\/www.fundacionmdp.org\\\/\",\"name\":\"Fundaci\u00f3n Mutua de Propietarios\",\"description\":\"En la Fundaci\u00f3n Mutua de Propietarios te ayudamos a convertir tu edificio de viviendas en un espacio sin barreras arquitect\u00f3nicas.\",\"publisher\":{\"@id\":\"https:\\\/\\\/www.fundacionmdp.org\\\/#organization\"},\"potentialAction\":[{\"@type\":\"SearchAction\",\"target\":{\"@type\":\"EntryPoint\",\"urlTemplate\":\"https:\\\/\\\/www.fundacionmdp.org\\\/?s={search_term_string}\"},\"query-input\":{\"@type\":\"PropertyValueSpecification\",\"valueRequired\":true,\"valueName\":\"search_term_string\"}}],\"inLanguage\":\"ca\"},{\"@type\":\"Organization\",\"@id\":\"https:\\\/\\\/www.fundacionmdp.org\\\/#organization\",\"name\":\"Fundaci\u00f3n Mutua de Propietarios\",\"url\":\"https:\\\/\\\/www.fundacionmdp.org\\\/\",\"logo\":{\"@type\":\"ImageObject\",\"inLanguage\":\"ca\",\"@id\":\"https:\\\/\\\/www.fundacionmdp.org\\\/#\\\/schema\\\/logo\\\/image\\\/\",\"url\":\"https:\\\/\\\/www.fundacionmdp.org\\\/wp-content\\\/uploads\\\/2023\\\/05\\\/logo_FMdP_cat.png\",\"contentUrl\":\"https:\\\/\\\/www.fundacionmdp.org\\\/wp-content\\\/uploads\\\/2023\\\/05\\\/logo_FMdP_cat.png\",\"width\":655,\"height\":297,\"caption\":\"Fundaci\u00f3n Mutua de Propietarios\"},\"image\":{\"@id\":\"https:\\\/\\\/www.fundacionmdp.org\\\/#\\\/schema\\\/logo\\\/image\\\/\"}}]}<\/script>\n<!-- \/ Yoast SEO plugin. -->","yoast_head_json":{"title":"Convocat\u00f2ria d\u2019ajuts econ\u00f2mics pel finan\u00e7ament al 0% inter\u00e8s per a la millora d\u2019accessibilitat d\u2019edificis d\u2019habitatges situats en tot el Territori Espanyol - Fundaci\u00f3n Mutua de Propietarios","robots":{"index":"index","follow":"follow","max-snippet":"max-snippet:-1","max-image-preview":"max-image-preview:large","max-video-preview":"max-video-preview:-1"},"canonical":"https:\/\/www.fundacionmdp.org\/ca\/convocatorias\/convocatoria-dajuts-economics-pel-financament-al-0-interes-per-a-la-millora-daccessibilitat-dedificis-dhabitatges-situats-en-tot-el-territori-espanyol\/","og_locale":"ca_ES","og_type":"article","og_title":"Convocat\u00f2ria d\u2019ajuts econ\u00f2mics pel finan\u00e7ament al 0% inter\u00e8s per a la millora d\u2019accessibilitat d\u2019edificis d\u2019habitatges situats en tot el Territori Espanyol - Fundaci\u00f3n Mutua de Propietarios","og_description":"Convocat\u00f2ria d\u2019ajuts econ\u00f2mics pel finan\u00e7ament al 0% inter\u00e8s per a la millora d\u2019accessibilitat d\u2019edificis d\u2019habitatges situats en tot el Territori Espanyol Convocat\u00f2ria 2025:\u00a0 TANCADA La Fundaci\u00f3 Mutua de Propietarios i Uni\u00f3n de Cr\u00e9ditos Inmobiliarios (UCI) han signat un acord per tal de publicar la present Convocat\u00f2ria d\u2019ajuts amb la missi\u00f3 principal de facilitar el finan\u00e7ament [&hellip;]","og_url":"https:\/\/www.fundacionmdp.org\/ca\/convocatorias\/convocatoria-dajuts-economics-pel-financament-al-0-interes-per-a-la-millora-daccessibilitat-dedificis-dhabitatges-situats-en-tot-el-territori-espanyol\/","og_site_name":"Fundaci\u00f3n Mutua de Propietarios","article_modified_time":"2026-01-14T15:09:46+00:00","og_image":[{"width":592,"height":838,"url":"https:\/\/www.fundacionmdp.org\/wp-content\/uploads\/2023\/05\/imatge_2022-10-31_091032686.jpg","type":"image\/jpeg"}],"twitter_card":"summary_large_image","twitter_misc":{"Temps estimat de lectura":"6 minuts"},"schema":{"@context":"https:\/\/schema.org","@graph":[{"@type":"WebPage","@id":"https:\/\/www.fundacionmdp.org\/ca\/convocatorias\/convocatoria-dajuts-economics-pel-financament-al-0-interes-per-a-la-millora-daccessibilitat-dedificis-dhabitatges-situats-en-tot-el-territori-espanyol\/","url":"https:\/\/www.fundacionmdp.org\/ca\/convocatorias\/convocatoria-dajuts-economics-pel-financament-al-0-interes-per-a-la-millora-daccessibilitat-dedificis-dhabitatges-situats-en-tot-el-territori-espanyol\/","name":"Convocat\u00f2ria d\u2019ajuts econ\u00f2mics pel finan\u00e7ament al 0% inter\u00e8s per a la millora d\u2019accessibilitat d\u2019edificis d\u2019habitatges situats en tot el Territori Espanyol - Fundaci\u00f3n Mutua de Propietarios","isPartOf":{"@id":"https:\/\/www.fundacionmdp.org\/#website"},"primaryImageOfPage":{"@id":"https:\/\/www.fundacionmdp.org\/ca\/convocatorias\/convocatoria-dajuts-economics-pel-financament-al-0-interes-per-a-la-millora-daccessibilitat-dedificis-dhabitatges-situats-en-tot-el-territori-espanyol\/#primaryimage"},"image":{"@id":"https:\/\/www.fundacionmdp.org\/ca\/convocatorias\/convocatoria-dajuts-economics-pel-financament-al-0-interes-per-a-la-millora-daccessibilitat-dedificis-dhabitatges-situats-en-tot-el-territori-espanyol\/#primaryimage"},"thumbnailUrl":"https:\/\/www.fundacionmdp.org\/wp-content\/uploads\/2023\/05\/imatge_2022-10-31_091032686.jpg","datePublished":"2023-05-09T08:42:25+00:00","dateModified":"2026-01-14T15:09:46+00:00","breadcrumb":{"@id":"https:\/\/www.fundacionmdp.org\/ca\/convocatorias\/convocatoria-dajuts-economics-pel-financament-al-0-interes-per-a-la-millora-daccessibilitat-dedificis-dhabitatges-situats-en-tot-el-territori-espanyol\/#breadcrumb"},"inLanguage":"ca","potentialAction":[{"@type":"ReadAction","target":["https:\/\/www.fundacionmdp.org\/ca\/convocatorias\/convocatoria-dajuts-economics-pel-financament-al-0-interes-per-a-la-millora-daccessibilitat-dedificis-dhabitatges-situats-en-tot-el-territori-espanyol\/"]}]},{"@type":"ImageObject","inLanguage":"ca","@id":"https:\/\/www.fundacionmdp.org\/ca\/convocatorias\/convocatoria-dajuts-economics-pel-financament-al-0-interes-per-a-la-millora-daccessibilitat-dedificis-dhabitatges-situats-en-tot-el-territori-espanyol\/#primaryimage","url":"https:\/\/www.fundacionmdp.org\/wp-content\/uploads\/2023\/05\/imatge_2022-10-31_091032686.jpg","contentUrl":"https:\/\/www.fundacionmdp.org\/wp-content\/uploads\/2023\/05\/imatge_2022-10-31_091032686.jpg"},{"@type":"BreadcrumbList","@id":"https:\/\/www.fundacionmdp.org\/ca\/convocatorias\/convocatoria-dajuts-economics-pel-financament-al-0-interes-per-a-la-millora-daccessibilitat-dedificis-dhabitatges-situats-en-tot-el-territori-espanyol\/#breadcrumb","itemListElement":[{"@type":"ListItem","position":1,"name":"Home","item":"https:\/\/www.fundacionmdp.org\/ca\/"},{"@type":"ListItem","position":2,"name":"Convocat\u00f2ria d\u2019ajuts econ\u00f2mics pel finan\u00e7ament al 0% inter\u00e8s per a la millora d\u2019accessibilitat d\u2019edificis d\u2019habitatges situats en tot el Territori Espanyol"}]},{"@type":"WebSite","@id":"https:\/\/www.fundacionmdp.org\/#website","url":"https:\/\/www.fundacionmdp.org\/","name":"Fundaci\u00f3n Mutua de Propietarios","description":"En la Fundaci\u00f3n Mutua de Propietarios te ayudamos a convertir tu edificio de viviendas en un espacio sin barreras arquitect\u00f3nicas.","publisher":{"@id":"https:\/\/www.fundacionmdp.org\/#organization"},"potentialAction":[{"@type":"SearchAction","target":{"@type":"EntryPoint","urlTemplate":"https:\/\/www.fundacionmdp.org\/?s={search_term_string}"},"query-input":{"@type":"PropertyValueSpecification","valueRequired":true,"valueName":"search_term_string"}}],"inLanguage":"ca"},{"@type":"Organization","@id":"https:\/\/www.fundacionmdp.org\/#organization","name":"Fundaci\u00f3n Mutua de Propietarios","url":"https:\/\/www.fundacionmdp.org\/","logo":{"@type":"ImageObject","inLanguage":"ca","@id":"https:\/\/www.fundacionmdp.org\/#\/schema\/logo\/image\/","url":"https:\/\/www.fundacionmdp.org\/wp-content\/uploads\/2023\/05\/logo_FMdP_cat.png","contentUrl":"https:\/\/www.fundacionmdp.org\/wp-content\/uploads\/2023\/05\/logo_FMdP_cat.png","width":655,"height":297,"caption":"Fundaci\u00f3n Mutua de Propietarios"},"image":{"@id":"https:\/\/www.fundacionmdp.org\/#\/schema\/logo\/image\/"}}]}},"_links":{"self":[{"href":"https:\/\/www.fundacionmdp.org\/ca\/wp-json\/wp\/v2\/convocatorias\/8541","targetHints":{"allow":["GET"]}}],"collection":[{"href":"https:\/\/www.fundacionmdp.org\/ca\/wp-json\/wp\/v2\/convocatorias"}],"about":[{"href":"https:\/\/www.fundacionmdp.org\/ca\/wp-json\/wp\/v2\/types\/convocatorias"}],"version-history":[{"count":65,"href":"https:\/\/www.fundacionmdp.org\/ca\/wp-json\/wp\/v2\/convocatorias\/8541\/revisions"}],"predecessor-version":[{"id":12198,"href":"https:\/\/www.fundacionmdp.org\/ca\/wp-json\/wp\/v2\/convocatorias\/8541\/revisions\/12198"}],"wp:attachment":[{"href":"https:\/\/www.fundacionmdp.org\/ca\/wp-json\/wp\/v2\/media?parent=8541"}],"wp:term":[{"taxonomy":"ano_convocatoria","embeddable":true,"href":"https:\/\/www.fundacionmdp.org\/ca\/wp-json\/wp\/v2\/ano_convocatoria?post=8541"}],"curies":[{"name":"wp","href":"https:\/\/api.w.org\/{rel}","templated":true}]}}