{"id":8551,"date":"2023-05-09T10:40:35","date_gmt":"2023-05-09T08:40:35","guid":{"rendered":"http:\/\/108.128.154.120\/convocatorias\/convocatoria-de-ayudas-directas-para-obras-de-accesibilidad-a-los-edificios-de-comunidades-de-propietarios-madrid-2023\/"},"modified":"2026-01-22T09:33:12","modified_gmt":"2026-01-22T07:33:12","slug":"convocatoria-de-ayudas-directas-para-obras-de-accesibilidad-a-los-edificios-de-comunidades-de-propietarios-madrid-2023","status":"publish","type":"convocatorias","link":"https:\/\/www.fundacionmdp.org\/ca\/convocatorias\/convocatoria-de-ayudas-directas-para-obras-de-accesibilidad-a-los-edificios-de-comunidades-de-propietarios-madrid-2023\/","title":{"rendered":"Convocat\u00f2ria d\u2019ajuts directes per realitzar obres d\u2019accesibilitat als edificis de comunitats de propietaris (Madrid, Valencia, Barcelona 2025)"},"content":{"rendered":"\t\t<div data-elementor-type=\"wp-post\" data-elementor-id=\"8551\" class=\"elementor elementor-8551 elementor-2281\">\n\t\t\t\t<div class=\"elementor-element elementor-element-551b5bd6 e-flex e-con-boxed e-con e-parent\" data-id=\"551b5bd6\" data-element_type=\"container\" data-e-type=\"container\">\n\t\t\t\t\t<div class=\"e-con-inner\">\n\t\t\t\t<div class=\"elementor-element elementor-element-6f0194a6 elementor-widget elementor-widget-text-editor\" data-id=\"6f0194a6\" data-element_type=\"widget\" data-e-type=\"widget\" data-widget_type=\"text-editor.default\">\n\t\t\t\t<div class=\"elementor-widget-container\">\n\t\t\t\t\t\t\t\t\t<h1>Convocat\u00f2ria d\u2019ajuts directes per a obres d\u2019accessibilitat als edificis de comunitats de propietaris (Madrid, Valencia, Barcelona 2025)<\/h1>\t\t\t\t\t\t\t\t<\/div>\n\t\t\t\t<\/div>\n\t\t\t\t<div class=\"elementor-element elementor-element-487164ca elementor-widget-divider--view-line elementor-widget elementor-widget-divider\" data-id=\"487164ca\" data-element_type=\"widget\" data-e-type=\"widget\" data-widget_type=\"divider.default\">\n\t\t\t\t<div class=\"elementor-widget-container\">\n\t\t\t\t\t\t\t<div class=\"elementor-divider\">\n\t\t\t<span class=\"elementor-divider-separator\">\n\t\t\t\t\t\t<\/span>\n\t\t<\/div>\n\t\t\t\t\t\t<\/div>\n\t\t\t\t<\/div>\n\t\t\t\t<div class=\"elementor-element elementor-element-3e200733 elementor-widget elementor-widget-text-editor\" data-id=\"3e200733\" data-element_type=\"widget\" data-e-type=\"widget\" data-widget_type=\"text-editor.default\">\n\t\t\t\t<div class=\"elementor-widget-container\">\n\t\t\t\t\t\t\t\t\t<p>Convocat\u00f2ria d\u2019ajuts econ\u00f2mics per a obres d\u2019accessibilitat als edificis.<\/p><p>Convocat\u00f2ria 2025: <strong>TANCADA<\/strong><\/p>\t\t\t\t\t\t\t\t<\/div>\n\t\t\t\t<\/div>\n\t\t\t\t<div class=\"elementor-element elementor-element-1a182e6a elementor-widget elementor-widget-text-editor\" data-id=\"1a182e6a\" data-element_type=\"widget\" data-e-type=\"widget\" data-widget_type=\"text-editor.default\">\n\t\t\t\t<div class=\"elementor-widget-container\">\n\t\t\t\t\t\t\t\t\t<h2>T\u2019ajudem a convertir el teu edifici d\u2019habitatges en un espai sense barreres arquitect\u00f2niques<\/h2><p>En el marc del Programa Sin Barreras de la Fundaci\u00f3 Mutua de Propietarios obre nova Convocat\u00f2ria 2025 d\u2019ajuts econ\u00f2miques directes per a generar edificis accessibles. La missi\u00f3 de la Fundaci\u00f3 \u00e9s la de millorar la qualitat de vida de les persones amb mobilitat redu\u00efda facilitant l\u2019accessibilitat a l\u2019habitatge i el seu entorn.<\/p>\t\t\t\t\t\t\t\t<\/div>\n\t\t\t\t<\/div>\n\t\t\t\t<div class=\"elementor-element elementor-element-10c8e74 elementor-widget elementor-widget-toggle\" data-id=\"10c8e74\" data-element_type=\"widget\" data-e-type=\"widget\" data-widget_type=\"toggle.default\">\n\t\t\t\t<div class=\"elementor-widget-container\">\n\t\t\t\t\t\t\t<div class=\"elementor-toggle\">\n\t\t\t\t\t\t\t<div class=\"elementor-toggle-item\">\n\t\t\t\t\t<div id=\"elementor-tab-title-1761\" class=\"elementor-tab-title\" data-tab=\"1\" role=\"button\" aria-controls=\"elementor-tab-content-1761\" aria-expanded=\"false\">\n\t\t\t\t\t\t\t\t\t\t\t\t<span class=\"elementor-toggle-icon elementor-toggle-icon-right\" aria-hidden=\"true\">\n\t\t\t\t\t\t\t\t\t\t\t\t\t\t\t<span class=\"elementor-toggle-icon-closed\"><svg class=\"e-font-icon-svg e-fas-chevron-down\" viewBox=\"0 0 448 512\" xmlns=\"http:\/\/www.w3.org\/2000\/svg\"><path d=\"M207.029 381.476L12.686 187.132c-9.373-9.373-9.373-24.569 0-33.941l22.667-22.667c9.357-9.357 24.522-9.375 33.901-.04L224 284.505l154.745-154.021c9.379-9.335 24.544-9.317 33.901.04l22.667 22.667c9.373 9.373 9.373 24.569 0 33.941L240.971 381.476c-9.373 9.372-24.569 9.372-33.942 0z\"><\/path><\/svg><\/span>\n\t\t\t\t\t\t\t\t<span class=\"elementor-toggle-icon-opened\"><svg class=\"elementor-toggle-icon-opened e-font-icon-svg e-fas-chevron-up\" viewBox=\"0 0 448 512\" xmlns=\"http:\/\/www.w3.org\/2000\/svg\"><path d=\"M240.971 130.524l194.343 194.343c9.373 9.373 9.373 24.569 0 33.941l-22.667 22.667c-9.357 9.357-24.522 9.375-33.901.04L224 227.495 69.255 381.516c-9.379 9.335-24.544 9.317-33.901-.04l-22.667-22.667c-9.373-9.373-9.373-24.569 0-33.941L207.03 130.525c9.372-9.373 24.568-9.373 33.941-.001z\"><\/path><\/svg><\/span>\n\t\t\t\t\t\t\t\t\t\t\t\t\t<\/span>\n\t\t\t\t\t\t\t\t\t\t\t\t<a class=\"elementor-toggle-title\" tabindex=\"0\"> Qui pot demanar l\u2019ajuda?<\/a>\n\t\t\t\t\t<\/div>\n\n\t\t\t\t\t<div id=\"elementor-tab-content-1761\" class=\"elementor-tab-content elementor-clearfix\" data-tab=\"1\" role=\"region\" aria-labelledby=\"elementor-tab-title-1761\"><p>Les Comunitats de Propietaris (en r\u00e8gim de propietat horitzontal) que convisquin persones m\u00e9s gran de 75 anys o persones amb discapacitat amb afectaci\u00f3 a la mobilitat.<\/p><\/div>\n\t\t\t\t<\/div>\n\t\t\t\t\t\t\t<div class=\"elementor-toggle-item\">\n\t\t\t\t\t<div id=\"elementor-tab-title-1762\" class=\"elementor-tab-title\" data-tab=\"2\" role=\"button\" aria-controls=\"elementor-tab-content-1762\" aria-expanded=\"false\">\n\t\t\t\t\t\t\t\t\t\t\t\t<span class=\"elementor-toggle-icon elementor-toggle-icon-right\" aria-hidden=\"true\">\n\t\t\t\t\t\t\t\t\t\t\t\t\t\t\t<span class=\"elementor-toggle-icon-closed\"><svg class=\"e-font-icon-svg e-fas-chevron-down\" viewBox=\"0 0 448 512\" xmlns=\"http:\/\/www.w3.org\/2000\/svg\"><path d=\"M207.029 381.476L12.686 187.132c-9.373-9.373-9.373-24.569 0-33.941l22.667-22.667c9.357-9.357 24.522-9.375 33.901-.04L224 284.505l154.745-154.021c9.379-9.335 24.544-9.317 33.901.04l22.667 22.667c9.373 9.373 9.373 24.569 0 33.941L240.971 381.476c-9.373 9.372-24.569 9.372-33.942 0z\"><\/path><\/svg><\/span>\n\t\t\t\t\t\t\t\t<span class=\"elementor-toggle-icon-opened\"><svg class=\"elementor-toggle-icon-opened e-font-icon-svg e-fas-chevron-up\" viewBox=\"0 0 448 512\" xmlns=\"http:\/\/www.w3.org\/2000\/svg\"><path d=\"M240.971 130.524l194.343 194.343c9.373 9.373 9.373 24.569 0 33.941l-22.667 22.667c-9.357 9.357-24.522 9.375-33.901.04L224 227.495 69.255 381.516c-9.379 9.335-24.544 9.317-33.901-.04l-22.667-22.667c-9.373-9.373-9.373-24.569 0-33.941L207.03 130.525c9.372-9.373 24.568-9.373 33.941-.001z\"><\/path><\/svg><\/span>\n\t\t\t\t\t\t\t\t\t\t\t\t\t<\/span>\n\t\t\t\t\t\t\t\t\t\t\t\t<a class=\"elementor-toggle-title\" tabindex=\"0\">Quines s\u00f3n les actuacions subvencionables?<\/a>\n\t\t\t\t\t<\/div>\n\n\t\t\t\t\t<div id=\"elementor-tab-content-1762\" class=\"elementor-tab-content elementor-clearfix\" data-tab=\"2\" role=\"region\" aria-labelledby=\"elementor-tab-title-1762\"><p><strong>Les obres subvencionables s\u00f3n les<\/strong>\u00a0<strong>de<\/strong>\u00a0<strong>rehabilitaci\u00f3<\/strong>\u00a0<strong>i millora de l\u2019accessibilitat<\/strong>\u00a0que es realitzin en les\u00a0<strong>zones comunes del edificis d\u2019habitatges<\/strong>, com:<\/p><ol><li>La instal\u00b7laci\u00f3 d\u2019ascensors nous, baixades de cota d\u2019ascensors existents\u00a0i\/o millora de les condicions d\u2019accessibilitat als ascensors existents i reformes d\u2019accessibilitat entre plantes.<\/li><li>L\u2019execuci\u00f3 o millora de rampes\u00a0d\u2019acc\u00e9s per a la supressi\u00f3 de desnivells des de la via p\u00fablica a l\u2019interior dels vest\u00edbuls dels edificis d\u2019habitatges.<\/li><li>Reformes constructives\u00a0que comportin l\u2019enderrocament, eixamplament o adequaci\u00f3 de portes (excloses les dels propis habitatges que s\u00f3n d\u2019\u00fanica responsabilitat del titular), passadissos i ampliaci\u00f3 de parades d\u2019ascensors sempre d\u2019elements comuns,<\/li><li>Instal\u00b7laci\u00f3 de dispositius elevadors individuals, com per exemple, salva-escales, plataformes elevadores, etc.<\/li><\/ol><p><strong>\u00danicament podran sol\u00b7licitar els ajuts aquelles comunitats de propietaris que\u00a0no\u00a0hagin iniciat\u00a0les obres d\u2019accessibilitat\u00a0anteriorment citades.<\/strong><\/p><\/div>\n\t\t\t\t<\/div>\n\t\t\t\t\t\t\t<div class=\"elementor-toggle-item\">\n\t\t\t\t\t<div id=\"elementor-tab-title-1763\" class=\"elementor-tab-title\" data-tab=\"3\" role=\"button\" aria-controls=\"elementor-tab-content-1763\" aria-expanded=\"false\">\n\t\t\t\t\t\t\t\t\t\t\t\t<span class=\"elementor-toggle-icon elementor-toggle-icon-right\" aria-hidden=\"true\">\n\t\t\t\t\t\t\t\t\t\t\t\t\t\t\t<span class=\"elementor-toggle-icon-closed\"><svg class=\"e-font-icon-svg e-fas-chevron-down\" viewBox=\"0 0 448 512\" xmlns=\"http:\/\/www.w3.org\/2000\/svg\"><path d=\"M207.029 381.476L12.686 187.132c-9.373-9.373-9.373-24.569 0-33.941l22.667-22.667c9.357-9.357 24.522-9.375 33.901-.04L224 284.505l154.745-154.021c9.379-9.335 24.544-9.317 33.901.04l22.667 22.667c9.373 9.373 9.373 24.569 0 33.941L240.971 381.476c-9.373 9.372-24.569 9.372-33.942 0z\"><\/path><\/svg><\/span>\n\t\t\t\t\t\t\t\t<span class=\"elementor-toggle-icon-opened\"><svg class=\"elementor-toggle-icon-opened e-font-icon-svg e-fas-chevron-up\" viewBox=\"0 0 448 512\" xmlns=\"http:\/\/www.w3.org\/2000\/svg\"><path d=\"M240.971 130.524l194.343 194.343c9.373 9.373 9.373 24.569 0 33.941l-22.667 22.667c-9.357 9.357-24.522 9.375-33.901.04L224 227.495 69.255 381.516c-9.379 9.335-24.544 9.317-33.901-.04l-22.667-22.667c-9.373-9.373-9.373-24.569 0-33.941L207.03 130.525c9.372-9.373 24.568-9.373 33.941-.001z\"><\/path><\/svg><\/span>\n\t\t\t\t\t\t\t\t\t\t\t\t\t<\/span>\n\t\t\t\t\t\t\t\t\t\t\t\t<a class=\"elementor-toggle-title\" tabindex=\"0\">Quina ajuda s\u2019ofereix?<\/a>\n\t\t\t\t\t<\/div>\n\n\t\t\t\t\t<div id=\"elementor-tab-content-1763\" class=\"elementor-tab-content elementor-clearfix\" data-tab=\"3\" role=\"region\" aria-labelledby=\"elementor-tab-title-1763\"><p>L\u2019ajut correspon al <strong>50% del import<\/strong> de la suma dels costos subvencionables per realitzar una obra de millora en accessibilitat, <strong>fins a un m\u00e0xim de 15.000\u20ac<\/strong> per comunitat.<\/p><p>Es consideren costos subvencionables:<\/p><ul><li>El\/els pressupost\/os per a l\u2019execuci\u00f3 de les obres d\u2019accessibilitat de la\/s empresa\/es contractista\/es.<\/li><li>I els honoraris t\u00e8cnics per a la redacci\u00f3 del projecte o la mem\u00f2ria t\u00e8cnica i direcci\u00f3 d\u2019obra, si s\u00f3n exclusivament per a obres de millora de l\u2019accessibilitat.<\/li><\/ul><p>NO es consideren costos subvencionables els derivats de:<\/p><ul><li>Pagament de taxes d\u2019organismes oficials per a l\u2019obtenci\u00f3 de llic\u00e8ncies i permisos.<\/li><li>Pagament de Visats de projectes a col\u00b7legis professionals.<\/li><\/ul><p>La convocat\u00f2ria d\u2019ajuts directes disposa d\u2019una dotaci\u00f3 pressupost\u00e0ria de 152.000\u20ac, que es repartiran entre les comunitats ubicades a:<\/p><ul><li>Ciutat de Barcelona<\/li><li>\u00c0rea metropolitana de Barcelona<\/li><li>Ciutat de Madrid<\/li><li>Comunitat de Madrid<\/li><li>Ciutat de Val\u00e8ncia<\/li><\/ul><\/div>\n\t\t\t\t<\/div>\n\t\t\t\t\t\t\t<div class=\"elementor-toggle-item\">\n\t\t\t\t\t<div id=\"elementor-tab-title-1764\" class=\"elementor-tab-title\" data-tab=\"4\" role=\"button\" aria-controls=\"elementor-tab-content-1764\" aria-expanded=\"false\">\n\t\t\t\t\t\t\t\t\t\t\t\t<span class=\"elementor-toggle-icon elementor-toggle-icon-right\" aria-hidden=\"true\">\n\t\t\t\t\t\t\t\t\t\t\t\t\t\t\t<span class=\"elementor-toggle-icon-closed\"><svg class=\"e-font-icon-svg e-fas-chevron-down\" viewBox=\"0 0 448 512\" xmlns=\"http:\/\/www.w3.org\/2000\/svg\"><path d=\"M207.029 381.476L12.686 187.132c-9.373-9.373-9.373-24.569 0-33.941l22.667-22.667c9.357-9.357 24.522-9.375 33.901-.04L224 284.505l154.745-154.021c9.379-9.335 24.544-9.317 33.901.04l22.667 22.667c9.373 9.373 9.373 24.569 0 33.941L240.971 381.476c-9.373 9.372-24.569 9.372-33.942 0z\"><\/path><\/svg><\/span>\n\t\t\t\t\t\t\t\t<span class=\"elementor-toggle-icon-opened\"><svg class=\"elementor-toggle-icon-opened e-font-icon-svg e-fas-chevron-up\" viewBox=\"0 0 448 512\" xmlns=\"http:\/\/www.w3.org\/2000\/svg\"><path d=\"M240.971 130.524l194.343 194.343c9.373 9.373 9.373 24.569 0 33.941l-22.667 22.667c-9.357 9.357-24.522 9.375-33.901.04L224 227.495 69.255 381.516c-9.379 9.335-24.544 9.317-33.901-.04l-22.667-22.667c-9.373-9.373-9.373-24.569 0-33.941L207.03 130.525c9.372-9.373 24.568-9.373 33.941-.001z\"><\/path><\/svg><\/span>\n\t\t\t\t\t\t\t\t\t\t\t\t\t<\/span>\n\t\t\t\t\t\t\t\t\t\t\t\t<a class=\"elementor-toggle-title\" tabindex=\"0\">Com i quin \u00e9s el termini de presentaci\u00f3 de les sol\u00b7licituds i resoluci\u00f3 dels ajuts?<\/a>\n\t\t\t\t\t<\/div>\n\n\t\t\t\t\t<div id=\"elementor-tab-content-1764\" class=\"elementor-tab-content elementor-clearfix\" data-tab=\"4\" role=\"region\" aria-labelledby=\"elementor-tab-title-1764\"><p>La sol\u00b7licitud dels ajuts es realitza de manera telem\u00e0tica a trav\u00e9s de la<a href=\"https:\/\/www.pre-fundacionmdp.org\/Ayudas\/\"> plataforma web<\/a> de la Fundaci\u00f3 Mutua de Propietarios:\u00a0<\/p><p>El per\u00edode de presentaci\u00f3 de les sol\u00b7licituds per a la convocat\u00f2ria 2025 va del <strong>18 de mar\u00e7 del 2025 fins al 18 de maig del 2025<\/strong>\u00a0i la resoluci\u00f3 dels ajuts ser\u00e0, com a m\u00e0xim, de\u00a030 dies laborables, exceptuant dissabtes, comptats a partir de la data de tancament.<\/p><p>El procediment per l\u2019atorgament dels ajuts ser\u00e0 per concurr\u00e8ncia competitiva, mitjan\u00e7ant el criteris de puntuaci\u00f3 establerts al Plec de la Convocat\u00f2ria 2025.<\/p><\/div>\n\t\t\t\t<\/div>\n\t\t\t\t\t\t\t<div class=\"elementor-toggle-item\">\n\t\t\t\t\t<div id=\"elementor-tab-title-1765\" class=\"elementor-tab-title\" data-tab=\"5\" role=\"button\" aria-controls=\"elementor-tab-content-1765\" aria-expanded=\"false\">\n\t\t\t\t\t\t\t\t\t\t\t\t<span class=\"elementor-toggle-icon elementor-toggle-icon-right\" aria-hidden=\"true\">\n\t\t\t\t\t\t\t\t\t\t\t\t\t\t\t<span class=\"elementor-toggle-icon-closed\"><svg class=\"e-font-icon-svg e-fas-chevron-down\" viewBox=\"0 0 448 512\" xmlns=\"http:\/\/www.w3.org\/2000\/svg\"><path d=\"M207.029 381.476L12.686 187.132c-9.373-9.373-9.373-24.569 0-33.941l22.667-22.667c9.357-9.357 24.522-9.375 33.901-.04L224 284.505l154.745-154.021c9.379-9.335 24.544-9.317 33.901.04l22.667 22.667c9.373 9.373 9.373 24.569 0 33.941L240.971 381.476c-9.373 9.372-24.569 9.372-33.942 0z\"><\/path><\/svg><\/span>\n\t\t\t\t\t\t\t\t<span class=\"elementor-toggle-icon-opened\"><svg class=\"elementor-toggle-icon-opened e-font-icon-svg e-fas-chevron-up\" viewBox=\"0 0 448 512\" xmlns=\"http:\/\/www.w3.org\/2000\/svg\"><path d=\"M240.971 130.524l194.343 194.343c9.373 9.373 9.373 24.569 0 33.941l-22.667 22.667c-9.357 9.357-24.522 9.375-33.901.04L224 227.495 69.255 381.516c-9.379 9.335-24.544 9.317-33.901-.04l-22.667-22.667c-9.373-9.373-9.373-24.569 0-33.941L207.03 130.525c9.372-9.373 24.568-9.373 33.941-.001z\"><\/path><\/svg><\/span>\n\t\t\t\t\t\t\t\t\t\t\t\t\t<\/span>\n\t\t\t\t\t\t\t\t\t\t\t\t<a class=\"elementor-toggle-title\" tabindex=\"0\">Quins s\u00f3n els documents necessaris per a sol\u00b7licitar l\u2019ajut?<\/a>\n\t\t\t\t\t<\/div>\n\n\t\t\t\t\t<div id=\"elementor-tab-content-1765\" class=\"elementor-tab-content elementor-clearfix\" data-tab=\"5\" role=\"region\" aria-labelledby=\"elementor-tab-title-1765\"><p>Recorda tenir a m\u00e0 aquesta\u00a0<strong>informaci\u00f3 i documents<\/strong>\u00a0abans de que inici\u00efs el proc\u00e9s de sol\u00b7licitud de l\u2019ajut:<\/p><ul><li><strong>CIF<\/strong>\u00a0de la Comunitat de Propietaris<\/li><li>N\u00famero de la\u00a0<strong>referencia cadastral<\/strong>, any de construcci\u00f3 i n\u00famero d\u2019<strong>habitatges<\/strong>\u00a0i\u00a0<strong>locals<\/strong>\u00a0del edifici.<\/li><li>DNI\u00a0<strong>persones m\u00e9s de 75 anys<\/strong><\/li><li>DNI\u00a0<strong>persones amb discapacitat<\/strong>\u00a0+\u00a0<strong>Targeta o documentaci\u00f3<\/strong>\u00a0que acrediti l\u2019 afectaci\u00f3 a la mobilitat.<\/li><li>Acta de Junta\u00a0<strong>on s\u2019acordi la voluntat d\u2019executar les obres<\/strong><\/li><li>DNI del president\/a o del representant legal de la Comunitat + Acta del seu nomenament.<\/li><li><strong>Certificat d\u2019estar al corrent de pagaments de seguretat social.<\/strong><\/li><li><strong>Projecte visat o mem\u00f2ria t\u00e8cnica<\/strong>\u00a0i pl\u00e0nols delimitats.<\/li><li><strong>Llicencia d\u2019obra<\/strong>\u00a0o perm\u00eds d\u2019obra\u00a0<strong>atorgat<\/strong>\u00a0per l\u2019Ajuntament corresponent.<\/li><li>Certificat d\u2019aptitud\u00a0<strong>IEE\/ITE<\/strong>.<\/li><li><strong>Honoraris T\u00e8cnics<\/strong>\u00a0i\u00a0<strong>Pressupost\/os de les obres<\/strong>\u00a0a realitzar.<\/li><li>Conjunt de\u00a0<strong>fotografies<\/strong>\u00a0dels elements a modificar<\/li><li>Mesurament de\u00a0<strong>l\u2019\u00edndex d\u2019 accessibilitat<\/strong>\u00a0de\u00a0<strong>l\u2019App Zero Barreras\u00a0<\/strong>(aplicaci\u00f3 m\u00f2bil gratu\u00efta)<\/li><\/ul><p>Recorda que un cop inici\u00efs la tramitaci\u00f3 haur\u00e0s de\u00a0<strong>descarregar i retornar signat :<\/strong><\/p><ul><li><strong>Declaraci\u00f3 de la sol\u00b7licitud<\/strong>\u00a0(signada pel representant legal de la Comunitat)<\/li><li><strong>Declaraci\u00f3 de dades de les persones amb mobilitat redu\u00efda\u00a0<\/strong>(signat per aquestes persones)<\/li><\/ul><\/div>\n\t\t\t\t<\/div>\n\t\t\t\t\t\t\t\t<\/div>\n\t\t\t\t\t\t<\/div>\n\t\t\t\t<\/div>\n\t\t\t\t<div class=\"elementor-element elementor-element-7a13fd03 elementor-widget elementor-widget-spacer\" data-id=\"7a13fd03\" data-element_type=\"widget\" data-e-type=\"widget\" data-widget_type=\"spacer.default\">\n\t\t\t\t<div class=\"elementor-widget-container\">\n\t\t\t\t\t\t\t<div class=\"elementor-spacer\">\n\t\t\t<div class=\"elementor-spacer-inner\"><\/div>\n\t\t<\/div>\n\t\t\t\t\t\t<\/div>\n\t\t\t\t<\/div>\n\t\t\t\t<div class=\"elementor-element elementor-element-3d91005a elementor-widget elementor-widget-text-editor\" data-id=\"3d91005a\" data-element_type=\"widget\" data-e-type=\"widget\" data-widget_type=\"text-editor.default\">\n\t\t\t\t<div class=\"elementor-widget-container\">\n\t\t\t\t\t\t\t\t\t<h2>Documentaci\u00f3 d\u2019inter\u00e8s<\/h2>\t\t\t\t\t\t\t\t<\/div>\n\t\t\t\t<\/div>\n\t\t<div class=\"elementor-element elementor-element-71b815c3 convocatoria-descargables e-flex e-con-boxed e-con e-child\" data-id=\"71b815c3\" data-element_type=\"container\" data-e-type=\"container\">\n\t\t\t\t\t<div class=\"e-con-inner\">\n\t\t<div class=\"elementor-element elementor-element-173d81dc convocatoria-descargable e-flex e-con-boxed e-con e-child\" data-id=\"173d81dc\" data-element_type=\"container\" data-e-type=\"container\">\n\t\t\t\t\t<div class=\"e-con-inner\">\n\t\t<div class=\"elementor-element elementor-element-7dcb2413 convocatoria-descargable-title e-flex e-con-boxed e-con e-child\" data-id=\"7dcb2413\" data-element_type=\"container\" data-e-type=\"container\">\n\t\t\t\t\t<div class=\"e-con-inner\">\n\t\t\t\t<div class=\"elementor-element elementor-element-3cbe14ed title-no-margin-bot no-margin-bot elementor-widget elementor-widget-text-editor\" data-id=\"3cbe14ed\" data-element_type=\"widget\" data-e-type=\"widget\" data-widget_type=\"text-editor.default\">\n\t\t\t\t<div class=\"elementor-widget-container\">\n\t\t\t\t\t\t\t\t\t<h3>Resoluci\u00f3 de la convocat\u00f2ria 2025<\/h3>\n\t\t\t\t\t\t\t\t<\/div>\n\t\t\t\t<\/div>\n\t\t\t\t<div class=\"elementor-element elementor-element-351e0f21 elementor-widget elementor-widget-button\" data-id=\"351e0f21\" data-element_type=\"widget\" data-e-type=\"widget\" data-widget_type=\"button.default\">\n\t\t\t\t<div class=\"elementor-widget-container\">\n\t\t\t\t\t\t\t\t\t<div class=\"elementor-button-wrapper\">\n\t\t\t\t\t<a class=\"elementor-button elementor-button-link elementor-size-sm\" href=\"https:\/\/www.fundacionmdp.org\/wp-content\/uploads\/2025\/07\/RESOLUCIO-PUBLICA-2025_CAT-1.pdf\" target=\"_blank\">\n\t\t\t\t\t\t<span class=\"elementor-button-content-wrapper\">\n\t\t\t\t\t\t\t\t\t<span class=\"elementor-button-text\">Descarregar<\/span>\n\t\t\t\t\t<\/span>\n\t\t\t\t\t<\/a>\n\t\t\t\t<\/div>\n\t\t\t\t\t\t\t\t<\/div>\n\t\t\t\t<\/div>\n\t\t\t\t\t<\/div>\n\t\t\t\t<\/div>\n\t\t<div class=\"elementor-element elementor-element-35eb38fb e-con-full convocatoria-descargable-img e-flex e-con e-child\" data-id=\"35eb38fb\" data-element_type=\"container\" data-e-type=\"container\">\n\t\t\t\t<div class=\"elementor-element elementor-element-342a68b4 elementor-widget elementor-widget-image\" data-id=\"342a68b4\" data-element_type=\"widget\" data-e-type=\"widget\" data-widget_type=\"image.default\">\n\t\t\t\t<div class=\"elementor-widget-container\">\n\t\t\t\t\t\t\t\t\t\t\t\t\t\t\t<img fetchpriority=\"high\" decoding=\"async\" width=\"724\" height=\"1024\" src=\"https:\/\/www.fundacionmdp.org\/wp-content\/uploads\/2025\/07\/RESOLUCIO-PUBLICA-2025_CAT-724x1024.jpg\" class=\"attachment-large size-large wp-image-11673\" alt=\"\" srcset=\"https:\/\/www.fundacionmdp.org\/wp-content\/uploads\/2025\/07\/RESOLUCIO-PUBLICA-2025_CAT-724x1024.jpg 724w, https:\/\/www.fundacionmdp.org\/wp-content\/uploads\/2025\/07\/RESOLUCIO-PUBLICA-2025_CAT-212x300.jpg 212w, https:\/\/www.fundacionmdp.org\/wp-content\/uploads\/2025\/07\/RESOLUCIO-PUBLICA-2025_CAT-768x1087.jpg 768w, https:\/\/www.fundacionmdp.org\/wp-content\/uploads\/2025\/07\/RESOLUCIO-PUBLICA-2025_CAT-1086x1536.jpg 1086w, https:\/\/www.fundacionmdp.org\/wp-content\/uploads\/2025\/07\/RESOLUCIO-PUBLICA-2025_CAT-1447x2048.jpg 1447w, https:\/\/www.fundacionmdp.org\/wp-content\/uploads\/2025\/07\/RESOLUCIO-PUBLICA-2025_CAT-scaled.jpg 1809w\" sizes=\"(max-width: 724px) 100vw, 724px\" \/>\t\t\t\t\t\t\t\t\t\t\t\t\t\t\t<\/div>\n\t\t\t\t<\/div>\n\t\t\t\t<\/div>\n\t\t\t\t\t<\/div>\n\t\t\t\t<\/div>\n\t\t<div class=\"elementor-element elementor-element-bc1e79b convocatoria-descargable e-con-full e-flex e-con e-child\" data-id=\"bc1e79b\" data-element_type=\"container\" data-e-type=\"container\">\n\t\t<div class=\"elementor-element elementor-element-dc005b4 convocatoria-descargable-title e-flex e-con-boxed e-con e-child\" data-id=\"dc005b4\" data-element_type=\"container\" data-e-type=\"container\">\n\t\t\t\t\t<div class=\"e-con-inner\">\n\t\t\t\t<div class=\"elementor-element elementor-element-de9a077 title-no-margin-bot no-margin-bot elementor-widget elementor-widget-text-editor\" data-id=\"de9a077\" data-element_type=\"widget\" data-e-type=\"widget\" data-widget_type=\"text-editor.default\">\n\t\t\t\t<div class=\"elementor-widget-container\">\n\t\t\t\t\t\t\t\t\t<h3>Plec de condicions<\/h3>\t\t\t\t\t\t\t\t<\/div>\n\t\t\t\t<\/div>\n\t\t<div class=\"elementor-element elementor-element-67e50c0 e-con-full e-flex e-con e-child\" data-id=\"67e50c0\" data-element_type=\"container\" data-e-type=\"container\">\n\t\t\t\t<div class=\"elementor-element elementor-element-e340c89 elementor-widget elementor-widget-button\" data-id=\"e340c89\" data-element_type=\"widget\" data-e-type=\"widget\" data-widget_type=\"button.default\">\n\t\t\t\t<div class=\"elementor-widget-container\">\n\t\t\t\t\t\t\t\t\t<div class=\"elementor-button-wrapper\">\n\t\t\t\t\t<a class=\"elementor-button elementor-button-link elementor-size-sm\" href=\"https:\/\/www.fundacionmdp.org\/wp-content\/uploads\/2025\/03\/Plec-2025-Barcelona-CAT.pdf\" target=\"_blank\">\n\t\t\t\t\t\t<span class=\"elementor-button-content-wrapper\">\n\t\t\t\t\t\t\t\t\t<span class=\"elementor-button-text\">Descarregar<\/span>\n\t\t\t\t\t<\/span>\n\t\t\t\t\t<\/a>\n\t\t\t\t<\/div>\n\t\t\t\t\t\t\t\t<\/div>\n\t\t\t\t<\/div>\n\t\t\t\t<div class=\"elementor-element elementor-element-10b00f2 no-margin-bot elementor-widget__width-inherit elementor-widget elementor-widget-text-editor\" data-id=\"10b00f2\" data-element_type=\"widget\" data-e-type=\"widget\" data-widget_type=\"text-editor.default\">\n\t\t\t\t<div class=\"elementor-widget-container\">\n\t\t\t\t\t\t\t\t\t<p>Ciutat de Barcelona 2025<\/p>\t\t\t\t\t\t\t\t<\/div>\n\t\t\t\t<\/div>\n\t\t\t\t<\/div>\n\t\t<div class=\"elementor-element elementor-element-68b3926 e-con-full e-flex e-con e-child\" data-id=\"68b3926\" data-element_type=\"container\" data-e-type=\"container\">\n\t\t\t\t<div class=\"elementor-element elementor-element-68e4e09 elementor-widget elementor-widget-button\" data-id=\"68e4e09\" data-element_type=\"widget\" data-e-type=\"widget\" data-widget_type=\"button.default\">\n\t\t\t\t<div class=\"elementor-widget-container\">\n\t\t\t\t\t\t\t\t\t<div class=\"elementor-button-wrapper\">\n\t\t\t\t\t<a class=\"elementor-button elementor-button-link elementor-size-sm\" href=\"https:\/\/www.fundacionmdp.org\/wp-content\/uploads\/2025\/03\/Plec-2025-Madrid-CAT.pdf\" target=\"_blank\">\n\t\t\t\t\t\t<span class=\"elementor-button-content-wrapper\">\n\t\t\t\t\t\t\t\t\t<span class=\"elementor-button-text\">Descarregar<\/span>\n\t\t\t\t\t<\/span>\n\t\t\t\t\t<\/a>\n\t\t\t\t<\/div>\n\t\t\t\t\t\t\t\t<\/div>\n\t\t\t\t<\/div>\n\t\t\t\t<div class=\"elementor-element elementor-element-94140d2 no-margin-bot elementor-widget__width-inherit elementor-widget elementor-widget-text-editor\" data-id=\"94140d2\" data-element_type=\"widget\" data-e-type=\"widget\" data-widget_type=\"text-editor.default\">\n\t\t\t\t<div class=\"elementor-widget-container\">\n\t\t\t\t\t\t\t\t\t<p>Ciutat de Madrid 2025<\/p>\t\t\t\t\t\t\t\t<\/div>\n\t\t\t\t<\/div>\n\t\t\t\t<\/div>\n\t\t<div class=\"elementor-element elementor-element-28439fb e-con-full e-flex e-con e-child\" data-id=\"28439fb\" data-element_type=\"container\" data-e-type=\"container\">\n\t\t\t\t<div class=\"elementor-element elementor-element-6a53344 elementor-widget elementor-widget-button\" data-id=\"6a53344\" data-element_type=\"widget\" data-e-type=\"widget\" data-widget_type=\"button.default\">\n\t\t\t\t<div class=\"elementor-widget-container\">\n\t\t\t\t\t\t\t\t\t<div class=\"elementor-button-wrapper\">\n\t\t\t\t\t<a class=\"elementor-button elementor-button-link elementor-size-sm\" href=\"https:\/\/www.fundacionmdp.org\/wp-content\/uploads\/2025\/03\/Plec-2025-Valencia-CAT-1.pdf\" target=\"_blank\">\n\t\t\t\t\t\t<span class=\"elementor-button-content-wrapper\">\n\t\t\t\t\t\t\t\t\t<span class=\"elementor-button-text\">Descarregar<\/span>\n\t\t\t\t\t<\/span>\n\t\t\t\t\t<\/a>\n\t\t\t\t<\/div>\n\t\t\t\t\t\t\t\t<\/div>\n\t\t\t\t<\/div>\n\t\t\t\t<div class=\"elementor-element elementor-element-16edf0a no-margin-bot elementor-widget__width-inherit elementor-widget elementor-widget-text-editor\" data-id=\"16edf0a\" data-element_type=\"widget\" data-e-type=\"widget\" data-widget_type=\"text-editor.default\">\n\t\t\t\t<div class=\"elementor-widget-container\">\n\t\t\t\t\t\t\t\t\t<p>Ciutat de Valencia 2025<\/p>\t\t\t\t\t\t\t\t<\/div>\n\t\t\t\t<\/div>\n\t\t\t\t<\/div>\n\t\t\t\t\t<\/div>\n\t\t\t\t<\/div>\n\t\t<div class=\"elementor-element elementor-element-6879cc4 e-con-full convocatoria-descargable-img e-flex e-con e-child\" data-id=\"6879cc4\" data-element_type=\"container\" data-e-type=\"container\">\n\t\t\t\t<div class=\"elementor-element elementor-element-c349127 elementor-widget elementor-widget-image\" data-id=\"c349127\" data-element_type=\"widget\" data-e-type=\"widget\" data-widget_type=\"image.default\">\n\t\t\t\t<div class=\"elementor-widget-container\">\n\t\t\t\t\t\t\t\t\t\t\t\t\t\t\t<img decoding=\"async\" width=\"595\" height=\"841\" src=\"https:\/\/www.fundacionmdp.org\/wp-content\/uploads\/2025\/03\/Plec-2025-Madrid-CAT.jpg\" class=\"attachment-large size-large wp-image-11127\" alt=\"\" srcset=\"https:\/\/www.fundacionmdp.org\/wp-content\/uploads\/2025\/03\/Plec-2025-Madrid-CAT.jpg 595w, https:\/\/www.fundacionmdp.org\/wp-content\/uploads\/2025\/03\/Plec-2025-Madrid-CAT-212x300.jpg 212w\" sizes=\"(max-width: 595px) 100vw, 595px\" \/>\t\t\t\t\t\t\t\t\t\t\t\t\t\t\t<\/div>\n\t\t\t\t<\/div>\n\t\t\t\t<\/div>\n\t\t\t\t<\/div>\n\t\t<div class=\"elementor-element elementor-element-116b98a5 convocatoria-descargable e-flex e-con-boxed e-con e-child\" data-id=\"116b98a5\" data-element_type=\"container\" data-e-type=\"container\">\n\t\t\t\t\t<div class=\"e-con-inner\">\n\t\t<div class=\"elementor-element elementor-element-4231c43d convocatoria-descargable-title e-flex e-con-boxed e-con e-child\" data-id=\"4231c43d\" data-element_type=\"container\" data-e-type=\"container\">\n\t\t\t\t\t<div class=\"e-con-inner\">\n\t\t\t\t<div class=\"elementor-element elementor-element-206c5d13 title-no-margin-bot no-margin-bot elementor-widget elementor-widget-text-editor\" data-id=\"206c5d13\" data-element_type=\"widget\" data-e-type=\"widget\" data-widget_type=\"text-editor.default\">\n\t\t\t\t<div class=\"elementor-widget-container\">\n\t\t\t\t\t\t\t\t\t<h3>Manual Plataforma Ajuts Fundaci\u00f3<\/h3><p>Consulta\u2019l si tens dubtes de com tramitar els ajuts<\/p>\t\t\t\t\t\t\t\t<\/div>\n\t\t\t\t<\/div>\n\t\t\t\t<div class=\"elementor-element elementor-element-2344a6de elementor-widget elementor-widget-button\" data-id=\"2344a6de\" data-element_type=\"widget\" data-e-type=\"widget\" data-widget_type=\"button.default\">\n\t\t\t\t<div class=\"elementor-widget-container\">\n\t\t\t\t\t\t\t\t\t<div class=\"elementor-button-wrapper\">\n\t\t\t\t\t<a class=\"elementor-button elementor-button-link elementor-size-sm\" href=\"https:\/\/www.fundacionmdp.org\/wp-content\/uploads\/2024\/02\/Manual-de-la-Plataforma-de-Ayudas-PSB-PDF.pdf\" target=\"_blank\">\n\t\t\t\t\t\t<span class=\"elementor-button-content-wrapper\">\n\t\t\t\t\t\t\t\t\t<span class=\"elementor-button-text\">Descarregar<\/span>\n\t\t\t\t\t<\/span>\n\t\t\t\t\t<\/a>\n\t\t\t\t<\/div>\n\t\t\t\t\t\t\t\t<\/div>\n\t\t\t\t<\/div>\n\t\t\t\t\t<\/div>\n\t\t\t\t<\/div>\n\t\t<div class=\"elementor-element elementor-element-2bd93198 e-con-full convocatoria-descargable-img e-flex e-con e-child\" data-id=\"2bd93198\" data-element_type=\"container\" data-e-type=\"container\">\n\t\t\t\t<div class=\"elementor-element elementor-element-334e89e elementor-widget elementor-widget-image\" data-id=\"334e89e\" data-element_type=\"widget\" data-e-type=\"widget\" data-widget_type=\"image.default\">\n\t\t\t\t<div class=\"elementor-widget-container\">\n\t\t\t\t\t\t\t\t\t\t\t\t\t\t\t<img decoding=\"async\" width=\"1000\" height=\"562\" src=\"https:\/\/www.fundacionmdp.org\/wp-content\/uploads\/2023\/05\/manual-plataforma-convocatoria.jpg\" class=\"attachment-large size-large wp-image-6506\" alt=\"\" srcset=\"https:\/\/www.fundacionmdp.org\/wp-content\/uploads\/2023\/05\/manual-plataforma-convocatoria.jpg 1000w, https:\/\/www.fundacionmdp.org\/wp-content\/uploads\/2023\/05\/manual-plataforma-convocatoria-300x169.jpg 300w, https:\/\/www.fundacionmdp.org\/wp-content\/uploads\/2023\/05\/manual-plataforma-convocatoria-768x432.jpg 768w, https:\/\/www.fundacionmdp.org\/wp-content\/uploads\/2023\/05\/manual-plataforma-convocatoria-800x450.jpg 800w\" sizes=\"(max-width: 1000px) 100vw, 1000px\" \/>\t\t\t\t\t\t\t\t\t\t\t\t\t\t\t<\/div>\n\t\t\t\t<\/div>\n\t\t\t\t<\/div>\n\t\t\t\t\t<\/div>\n\t\t\t\t<\/div>\n\t\t\t\t\t<\/div>\n\t\t\t\t<\/div>\n\t\t\t\t<div class=\"elementor-element elementor-element-1d0ec7d1 elementor-widget elementor-widget-text-editor\" data-id=\"1d0ec7d1\" data-element_type=\"widget\" data-e-type=\"widget\" data-widget_type=\"text-editor.default\">\n\t\t\t\t<div class=\"elementor-widget-container\">\n\t\t\t\t\t\t\t\t\t<p><strong>En cas de m\u00e9s dubtes<\/strong>, tamb\u00e9 pots enviar-nos un correu electr\u00f2nic a l\u2019adre\u00e7a d\u2019email que s\u2019indica en aquest. <a href=\"mailto:solicitudes@fundacionmdp.org\">solicitudes@fundacionmdp.org<\/a><\/p>\t\t\t\t\t\t\t\t<\/div>\n\t\t\t\t<\/div>\n\t\t<div class=\"elementor-element elementor-element-20554709 e-flex e-con-boxed e-con e-child\" data-id=\"20554709\" data-element_type=\"container\" data-e-type=\"container\">\n\t\t\t\t\t<div class=\"e-con-inner\">\n\t\t\t\t<div class=\"elementor-element elementor-element-6a356671 elementor-align-center solicitar-convo elementor-widget elementor-widget-button\" data-id=\"6a356671\" data-element_type=\"widget\" data-e-type=\"widget\" data-widget_type=\"button.default\">\n\t\t\t\t<div class=\"elementor-widget-container\">\n\t\t\t\t\t\t\t\t\t<div class=\"elementor-button-wrapper\">\n\t\t\t\t\t<a class=\"elementor-button elementor-button-link elementor-size-sm\" href=\"https:\/\/mdp.outsystemsenterprise.com\/AyudasFundacion\/\">\n\t\t\t\t\t\t<span class=\"elementor-button-content-wrapper\">\n\t\t\t\t\t\t\t\t\t<span class=\"elementor-button-text\">Sol\u00b7licitar<\/span>\n\t\t\t\t\t<\/span>\n\t\t\t\t\t<\/a>\n\t\t\t\t<\/div>\n\t\t\t\t\t\t\t\t<\/div>\n\t\t\t\t<\/div>\n\t\t\t\t\t<\/div>\n\t\t\t\t<\/div>\n\t\t\t\t\t<\/div>\n\t\t\t\t<\/div>\n\t\t\t\t<\/div>\n\t\t","protected":false},"featured_media":0,"template":"","ano_convocatoria":[65],"class_list":["post-8551","convocatorias","type-convocatorias","status-publish","hentry","ano_convocatoria-65","entry"],"acf":[],"yoast_head":"<!-- This site is optimized with the Yoast SEO plugin v27.3 - https:\/\/yoast.com\/product\/yoast-seo-wordpress\/ -->\n<title>Convocat\u00f2ria d\u2019ajuts directes per realitzar obres d\u2019accesibilitat als edificis de comunitats de propietaris (Madrid, Valencia, Barcelona 2025) - Fundaci\u00f3n Mutua de Propietarios<\/title>\n<meta name=\"robots\" content=\"index, follow, max-snippet:-1, max-image-preview:large, max-video-preview:-1\" \/>\n<link rel=\"canonical\" href=\"https:\/\/www.fundacionmdp.org\/ca\/convocatorias\/convocatoria-de-ayudas-directas-para-obras-de-accesibilidad-a-los-edificios-de-comunidades-de-propietarios-madrid-2023\/\" \/>\n<meta property=\"og:locale\" content=\"ca_ES\" \/>\n<meta property=\"og:type\" content=\"article\" \/>\n<meta property=\"og:title\" content=\"Convocat\u00f2ria d\u2019ajuts directes per realitzar obres d\u2019accesibilitat als edificis de comunitats de propietaris (Madrid, Valencia, Barcelona 2025) - Fundaci\u00f3n Mutua de Propietarios\" \/>\n<meta property=\"og:description\" content=\"Convocat\u00f2ria d\u2019ajuts directes per a obres d\u2019accessibilitat als edificis de comunitats de propietaris (Madrid, Valencia, Barcelona 2025) Convocat\u00f2ria d\u2019ajuts econ\u00f2mics per a obres d\u2019accessibilitat als edificis. Convocat\u00f2ria 2025: TANCADA T\u2019ajudem a convertir el teu edifici d\u2019habitatges en un espai sense barreres arquitect\u00f2niques En el marc del Programa Sin Barreras de la Fundaci\u00f3 Mutua de Propietarios [&hellip;]\" \/>\n<meta property=\"og:url\" content=\"https:\/\/www.fundacionmdp.org\/ca\/convocatorias\/convocatoria-de-ayudas-directas-para-obras-de-accesibilidad-a-los-edificios-de-comunidades-de-propietarios-madrid-2023\/\" \/>\n<meta property=\"og:site_name\" content=\"Fundaci\u00f3n Mutua de Propietarios\" \/>\n<meta property=\"article:modified_time\" content=\"2026-01-22T07:33:12+00:00\" \/>\n<meta property=\"og:image\" content=\"https:\/\/www.fundacionmdp.org\/wp-content\/uploads\/2025\/07\/RESOLUCIO-PUBLICA-2025_CAT-scaled.jpg\" \/>\n\t<meta property=\"og:image:width\" content=\"1809\" \/>\n\t<meta property=\"og:image:height\" content=\"2560\" \/>\n\t<meta property=\"og:image:type\" content=\"image\/jpeg\" \/>\n<meta name=\"twitter:card\" content=\"summary_large_image\" \/>\n<meta name=\"twitter:label1\" content=\"Temps estimat de lectura\" \/>\n\t<meta name=\"twitter:data1\" content=\"5 minuts\" \/>\n<script type=\"application\/ld+json\" class=\"yoast-schema-graph\">{\"@context\":\"https:\\\/\\\/schema.org\",\"@graph\":[{\"@type\":\"WebPage\",\"@id\":\"https:\\\/\\\/www.fundacionmdp.org\\\/ca\\\/convocatorias\\\/convocatoria-de-ayudas-directas-para-obras-de-accesibilidad-a-los-edificios-de-comunidades-de-propietarios-madrid-2023\\\/\",\"url\":\"https:\\\/\\\/www.fundacionmdp.org\\\/ca\\\/convocatorias\\\/convocatoria-de-ayudas-directas-para-obras-de-accesibilidad-a-los-edificios-de-comunidades-de-propietarios-madrid-2023\\\/\",\"name\":\"Convocat\u00f2ria d\u2019ajuts directes per realitzar obres d\u2019accesibilitat als edificis de comunitats de propietaris (Madrid, Valencia, Barcelona 2025) - Fundaci\u00f3n Mutua de Propietarios\",\"isPartOf\":{\"@id\":\"https:\\\/\\\/www.fundacionmdp.org\\\/#website\"},\"primaryImageOfPage\":{\"@id\":\"https:\\\/\\\/www.fundacionmdp.org\\\/ca\\\/convocatorias\\\/convocatoria-de-ayudas-directas-para-obras-de-accesibilidad-a-los-edificios-de-comunidades-de-propietarios-madrid-2023\\\/#primaryimage\"},\"image\":{\"@id\":\"https:\\\/\\\/www.fundacionmdp.org\\\/ca\\\/convocatorias\\\/convocatoria-de-ayudas-directas-para-obras-de-accesibilidad-a-los-edificios-de-comunidades-de-propietarios-madrid-2023\\\/#primaryimage\"},\"thumbnailUrl\":\"https:\\\/\\\/www.fundacionmdp.org\\\/wp-content\\\/uploads\\\/2025\\\/07\\\/RESOLUCIO-PUBLICA-2025_CAT-724x1024.jpg\",\"datePublished\":\"2023-05-09T08:40:35+00:00\",\"dateModified\":\"2026-01-22T07:33:12+00:00\",\"breadcrumb\":{\"@id\":\"https:\\\/\\\/www.fundacionmdp.org\\\/ca\\\/convocatorias\\\/convocatoria-de-ayudas-directas-para-obras-de-accesibilidad-a-los-edificios-de-comunidades-de-propietarios-madrid-2023\\\/#breadcrumb\"},\"inLanguage\":\"ca\",\"potentialAction\":[{\"@type\":\"ReadAction\",\"target\":[\"https:\\\/\\\/www.fundacionmdp.org\\\/ca\\\/convocatorias\\\/convocatoria-de-ayudas-directas-para-obras-de-accesibilidad-a-los-edificios-de-comunidades-de-propietarios-madrid-2023\\\/\"]}]},{\"@type\":\"ImageObject\",\"inLanguage\":\"ca\",\"@id\":\"https:\\\/\\\/www.fundacionmdp.org\\\/ca\\\/convocatorias\\\/convocatoria-de-ayudas-directas-para-obras-de-accesibilidad-a-los-edificios-de-comunidades-de-propietarios-madrid-2023\\\/#primaryimage\",\"url\":\"https:\\\/\\\/www.fundacionmdp.org\\\/wp-content\\\/uploads\\\/2025\\\/07\\\/RESOLUCIO-PUBLICA-2025_CAT-724x1024.jpg\",\"contentUrl\":\"https:\\\/\\\/www.fundacionmdp.org\\\/wp-content\\\/uploads\\\/2025\\\/07\\\/RESOLUCIO-PUBLICA-2025_CAT-724x1024.jpg\"},{\"@type\":\"BreadcrumbList\",\"@id\":\"https:\\\/\\\/www.fundacionmdp.org\\\/ca\\\/convocatorias\\\/convocatoria-de-ayudas-directas-para-obras-de-accesibilidad-a-los-edificios-de-comunidades-de-propietarios-madrid-2023\\\/#breadcrumb\",\"itemListElement\":[{\"@type\":\"ListItem\",\"position\":1,\"name\":\"Home\",\"item\":\"https:\\\/\\\/www.fundacionmdp.org\\\/ca\\\/\"},{\"@type\":\"ListItem\",\"position\":2,\"name\":\"Convocat\u00f2ria d\u2019ajuts directes per realitzar obres d\u2019accesibilitat als edificis de comunitats de propietaris (Madrid, Valencia, Barcelona 2025)\"}]},{\"@type\":\"WebSite\",\"@id\":\"https:\\\/\\\/www.fundacionmdp.org\\\/#website\",\"url\":\"https:\\\/\\\/www.fundacionmdp.org\\\/\",\"name\":\"Fundaci\u00f3n Mutua de Propietarios\",\"description\":\"En la Fundaci\u00f3n Mutua de Propietarios te ayudamos a convertir tu edificio de viviendas en un espacio sin barreras arquitect\u00f3nicas.\",\"publisher\":{\"@id\":\"https:\\\/\\\/www.fundacionmdp.org\\\/#organization\"},\"potentialAction\":[{\"@type\":\"SearchAction\",\"target\":{\"@type\":\"EntryPoint\",\"urlTemplate\":\"https:\\\/\\\/www.fundacionmdp.org\\\/?s={search_term_string}\"},\"query-input\":{\"@type\":\"PropertyValueSpecification\",\"valueRequired\":true,\"valueName\":\"search_term_string\"}}],\"inLanguage\":\"ca\"},{\"@type\":\"Organization\",\"@id\":\"https:\\\/\\\/www.fundacionmdp.org\\\/#organization\",\"name\":\"Fundaci\u00f3n Mutua de Propietarios\",\"url\":\"https:\\\/\\\/www.fundacionmdp.org\\\/\",\"logo\":{\"@type\":\"ImageObject\",\"inLanguage\":\"ca\",\"@id\":\"https:\\\/\\\/www.fundacionmdp.org\\\/#\\\/schema\\\/logo\\\/image\\\/\",\"url\":\"https:\\\/\\\/www.fundacionmdp.org\\\/wp-content\\\/uploads\\\/2023\\\/05\\\/logo_FMdP_cat.png\",\"contentUrl\":\"https:\\\/\\\/www.fundacionmdp.org\\\/wp-content\\\/uploads\\\/2023\\\/05\\\/logo_FMdP_cat.png\",\"width\":655,\"height\":297,\"caption\":\"Fundaci\u00f3n Mutua de Propietarios\"},\"image\":{\"@id\":\"https:\\\/\\\/www.fundacionmdp.org\\\/#\\\/schema\\\/logo\\\/image\\\/\"}}]}<\/script>\n<!-- \/ Yoast SEO plugin. -->","yoast_head_json":{"title":"Convocat\u00f2ria d\u2019ajuts directes per realitzar obres d\u2019accesibilitat als edificis de comunitats de propietaris (Madrid, Valencia, Barcelona 2025) - Fundaci\u00f3n Mutua de Propietarios","robots":{"index":"index","follow":"follow","max-snippet":"max-snippet:-1","max-image-preview":"max-image-preview:large","max-video-preview":"max-video-preview:-1"},"canonical":"https:\/\/www.fundacionmdp.org\/ca\/convocatorias\/convocatoria-de-ayudas-directas-para-obras-de-accesibilidad-a-los-edificios-de-comunidades-de-propietarios-madrid-2023\/","og_locale":"ca_ES","og_type":"article","og_title":"Convocat\u00f2ria d\u2019ajuts directes per realitzar obres d\u2019accesibilitat als edificis de comunitats de propietaris (Madrid, Valencia, Barcelona 2025) - Fundaci\u00f3n Mutua de Propietarios","og_description":"Convocat\u00f2ria d\u2019ajuts directes per a obres d\u2019accessibilitat als edificis de comunitats de propietaris (Madrid, Valencia, Barcelona 2025) Convocat\u00f2ria d\u2019ajuts econ\u00f2mics per a obres d\u2019accessibilitat als edificis. Convocat\u00f2ria 2025: TANCADA T\u2019ajudem a convertir el teu edifici d\u2019habitatges en un espai sense barreres arquitect\u00f2niques En el marc del Programa Sin Barreras de la Fundaci\u00f3 Mutua de Propietarios [&hellip;]","og_url":"https:\/\/www.fundacionmdp.org\/ca\/convocatorias\/convocatoria-de-ayudas-directas-para-obras-de-accesibilidad-a-los-edificios-de-comunidades-de-propietarios-madrid-2023\/","og_site_name":"Fundaci\u00f3n Mutua de Propietarios","article_modified_time":"2026-01-22T07:33:12+00:00","og_image":[{"width":1809,"height":2560,"url":"https:\/\/www.fundacionmdp.org\/wp-content\/uploads\/2025\/07\/RESOLUCIO-PUBLICA-2025_CAT-scaled.jpg","type":"image\/jpeg"}],"twitter_card":"summary_large_image","twitter_misc":{"Temps estimat de lectura":"5 minuts"},"schema":{"@context":"https:\/\/schema.org","@graph":[{"@type":"WebPage","@id":"https:\/\/www.fundacionmdp.org\/ca\/convocatorias\/convocatoria-de-ayudas-directas-para-obras-de-accesibilidad-a-los-edificios-de-comunidades-de-propietarios-madrid-2023\/","url":"https:\/\/www.fundacionmdp.org\/ca\/convocatorias\/convocatoria-de-ayudas-directas-para-obras-de-accesibilidad-a-los-edificios-de-comunidades-de-propietarios-madrid-2023\/","name":"Convocat\u00f2ria d\u2019ajuts directes per realitzar obres d\u2019accesibilitat als edificis de comunitats de propietaris (Madrid, Valencia, Barcelona 2025) - Fundaci\u00f3n Mutua de Propietarios","isPartOf":{"@id":"https:\/\/www.fundacionmdp.org\/#website"},"primaryImageOfPage":{"@id":"https:\/\/www.fundacionmdp.org\/ca\/convocatorias\/convocatoria-de-ayudas-directas-para-obras-de-accesibilidad-a-los-edificios-de-comunidades-de-propietarios-madrid-2023\/#primaryimage"},"image":{"@id":"https:\/\/www.fundacionmdp.org\/ca\/convocatorias\/convocatoria-de-ayudas-directas-para-obras-de-accesibilidad-a-los-edificios-de-comunidades-de-propietarios-madrid-2023\/#primaryimage"},"thumbnailUrl":"https:\/\/www.fundacionmdp.org\/wp-content\/uploads\/2025\/07\/RESOLUCIO-PUBLICA-2025_CAT-724x1024.jpg","datePublished":"2023-05-09T08:40:35+00:00","dateModified":"2026-01-22T07:33:12+00:00","breadcrumb":{"@id":"https:\/\/www.fundacionmdp.org\/ca\/convocatorias\/convocatoria-de-ayudas-directas-para-obras-de-accesibilidad-a-los-edificios-de-comunidades-de-propietarios-madrid-2023\/#breadcrumb"},"inLanguage":"ca","potentialAction":[{"@type":"ReadAction","target":["https:\/\/www.fundacionmdp.org\/ca\/convocatorias\/convocatoria-de-ayudas-directas-para-obras-de-accesibilidad-a-los-edificios-de-comunidades-de-propietarios-madrid-2023\/"]}]},{"@type":"ImageObject","inLanguage":"ca","@id":"https:\/\/www.fundacionmdp.org\/ca\/convocatorias\/convocatoria-de-ayudas-directas-para-obras-de-accesibilidad-a-los-edificios-de-comunidades-de-propietarios-madrid-2023\/#primaryimage","url":"https:\/\/www.fundacionmdp.org\/wp-content\/uploads\/2025\/07\/RESOLUCIO-PUBLICA-2025_CAT-724x1024.jpg","contentUrl":"https:\/\/www.fundacionmdp.org\/wp-content\/uploads\/2025\/07\/RESOLUCIO-PUBLICA-2025_CAT-724x1024.jpg"},{"@type":"BreadcrumbList","@id":"https:\/\/www.fundacionmdp.org\/ca\/convocatorias\/convocatoria-de-ayudas-directas-para-obras-de-accesibilidad-a-los-edificios-de-comunidades-de-propietarios-madrid-2023\/#breadcrumb","itemListElement":[{"@type":"ListItem","position":1,"name":"Home","item":"https:\/\/www.fundacionmdp.org\/ca\/"},{"@type":"ListItem","position":2,"name":"Convocat\u00f2ria d\u2019ajuts directes per realitzar obres d\u2019accesibilitat als edificis de comunitats de propietaris (Madrid, Valencia, Barcelona 2025)"}]},{"@type":"WebSite","@id":"https:\/\/www.fundacionmdp.org\/#website","url":"https:\/\/www.fundacionmdp.org\/","name":"Fundaci\u00f3n Mutua de Propietarios","description":"En la Fundaci\u00f3n Mutua de Propietarios te ayudamos a convertir tu edificio de viviendas en un espacio sin barreras arquitect\u00f3nicas.","publisher":{"@id":"https:\/\/www.fundacionmdp.org\/#organization"},"potentialAction":[{"@type":"SearchAction","target":{"@type":"EntryPoint","urlTemplate":"https:\/\/www.fundacionmdp.org\/?s={search_term_string}"},"query-input":{"@type":"PropertyValueSpecification","valueRequired":true,"valueName":"search_term_string"}}],"inLanguage":"ca"},{"@type":"Organization","@id":"https:\/\/www.fundacionmdp.org\/#organization","name":"Fundaci\u00f3n Mutua de Propietarios","url":"https:\/\/www.fundacionmdp.org\/","logo":{"@type":"ImageObject","inLanguage":"ca","@id":"https:\/\/www.fundacionmdp.org\/#\/schema\/logo\/image\/","url":"https:\/\/www.fundacionmdp.org\/wp-content\/uploads\/2023\/05\/logo_FMdP_cat.png","contentUrl":"https:\/\/www.fundacionmdp.org\/wp-content\/uploads\/2023\/05\/logo_FMdP_cat.png","width":655,"height":297,"caption":"Fundaci\u00f3n Mutua de Propietarios"},"image":{"@id":"https:\/\/www.fundacionmdp.org\/#\/schema\/logo\/image\/"}}]}},"_links":{"self":[{"href":"https:\/\/www.fundacionmdp.org\/ca\/wp-json\/wp\/v2\/convocatorias\/8551","targetHints":{"allow":["GET"]}}],"collection":[{"href":"https:\/\/www.fundacionmdp.org\/ca\/wp-json\/wp\/v2\/convocatorias"}],"about":[{"href":"https:\/\/www.fundacionmdp.org\/ca\/wp-json\/wp\/v2\/types\/convocatorias"}],"version-history":[{"count":55,"href":"https:\/\/www.fundacionmdp.org\/ca\/wp-json\/wp\/v2\/convocatorias\/8551\/revisions"}],"predecessor-version":[{"id":12276,"href":"https:\/\/www.fundacionmdp.org\/ca\/wp-json\/wp\/v2\/convocatorias\/8551\/revisions\/12276"}],"wp:attachment":[{"href":"https:\/\/www.fundacionmdp.org\/ca\/wp-json\/wp\/v2\/media?parent=8551"}],"wp:term":[{"taxonomy":"ano_convocatoria","embeddable":true,"href":"https:\/\/www.fundacionmdp.org\/ca\/wp-json\/wp\/v2\/ano_convocatoria?post=8551"}],"curies":[{"name":"wp","href":"https:\/\/api.w.org\/{rel}","templated":true}]}}