{"id":11321,"date":"2025-04-10T14:50:46","date_gmt":"2025-04-10T12:50:46","guid":{"rendered":"https:\/\/www.fundacionmdp.org\/?page_id=11321"},"modified":"2025-07-28T16:58:59","modified_gmt":"2025-07-28T14:58:59","slug":"projectes-educatius-sense-barreres","status":"publish","type":"page","link":"https:\/\/www.fundacionmdp.org\/ca\/projectes-educatius-sense-barreres\/","title":{"rendered":"Projectes educatius Sense Barreres"},"content":{"rendered":"\t\t<div data-elementor-type=\"wp-page\" data-elementor-id=\"11321\" class=\"elementor elementor-11321 elementor-11278\">\n\t\t\t\t<div class=\"elementor-element elementor-element-56c29db6 e-flex e-con-boxed e-con e-parent\" data-id=\"56c29db6\" data-element_type=\"container\" data-e-type=\"container\">\n\t\t\t\t\t<div class=\"e-con-inner\">\n\t\t<div class=\"elementor-element elementor-element-572d59ae e-flex e-con-boxed e-con e-child\" data-id=\"572d59ae\" data-element_type=\"container\" data-e-type=\"container\" data-settings=\"{&quot;position&quot;:&quot;absolute&quot;}\">\n\t\t\t\t\t<div class=\"e-con-inner\">\n\t\t\t\t<div class=\"elementor-element elementor-element-5670133d elementor-align-center elementor-widget elementor-widget-button\" data-id=\"5670133d\" data-element_type=\"widget\" data-e-type=\"widget\" data-widget_type=\"button.default\">\n\t\t\t\t<div class=\"elementor-widget-container\">\n\t\t\t\t\t\t\t\t\t<div class=\"elementor-button-wrapper\">\n\t\t\t\t\t<a class=\"elementor-button elementor-button-link elementor-size-md\" href=\"mailto:actividad@fundacionmdp.org\">\n\t\t\t\t\t\t<span class=\"elementor-button-content-wrapper\">\n\t\t\t\t\t\t\t\t\t<span class=\"elementor-button-text\">CONTACTA'NS<\/span>\n\t\t\t\t\t<\/span>\n\t\t\t\t\t<\/a>\n\t\t\t\t<\/div>\n\t\t\t\t\t\t\t\t<\/div>\n\t\t\t\t<\/div>\n\t\t\t\t\t<\/div>\n\t\t\t\t<\/div>\n\t\t\t\t\t<\/div>\n\t\t\t\t<\/div>\n\t\t<div class=\"elementor-element elementor-element-264f6520 e-con-full page-intro-section e-flex e-con e-parent\" data-id=\"264f6520\" data-element_type=\"container\" data-e-type=\"container\">\n\t\t<div class=\"elementor-element elementor-element-230de8e page-intro-content e-flex e-con-boxed e-con e-child\" data-id=\"230de8e\" data-element_type=\"container\" data-e-type=\"container\" data-settings=\"{&quot;background_background&quot;:&quot;classic&quot;}\">\n\t\t\t\t\t<div class=\"e-con-inner\">\n\t\t\t\t<div class=\"elementor-element elementor-element-552521dc elementor-widget elementor-widget-text-editor\" data-id=\"552521dc\" data-element_type=\"widget\" data-e-type=\"widget\" data-widget_type=\"text-editor.default\">\n\t\t\t\t<div class=\"elementor-widget-container\">\n\t\t\t\t\t\t\t\t\t<h1>Projecte Educatiu Sense Barreres<\/h1>\t\t\t\t\t\t\t\t<\/div>\n\t\t\t\t<\/div>\n\t\t\t\t<div class=\"elementor-element elementor-element-7726bd14 elementor-widget-divider--view-line elementor-widget elementor-widget-divider\" data-id=\"7726bd14\" data-element_type=\"widget\" data-e-type=\"widget\" data-widget_type=\"divider.default\">\n\t\t\t\t<div class=\"elementor-widget-container\">\n\t\t\t\t\t\t\t<div class=\"elementor-divider\">\n\t\t\t<span class=\"elementor-divider-separator\">\n\t\t\t\t\t\t<\/span>\n\t\t<\/div>\n\t\t\t\t\t\t<\/div>\n\t\t\t\t<\/div>\n\t\t\t\t<div class=\"elementor-element elementor-element-3f7f56d3 no-margin-bot elementor-widget elementor-widget-text-editor\" data-id=\"3f7f56d3\" data-element_type=\"widget\" data-e-type=\"widget\" data-widget_type=\"text-editor.default\">\n\t\t\t\t<div class=\"elementor-widget-container\">\n\t\t\t\t\t\t\t\t\t<p>La Fundaci\u00f3 Mutua de Propietarios presenta <strong>Teatre F\u00f2rum: Vivint l&#8217;accessibilitat<\/strong>, una activitat de conscienciaci\u00f3 adre\u00e7ada a joves de 3r i 4t de l&#8217;ESO perqu\u00e8 coneguin de prop la problem\u00e0tica de les persones amb mobilitat redu\u00efda. A trav\u00e9s d&#8217;una representaci\u00f3 teatral participativa, actors amb mobilitat redu\u00efda escenifiquen situacions en qu\u00e8 les barreres arquitect\u00f2niques dificulten el seu dia a dia i mostren la import\u00e0ncia de l&#8217;accessibilitat per garantir una societat m\u00e9s inclusiva.<\/p>\t\t\t\t\t\t\t\t<\/div>\n\t\t\t\t<\/div>\n\t\t\t\t\t<\/div>\n\t\t\t\t<\/div>\n\t\t<div class=\"elementor-element elementor-element-30b7454f page-intro-image e-flex e-con-boxed e-con e-child\" data-id=\"30b7454f\" data-element_type=\"container\" data-e-type=\"container\">\n\t\t\t\t\t<div class=\"e-con-inner\">\n\t\t\t\t<div class=\"elementor-element elementor-element-5d5e5680 elementor-widget elementor-widget-image\" data-id=\"5d5e5680\" data-element_type=\"widget\" data-e-type=\"widget\" data-widget_type=\"image.default\">\n\t\t\t\t<div class=\"elementor-widget-container\">\n\t\t\t\t\t\t\t\t\t\t\t\t\t\t\t<img fetchpriority=\"high\" decoding=\"async\" width=\"1472\" height=\"832\" src=\"https:\/\/www.fundacionmdp.org\/wp-content\/uploads\/2025\/04\/Educativos-2-1.jpg\" class=\"attachment-full size-full wp-image-11270\" alt=\"\" srcset=\"https:\/\/www.fundacionmdp.org\/wp-content\/uploads\/2025\/04\/Educativos-2-1.jpg 1472w, https:\/\/www.fundacionmdp.org\/wp-content\/uploads\/2025\/04\/Educativos-2-1-300x170.jpg 300w, https:\/\/www.fundacionmdp.org\/wp-content\/uploads\/2025\/04\/Educativos-2-1-1024x579.jpg 1024w, https:\/\/www.fundacionmdp.org\/wp-content\/uploads\/2025\/04\/Educativos-2-1-768x434.jpg 768w\" sizes=\"(max-width: 1472px) 100vw, 1472px\" \/>\t\t\t\t\t\t\t\t\t\t\t\t\t\t\t<\/div>\n\t\t\t\t<\/div>\n\t\t\t\t\t<\/div>\n\t\t\t\t<\/div>\n\t\t\t\t<\/div>\n\t\t<div class=\"elementor-element elementor-element-3852788f seccion-texto-destacado-1 e-flex e-con-boxed e-con e-parent\" data-id=\"3852788f\" data-element_type=\"container\" data-e-type=\"container\">\n\t\t\t\t\t<div class=\"e-con-inner\">\n\t\t\t\t<div class=\"elementor-element elementor-element-e8280b3 elementor-widget__width-initial elementor-widget elementor-widget-text-editor\" data-id=\"e8280b3\" data-element_type=\"widget\" data-e-type=\"widget\" data-widget_type=\"text-editor.default\">\n\t\t\t\t<div class=\"elementor-widget-container\">\n\t\t\t\t\t\t\t\t\t<strong>El programa t\u00e9 com a objectiu la conscienciaci\u00f3 de la problem\u00e0tica de l&#8217;exist\u00e8ncia de les barreres arquitect\u00f2niques als edificis d&#8217;habitatges per a una societat m\u00e9s inclusiva i emp\u00e0tica.<\/strong>\t\t\t\t\t\t\t\t<\/div>\n\t\t\t\t<\/div>\n\t\t\t\t\t<\/div>\n\t\t\t\t<\/div>\n\t\t<div class=\"elementor-element elementor-element-34e728d6 e-con-full seccion-text-img-1 e-flex e-con e-parent\" data-id=\"34e728d6\" data-element_type=\"container\" data-e-type=\"container\">\n\t\t<div class=\"elementor-element elementor-element-74e3873a seccion-text-img-1-wrap e-flex e-con-boxed e-con e-child\" data-id=\"74e3873a\" data-element_type=\"container\" data-e-type=\"container\">\n\t\t\t\t\t<div class=\"e-con-inner\">\n\t\t<div class=\"elementor-element elementor-element-1a0fdfdc e-con-full col-text e-flex e-con e-child\" data-id=\"1a0fdfdc\" data-element_type=\"container\" data-e-type=\"container\">\n\t\t\t\t<div class=\"elementor-element elementor-element-370b0ee6 no-margin-bot elementor-widget elementor-widget-text-editor\" data-id=\"370b0ee6\" data-element_type=\"widget\" data-e-type=\"widget\" data-widget_type=\"text-editor.default\">\n\t\t\t\t<div class=\"elementor-widget-container\">\n\t\t\t\t\t\t\t\t\t<h3><strong>Conscienciaci\u00f3 i empatia per una societat Sense Barreres<\/strong><\/h3><p>Aquesta activitat es duu a terme als centres educatius i permet als estudiants reflexionar, debatre i proposar solucions accessibles. A trav\u00e9s del teatre, els joves experimenten de manera immersiva els desafiaments als quals han de fer front les persones amb mobilitat redu\u00efda, promovent l&#8217;empatia, el pensament cr\u00edtic i la presa de consci\u00e8ncia sobre la necessitat d&#8217;eliminar barreres arquitect\u00f2niques en el nostre entorn.<\/p>\t\t\t\t\t\t\t\t<\/div>\n\t\t\t\t<\/div>\n\t\t\t\t<\/div>\n\t\t<div class=\"elementor-element elementor-element-39384c7 e-con-full col-img e-flex e-con e-child\" data-id=\"39384c7\" data-element_type=\"container\" data-e-type=\"container\">\n\t\t\t\t<div class=\"elementor-element elementor-element-5fd90937 elementor-widget elementor-widget-image\" data-id=\"5fd90937\" data-element_type=\"widget\" data-e-type=\"widget\" data-widget_type=\"image.default\">\n\t\t\t\t<div class=\"elementor-widget-container\">\n\t\t\t\t\t\t\t\t\t\t\t\t\t\t\t<img decoding=\"async\" width=\"936\" height=\"696\" src=\"https:\/\/www.fundacionmdp.org\/wp-content\/uploads\/2025\/04\/ACTORES-ENSAYANDO.jpg\" class=\"attachment-large size-large wp-image-11268\" alt=\"\" srcset=\"https:\/\/www.fundacionmdp.org\/wp-content\/uploads\/2025\/04\/ACTORES-ENSAYANDO.jpg 936w, https:\/\/www.fundacionmdp.org\/wp-content\/uploads\/2025\/04\/ACTORES-ENSAYANDO-300x223.jpg 300w, https:\/\/www.fundacionmdp.org\/wp-content\/uploads\/2025\/04\/ACTORES-ENSAYANDO-768x571.jpg 768w\" sizes=\"(max-width: 936px) 100vw, 936px\" \/>\t\t\t\t\t\t\t\t\t\t\t\t\t\t\t<\/div>\n\t\t\t\t<\/div>\n\t\t\t\t<\/div>\n\t\t\t\t\t<\/div>\n\t\t\t\t<\/div>\n\t\t\t\t<\/div>\n\t\t<div class=\"elementor-element elementor-element-512b1839 e-con-full e-flex e-con e-parent\" data-id=\"512b1839\" data-element_type=\"container\" data-e-type=\"container\" data-settings=\"{&quot;background_background&quot;:&quot;classic&quot;}\">\n\t\t<div class=\"elementor-element elementor-element-568cd8f e-flex e-con-boxed e-con e-child\" data-id=\"568cd8f\" data-element_type=\"container\" data-e-type=\"container\">\n\t\t\t\t\t<div class=\"e-con-inner\">\n\t\t\t\t<div class=\"elementor-element elementor-element-3b405bc0 elementor-widget__width-initial elementor-widget elementor-widget-text-editor\" data-id=\"3b405bc0\" data-element_type=\"widget\" data-e-type=\"widget\" data-widget_type=\"text-editor.default\">\n\t\t\t\t<div class=\"elementor-widget-container\">\n\t\t\t\t\t\t\t\t\t<p><strong>Aquesta experi\u00e8ncia gratu\u00efta est\u00e0 disponible per a escoles i altres col\u00b7lectius a Barcelona i es duu a terme sota petici\u00f3.<\/strong><\/p>\t\t\t\t\t\t\t\t<\/div>\n\t\t\t\t<\/div>\n\t\t\t\t\t<\/div>\n\t\t\t\t<\/div>\n\t\t<div class=\"elementor-element elementor-element-24b6fef6 e-con-full e-flex e-con e-child\" data-id=\"24b6fef6\" data-element_type=\"container\" data-e-type=\"container\" data-settings=\"{&quot;background_background&quot;:&quot;classic&quot;,&quot;shape_divider_top&quot;:&quot;curve&quot;,&quot;shape_divider_top_negative&quot;:&quot;yes&quot;}\">\n\t\t\t\t<div class=\"elementor-shape elementor-shape-top\" aria-hidden=\"true\" data-negative=\"true\">\n\t\t\t<svg xmlns=\"http:\/\/www.w3.org\/2000\/svg\" viewBox=\"0 0 1000 100\" preserveAspectRatio=\"none\">\n\t<path class=\"elementor-shape-fill\" d=\"M500,97C126.7,96.3,0.8,19.8,0,0v100l1000,0V1C1000,19.4,873.3,97.8,500,97z\"\/>\n<\/svg>\t\t<\/div>\n\t\t\t\t<div class=\"elementor-element elementor-element-fca389e elementor-view-stacked elementor-shape-circle elementor-widget elementor-widget-icon\" data-id=\"fca389e\" data-element_type=\"widget\" data-e-type=\"widget\" data-widget_type=\"icon.default\">\n\t\t\t\t<div class=\"elementor-widget-container\">\n\t\t\t\t\t\t\t<div class=\"elementor-icon-wrapper\">\n\t\t\t<a class=\"elementor-icon\" href=\"mailto:actividad@fundacionmdp.org\">\n\t\t\t<svg aria-hidden=\"true\" class=\"e-font-icon-svg e-fas-envelope\" viewBox=\"0 0 512 512\" xmlns=\"http:\/\/www.w3.org\/2000\/svg\"><path d=\"M502.3 190.8c3.9-3.1 9.7-.2 9.7 4.7V400c0 26.5-21.5 48-48 48H48c-26.5 0-48-21.5-48-48V195.6c0-5 5.7-7.8 9.7-4.7 22.4 17.4 52.1 39.5 154.1 113.6 21.1 15.4 56.7 47.8 92.2 47.6 35.7.3 72-32.8 92.3-47.6 102-74.1 131.6-96.3 154-113.7zM256 320c23.2.4 56.6-29.2 73.4-41.4 132.7-96.3 142.8-104.7 173.4-128.7 5.8-4.5 9.2-11.5 9.2-18.9v-19c0-26.5-21.5-48-48-48H48C21.5 64 0 85.5 0 112v19c0 7.4 3.4 14.3 9.2 18.9 30.6 23.9 40.7 32.4 173.4 128.7 16.8 12.2 50.2 41.8 73.4 41.4z\"><\/path><\/svg>\t\t\t<\/a>\n\t\t<\/div>\n\t\t\t\t\t\t<\/div>\n\t\t\t\t<\/div>\n\t\t\t\t<div class=\"elementor-element elementor-element-25e8a26e elementor-widget elementor-widget-text-editor\" data-id=\"25e8a26e\" data-element_type=\"widget\" data-e-type=\"widget\" data-widget_type=\"text-editor.default\">\n\t\t\t\t<div class=\"elementor-widget-container\">\n\t\t\t\t\t\t\t\t\tPer a m\u00e9s informaci\u00f3 i reserves, <a href=\"mailto:actividad@fundacionmdp.org\"><u>contacta&#8217;ns<\/u><\/a>\t\t\t\t\t\t\t\t<\/div>\n\t\t\t\t<\/div>\n\t\t\t\t<\/div>\n\t\t\t\t<\/div>\n\t\t\t\t<\/div>\n\t\t","protected":false},"excerpt":{"rendered":"<p>CONTACTA&#8217;NS Projecte Educatiu Sense Barreres La Fundaci\u00f3 Mutua de Propietarios presenta Teatre F\u00f2rum: Vivint l&#8217;accessibilitat, una activitat de conscienciaci\u00f3 adre\u00e7ada a joves de 3r i 4t de l&#8217;ESO perqu\u00e8 coneguin de prop la problem\u00e0tica de les persones amb mobilitat redu\u00efda. A trav\u00e9s d&#8217;una representaci\u00f3 teatral participativa, actors amb mobilitat redu\u00efda escenifiquen situacions en qu\u00e8 les [&hellip;]<\/p>\n","protected":false},"author":1,"featured_media":0,"parent":0,"menu_order":0,"comment_status":"closed","ping_status":"closed","template":"","meta":{"_acf_changed":false,"ocean_post_layout":"","ocean_both_sidebars_style":"","ocean_both_sidebars_content_width":0,"ocean_both_sidebars_sidebars_width":0,"ocean_sidebar":"","ocean_second_sidebar":"","ocean_disable_margins":"enable","ocean_add_body_class":"","ocean_shortcode_before_top_bar":"","ocean_shortcode_after_top_bar":"","ocean_shortcode_before_header":"","ocean_shortcode_after_header":"","ocean_has_shortcode":"","ocean_shortcode_after_title":"","ocean_shortcode_before_footer_widgets":"","ocean_shortcode_after_footer_widgets":"","ocean_shortcode_before_footer_bottom":"","ocean_shortcode_after_footer_bottom":"","ocean_display_top_bar":"default","ocean_display_header":"default","ocean_header_style":"","ocean_center_header_left_menu":"","ocean_custom_header_template":"","ocean_custom_logo":0,"ocean_custom_retina_logo":0,"ocean_custom_logo_max_width":0,"ocean_custom_logo_tablet_max_width":0,"ocean_custom_logo_mobile_max_width":0,"ocean_custom_logo_max_height":0,"ocean_custom_logo_tablet_max_height":0,"ocean_custom_logo_mobile_max_height":0,"ocean_header_custom_menu":"","ocean_menu_typo_font_family":"","ocean_menu_typo_font_subset":"","ocean_menu_typo_font_size":0,"ocean_menu_typo_font_size_tablet":0,"ocean_menu_typo_font_size_mobile":0,"ocean_menu_typo_font_size_unit":"px","ocean_menu_typo_font_weight":"","ocean_menu_typo_font_weight_tablet":"","ocean_menu_typo_font_weight_mobile":"","ocean_menu_typo_transform":"","ocean_menu_typo_transform_tablet":"","ocean_menu_typo_transform_mobile":"","ocean_menu_typo_line_height":0,"ocean_menu_typo_line_height_tablet":0,"ocean_menu_typo_line_height_mobile":0,"ocean_menu_typo_line_height_unit":"","ocean_menu_typo_spacing":0,"ocean_menu_typo_spacing_tablet":0,"ocean_menu_typo_spacing_mobile":0,"ocean_menu_typo_spacing_unit":"","ocean_menu_link_color":"","ocean_menu_link_color_hover":"","ocean_menu_link_color_active":"","ocean_menu_link_background":"","ocean_menu_link_hover_background":"","ocean_menu_link_active_background":"","ocean_menu_social_links_bg":"","ocean_menu_social_hover_links_bg":"","ocean_menu_social_links_color":"","ocean_menu_social_hover_links_color":"","ocean_disable_title":"default","ocean_disable_heading":"default","ocean_post_title":"","ocean_post_subheading":"","ocean_post_title_style":"","ocean_post_title_background_color":"","ocean_post_title_background":0,"ocean_post_title_bg_image_position":"","ocean_post_title_bg_image_attachment":"","ocean_post_title_bg_image_repeat":"","ocean_post_title_bg_image_size":"","ocean_post_title_height":0,"ocean_post_title_bg_overlay":0.5,"ocean_post_title_bg_overlay_color":"","ocean_disable_breadcrumbs":"default","ocean_breadcrumbs_color":"","ocean_breadcrumbs_separator_color":"","ocean_breadcrumbs_links_color":"","ocean_breadcrumbs_links_hover_color":"","ocean_display_footer_widgets":"default","ocean_display_footer_bottom":"default","ocean_custom_footer_template":"","footnotes":""},"class_list":["post-11321","page","type-page","status-publish","hentry","entry"],"acf":[],"yoast_head":"<!-- This site is optimized with the Yoast SEO plugin v27.3 - https:\/\/yoast.com\/product\/yoast-seo-wordpress\/ -->\n<title>Projectes educatius Sense Barreres - Fundaci\u00f3n Mutua de Propietarios<\/title>\n<meta name=\"robots\" content=\"index, follow, max-snippet:-1, max-image-preview:large, max-video-preview:-1\" \/>\n<link rel=\"canonical\" href=\"https:\/\/www.fundacionmdp.org\/proyectos-educativos\/\" \/>\n<meta property=\"og:locale\" content=\"ca_ES\" \/>\n<meta property=\"og:type\" content=\"article\" \/>\n<meta property=\"og:title\" content=\"Projectes educatius Sense Barreres - Fundaci\u00f3n Mutua de Propietarios\" \/>\n<meta property=\"og:description\" content=\"CONTACTA&#8217;NS Projecte Educatiu Sense Barreres La Fundaci\u00f3 Mutua de Propietarios presenta Teatre F\u00f2rum: Vivint l&#8217;accessibilitat, una activitat de conscienciaci\u00f3 adre\u00e7ada a joves de 3r i 4t de l&#8217;ESO perqu\u00e8 coneguin de prop la problem\u00e0tica de les persones amb mobilitat redu\u00efda. A trav\u00e9s d&#8217;una representaci\u00f3 teatral participativa, actors amb mobilitat redu\u00efda escenifiquen situacions en qu\u00e8 les [&hellip;]\" \/>\n<meta property=\"og:url\" content=\"https:\/\/www.fundacionmdp.org\/proyectos-educativos\/\" \/>\n<meta property=\"og:site_name\" content=\"Fundaci\u00f3n Mutua de Propietarios\" \/>\n<meta property=\"article:modified_time\" content=\"2025-07-28T14:58:59+00:00\" \/>\n<meta property=\"og:image\" content=\"https:\/\/www.fundacionmdp.org\/wp-content\/uploads\/2025\/04\/Educativos-2-1.jpg\" \/>\n\t<meta property=\"og:image:width\" content=\"1472\" \/>\n\t<meta property=\"og:image:height\" content=\"832\" \/>\n\t<meta property=\"og:image:type\" content=\"image\/jpeg\" \/>\n<meta name=\"twitter:card\" content=\"summary_large_image\" \/>\n<meta name=\"twitter:label1\" content=\"Temps estimat de lectura\" \/>\n\t<meta name=\"twitter:data1\" content=\"2 minuts\" \/>\n<script type=\"application\/ld+json\" class=\"yoast-schema-graph\">{\"@context\":\"https:\\\/\\\/schema.org\",\"@graph\":[{\"@type\":\"WebPage\",\"@id\":\"https:\\\/\\\/www.fundacionmdp.org\\\/proyectos-educativos\\\/\",\"url\":\"https:\\\/\\\/www.fundacionmdp.org\\\/proyectos-educativos\\\/\",\"name\":\"Projectes educatius Sense Barreres - Fundaci\u00f3n Mutua de Propietarios\",\"isPartOf\":{\"@id\":\"https:\\\/\\\/www.fundacionmdp.org\\\/#website\"},\"primaryImageOfPage\":{\"@id\":\"https:\\\/\\\/www.fundacionmdp.org\\\/proyectos-educativos\\\/#primaryimage\"},\"image\":{\"@id\":\"https:\\\/\\\/www.fundacionmdp.org\\\/proyectos-educativos\\\/#primaryimage\"},\"thumbnailUrl\":\"https:\\\/\\\/www.fundacionmdp.org\\\/wp-content\\\/uploads\\\/2025\\\/04\\\/Educativos-2-1.jpg\",\"datePublished\":\"2025-04-10T12:50:46+00:00\",\"dateModified\":\"2025-07-28T14:58:59+00:00\",\"breadcrumb\":{\"@id\":\"https:\\\/\\\/www.fundacionmdp.org\\\/proyectos-educativos\\\/#breadcrumb\"},\"inLanguage\":\"ca\",\"potentialAction\":[{\"@type\":\"ReadAction\",\"target\":[\"https:\\\/\\\/www.fundacionmdp.org\\\/proyectos-educativos\\\/\"]}]},{\"@type\":\"ImageObject\",\"inLanguage\":\"ca\",\"@id\":\"https:\\\/\\\/www.fundacionmdp.org\\\/proyectos-educativos\\\/#primaryimage\",\"url\":\"https:\\\/\\\/www.fundacionmdp.org\\\/wp-content\\\/uploads\\\/2025\\\/04\\\/Educativos-2-1.jpg\",\"contentUrl\":\"https:\\\/\\\/www.fundacionmdp.org\\\/wp-content\\\/uploads\\\/2025\\\/04\\\/Educativos-2-1.jpg\"},{\"@type\":\"BreadcrumbList\",\"@id\":\"https:\\\/\\\/www.fundacionmdp.org\\\/proyectos-educativos\\\/#breadcrumb\",\"itemListElement\":[{\"@type\":\"ListItem\",\"position\":1,\"name\":\"Home\",\"item\":\"https:\\\/\\\/www.fundacionmdp.org\\\/ca\\\/\"},{\"@type\":\"ListItem\",\"position\":2,\"name\":\"Projectes educatius Sense Barreres\"}]},{\"@type\":\"WebSite\",\"@id\":\"https:\\\/\\\/www.fundacionmdp.org\\\/#website\",\"url\":\"https:\\\/\\\/www.fundacionmdp.org\\\/\",\"name\":\"Fundaci\u00f3n Mutua de Propietarios\",\"description\":\"En la Fundaci\u00f3n Mutua de Propietarios te ayudamos a convertir tu edificio de viviendas en un espacio sin barreras arquitect\u00f3nicas.\",\"publisher\":{\"@id\":\"https:\\\/\\\/www.fundacionmdp.org\\\/#organization\"},\"potentialAction\":[{\"@type\":\"SearchAction\",\"target\":{\"@type\":\"EntryPoint\",\"urlTemplate\":\"https:\\\/\\\/www.fundacionmdp.org\\\/?s={search_term_string}\"},\"query-input\":{\"@type\":\"PropertyValueSpecification\",\"valueRequired\":true,\"valueName\":\"search_term_string\"}}],\"inLanguage\":\"ca\"},{\"@type\":\"Organization\",\"@id\":\"https:\\\/\\\/www.fundacionmdp.org\\\/#organization\",\"name\":\"Fundaci\u00f3n Mutua de Propietarios\",\"url\":\"https:\\\/\\\/www.fundacionmdp.org\\\/\",\"logo\":{\"@type\":\"ImageObject\",\"inLanguage\":\"ca\",\"@id\":\"https:\\\/\\\/www.fundacionmdp.org\\\/#\\\/schema\\\/logo\\\/image\\\/\",\"url\":\"https:\\\/\\\/www.fundacionmdp.org\\\/wp-content\\\/uploads\\\/2023\\\/05\\\/logo_FMdP_cat.png\",\"contentUrl\":\"https:\\\/\\\/www.fundacionmdp.org\\\/wp-content\\\/uploads\\\/2023\\\/05\\\/logo_FMdP_cat.png\",\"width\":655,\"height\":297,\"caption\":\"Fundaci\u00f3n Mutua de Propietarios\"},\"image\":{\"@id\":\"https:\\\/\\\/www.fundacionmdp.org\\\/#\\\/schema\\\/logo\\\/image\\\/\"}}]}<\/script>\n<!-- \/ Yoast SEO plugin. -->","yoast_head_json":{"title":"Projectes educatius Sense Barreres - Fundaci\u00f3n Mutua de Propietarios","robots":{"index":"index","follow":"follow","max-snippet":"max-snippet:-1","max-image-preview":"max-image-preview:large","max-video-preview":"max-video-preview:-1"},"canonical":"https:\/\/www.fundacionmdp.org\/proyectos-educativos\/","og_locale":"ca_ES","og_type":"article","og_title":"Projectes educatius Sense Barreres - Fundaci\u00f3n Mutua de Propietarios","og_description":"CONTACTA&#8217;NS Projecte Educatiu Sense Barreres La Fundaci\u00f3 Mutua de Propietarios presenta Teatre F\u00f2rum: Vivint l&#8217;accessibilitat, una activitat de conscienciaci\u00f3 adre\u00e7ada a joves de 3r i 4t de l&#8217;ESO perqu\u00e8 coneguin de prop la problem\u00e0tica de les persones amb mobilitat redu\u00efda. A trav\u00e9s d&#8217;una representaci\u00f3 teatral participativa, actors amb mobilitat redu\u00efda escenifiquen situacions en qu\u00e8 les [&hellip;]","og_url":"https:\/\/www.fundacionmdp.org\/proyectos-educativos\/","og_site_name":"Fundaci\u00f3n Mutua de Propietarios","article_modified_time":"2025-07-28T14:58:59+00:00","og_image":[{"width":1472,"height":832,"url":"https:\/\/www.fundacionmdp.org\/wp-content\/uploads\/2025\/04\/Educativos-2-1.jpg","type":"image\/jpeg"}],"twitter_card":"summary_large_image","twitter_misc":{"Temps estimat de lectura":"2 minuts"},"schema":{"@context":"https:\/\/schema.org","@graph":[{"@type":"WebPage","@id":"https:\/\/www.fundacionmdp.org\/proyectos-educativos\/","url":"https:\/\/www.fundacionmdp.org\/proyectos-educativos\/","name":"Projectes educatius Sense Barreres - Fundaci\u00f3n Mutua de Propietarios","isPartOf":{"@id":"https:\/\/www.fundacionmdp.org\/#website"},"primaryImageOfPage":{"@id":"https:\/\/www.fundacionmdp.org\/proyectos-educativos\/#primaryimage"},"image":{"@id":"https:\/\/www.fundacionmdp.org\/proyectos-educativos\/#primaryimage"},"thumbnailUrl":"https:\/\/www.fundacionmdp.org\/wp-content\/uploads\/2025\/04\/Educativos-2-1.jpg","datePublished":"2025-04-10T12:50:46+00:00","dateModified":"2025-07-28T14:58:59+00:00","breadcrumb":{"@id":"https:\/\/www.fundacionmdp.org\/proyectos-educativos\/#breadcrumb"},"inLanguage":"ca","potentialAction":[{"@type":"ReadAction","target":["https:\/\/www.fundacionmdp.org\/proyectos-educativos\/"]}]},{"@type":"ImageObject","inLanguage":"ca","@id":"https:\/\/www.fundacionmdp.org\/proyectos-educativos\/#primaryimage","url":"https:\/\/www.fundacionmdp.org\/wp-content\/uploads\/2025\/04\/Educativos-2-1.jpg","contentUrl":"https:\/\/www.fundacionmdp.org\/wp-content\/uploads\/2025\/04\/Educativos-2-1.jpg"},{"@type":"BreadcrumbList","@id":"https:\/\/www.fundacionmdp.org\/proyectos-educativos\/#breadcrumb","itemListElement":[{"@type":"ListItem","position":1,"name":"Home","item":"https:\/\/www.fundacionmdp.org\/ca\/"},{"@type":"ListItem","position":2,"name":"Projectes educatius Sense Barreres"}]},{"@type":"WebSite","@id":"https:\/\/www.fundacionmdp.org\/#website","url":"https:\/\/www.fundacionmdp.org\/","name":"Fundaci\u00f3n Mutua de Propietarios","description":"En la Fundaci\u00f3n Mutua de Propietarios te ayudamos a convertir tu edificio de viviendas en un espacio sin barreras arquitect\u00f3nicas.","publisher":{"@id":"https:\/\/www.fundacionmdp.org\/#organization"},"potentialAction":[{"@type":"SearchAction","target":{"@type":"EntryPoint","urlTemplate":"https:\/\/www.fundacionmdp.org\/?s={search_term_string}"},"query-input":{"@type":"PropertyValueSpecification","valueRequired":true,"valueName":"search_term_string"}}],"inLanguage":"ca"},{"@type":"Organization","@id":"https:\/\/www.fundacionmdp.org\/#organization","name":"Fundaci\u00f3n Mutua de Propietarios","url":"https:\/\/www.fundacionmdp.org\/","logo":{"@type":"ImageObject","inLanguage":"ca","@id":"https:\/\/www.fundacionmdp.org\/#\/schema\/logo\/image\/","url":"https:\/\/www.fundacionmdp.org\/wp-content\/uploads\/2023\/05\/logo_FMdP_cat.png","contentUrl":"https:\/\/www.fundacionmdp.org\/wp-content\/uploads\/2023\/05\/logo_FMdP_cat.png","width":655,"height":297,"caption":"Fundaci\u00f3n Mutua de Propietarios"},"image":{"@id":"https:\/\/www.fundacionmdp.org\/#\/schema\/logo\/image\/"}}]}},"_links":{"self":[{"href":"https:\/\/www.fundacionmdp.org\/ca\/wp-json\/wp\/v2\/pages\/11321","targetHints":{"allow":["GET"]}}],"collection":[{"href":"https:\/\/www.fundacionmdp.org\/ca\/wp-json\/wp\/v2\/pages"}],"about":[{"href":"https:\/\/www.fundacionmdp.org\/ca\/wp-json\/wp\/v2\/types\/page"}],"author":[{"embeddable":true,"href":"https:\/\/www.fundacionmdp.org\/ca\/wp-json\/wp\/v2\/users\/1"}],"replies":[{"embeddable":true,"href":"https:\/\/www.fundacionmdp.org\/ca\/wp-json\/wp\/v2\/comments?post=11321"}],"version-history":[{"count":7,"href":"https:\/\/www.fundacionmdp.org\/ca\/wp-json\/wp\/v2\/pages\/11321\/revisions"}],"predecessor-version":[{"id":11798,"href":"https:\/\/www.fundacionmdp.org\/ca\/wp-json\/wp\/v2\/pages\/11321\/revisions\/11798"}],"wp:attachment":[{"href":"https:\/\/www.fundacionmdp.org\/ca\/wp-json\/wp\/v2\/media?parent=11321"}],"curies":[{"name":"wp","href":"https:\/\/api.w.org\/{rel}","templated":true}]}}