{"id":11665,"date":"2025-07-08T15:50:53","date_gmt":"2025-07-08T13:50:53","guid":{"rendered":"https:\/\/www.fundacionmdp.org\/?page_id=11665"},"modified":"2025-07-08T15:50:36","modified_gmt":"2025-07-08T13:50:36","slug":"declaracio-accesibilitat","status":"publish","type":"page","link":"https:\/\/www.fundacionmdp.org\/ca\/declaracio-accesibilitat\/","title":{"rendered":"Declaraci\u00f3 Accesibilitat"},"content":{"rendered":"\t\t<div data-elementor-type=\"wp-page\" data-elementor-id=\"11665\" class=\"elementor elementor-11665 elementor-11654\">\n\t\t\t\t<div class=\"elementor-element elementor-element-2af96ed e-flex e-con-boxed e-con e-parent\" data-id=\"2af96ed\" data-element_type=\"container\" data-e-type=\"container\">\n\t\t\t\t\t<div class=\"e-con-inner\">\n\t\t\t\t<div class=\"elementor-element elementor-element-64bde25 elementor-widget elementor-widget-text-editor\" data-id=\"64bde25\" data-element_type=\"widget\" data-e-type=\"widget\" data-widget_type=\"text-editor.default\">\n\t\t\t\t<div class=\"elementor-widget-container\">\n\t\t\t\t\t\t\t\t\t<h2>Declaraci\u00f3 d&#8217;Accesibilitat<\/h2><p>La nostra entitat reconeix la import\u00e0ncia que totes les persones, amb independ\u00e8ncia de la seva capacitat, edat o la tecnologia utilitzada, puguin navegar per la nostra p\u00e0gina web.<\/p><p>Per aix\u00f2, hem adoptat criteris per aconseguir una major accessibilitat de la nostra p\u00e0gina web basats en les directrius WCAG\/WAI fixades pel World Wide Web Consortium (W3C), que \u00e9s l&#8217;organitzaci\u00f3 de car\u00e0cter supranacional que s&#8217;encarrega de la supervisi\u00f3 de les tecnologies i l&#8217;adopci\u00f3 dels est\u00e0ndards d&#8217;Internet.<\/p><p>En aquest sentit el desenvolupament de la Web s&#8217;ha basat en el compliment de les Pautes d&#8217;accessibilitat per al Contingut al web de la WCAG 2.1 del W3C-WAI en el seu nivell d&#8217;exig\u00e8ncia AA.<\/p><p>Algunes de les funcionalitats implementades als nostres llocs web, sota el domini [fundacionmdp.org], per permetre una major accessibilitat als seus continguts, s\u00f3n:<\/p><ul><li>Les caracter\u00edstiques visuals del portal (tipus de lletra, color de font i fons, etc.) es defineixen mitjan\u00e7ant el full d&#8217;estils perqu\u00e8 l&#8217;usuari pugui ajustar el text a les seves prefer\u00e8ncies.<\/li><li>Les mides de les fonts s&#8217; han definit amb unitats relatives perqu\u00e8 pugui ampliar o disminuir la mida de la font des de les opcions del navegador.<\/li><li>Les p\u00e0gines tenen una estructura clara tant per a l&#8217;usuari que pot veure tot el contingut, com per al que llegeix la informaci\u00f3 amb un lector de pantalla, usuaris que desactiven el full d&#8217;estils, etc. Sota aquest objectiu, s&#8217;han definit mitjan\u00e7ant el codi HTML els encarregats de secci\u00f3, les llistes i tots els elements que ajuden a la comprensi\u00f3 general del lloc web.<\/li><li>El codi HTML i CSS emprat s&#8217; ajusta a les gram\u00e0tiques formals per garantir la correcta visualitzaci\u00f3 dels continguts en diferents navegadors.<\/li><li>Widget d&#8217; accessibilitat personalitzable que permet als usuaris:<\/li><li>Augmentar la mida de la font<\/li><li>Invertir colors o canviar a alt contrast<\/li><li>Ressaltar enlla\u00e7os<\/li><li>Activar un bot\u00f3 de &#8220;Saltar al contingut&#8221;<\/li><\/ul><p>Aquesta declaraci\u00f3 ha estat realitzada el 1\/06\/2025.\u00a0<\/p>\t\t\t\t\t\t\t\t<\/div>\n\t\t\t\t<\/div>\n\t\t\t\t\t<\/div>\n\t\t\t\t<\/div>\n\t\t\t\t<\/div>\n\t\t","protected":false},"excerpt":{"rendered":"<p>Declaraci\u00f3 d&#8217;Accesibilitat La nostra entitat reconeix la import\u00e0ncia que totes les persones, amb independ\u00e8ncia de la seva capacitat, edat o la tecnologia utilitzada, puguin navegar per la nostra p\u00e0gina web. Per aix\u00f2, hem adoptat criteris per aconseguir una major accessibilitat de la nostra p\u00e0gina web basats en les directrius WCAG\/WAI fixades pel World Wide Web [&hellip;]<\/p>\n","protected":false},"author":1,"featured_media":0,"parent":0,"menu_order":0,"comment_status":"closed","ping_status":"closed","template":"","meta":{"_acf_changed":false,"ocean_post_layout":"","ocean_both_sidebars_style":"","ocean_both_sidebars_content_width":0,"ocean_both_sidebars_sidebars_width":0,"ocean_sidebar":"","ocean_second_sidebar":"","ocean_disable_margins":"enable","ocean_add_body_class":"","ocean_shortcode_before_top_bar":"","ocean_shortcode_after_top_bar":"","ocean_shortcode_before_header":"","ocean_shortcode_after_header":"","ocean_has_shortcode":"","ocean_shortcode_after_title":"","ocean_shortcode_before_footer_widgets":"","ocean_shortcode_after_footer_widgets":"","ocean_shortcode_before_footer_bottom":"","ocean_shortcode_after_footer_bottom":"","ocean_display_top_bar":"default","ocean_display_header":"default","ocean_header_style":"","ocean_center_header_left_menu":"","ocean_custom_header_template":"","ocean_custom_logo":0,"ocean_custom_retina_logo":0,"ocean_custom_logo_max_width":0,"ocean_custom_logo_tablet_max_width":0,"ocean_custom_logo_mobile_max_width":0,"ocean_custom_logo_max_height":0,"ocean_custom_logo_tablet_max_height":0,"ocean_custom_logo_mobile_max_height":0,"ocean_header_custom_menu":"","ocean_menu_typo_font_family":"","ocean_menu_typo_font_subset":"","ocean_menu_typo_font_size":0,"ocean_menu_typo_font_size_tablet":0,"ocean_menu_typo_font_size_mobile":0,"ocean_menu_typo_font_size_unit":"px","ocean_menu_typo_font_weight":"","ocean_menu_typo_font_weight_tablet":"","ocean_menu_typo_font_weight_mobile":"","ocean_menu_typo_transform":"","ocean_menu_typo_transform_tablet":"","ocean_menu_typo_transform_mobile":"","ocean_menu_typo_line_height":0,"ocean_menu_typo_line_height_tablet":0,"ocean_menu_typo_line_height_mobile":0,"ocean_menu_typo_line_height_unit":"","ocean_menu_typo_spacing":0,"ocean_menu_typo_spacing_tablet":0,"ocean_menu_typo_spacing_mobile":0,"ocean_menu_typo_spacing_unit":"","ocean_menu_link_color":"","ocean_menu_link_color_hover":"","ocean_menu_link_color_active":"","ocean_menu_link_background":"","ocean_menu_link_hover_background":"","ocean_menu_link_active_background":"","ocean_menu_social_links_bg":"","ocean_menu_social_hover_links_bg":"","ocean_menu_social_links_color":"","ocean_menu_social_hover_links_color":"","ocean_disable_title":"default","ocean_disable_heading":"default","ocean_post_title":"","ocean_post_subheading":"","ocean_post_title_style":"","ocean_post_title_background_color":"","ocean_post_title_background":0,"ocean_post_title_bg_image_position":"","ocean_post_title_bg_image_attachment":"","ocean_post_title_bg_image_repeat":"","ocean_post_title_bg_image_size":"","ocean_post_title_height":0,"ocean_post_title_bg_overlay":0.5,"ocean_post_title_bg_overlay_color":"","ocean_disable_breadcrumbs":"default","ocean_breadcrumbs_color":"","ocean_breadcrumbs_separator_color":"","ocean_breadcrumbs_links_color":"","ocean_breadcrumbs_links_hover_color":"","ocean_display_footer_widgets":"default","ocean_display_footer_bottom":"default","ocean_custom_footer_template":"","footnotes":""},"class_list":["post-11665","page","type-page","status-publish","hentry","entry"],"acf":[],"yoast_head":"<!-- This site is optimized with the Yoast SEO plugin v27.3 - https:\/\/yoast.com\/product\/yoast-seo-wordpress\/ -->\n<title>Declaraci\u00f3 Accesibilitat - Fundaci\u00f3n Mutua de Propietarios<\/title>\n<meta name=\"robots\" content=\"index, follow, max-snippet:-1, max-image-preview:large, max-video-preview:-1\" \/>\n<link rel=\"canonical\" href=\"https:\/\/www.fundacionmdp.org\/ca\/declaracio-accesibilitat\/\" \/>\n<meta property=\"og:locale\" content=\"ca_ES\" \/>\n<meta property=\"og:type\" content=\"article\" \/>\n<meta property=\"og:title\" content=\"Declaraci\u00f3 Accesibilitat - Fundaci\u00f3n Mutua de Propietarios\" \/>\n<meta property=\"og:description\" content=\"Declaraci\u00f3 d&#8217;Accesibilitat La nostra entitat reconeix la import\u00e0ncia que totes les persones, amb independ\u00e8ncia de la seva capacitat, edat o la tecnologia utilitzada, puguin navegar per la nostra p\u00e0gina web. Per aix\u00f2, hem adoptat criteris per aconseguir una major accessibilitat de la nostra p\u00e0gina web basats en les directrius WCAG\/WAI fixades pel World Wide Web [&hellip;]\" \/>\n<meta property=\"og:url\" content=\"https:\/\/www.fundacionmdp.org\/ca\/declaracio-accesibilitat\/\" \/>\n<meta property=\"og:site_name\" content=\"Fundaci\u00f3n Mutua de Propietarios\" \/>\n<meta name=\"twitter:card\" content=\"summary_large_image\" \/>\n<meta name=\"twitter:label1\" content=\"Temps estimat de lectura\" \/>\n\t<meta name=\"twitter:data1\" content=\"2 minuts\" \/>\n<script type=\"application\/ld+json\" class=\"yoast-schema-graph\">{\"@context\":\"https:\\\/\\\/schema.org\",\"@graph\":[{\"@type\":\"WebPage\",\"@id\":\"https:\\\/\\\/www.fundacionmdp.org\\\/ca\\\/declaracio-accesibilitat\\\/\",\"url\":\"https:\\\/\\\/www.fundacionmdp.org\\\/ca\\\/declaracio-accesibilitat\\\/\",\"name\":\"Declaraci\u00f3 Accesibilitat - Fundaci\u00f3n Mutua de Propietarios\",\"isPartOf\":{\"@id\":\"https:\\\/\\\/www.fundacionmdp.org\\\/#website\"},\"datePublished\":\"2025-07-08T13:50:53+00:00\",\"breadcrumb\":{\"@id\":\"https:\\\/\\\/www.fundacionmdp.org\\\/ca\\\/declaracio-accesibilitat\\\/#breadcrumb\"},\"inLanguage\":\"ca\",\"potentialAction\":[{\"@type\":\"ReadAction\",\"target\":[\"https:\\\/\\\/www.fundacionmdp.org\\\/ca\\\/declaracio-accesibilitat\\\/\"]}]},{\"@type\":\"BreadcrumbList\",\"@id\":\"https:\\\/\\\/www.fundacionmdp.org\\\/ca\\\/declaracio-accesibilitat\\\/#breadcrumb\",\"itemListElement\":[{\"@type\":\"ListItem\",\"position\":1,\"name\":\"Home\",\"item\":\"https:\\\/\\\/www.fundacionmdp.org\\\/ca\\\/\"},{\"@type\":\"ListItem\",\"position\":2,\"name\":\"Declaraci\u00f3 Accesibilitat\"}]},{\"@type\":\"WebSite\",\"@id\":\"https:\\\/\\\/www.fundacionmdp.org\\\/#website\",\"url\":\"https:\\\/\\\/www.fundacionmdp.org\\\/\",\"name\":\"Fundaci\u00f3n Mutua de Propietarios\",\"description\":\"En la Fundaci\u00f3n Mutua de Propietarios te ayudamos a convertir tu edificio de viviendas en un espacio sin barreras arquitect\u00f3nicas.\",\"publisher\":{\"@id\":\"https:\\\/\\\/www.fundacionmdp.org\\\/#organization\"},\"potentialAction\":[{\"@type\":\"SearchAction\",\"target\":{\"@type\":\"EntryPoint\",\"urlTemplate\":\"https:\\\/\\\/www.fundacionmdp.org\\\/?s={search_term_string}\"},\"query-input\":{\"@type\":\"PropertyValueSpecification\",\"valueRequired\":true,\"valueName\":\"search_term_string\"}}],\"inLanguage\":\"ca\"},{\"@type\":\"Organization\",\"@id\":\"https:\\\/\\\/www.fundacionmdp.org\\\/#organization\",\"name\":\"Fundaci\u00f3n Mutua de Propietarios\",\"url\":\"https:\\\/\\\/www.fundacionmdp.org\\\/\",\"logo\":{\"@type\":\"ImageObject\",\"inLanguage\":\"ca\",\"@id\":\"https:\\\/\\\/www.fundacionmdp.org\\\/#\\\/schema\\\/logo\\\/image\\\/\",\"url\":\"https:\\\/\\\/www.fundacionmdp.org\\\/wp-content\\\/uploads\\\/2023\\\/05\\\/logo_FMdP_cat.png\",\"contentUrl\":\"https:\\\/\\\/www.fundacionmdp.org\\\/wp-content\\\/uploads\\\/2023\\\/05\\\/logo_FMdP_cat.png\",\"width\":655,\"height\":297,\"caption\":\"Fundaci\u00f3n Mutua de Propietarios\"},\"image\":{\"@id\":\"https:\\\/\\\/www.fundacionmdp.org\\\/#\\\/schema\\\/logo\\\/image\\\/\"}}]}<\/script>\n<!-- \/ Yoast SEO plugin. -->","yoast_head_json":{"title":"Declaraci\u00f3 Accesibilitat - Fundaci\u00f3n Mutua de Propietarios","robots":{"index":"index","follow":"follow","max-snippet":"max-snippet:-1","max-image-preview":"max-image-preview:large","max-video-preview":"max-video-preview:-1"},"canonical":"https:\/\/www.fundacionmdp.org\/ca\/declaracio-accesibilitat\/","og_locale":"ca_ES","og_type":"article","og_title":"Declaraci\u00f3 Accesibilitat - Fundaci\u00f3n Mutua de Propietarios","og_description":"Declaraci\u00f3 d&#8217;Accesibilitat La nostra entitat reconeix la import\u00e0ncia que totes les persones, amb independ\u00e8ncia de la seva capacitat, edat o la tecnologia utilitzada, puguin navegar per la nostra p\u00e0gina web. Per aix\u00f2, hem adoptat criteris per aconseguir una major accessibilitat de la nostra p\u00e0gina web basats en les directrius WCAG\/WAI fixades pel World Wide Web [&hellip;]","og_url":"https:\/\/www.fundacionmdp.org\/ca\/declaracio-accesibilitat\/","og_site_name":"Fundaci\u00f3n Mutua de Propietarios","twitter_card":"summary_large_image","twitter_misc":{"Temps estimat de lectura":"2 minuts"},"schema":{"@context":"https:\/\/schema.org","@graph":[{"@type":"WebPage","@id":"https:\/\/www.fundacionmdp.org\/ca\/declaracio-accesibilitat\/","url":"https:\/\/www.fundacionmdp.org\/ca\/declaracio-accesibilitat\/","name":"Declaraci\u00f3 Accesibilitat - Fundaci\u00f3n Mutua de Propietarios","isPartOf":{"@id":"https:\/\/www.fundacionmdp.org\/#website"},"datePublished":"2025-07-08T13:50:53+00:00","breadcrumb":{"@id":"https:\/\/www.fundacionmdp.org\/ca\/declaracio-accesibilitat\/#breadcrumb"},"inLanguage":"ca","potentialAction":[{"@type":"ReadAction","target":["https:\/\/www.fundacionmdp.org\/ca\/declaracio-accesibilitat\/"]}]},{"@type":"BreadcrumbList","@id":"https:\/\/www.fundacionmdp.org\/ca\/declaracio-accesibilitat\/#breadcrumb","itemListElement":[{"@type":"ListItem","position":1,"name":"Home","item":"https:\/\/www.fundacionmdp.org\/ca\/"},{"@type":"ListItem","position":2,"name":"Declaraci\u00f3 Accesibilitat"}]},{"@type":"WebSite","@id":"https:\/\/www.fundacionmdp.org\/#website","url":"https:\/\/www.fundacionmdp.org\/","name":"Fundaci\u00f3n Mutua de Propietarios","description":"En la Fundaci\u00f3n Mutua de Propietarios te ayudamos a convertir tu edificio de viviendas en un espacio sin barreras arquitect\u00f3nicas.","publisher":{"@id":"https:\/\/www.fundacionmdp.org\/#organization"},"potentialAction":[{"@type":"SearchAction","target":{"@type":"EntryPoint","urlTemplate":"https:\/\/www.fundacionmdp.org\/?s={search_term_string}"},"query-input":{"@type":"PropertyValueSpecification","valueRequired":true,"valueName":"search_term_string"}}],"inLanguage":"ca"},{"@type":"Organization","@id":"https:\/\/www.fundacionmdp.org\/#organization","name":"Fundaci\u00f3n Mutua de Propietarios","url":"https:\/\/www.fundacionmdp.org\/","logo":{"@type":"ImageObject","inLanguage":"ca","@id":"https:\/\/www.fundacionmdp.org\/#\/schema\/logo\/image\/","url":"https:\/\/www.fundacionmdp.org\/wp-content\/uploads\/2023\/05\/logo_FMdP_cat.png","contentUrl":"https:\/\/www.fundacionmdp.org\/wp-content\/uploads\/2023\/05\/logo_FMdP_cat.png","width":655,"height":297,"caption":"Fundaci\u00f3n Mutua de Propietarios"},"image":{"@id":"https:\/\/www.fundacionmdp.org\/#\/schema\/logo\/image\/"}}]}},"_links":{"self":[{"href":"https:\/\/www.fundacionmdp.org\/ca\/wp-json\/wp\/v2\/pages\/11665","targetHints":{"allow":["GET"]}}],"collection":[{"href":"https:\/\/www.fundacionmdp.org\/ca\/wp-json\/wp\/v2\/pages"}],"about":[{"href":"https:\/\/www.fundacionmdp.org\/ca\/wp-json\/wp\/v2\/types\/page"}],"author":[{"embeddable":true,"href":"https:\/\/www.fundacionmdp.org\/ca\/wp-json\/wp\/v2\/users\/1"}],"replies":[{"embeddable":true,"href":"https:\/\/www.fundacionmdp.org\/ca\/wp-json\/wp\/v2\/comments?post=11665"}],"version-history":[{"count":4,"href":"https:\/\/www.fundacionmdp.org\/ca\/wp-json\/wp\/v2\/pages\/11665\/revisions"}],"predecessor-version":[{"id":11669,"href":"https:\/\/www.fundacionmdp.org\/ca\/wp-json\/wp\/v2\/pages\/11665\/revisions\/11669"}],"wp:attachment":[{"href":"https:\/\/www.fundacionmdp.org\/ca\/wp-json\/wp\/v2\/media?parent=11665"}],"curies":[{"name":"wp","href":"https:\/\/api.w.org\/{rel}","templated":true}]}}