{"id":8499,"date":"2023-05-06T07:25:36","date_gmt":"2023-05-06T05:25:36","guid":{"rendered":"http:\/\/108.128.154.120\/?page_id=8499"},"modified":"2026-03-26T12:01:47","modified_gmt":"2026-03-26T10:01:47","slug":"organs-de-govern","status":"publish","type":"page","link":"https:\/\/www.fundacionmdp.org\/ca\/organs-de-govern\/","title":{"rendered":"\u00d2rgans de govern"},"content":{"rendered":"\t\t<div data-elementor-type=\"wp-page\" data-elementor-id=\"8499\" class=\"elementor elementor-8499 elementor-1727\">\n\t\t\t\t<div class=\"elementor-element elementor-element-2a1709e8 e-con-full page-intro-section e-flex e-con e-parent\" data-id=\"2a1709e8\" data-element_type=\"container\" data-e-type=\"container\">\n\t\t<div class=\"elementor-element elementor-element-36ae143c page-intro-content e-flex e-con-boxed e-con e-child\" data-id=\"36ae143c\" data-element_type=\"container\" data-e-type=\"container\" data-settings=\"{&quot;background_background&quot;:&quot;classic&quot;}\">\n\t\t\t\t\t<div class=\"e-con-inner\">\n\t\t\t\t<div class=\"elementor-element elementor-element-3969b9e5 elementor-widget elementor-widget-text-editor\" data-id=\"3969b9e5\" data-element_type=\"widget\" data-e-type=\"widget\" data-widget_type=\"text-editor.default\">\n\t\t\t\t<div class=\"elementor-widget-container\">\n\t\t\t\t\t\t\t\t\t<h1>\u00d2rgans de govern<\/h1>\t\t\t\t\t\t\t\t<\/div>\n\t\t\t\t<\/div>\n\t\t\t\t<div class=\"elementor-element elementor-element-7b922a72 elementor-widget-divider--view-line elementor-widget elementor-widget-divider\" data-id=\"7b922a72\" data-element_type=\"widget\" data-e-type=\"widget\" data-widget_type=\"divider.default\">\n\t\t\t\t<div class=\"elementor-widget-container\">\n\t\t\t\t\t\t\t<div class=\"elementor-divider\">\n\t\t\t<span class=\"elementor-divider-separator\">\n\t\t\t\t\t\t<\/span>\n\t\t<\/div>\n\t\t\t\t\t\t<\/div>\n\t\t\t\t<\/div>\n\t\t\t\t<div class=\"elementor-element elementor-element-8540809 elementor-widget elementor-widget-text-editor\" data-id=\"8540809\" data-element_type=\"widget\" data-e-type=\"widget\" data-widget_type=\"text-editor.default\">\n\t\t\t\t<div class=\"elementor-widget-container\">\n\t\t\t\t\t\t\t\t\tConeix els \u00d2rgans de Govern, que s&#8217;encarreguen de prendre les decisions estrat\u00e8giques, supervisar la gesti\u00f3 i assegurar el compliment dels objectius de la fundaci\u00f3.\t\t\t\t\t\t\t\t<\/div>\n\t\t\t\t<\/div>\n\t\t\t\t\t<\/div>\n\t\t\t\t<\/div>\n\t\t<div class=\"elementor-element elementor-element-356811cc page-intro-image e-flex e-con-boxed e-con e-child\" data-id=\"356811cc\" data-element_type=\"container\" data-e-type=\"container\">\n\t\t\t\t\t<div class=\"e-con-inner\">\n\t\t\t\t<div class=\"elementor-element elementor-element-16099add elementor-widget elementor-widget-image\" data-id=\"16099add\" data-element_type=\"widget\" data-e-type=\"widget\" data-widget_type=\"image.default\">\n\t\t\t\t<div class=\"elementor-widget-container\">\n\t\t\t\t\t\t\t\t\t\t\t\t\t\t\t<img fetchpriority=\"high\" decoding=\"async\" width=\"1024\" height=\"682\" src=\"https:\/\/www.fundacionmdp.org\/wp-content\/uploads\/2023\/05\/fundacionmdp-organos-gobierno-1024x682.jpg\" class=\"attachment-large size-large wp-image-6621\" alt=\"\" srcset=\"https:\/\/www.fundacionmdp.org\/wp-content\/uploads\/2023\/05\/fundacionmdp-organos-gobierno-1024x682.jpg 1024w, https:\/\/www.fundacionmdp.org\/wp-content\/uploads\/2023\/05\/fundacionmdp-organos-gobierno-300x200.jpg 300w, https:\/\/www.fundacionmdp.org\/wp-content\/uploads\/2023\/05\/fundacionmdp-organos-gobierno-768x512.jpg 768w, https:\/\/www.fundacionmdp.org\/wp-content\/uploads\/2023\/05\/fundacionmdp-organos-gobierno-1536x1024.jpg 1536w, https:\/\/www.fundacionmdp.org\/wp-content\/uploads\/2023\/05\/fundacionmdp-organos-gobierno.jpg 2000w\" sizes=\"(max-width: 1024px) 100vw, 1024px\" \/>\t\t\t\t\t\t\t\t\t\t\t\t\t\t\t<\/div>\n\t\t\t\t<\/div>\n\t\t\t\t\t<\/div>\n\t\t\t\t<\/div>\n\t\t\t\t<\/div>\n\t\t<div class=\"elementor-element elementor-element-14eaef4 grid-organos-gobierno e-flex e-con-boxed e-con e-parent\" data-id=\"14eaef4\" data-element_type=\"container\" data-e-type=\"container\">\n\t\t\t\t\t<div class=\"e-con-inner\">\n\t\t<div class=\"elementor-element elementor-element-475a0f7 grid-organos-gobierno-wrap e-flex e-con-boxed e-con e-child\" data-id=\"475a0f7\" data-element_type=\"container\" data-e-type=\"container\">\n\t\t\t\t\t<div class=\"e-con-inner\">\n\t\t<div class=\"elementor-element elementor-element-ee17049 grid-organos-single e-flex e-con-boxed e-con e-child\" data-id=\"ee17049\" data-element_type=\"container\" data-e-type=\"container\">\n\t\t\t\t\t<div class=\"e-con-inner\">\n\t\t<div class=\"elementor-element elementor-element-0889b0f grid-organos-header e-flex e-con-boxed e-con e-child\" data-id=\"0889b0f\" data-element_type=\"container\" data-e-type=\"container\">\n\t\t\t\t\t<div class=\"e-con-inner\">\n\t\t\t\t<div class=\"elementor-element elementor-element-dae82c7 img elementor-widget elementor-widget-image\" data-id=\"dae82c7\" data-element_type=\"widget\" data-e-type=\"widget\" data-widget_type=\"image.default\">\n\t\t\t\t<div class=\"elementor-widget-container\">\n\t\t\t\t\t\t\t\t\t\t\t\t\t\t\t<img decoding=\"async\" width=\"929\" height=\"1024\" src=\"https:\/\/www.fundacionmdp.org\/wp-content\/uploads\/2025\/05\/laura-modif-929x1024.jpg\" class=\"attachment-large size-large wp-image-11455\" alt=\"\" srcset=\"https:\/\/www.fundacionmdp.org\/wp-content\/uploads\/2025\/05\/laura-modif-929x1024.jpg 929w, https:\/\/www.fundacionmdp.org\/wp-content\/uploads\/2025\/05\/laura-modif-272x300.jpg 272w, https:\/\/www.fundacionmdp.org\/wp-content\/uploads\/2025\/05\/laura-modif-768x847.jpg 768w, https:\/\/www.fundacionmdp.org\/wp-content\/uploads\/2025\/05\/laura-modif-1393x1536.jpg 1393w, https:\/\/www.fundacionmdp.org\/wp-content\/uploads\/2025\/05\/laura-modif-1858x2048.jpg 1858w, https:\/\/www.fundacionmdp.org\/wp-content\/uploads\/2025\/05\/laura-modif.jpg 2042w\" sizes=\"(max-width: 929px) 100vw, 929px\" \/>\t\t\t\t\t\t\t\t\t\t\t\t\t\t\t<\/div>\n\t\t\t\t<\/div>\n\t\t<div class=\"elementor-element elementor-element-28baebf title-wrap e-flex e-con-boxed e-con e-child\" data-id=\"28baebf\" data-element_type=\"container\" data-e-type=\"container\">\n\t\t\t\t\t<div class=\"e-con-inner\">\n\t\t\t\t<div class=\"elementor-element elementor-element-4b767d7 title-no-margin-bot elementor-widget elementor-widget-text-editor\" data-id=\"4b767d7\" data-element_type=\"widget\" data-e-type=\"widget\" data-widget_type=\"text-editor.default\">\n\t\t\t\t<div class=\"elementor-widget-container\">\n\t\t\t\t\t\t\t\t\t<p><em>Presidenta<\/em><\/p><h3>Laura L\u00f3pez Demarbre<\/h3>\t\t\t\t\t\t\t\t<\/div>\n\t\t\t\t<\/div>\n\t\t\t\t\t<\/div>\n\t\t\t\t<\/div>\n\t\t\t\t\t<\/div>\n\t\t\t\t<\/div>\n\t\t\t\t<div class=\"elementor-element elementor-element-b04969a grid-organos-content elementor-widget elementor-widget-text-editor\" data-id=\"b04969a\" data-element_type=\"widget\" data-e-type=\"widget\" data-widget_type=\"text-editor.default\">\n\t\t\t\t<div class=\"elementor-widget-container\">\n\t\t\t\t\t\t\t\t\t<p>MBA, Enginyera T\u00e8cnica Industrial i Llicenciada en Investigaci\u00f3 i T\u00e8cniques de Mercat. Becada per participar en el programa de lideratge femen\u00ed W50 a UCLA (EUA). Ha estat Directora de la Fundaci\u00f3 Mutua de Propietarios fins al desembre 2019 i SDG d&#8217;Estrat\u00e8gia, Clients i Canals Alternatius fins al juny 2025. Actualment, \u00e9s CEO del Grup Mutua Propietarios, Vicepresidenta executiva de les filials del Grup Mutua Propietarios i consellera independent en l&#8217;\u00e0mbit assegurador, immobiliari i social.<\/p>\t\t\t\t\t\t\t\t<\/div>\n\t\t\t\t<\/div>\n\t\t\t\t\t<\/div>\n\t\t\t\t<\/div>\n\t\t<div class=\"elementor-element elementor-element-272c4e3 grid-organos-single e-con-full e-flex e-con e-child\" data-id=\"272c4e3\" data-element_type=\"container\" data-e-type=\"container\">\n\t\t<div class=\"elementor-element elementor-element-3efc319 grid-organos-header e-flex e-con-boxed e-con e-child\" data-id=\"3efc319\" data-element_type=\"container\" data-e-type=\"container\">\n\t\t\t\t\t<div class=\"e-con-inner\">\n\t\t\t\t<div class=\"elementor-element elementor-element-5148809 img elementor-widget elementor-widget-image\" data-id=\"5148809\" data-element_type=\"widget\" data-e-type=\"widget\" data-widget_type=\"image.default\">\n\t\t\t\t<div class=\"elementor-widget-container\">\n\t\t\t\t\t\t\t\t\t\t\t\t\t\t\t<img decoding=\"async\" width=\"819\" height=\"1024\" src=\"https:\/\/www.fundacionmdp.org\/wp-content\/uploads\/2025\/05\/Joana-819x1024.jpg\" class=\"attachment-large size-large wp-image-11463\" alt=\"\" srcset=\"https:\/\/www.fundacionmdp.org\/wp-content\/uploads\/2025\/05\/Joana-819x1024.jpg 819w, https:\/\/www.fundacionmdp.org\/wp-content\/uploads\/2025\/05\/Joana-240x300.jpg 240w, https:\/\/www.fundacionmdp.org\/wp-content\/uploads\/2025\/05\/Joana-768x960.jpg 768w, https:\/\/www.fundacionmdp.org\/wp-content\/uploads\/2025\/05\/Joana-1229x1536.jpg 1229w, https:\/\/www.fundacionmdp.org\/wp-content\/uploads\/2025\/05\/Joana-1638x2048.jpg 1638w, https:\/\/www.fundacionmdp.org\/wp-content\/uploads\/2025\/05\/Joana-scaled.jpg 2048w\" sizes=\"(max-width: 819px) 100vw, 819px\" \/>\t\t\t\t\t\t\t\t\t\t\t\t\t\t\t<\/div>\n\t\t\t\t<\/div>\n\t\t<div class=\"elementor-element elementor-element-74756c3 title-wrap e-flex e-con-boxed e-con e-child\" data-id=\"74756c3\" data-element_type=\"container\" data-e-type=\"container\">\n\t\t\t\t\t<div class=\"e-con-inner\">\n\t\t\t\t<div class=\"elementor-element elementor-element-cf7e83d title-no-margin-bot elementor-widget elementor-widget-text-editor\" data-id=\"cf7e83d\" data-element_type=\"widget\" data-e-type=\"widget\" data-widget_type=\"text-editor.default\">\n\t\t\t\t<div class=\"elementor-widget-container\">\n\t\t\t\t\t\t\t\t\t<p><em>Patrona<\/em><\/p><h3>Joana Amat Amig\u00f3<\/h3>\t\t\t\t\t\t\t\t<\/div>\n\t\t\t\t<\/div>\n\t\t\t\t\t<\/div>\n\t\t\t\t<\/div>\n\t\t\t\t\t<\/div>\n\t\t\t\t<\/div>\n\t\t\t\t<div class=\"elementor-element elementor-element-8fe0a06 grid-organos-content elementor-widget elementor-widget-text-editor\" data-id=\"8fe0a06\" data-element_type=\"widget\" data-e-type=\"widget\" data-widget_type=\"text-editor.default\">\n\t\t\t\t<div class=\"elementor-widget-container\">\n\t\t\t\t\t\t\t\t\t<p>Administradora de Finques i Vicepresidenta del Consell d&#8217;Administraci\u00f3 d&#8217;Amat Immobiliaris des del 2018, despr\u00e9s d&#8217;haver estat la seva Directora General (1983-2018). Membre del Consell d&#8217;Administraci\u00f3 de diverses empreses immobili\u00e0ries i tecnol\u00f2giques, Presidenta d&#8217;Honor de FIDEM, i Creu de Sant Jordi per la Generalitat de Catalunya. Forma part del Consell Assessor de l&#8217;Observatori Metropolit\u00e0 de l&#8217;Habitatge, de la Junta del Col\u00b7legi d&#8217;Administradors de Finques, i \u00e9s patrona en entitats de l&#8217;\u00e0mbit social i de l&#8217;habitatge com FIBS, Fundaci\u00f3 Maria Ravent\u00f3s i Nou Xamfr\u00e0.<\/p>\t\t\t\t\t\t\t\t<\/div>\n\t\t\t\t<\/div>\n\t\t\t\t<\/div>\n\t\t<div class=\"elementor-element elementor-element-779c2a9 grid-organos-single e-flex e-con-boxed e-con e-child\" data-id=\"779c2a9\" data-element_type=\"container\" data-e-type=\"container\">\n\t\t\t\t\t<div class=\"e-con-inner\">\n\t\t<div class=\"elementor-element elementor-element-234d766 grid-organos-header e-flex e-con-boxed e-con e-child\" data-id=\"234d766\" data-element_type=\"container\" data-e-type=\"container\">\n\t\t\t\t\t<div class=\"e-con-inner\">\n\t\t\t\t<div class=\"elementor-element elementor-element-72e4ac4 img elementor-widget elementor-widget-image\" data-id=\"72e4ac4\" data-element_type=\"widget\" data-e-type=\"widget\" data-widget_type=\"image.default\">\n\t\t\t\t<div class=\"elementor-widget-container\">\n\t\t\t\t\t\t\t\t\t\t\t\t\t\t\t<img loading=\"lazy\" decoding=\"async\" width=\"940\" height=\"1024\" src=\"https:\/\/www.fundacionmdp.org\/wp-content\/uploads\/2025\/05\/chritopher-modif-940x1024.jpg\" class=\"attachment-large size-large wp-image-11453\" alt=\"\" srcset=\"https:\/\/www.fundacionmdp.org\/wp-content\/uploads\/2025\/05\/chritopher-modif-940x1024.jpg 940w, https:\/\/www.fundacionmdp.org\/wp-content\/uploads\/2025\/05\/chritopher-modif-275x300.jpg 275w, https:\/\/www.fundacionmdp.org\/wp-content\/uploads\/2025\/05\/chritopher-modif-768x837.jpg 768w, https:\/\/www.fundacionmdp.org\/wp-content\/uploads\/2025\/05\/chritopher-modif-1410x1536.jpg 1410w, https:\/\/www.fundacionmdp.org\/wp-content\/uploads\/2025\/05\/chritopher-modif-1879x2048.jpg 1879w, https:\/\/www.fundacionmdp.org\/wp-content\/uploads\/2025\/05\/chritopher-modif.jpg 2030w\" sizes=\"(max-width: 940px) 100vw, 940px\" \/>\t\t\t\t\t\t\t\t\t\t\t\t\t\t\t<\/div>\n\t\t\t\t<\/div>\n\t\t<div class=\"elementor-element elementor-element-6a14a87 title-wrap e-flex e-con-boxed e-con e-child\" data-id=\"6a14a87\" data-element_type=\"container\" data-e-type=\"container\">\n\t\t\t\t\t<div class=\"e-con-inner\">\n\t\t\t\t<div class=\"elementor-element elementor-element-a4060b7 title-no-margin-bot elementor-widget elementor-widget-text-editor\" data-id=\"a4060b7\" data-element_type=\"widget\" data-e-type=\"widget\" data-widget_type=\"text-editor.default\">\n\t\t\t\t<div class=\"elementor-widget-container\">\n\t\t\t\t\t\t\t\t\t<p><em>Patr\u00f3<\/em><\/p><h3>Christopher Bunzl<\/h3>\t\t\t\t\t\t\t\t<\/div>\n\t\t\t\t<\/div>\n\t\t\t\t\t<\/div>\n\t\t\t\t<\/div>\n\t\t\t\t\t<\/div>\n\t\t\t\t<\/div>\n\t\t\t\t<div class=\"elementor-element elementor-element-6ba0574 grid-organos-content elementor-widget elementor-widget-text-editor\" data-id=\"6ba0574\" data-element_type=\"widget\" data-e-type=\"widget\" data-widget_type=\"text-editor.default\">\n\t\t\t\t<div class=\"elementor-widget-container\">\n\t\t\t\t\t\t\t\t\t<p>Llicenciat en Relacions Internacionals (Ci\u00e8ncies Econ\u00f2miques i Pol\u00edtiques) per la Universitat de Colorado (EUA) i MBA per l&#8217;IESE Business School de Barcelona ha dedicat gaireb\u00e9 25 anys a la consultoria de negoci en les multinacionals Accenture i Everis, treballant per a entitats l\u00edders dels sectors bancari i assegurador als principals pa\u00efsos d&#8217;Europa i Llatinoam\u00e8rica. Ha estat CEO del Grup Mutua Propietarios des del 2013 fins al juny 2025. Actualment, \u00e9s President del Grup Mutua de Propietarios, President de les filials del Grup Mutua Propietarios i conseller independent en l&#8217; \u00e0mbit assegurador.<\/p><p>\u00a0<\/p>\t\t\t\t\t\t\t\t<\/div>\n\t\t\t\t<\/div>\n\t\t\t\t\t<\/div>\n\t\t\t\t<\/div>\n\t\t<div class=\"elementor-element elementor-element-0f39590 grid-organos-single e-flex e-con-boxed e-con e-child\" data-id=\"0f39590\" data-element_type=\"container\" data-e-type=\"container\">\n\t\t\t\t\t<div class=\"e-con-inner\">\n\t\t<div class=\"elementor-element elementor-element-6f35de3 grid-organos-header e-flex e-con-boxed e-con e-child\" data-id=\"6f35de3\" data-element_type=\"container\" data-e-type=\"container\">\n\t\t\t\t\t<div class=\"e-con-inner\">\n\t\t\t\t<div class=\"elementor-element elementor-element-454fc64 img elementor-widget elementor-widget-image\" data-id=\"454fc64\" data-element_type=\"widget\" data-e-type=\"widget\" data-widget_type=\"image.default\">\n\t\t\t\t<div class=\"elementor-widget-container\">\n\t\t\t\t\t\t\t\t\t\t\t\t\t\t\t<img loading=\"lazy\" decoding=\"async\" width=\"819\" height=\"1024\" src=\"https:\/\/www.fundacionmdp.org\/wp-content\/uploads\/2025\/05\/Salvador-819x1024.jpg\" class=\"attachment-large size-large wp-image-11465\" alt=\"\" srcset=\"https:\/\/www.fundacionmdp.org\/wp-content\/uploads\/2025\/05\/Salvador-819x1024.jpg 819w, https:\/\/www.fundacionmdp.org\/wp-content\/uploads\/2025\/05\/Salvador-240x300.jpg 240w, https:\/\/www.fundacionmdp.org\/wp-content\/uploads\/2025\/05\/Salvador-768x960.jpg 768w, https:\/\/www.fundacionmdp.org\/wp-content\/uploads\/2025\/05\/Salvador-1229x1536.jpg 1229w, https:\/\/www.fundacionmdp.org\/wp-content\/uploads\/2025\/05\/Salvador-1638x2048.jpg 1638w, https:\/\/www.fundacionmdp.org\/wp-content\/uploads\/2025\/05\/Salvador-scaled.jpg 2048w\" sizes=\"(max-width: 819px) 100vw, 819px\" \/>\t\t\t\t\t\t\t\t\t\t\t\t\t\t\t<\/div>\n\t\t\t\t<\/div>\n\t\t<div class=\"elementor-element elementor-element-66ec5a9 title-wrap e-flex e-con-boxed e-con e-child\" data-id=\"66ec5a9\" data-element_type=\"container\" data-e-type=\"container\">\n\t\t\t\t\t<div class=\"e-con-inner\">\n\t\t\t\t<div class=\"elementor-element elementor-element-2fb2e61 title-no-margin-bot elementor-widget elementor-widget-text-editor\" data-id=\"2fb2e61\" data-element_type=\"widget\" data-e-type=\"widget\" data-widget_type=\"text-editor.default\">\n\t\t\t\t<div class=\"elementor-widget-container\">\n\t\t\t\t\t\t\t\t\t<p><em>Patr\u00f3<\/em><\/p><h3>Salvador D\u00edez Lloris<\/h3>\t\t\t\t\t\t\t\t<\/div>\n\t\t\t\t<\/div>\n\t\t\t\t\t<\/div>\n\t\t\t\t<\/div>\n\t\t\t\t\t<\/div>\n\t\t\t\t<\/div>\n\t\t\t\t<div class=\"elementor-element elementor-element-ef86b14 grid-organos-content elementor-widget elementor-widget-text-editor\" data-id=\"ef86b14\" data-element_type=\"widget\" data-e-type=\"widget\" data-widget_type=\"text-editor.default\">\n\t\t\t\t<div class=\"elementor-widget-container\">\n\t\t\t\t\t\t\t\t\t<p>Diplomat en Ci\u00e8ncies Empresarials, Agent de la Propietat Immobili\u00e0ria i Administrador de Finques des de 1992, amb m\u00e9s de 35 anys d&#8217; experi\u00e8ncia en el sector. Ha presidit el Col\u00b7legi d&#8217;Administradors de Finques de Valladolid, el Consell Regional de Castella i Lle\u00f3 i el Consell General de Col\u00b7legis d&#8217;Administradors de Finques d&#8217;Espanya (fins al 2022), del qual \u00e9s President d&#8217;Honor. A m\u00e9s, ha sigut ponent en nombrosos congressos i en l&#8217;actualitat imparteix classes en el Diploma de Formaci\u00f3 Superior en Administraci\u00f3 de Finques de la Universitat d&#8217;Alcal\u00e0.<\/p><p>\u00a0<\/p>\t\t\t\t\t\t\t\t<\/div>\n\t\t\t\t<\/div>\n\t\t\t\t\t<\/div>\n\t\t\t\t<\/div>\n\t\t<div class=\"elementor-element elementor-element-532c0f7 grid-organos-single e-con-full e-flex e-con e-child\" data-id=\"532c0f7\" data-element_type=\"container\" data-e-type=\"container\">\n\t\t<div class=\"elementor-element elementor-element-3357b3e grid-organos-header e-flex e-con-boxed e-con e-child\" data-id=\"3357b3e\" data-element_type=\"container\" data-e-type=\"container\">\n\t\t\t\t\t<div class=\"e-con-inner\">\n\t\t\t\t<div class=\"elementor-element elementor-element-2464448 img elementor-widget elementor-widget-image\" data-id=\"2464448\" data-element_type=\"widget\" data-e-type=\"widget\" data-widget_type=\"image.default\">\n\t\t\t\t<div class=\"elementor-widget-container\">\n\t\t\t\t\t\t\t\t\t\t\t\t\t\t\t<img loading=\"lazy\" decoding=\"async\" width=\"944\" height=\"1024\" src=\"https:\/\/www.fundacionmdp.org\/wp-content\/uploads\/2025\/05\/Merce-copia-944x1024.jpg\" class=\"attachment-large size-large wp-image-11457\" alt=\"\" srcset=\"https:\/\/www.fundacionmdp.org\/wp-content\/uploads\/2025\/05\/Merce-copia-944x1024.jpg 944w, https:\/\/www.fundacionmdp.org\/wp-content\/uploads\/2025\/05\/Merce-copia-277x300.jpg 277w, https:\/\/www.fundacionmdp.org\/wp-content\/uploads\/2025\/05\/Merce-copia-768x833.jpg 768w, https:\/\/www.fundacionmdp.org\/wp-content\/uploads\/2025\/05\/Merce-copia-1417x1536.jpg 1417w, https:\/\/www.fundacionmdp.org\/wp-content\/uploads\/2025\/05\/Merce-copia-1889x2048.jpg 1889w\" sizes=\"(max-width: 944px) 100vw, 944px\" \/>\t\t\t\t\t\t\t\t\t\t\t\t\t\t\t<\/div>\n\t\t\t\t<\/div>\n\t\t<div class=\"elementor-element elementor-element-3742104 title-wrap e-flex e-con-boxed e-con e-child\" data-id=\"3742104\" data-element_type=\"container\" data-e-type=\"container\">\n\t\t\t\t\t<div class=\"e-con-inner\">\n\t\t\t\t<div class=\"elementor-element elementor-element-31b6ee4 title-no-margin-bot elementor-widget elementor-widget-text-editor\" data-id=\"31b6ee4\" data-element_type=\"widget\" data-e-type=\"widget\" data-widget_type=\"text-editor.default\">\n\t\t\t\t<div class=\"elementor-widget-container\">\n\t\t\t\t\t\t\t\t\t<p><em>Patrona<\/em><\/p><h3>Merc\u00e8 Tell<\/h3>\t\t\t\t\t\t\t\t<\/div>\n\t\t\t\t<\/div>\n\t\t\t\t\t<\/div>\n\t\t\t\t<\/div>\n\t\t\t\t\t<\/div>\n\t\t\t\t<\/div>\n\t\t\t\t<div class=\"elementor-element elementor-element-f782a3e grid-organos-content elementor-widget elementor-widget-text-editor\" data-id=\"f782a3e\" data-element_type=\"widget\" data-e-type=\"widget\" data-widget_type=\"text-editor.default\">\n\t\t\t\t<div class=\"elementor-widget-container\">\n\t\t\t\t\t\t\t\t\t<p>Consellera del Grup Mutua de Propietarios. Llicenciada en Ci\u00e8ncies Econ\u00f2miques i en Administraci\u00f3 i Direcci\u00f3 d&#8217;Empreses per la Universitat Pompeu Fabra, amb formaci\u00f3 especialitzada en Private Equity i ESG. Compta amb una s\u00f2lida traject\u00f2ria de m\u00e9s de 20 anys d&#8217;experi\u00e8ncia en capital risc i gesti\u00f3 d&#8217;inversions en empreses tecnol\u00f2giques. Actualment \u00e9s General Partner &amp; COO a Encomenda Capital Partners i al llarg de la seva carrera ha liderat i fundat diverses firmes d&#8217;inversi\u00f3.<\/p><p>\u00a0<\/p>\t\t\t\t\t\t\t\t<\/div>\n\t\t\t\t<\/div>\n\t\t\t\t<\/div>\n\t\t<div class=\"elementor-element elementor-element-212f414 grid-organos-single e-con-full e-flex e-con e-child\" data-id=\"212f414\" data-element_type=\"container\" data-e-type=\"container\">\n\t\t<div class=\"elementor-element elementor-element-899d676 grid-organos-header e-flex e-con-boxed e-con e-child\" data-id=\"899d676\" data-element_type=\"container\" data-e-type=\"container\">\n\t\t\t\t\t<div class=\"e-con-inner\">\n\t\t\t\t<div class=\"elementor-element elementor-element-e19b6c9 img elementor-widget elementor-widget-image\" data-id=\"e19b6c9\" data-element_type=\"widget\" data-e-type=\"widget\" data-widget_type=\"image.default\">\n\t\t\t\t<div class=\"elementor-widget-container\">\n\t\t\t\t\t\t\t\t\t\t\t\t\t\t\t<img loading=\"lazy\" decoding=\"async\" width=\"819\" height=\"1024\" src=\"https:\/\/www.fundacionmdp.org\/wp-content\/uploads\/2025\/05\/Enrique-819x1024.jpg\" class=\"attachment-large size-large wp-image-11461\" alt=\"\" srcset=\"https:\/\/www.fundacionmdp.org\/wp-content\/uploads\/2025\/05\/Enrique-819x1024.jpg 819w, https:\/\/www.fundacionmdp.org\/wp-content\/uploads\/2025\/05\/Enrique-240x300.jpg 240w, https:\/\/www.fundacionmdp.org\/wp-content\/uploads\/2025\/05\/Enrique-768x960.jpg 768w, https:\/\/www.fundacionmdp.org\/wp-content\/uploads\/2025\/05\/Enrique-1229x1536.jpg 1229w, https:\/\/www.fundacionmdp.org\/wp-content\/uploads\/2025\/05\/Enrique-1638x2048.jpg 1638w, https:\/\/www.fundacionmdp.org\/wp-content\/uploads\/2025\/05\/Enrique-scaled.jpg 2048w\" sizes=\"(max-width: 819px) 100vw, 819px\" \/>\t\t\t\t\t\t\t\t\t\t\t\t\t\t\t<\/div>\n\t\t\t\t<\/div>\n\t\t<div class=\"elementor-element elementor-element-7c38842 title-wrap e-flex e-con-boxed e-con e-child\" data-id=\"7c38842\" data-element_type=\"container\" data-e-type=\"container\">\n\t\t\t\t\t<div class=\"e-con-inner\">\n\t\t\t\t<div class=\"elementor-element elementor-element-ef378ee title-no-margin-bot elementor-widget elementor-widget-text-editor\" data-id=\"ef378ee\" data-element_type=\"widget\" data-e-type=\"widget\" data-widget_type=\"text-editor.default\">\n\t\t\t\t<div class=\"elementor-widget-container\">\n\t\t\t\t\t\t\t\t\t<p><em>Patr\u00f3<\/em><\/p><h3>Enrique Vendrell Santiveri<\/h3>\t\t\t\t\t\t\t\t<\/div>\n\t\t\t\t<\/div>\n\t\t\t\t\t<\/div>\n\t\t\t\t<\/div>\n\t\t\t\t\t<\/div>\n\t\t\t\t<\/div>\n\t\t\t\t<div class=\"elementor-element elementor-element-58247d9 grid-organos-content elementor-widget elementor-widget-text-editor\" data-id=\"58247d9\" data-element_type=\"widget\" data-e-type=\"widget\" data-widget_type=\"text-editor.default\">\n\t\t\t\t<div class=\"elementor-widget-container\">\n\t\t\t\t\t\t\t\t\t<p>Vicepresident del Grup Mutua de Propietarios i membre del Consell des del 2012. Llicenciat en Dret, \u00e9s Agent de la Propietat Immobili\u00e0ria i Administrador de Finques. Soci fundador del Bufet VENDRELL &amp; ASSOCIATS Advocats SCP i membre del Ple del Consell General de Col\u00b7legis d&#8217;Administradors de Finques d&#8217;Espanya i Vocal del Col\u00b7legi d&#8217;Administradors de Finques de Barcelona i Lleida. Tamb\u00e9 exerceix com a Professor a ESADE i a la Universitat de Burgos.<\/p><p>\u00a0<\/p>\t\t\t\t\t\t\t\t<\/div>\n\t\t\t\t<\/div>\n\t\t\t\t<\/div>\n\t\t\t\t\t<\/div>\n\t\t\t\t<\/div>\n\t\t\t\t\t<\/div>\n\t\t\t\t<\/div>\n\t\t<div class=\"elementor-element elementor-element-31c6306 grid-organos-gobierno e-flex e-con-boxed e-con e-parent\" data-id=\"31c6306\" data-element_type=\"container\" data-e-type=\"container\">\n\t\t\t\t\t<div class=\"e-con-inner\">\n\t\t<div class=\"elementor-element elementor-element-b18a6cf grid-organos-gobierno-wrap e-flex e-con-boxed e-con e-child\" data-id=\"b18a6cf\" data-element_type=\"container\" data-e-type=\"container\">\n\t\t\t\t\t<div class=\"e-con-inner\">\n\t\t<div class=\"elementor-element elementor-element-a359e8a grid-organos-single e-con-full e-flex e-con e-child\" data-id=\"a359e8a\" data-element_type=\"container\" data-e-type=\"container\">\n\t\t<div class=\"elementor-element elementor-element-53ee3d1 grid-organos-header e-flex e-con-boxed e-con e-child\" data-id=\"53ee3d1\" data-element_type=\"container\" data-e-type=\"container\">\n\t\t\t\t\t<div class=\"e-con-inner\">\n\t\t\t\t<div class=\"elementor-element elementor-element-b0209c8 img elementor-widget elementor-widget-image\" data-id=\"b0209c8\" data-element_type=\"widget\" data-e-type=\"widget\" data-widget_type=\"image.default\">\n\t\t\t\t<div class=\"elementor-widget-container\">\n\t\t\t\t\t\t\t\t\t\t\t\t\t\t\t<img loading=\"lazy\" decoding=\"async\" width=\"483\" height=\"483\" src=\"https:\/\/www.fundacionmdp.org\/wp-content\/uploads\/2023\/05\/1-1.jpg\" class=\"attachment-large size-large wp-image-6629\" alt=\"\" srcset=\"https:\/\/www.fundacionmdp.org\/wp-content\/uploads\/2023\/05\/1-1.jpg 483w, https:\/\/www.fundacionmdp.org\/wp-content\/uploads\/2023\/05\/1-1-300x300.jpg 300w, https:\/\/www.fundacionmdp.org\/wp-content\/uploads\/2023\/05\/1-1-150x150.jpg 150w\" sizes=\"(max-width: 483px) 100vw, 483px\" \/>\t\t\t\t\t\t\t\t\t\t\t\t\t\t\t<\/div>\n\t\t\t\t<\/div>\n\t\t<div class=\"elementor-element elementor-element-fffad03 title-wrap e-flex e-con-boxed e-con e-child\" data-id=\"fffad03\" data-element_type=\"container\" data-e-type=\"container\">\n\t\t\t\t\t<div class=\"e-con-inner\">\n\t\t\t\t<div class=\"elementor-element elementor-element-07e81a9 title-no-margin-bot elementor-widget elementor-widget-text-editor\" data-id=\"07e81a9\" data-element_type=\"widget\" data-e-type=\"widget\" data-widget_type=\"text-editor.default\">\n\t\t\t\t<div class=\"elementor-widget-container\">\n\t\t\t\t\t\t\t\t\t<p><em>Secretari<\/em><\/p><h3>Alberto Ouro Fuente<\/h3>\t\t\t\t\t\t\t\t<\/div>\n\t\t\t\t<\/div>\n\t\t\t\t\t<\/div>\n\t\t\t\t<\/div>\n\t\t\t\t\t<\/div>\n\t\t\t\t<\/div>\n\t\t\t\t<div class=\"elementor-element elementor-element-ddd16c4 grid-organos-content elementor-widget elementor-widget-text-editor\" data-id=\"ddd16c4\" data-element_type=\"widget\" data-e-type=\"widget\" data-widget_type=\"text-editor.default\">\n\t\t\t\t<div class=\"elementor-widget-container\">\n\t\t\t\t\t\t\t\t\t<p>Llicenciat en Dret, \u00e9s soci del bufet d&#8217;advocats RCD en l&#8217;\u00e0rea d&#8217;Innovaci\u00f3 i Emprenedoria. Especialitzat en els aspectes regulatoris i de dret p\u00fablic i institucional de la legislaci\u00f3 que s&#8217;aplica a centres p\u00fablics de recerca i entitats sense \u00e0nim de lucre, com fundacions, associacions o consorcis, tant pel que fa al compliment de les seves obligacions com a la regulaci\u00f3 pr\u00f2pia de cada instituci\u00f3. Amb \u00e0mplia experi\u00e8ncia en totes les \u00e0rees del dret aplicables a aquestes entitats, a les quals presta assessorament recurrent.<\/p>\t\t\t\t\t\t\t\t<\/div>\n\t\t\t\t<\/div>\n\t\t\t\t<\/div>\n\t\t<div class=\"elementor-element elementor-element-ff32da5 grid-organos-single e-con-full e-flex e-con e-child\" data-id=\"ff32da5\" data-element_type=\"container\" data-e-type=\"container\">\n\t\t<div class=\"elementor-element elementor-element-597fc4c grid-organos-header e-flex e-con-boxed e-con e-child\" data-id=\"597fc4c\" data-element_type=\"container\" data-e-type=\"container\">\n\t\t\t\t\t<div class=\"e-con-inner\">\n\t\t\t\t<div class=\"elementor-element elementor-element-3cb5773 img elementor-widget elementor-widget-image\" data-id=\"3cb5773\" data-element_type=\"widget\" data-e-type=\"widget\" data-widget_type=\"image.default\">\n\t\t\t\t<div class=\"elementor-widget-container\">\n\t\t\t\t\t\t\t\t\t\t\t\t\t\t\t<img loading=\"lazy\" decoding=\"async\" width=\"864\" height=\"1024\" src=\"https:\/\/www.fundacionmdp.org\/wp-content\/uploads\/2025\/05\/Cristina-Pallas-864x1024.jpg\" class=\"attachment-large size-large wp-image-11459\" alt=\"\" srcset=\"https:\/\/www.fundacionmdp.org\/wp-content\/uploads\/2025\/05\/Cristina-Pallas-864x1024.jpg 864w, https:\/\/www.fundacionmdp.org\/wp-content\/uploads\/2025\/05\/Cristina-Pallas-253x300.jpg 253w, https:\/\/www.fundacionmdp.org\/wp-content\/uploads\/2025\/05\/Cristina-Pallas-768x911.jpg 768w, https:\/\/www.fundacionmdp.org\/wp-content\/uploads\/2025\/05\/Cristina-Pallas-1296x1536.jpg 1296w, https:\/\/www.fundacionmdp.org\/wp-content\/uploads\/2025\/05\/Cristina-Pallas-1727x2048.jpg 1727w, https:\/\/www.fundacionmdp.org\/wp-content\/uploads\/2025\/05\/Cristina-Pallas.jpg 1891w\" sizes=\"(max-width: 864px) 100vw, 864px\" \/>\t\t\t\t\t\t\t\t\t\t\t\t\t\t\t<\/div>\n\t\t\t\t<\/div>\n\t\t<div class=\"elementor-element elementor-element-d241236 title-wrap e-flex e-con-boxed e-con e-child\" data-id=\"d241236\" data-element_type=\"container\" data-e-type=\"container\">\n\t\t\t\t\t<div class=\"e-con-inner\">\n\t\t\t\t<div class=\"elementor-element elementor-element-ade81a8 title-no-margin-bot elementor-widget elementor-widget-text-editor\" data-id=\"ade81a8\" data-element_type=\"widget\" data-e-type=\"widget\" data-widget_type=\"text-editor.default\">\n\t\t\t\t<div class=\"elementor-widget-container\">\n\t\t\t\t\t\t\t\t\t<em>Directora<\/em>\n<h3>Cristina Pall\u00e0s Caballero<\/h3>\t\t\t\t\t\t\t\t<\/div>\n\t\t\t\t<\/div>\n\t\t\t\t\t<\/div>\n\t\t\t\t<\/div>\n\t\t\t\t\t<\/div>\n\t\t\t\t<\/div>\n\t\t\t\t<div class=\"elementor-element elementor-element-f1809b1 grid-organos-content elementor-widget elementor-widget-text-editor\" data-id=\"f1809b1\" data-element_type=\"widget\" data-e-type=\"widget\" data-widget_type=\"text-editor.default\">\n\t\t\t\t<div class=\"elementor-widget-container\">\n\t\t\t\t\t\t\t\t\t<p>M\u00e0ster en Direcci\u00f3 de M\u00e0rqueting per ESADE Business School i formaci\u00f3 executiva a IESE Business School (PDD i AMP), ha desenvolupat la seva traject\u00f2ria professional durant m\u00e9s de 20 anys en l&#8217;\u00e0mbit de les relacions institucionals, la gesti\u00f3 d&#8217;aliances i el desenvolupament de programes en organitzacions com Fundaci\u00f3 Joan Mir\u00f3, ESADE Business School i IESE. Actualment, \u00e9s Directora de la Fundaci\u00f3 Mutua de Propietarios i membre del Comit\u00e8 de Direcci\u00f3 del Grup Mutua de Propietarios, des d&#8217;on impulsa el posicionament de l&#8217;entitat i lidera el desenvolupament d&#8217;iniciatives estrat\u00e8giques i d&#8217;impacte social.<\/p>\t\t\t\t\t\t\t\t<\/div>\n\t\t\t\t<\/div>\n\t\t\t\t<\/div>\n\t\t\t\t\t<\/div>\n\t\t\t\t<\/div>\n\t\t\t\t\t<\/div>\n\t\t\t\t<\/div>\n\t\t<div class=\"elementor-element elementor-element-163259d grid-organos-gobierno e-flex e-con-boxed e-con e-parent\" data-id=\"163259d\" data-element_type=\"container\" data-e-type=\"container\">\n\t\t\t\t\t<div class=\"e-con-inner\">\n\t\t<div class=\"elementor-element elementor-element-c0c173f grid-organos-gobierno-wrap e-flex e-con-boxed e-con e-child\" data-id=\"c0c173f\" data-element_type=\"container\" data-e-type=\"container\">\n\t\t\t\t\t<div class=\"e-con-inner\">\n\t\t\t\t\t<\/div>\n\t\t\t\t<\/div>\n\t\t\t\t\t<\/div>\n\t\t\t\t<\/div>\n\t\t\t\t<\/div>\n\t\t","protected":false},"excerpt":{"rendered":"<p>\u00d2rgans de govern Coneix els \u00d2rgans de Govern, que s&#8217;encarreguen de prendre les decisions estrat\u00e8giques, supervisar la gesti\u00f3 i assegurar el compliment dels objectius de la fundaci\u00f3. Presidenta Laura L\u00f3pez Demarbre MBA, Enginyera T\u00e8cnica Industrial i Llicenciada en Investigaci\u00f3 i T\u00e8cniques de Mercat. Becada per participar en el programa de lideratge femen\u00ed W50 a UCLA [&hellip;]<\/p>\n","protected":false},"author":1,"featured_media":0,"parent":0,"menu_order":0,"comment_status":"closed","ping_status":"closed","template":"","meta":{"_acf_changed":false,"ocean_post_layout":"","ocean_both_sidebars_style":"","ocean_both_sidebars_content_width":0,"ocean_both_sidebars_sidebars_width":0,"ocean_sidebar":"","ocean_second_sidebar":"","ocean_disable_margins":"enable","ocean_add_body_class":"","ocean_shortcode_before_top_bar":"","ocean_shortcode_after_top_bar":"","ocean_shortcode_before_header":"","ocean_shortcode_after_header":"","ocean_has_shortcode":"","ocean_shortcode_after_title":"","ocean_shortcode_before_footer_widgets":"","ocean_shortcode_after_footer_widgets":"","ocean_shortcode_before_footer_bottom":"","ocean_shortcode_after_footer_bottom":"","ocean_display_top_bar":"default","ocean_display_header":"default","ocean_header_style":"","ocean_center_header_left_menu":"","ocean_custom_header_template":"","ocean_custom_logo":0,"ocean_custom_retina_logo":0,"ocean_custom_logo_max_width":0,"ocean_custom_logo_tablet_max_width":0,"ocean_custom_logo_mobile_max_width":0,"ocean_custom_logo_max_height":0,"ocean_custom_logo_tablet_max_height":0,"ocean_custom_logo_mobile_max_height":0,"ocean_header_custom_menu":"","ocean_menu_typo_font_family":"","ocean_menu_typo_font_subset":"","ocean_menu_typo_font_size":0,"ocean_menu_typo_font_size_tablet":0,"ocean_menu_typo_font_size_mobile":0,"ocean_menu_typo_font_size_unit":"px","ocean_menu_typo_font_weight":"","ocean_menu_typo_font_weight_tablet":"","ocean_menu_typo_font_weight_mobile":"","ocean_menu_typo_transform":"","ocean_menu_typo_transform_tablet":"","ocean_menu_typo_transform_mobile":"","ocean_menu_typo_line_height":0,"ocean_menu_typo_line_height_tablet":0,"ocean_menu_typo_line_height_mobile":0,"ocean_menu_typo_line_height_unit":"","ocean_menu_typo_spacing":0,"ocean_menu_typo_spacing_tablet":0,"ocean_menu_typo_spacing_mobile":0,"ocean_menu_typo_spacing_unit":"","ocean_menu_link_color":"","ocean_menu_link_color_hover":"","ocean_menu_link_color_active":"","ocean_menu_link_background":"","ocean_menu_link_hover_background":"","ocean_menu_link_active_background":"","ocean_menu_social_links_bg":"","ocean_menu_social_hover_links_bg":"","ocean_menu_social_links_color":"","ocean_menu_social_hover_links_color":"","ocean_disable_title":"default","ocean_disable_heading":"default","ocean_post_title":"","ocean_post_subheading":"","ocean_post_title_style":"","ocean_post_title_background_color":"","ocean_post_title_background":0,"ocean_post_title_bg_image_position":"","ocean_post_title_bg_image_attachment":"","ocean_post_title_bg_image_repeat":"","ocean_post_title_bg_image_size":"","ocean_post_title_height":0,"ocean_post_title_bg_overlay":0.5,"ocean_post_title_bg_overlay_color":"","ocean_disable_breadcrumbs":"default","ocean_breadcrumbs_color":"","ocean_breadcrumbs_separator_color":"","ocean_breadcrumbs_links_color":"","ocean_breadcrumbs_links_hover_color":"","ocean_display_footer_widgets":"default","ocean_display_footer_bottom":"default","ocean_custom_footer_template":"","footnotes":""},"class_list":["post-8499","page","type-page","status-publish","hentry","entry"],"acf":[],"yoast_head":"<!-- This site is optimized with the Yoast SEO plugin v27.3 - https:\/\/yoast.com\/product\/yoast-seo-wordpress\/ -->\n<title>\u00d2rgans de govern - Fundaci\u00f3n Mutua de Propietarios<\/title>\n<meta name=\"robots\" content=\"index, follow, max-snippet:-1, max-image-preview:large, max-video-preview:-1\" \/>\n<link rel=\"canonical\" href=\"https:\/\/www.fundacionmdp.org\/organos-de-gobierno\/\" \/>\n<meta property=\"og:locale\" content=\"ca_ES\" \/>\n<meta property=\"og:type\" content=\"article\" \/>\n<meta property=\"og:title\" content=\"\u00d2rgans de govern - Fundaci\u00f3n Mutua de Propietarios\" \/>\n<meta property=\"og:description\" content=\"\u00d2rgans de govern Coneix els \u00d2rgans de Govern, que s&#8217;encarreguen de prendre les decisions estrat\u00e8giques, supervisar la gesti\u00f3 i assegurar el compliment dels objectius de la fundaci\u00f3. Presidenta Laura L\u00f3pez Demarbre MBA, Enginyera T\u00e8cnica Industrial i Llicenciada en Investigaci\u00f3 i T\u00e8cniques de Mercat. Becada per participar en el programa de lideratge femen\u00ed W50 a UCLA [&hellip;]\" \/>\n<meta property=\"og:url\" content=\"https:\/\/www.fundacionmdp.org\/organos-de-gobierno\/\" \/>\n<meta property=\"og:site_name\" content=\"Fundaci\u00f3n Mutua de Propietarios\" \/>\n<meta property=\"article:modified_time\" content=\"2026-03-26T10:01:47+00:00\" \/>\n<meta property=\"og:image\" content=\"https:\/\/www.fundacionmdp.org\/wp-content\/uploads\/2023\/05\/fundacionmdp-organos-gobierno.jpg\" \/>\n\t<meta property=\"og:image:width\" content=\"2000\" \/>\n\t<meta property=\"og:image:height\" content=\"1333\" \/>\n\t<meta property=\"og:image:type\" content=\"image\/jpeg\" \/>\n<meta name=\"twitter:card\" content=\"summary_large_image\" \/>\n<meta name=\"twitter:label1\" content=\"Temps estimat de lectura\" \/>\n\t<meta name=\"twitter:data1\" content=\"6 minuts\" \/>\n<script type=\"application\/ld+json\" class=\"yoast-schema-graph\">{\"@context\":\"https:\\\/\\\/schema.org\",\"@graph\":[{\"@type\":\"WebPage\",\"@id\":\"https:\\\/\\\/www.fundacionmdp.org\\\/organos-de-gobierno\\\/\",\"url\":\"https:\\\/\\\/www.fundacionmdp.org\\\/organos-de-gobierno\\\/\",\"name\":\"\u00d2rgans de govern - Fundaci\u00f3n Mutua de Propietarios\",\"isPartOf\":{\"@id\":\"https:\\\/\\\/www.fundacionmdp.org\\\/#website\"},\"primaryImageOfPage\":{\"@id\":\"https:\\\/\\\/www.fundacionmdp.org\\\/organos-de-gobierno\\\/#primaryimage\"},\"image\":{\"@id\":\"https:\\\/\\\/www.fundacionmdp.org\\\/organos-de-gobierno\\\/#primaryimage\"},\"thumbnailUrl\":\"https:\\\/\\\/www.fundacionmdp.org\\\/wp-content\\\/uploads\\\/2023\\\/05\\\/fundacionmdp-organos-gobierno-1024x682.jpg\",\"datePublished\":\"2023-05-06T05:25:36+00:00\",\"dateModified\":\"2026-03-26T10:01:47+00:00\",\"breadcrumb\":{\"@id\":\"https:\\\/\\\/www.fundacionmdp.org\\\/organos-de-gobierno\\\/#breadcrumb\"},\"inLanguage\":\"ca\",\"potentialAction\":[{\"@type\":\"ReadAction\",\"target\":[\"https:\\\/\\\/www.fundacionmdp.org\\\/organos-de-gobierno\\\/\"]}]},{\"@type\":\"ImageObject\",\"inLanguage\":\"ca\",\"@id\":\"https:\\\/\\\/www.fundacionmdp.org\\\/organos-de-gobierno\\\/#primaryimage\",\"url\":\"https:\\\/\\\/www.fundacionmdp.org\\\/wp-content\\\/uploads\\\/2023\\\/05\\\/fundacionmdp-organos-gobierno-1024x682.jpg\",\"contentUrl\":\"https:\\\/\\\/www.fundacionmdp.org\\\/wp-content\\\/uploads\\\/2023\\\/05\\\/fundacionmdp-organos-gobierno-1024x682.jpg\"},{\"@type\":\"BreadcrumbList\",\"@id\":\"https:\\\/\\\/www.fundacionmdp.org\\\/organos-de-gobierno\\\/#breadcrumb\",\"itemListElement\":[{\"@type\":\"ListItem\",\"position\":1,\"name\":\"Home\",\"item\":\"https:\\\/\\\/www.fundacionmdp.org\\\/ca\\\/\"},{\"@type\":\"ListItem\",\"position\":2,\"name\":\"\u00d2rgans de govern\"}]},{\"@type\":\"WebSite\",\"@id\":\"https:\\\/\\\/www.fundacionmdp.org\\\/#website\",\"url\":\"https:\\\/\\\/www.fundacionmdp.org\\\/\",\"name\":\"Fundaci\u00f3n Mutua de Propietarios\",\"description\":\"En la Fundaci\u00f3n Mutua de Propietarios te ayudamos a convertir tu edificio de viviendas en un espacio sin barreras arquitect\u00f3nicas.\",\"publisher\":{\"@id\":\"https:\\\/\\\/www.fundacionmdp.org\\\/#organization\"},\"potentialAction\":[{\"@type\":\"SearchAction\",\"target\":{\"@type\":\"EntryPoint\",\"urlTemplate\":\"https:\\\/\\\/www.fundacionmdp.org\\\/?s={search_term_string}\"},\"query-input\":{\"@type\":\"PropertyValueSpecification\",\"valueRequired\":true,\"valueName\":\"search_term_string\"}}],\"inLanguage\":\"ca\"},{\"@type\":\"Organization\",\"@id\":\"https:\\\/\\\/www.fundacionmdp.org\\\/#organization\",\"name\":\"Fundaci\u00f3n Mutua de Propietarios\",\"url\":\"https:\\\/\\\/www.fundacionmdp.org\\\/\",\"logo\":{\"@type\":\"ImageObject\",\"inLanguage\":\"ca\",\"@id\":\"https:\\\/\\\/www.fundacionmdp.org\\\/#\\\/schema\\\/logo\\\/image\\\/\",\"url\":\"https:\\\/\\\/www.fundacionmdp.org\\\/wp-content\\\/uploads\\\/2023\\\/05\\\/logo_FMdP_cat.png\",\"contentUrl\":\"https:\\\/\\\/www.fundacionmdp.org\\\/wp-content\\\/uploads\\\/2023\\\/05\\\/logo_FMdP_cat.png\",\"width\":655,\"height\":297,\"caption\":\"Fundaci\u00f3n Mutua de Propietarios\"},\"image\":{\"@id\":\"https:\\\/\\\/www.fundacionmdp.org\\\/#\\\/schema\\\/logo\\\/image\\\/\"}}]}<\/script>\n<!-- \/ Yoast SEO plugin. -->","yoast_head_json":{"title":"\u00d2rgans de govern - Fundaci\u00f3n Mutua de Propietarios","robots":{"index":"index","follow":"follow","max-snippet":"max-snippet:-1","max-image-preview":"max-image-preview:large","max-video-preview":"max-video-preview:-1"},"canonical":"https:\/\/www.fundacionmdp.org\/organos-de-gobierno\/","og_locale":"ca_ES","og_type":"article","og_title":"\u00d2rgans de govern - Fundaci\u00f3n Mutua de Propietarios","og_description":"\u00d2rgans de govern Coneix els \u00d2rgans de Govern, que s&#8217;encarreguen de prendre les decisions estrat\u00e8giques, supervisar la gesti\u00f3 i assegurar el compliment dels objectius de la fundaci\u00f3. Presidenta Laura L\u00f3pez Demarbre MBA, Enginyera T\u00e8cnica Industrial i Llicenciada en Investigaci\u00f3 i T\u00e8cniques de Mercat. Becada per participar en el programa de lideratge femen\u00ed W50 a UCLA [&hellip;]","og_url":"https:\/\/www.fundacionmdp.org\/organos-de-gobierno\/","og_site_name":"Fundaci\u00f3n Mutua de Propietarios","article_modified_time":"2026-03-26T10:01:47+00:00","og_image":[{"width":2000,"height":1333,"url":"https:\/\/www.fundacionmdp.org\/wp-content\/uploads\/2023\/05\/fundacionmdp-organos-gobierno.jpg","type":"image\/jpeg"}],"twitter_card":"summary_large_image","twitter_misc":{"Temps estimat de lectura":"6 minuts"},"schema":{"@context":"https:\/\/schema.org","@graph":[{"@type":"WebPage","@id":"https:\/\/www.fundacionmdp.org\/organos-de-gobierno\/","url":"https:\/\/www.fundacionmdp.org\/organos-de-gobierno\/","name":"\u00d2rgans de govern - Fundaci\u00f3n Mutua de Propietarios","isPartOf":{"@id":"https:\/\/www.fundacionmdp.org\/#website"},"primaryImageOfPage":{"@id":"https:\/\/www.fundacionmdp.org\/organos-de-gobierno\/#primaryimage"},"image":{"@id":"https:\/\/www.fundacionmdp.org\/organos-de-gobierno\/#primaryimage"},"thumbnailUrl":"https:\/\/www.fundacionmdp.org\/wp-content\/uploads\/2023\/05\/fundacionmdp-organos-gobierno-1024x682.jpg","datePublished":"2023-05-06T05:25:36+00:00","dateModified":"2026-03-26T10:01:47+00:00","breadcrumb":{"@id":"https:\/\/www.fundacionmdp.org\/organos-de-gobierno\/#breadcrumb"},"inLanguage":"ca","potentialAction":[{"@type":"ReadAction","target":["https:\/\/www.fundacionmdp.org\/organos-de-gobierno\/"]}]},{"@type":"ImageObject","inLanguage":"ca","@id":"https:\/\/www.fundacionmdp.org\/organos-de-gobierno\/#primaryimage","url":"https:\/\/www.fundacionmdp.org\/wp-content\/uploads\/2023\/05\/fundacionmdp-organos-gobierno-1024x682.jpg","contentUrl":"https:\/\/www.fundacionmdp.org\/wp-content\/uploads\/2023\/05\/fundacionmdp-organos-gobierno-1024x682.jpg"},{"@type":"BreadcrumbList","@id":"https:\/\/www.fundacionmdp.org\/organos-de-gobierno\/#breadcrumb","itemListElement":[{"@type":"ListItem","position":1,"name":"Home","item":"https:\/\/www.fundacionmdp.org\/ca\/"},{"@type":"ListItem","position":2,"name":"\u00d2rgans de govern"}]},{"@type":"WebSite","@id":"https:\/\/www.fundacionmdp.org\/#website","url":"https:\/\/www.fundacionmdp.org\/","name":"Fundaci\u00f3n Mutua de Propietarios","description":"En la Fundaci\u00f3n Mutua de Propietarios te ayudamos a convertir tu edificio de viviendas en un espacio sin barreras arquitect\u00f3nicas.","publisher":{"@id":"https:\/\/www.fundacionmdp.org\/#organization"},"potentialAction":[{"@type":"SearchAction","target":{"@type":"EntryPoint","urlTemplate":"https:\/\/www.fundacionmdp.org\/?s={search_term_string}"},"query-input":{"@type":"PropertyValueSpecification","valueRequired":true,"valueName":"search_term_string"}}],"inLanguage":"ca"},{"@type":"Organization","@id":"https:\/\/www.fundacionmdp.org\/#organization","name":"Fundaci\u00f3n Mutua de Propietarios","url":"https:\/\/www.fundacionmdp.org\/","logo":{"@type":"ImageObject","inLanguage":"ca","@id":"https:\/\/www.fundacionmdp.org\/#\/schema\/logo\/image\/","url":"https:\/\/www.fundacionmdp.org\/wp-content\/uploads\/2023\/05\/logo_FMdP_cat.png","contentUrl":"https:\/\/www.fundacionmdp.org\/wp-content\/uploads\/2023\/05\/logo_FMdP_cat.png","width":655,"height":297,"caption":"Fundaci\u00f3n Mutua de Propietarios"},"image":{"@id":"https:\/\/www.fundacionmdp.org\/#\/schema\/logo\/image\/"}}]}},"_links":{"self":[{"href":"https:\/\/www.fundacionmdp.org\/ca\/wp-json\/wp\/v2\/pages\/8499","targetHints":{"allow":["GET"]}}],"collection":[{"href":"https:\/\/www.fundacionmdp.org\/ca\/wp-json\/wp\/v2\/pages"}],"about":[{"href":"https:\/\/www.fundacionmdp.org\/ca\/wp-json\/wp\/v2\/types\/page"}],"author":[{"embeddable":true,"href":"https:\/\/www.fundacionmdp.org\/ca\/wp-json\/wp\/v2\/users\/1"}],"replies":[{"embeddable":true,"href":"https:\/\/www.fundacionmdp.org\/ca\/wp-json\/wp\/v2\/comments?post=8499"}],"version-history":[{"count":32,"href":"https:\/\/www.fundacionmdp.org\/ca\/wp-json\/wp\/v2\/pages\/8499\/revisions"}],"predecessor-version":[{"id":12465,"href":"https:\/\/www.fundacionmdp.org\/ca\/wp-json\/wp\/v2\/pages\/8499\/revisions\/12465"}],"wp:attachment":[{"href":"https:\/\/www.fundacionmdp.org\/ca\/wp-json\/wp\/v2\/media?parent=8499"}],"curies":[{"name":"wp","href":"https:\/\/api.w.org\/{rel}","templated":true}]}}