{"id":8518,"date":"2023-05-09T14:52:15","date_gmt":"2023-05-09T14:52:15","guid":{"rendered":"http:\/\/108.128.154.120\/?page_id=8518"},"modified":"2023-05-25T13:53:23","modified_gmt":"2023-05-25T13:53:23","slug":"avis-legal","status":"publish","type":"page","link":"https:\/\/www.fundacionmdp.org\/ca\/avis-legal\/","title":{"rendered":"Av\u00eds Legal"},"content":{"rendered":"\t\t<div data-elementor-type=\"wp-page\" data-elementor-id=\"8518\" class=\"elementor elementor-8518 elementor-2671\">\n\t\t\t\t\t\t<section class=\"elementor-section elementor-top-section elementor-element elementor-element-f0e11ee seccion-legales elementor-section-boxed elementor-section-height-default elementor-section-height-default\" data-id=\"f0e11ee\" data-element_type=\"section\" data-e-type=\"section\">\n\t\t\t\t\t\t<div class=\"elementor-container elementor-column-gap-default\">\n\t\t\t\t\t<div class=\"elementor-column elementor-col-100 elementor-top-column elementor-element elementor-element-2d83ea6\" data-id=\"2d83ea6\" data-element_type=\"column\" data-e-type=\"column\">\n\t\t\t<div class=\"elementor-widget-wrap elementor-element-populated\">\n\t\t\t\t\t\t<div class=\"elementor-element elementor-element-2f307b6 elementor-widget elementor-widget-text-editor\" data-id=\"2f307b6\" data-element_type=\"widget\" data-e-type=\"widget\" data-widget_type=\"text-editor.default\">\n\t\t\t\t<div class=\"elementor-widget-container\">\n\t\t\t\t\t\t\t\t\t<h2>Av\u00eds legal<\/h2><p><strong><u>AV\u00cdS LEGAL<\/u><\/strong><\/p><p><strong><em>A<\/em><\/strong><strong>. INTRODUCCI\u00d3 I DADES DEL TITULAR DEL LLOC WEB<\/strong><\/p><p>En compliment del que estableix la Llei 34\/2002, d&#8217;11 de juliol, de serveis de societat de la informaci\u00f3 i del comer\u00e7 electr\u00f2nic (LSSI-CE), la Fundaci\u00f3 Mutua de Propietarios comunica als usuaris les dades seg\u00fcents, com a titular d&#8217;aquest Lloc Web:<\/p><p>Aquest Lloc Web, situat a la URL <a href=\"http:\/\/www.fundaciomdp.org\">www.fundaciomdp.org<\/a> (d&#8217;ara endavant, el <strong><em>Lloc Web<\/em><\/strong>), ha estat dissenyat, elaborat i creat, i posat a la disposici\u00f3 del p\u00fablic, per la Fundaci\u00f3 Mutua de Propietarios, vinculada al GRUP MUTUA PROPIETARIOS (a partir d&#8217;ara, la <strong><em><u>FUNDACI\u00d3 MDP<\/u><\/em><\/strong>). Respecte d&#8217;aquesta entitat, li facilitem la informaci\u00f3 d&#8217;inter\u00e8s seg\u00fcent:<\/p><p><strong>Domicili:<\/strong> c\/ Londres, 29. CP 078029. Barcelona.<\/p><p><strong>CIF: <\/strong>G-67133942<\/p><p><strong>Informaci\u00f3 registral:<\/strong> 2065<\/p><p><strong>Web del titular: <\/strong><a href=\"https:\/\/www.fundacionmdp.org\">https:\/\/www.fundacionmdp.org<\/a><\/p><p><strong>Correu electr\u00f2nic: <\/strong><a href=\"mailto:info@fundacionmdp.org\">info@fundacionmdp.org<\/a><\/p><p>Per al plantejament o resoluci\u00f3 de qualsevol conflicte, incid\u00e8ncia o qualsevol altra q\u00fcesti\u00f3 respecte a l&#8217;acc\u00e9s i navegaci\u00f3 del Lloc Web, o en relaci\u00f3 amb els continguts i serveis posats a la disposici\u00f3 del p\u00fablic per mitj\u00e0 d&#8217;aquest Lloc Web, pot contactar per tel\u00e8fon, correu electr\u00f2nic i\/o l&#8217;adre\u00e7a postal que s&#8217;indiquen a continuaci\u00f3:<\/p><ul><li><strong>Tel\u00e8fons:<\/strong> 931\u00a0933\u00a0988<\/li><li><strong>Adre\u00e7a de correu electr\u00f2nic:<\/strong> <a href=\"mailto:info@fundacionmdp.org\">info@fundacionmdp.org<\/a><\/li><li><strong>Adre\u00e7a postal de contacte:<\/strong> c\/ Londres, 29. CP 078029. Barcelona.<\/li><\/ul><p><strong><em>B<\/em><\/strong><strong>. OBJECTE I \u00c0MBIT D&#8217;APLICACI\u00d3<\/strong><\/p><p>La FUNDACI\u00d3 MDP recomana a l&#8217;usuari que llegeixi detingudament aquest text abans de l&#8217;acc\u00e9s, \u00fas i navegaci\u00f3 del Lloc Web.<\/p><p>Aquest Av\u00eds Legal t\u00e9 per objecte establir les condicions i pautes d&#8217;acc\u00e9s i \u00fas per part dels usuaris del Lloc Web, aix\u00ed com els continguts que s&#8217;hi mostren i comuniquen p\u00fablicament.<\/p><p>El simple acc\u00e9s, \u00fas i navegaci\u00f3 per part de l&#8217;usuari del Lloc Web i dels continguts i serveis posats a la disposici\u00f3 del p\u00fablic per mitj\u00e0 d&#8217;aquest Lloc Web implica l&#8217;acceptaci\u00f3 expressa i sense reserves per part de l&#8217;usuari dels termes que es detallen en aquest document, i l&#8217;usuari declara que ha llegit, coneix i compr\u00e8n aquest Av\u00eds Legal i tamb\u00e9 que assumeix totes les obligacions que l&#8217;incumbeixen com a usuari del Lloc Web.<\/p><p>Aquest document tindr\u00e0 un per\u00edode de validesa indefinit, sempre que no sigui modificat. No obstant aix\u00f2, la FUNDACI\u00d3 MDP es reserva el dret de modificar la presentaci\u00f3, configuraci\u00f3 i contingut del Lloc Web, aix\u00ed com aquest document. L&#8217;acc\u00e9s, \u00fas i navegaci\u00f3 que l&#8217;usuari faci despr\u00e9s de l&#8217;entrada en vigor dels possibles canvis o modificacions comporten l&#8217;acceptaci\u00f3 d&#8217;aquests canvis per l&#8217;usuari.<\/p><p>Sense perjudici de la regulaci\u00f3 que cont\u00e9 aquest document, la FUNDACI\u00d3 MDP es reserva la possibilitat d&#8217;establir eventualment Condicions Particulars d&#8217;\u00das de seccions espec\u00edfiques del Lloc Web, cas en qu\u00e8 els usuaris quedarien igualment vinculats pel contingut de les Condicions Particulars d&#8217;\u00das que, si escau, es publiquin.<\/p><p><strong><em>C<\/em><\/strong><strong>. OBLIGACIONS I RESPONSABILITAT<\/strong><\/p><ol><li><strong>Obligacions i responsabilitat de la FUNDACI\u00d3 MDP en relaci\u00f3 amb la informaci\u00f3 publicada per mitj\u00e0 del Lloc Web<\/strong><\/li><\/ol><p>La FUNDACI\u00d3 MDP revisa peri\u00f2dicament el contingut publicat i posat a la disposici\u00f3 del p\u00fablic a trav\u00e9s del Lloc Web mitjan\u00e7ant les accions pertinents amb la finalitat de garantir l&#8217;exactitud i precisi\u00f3 d&#8217;aquesta informaci\u00f3, actualitza peri\u00f2dicament aquesta informaci\u00f3 i corregeix errors eventuals amb la m\u00e0xima celeritat.<\/p><p>No obstant aix\u00f2, la FUNDACI\u00d3 MDP no pot garantir la inexist\u00e8ncia absoluta d&#8217;errors ni l&#8217;actualitzaci\u00f3 cont\u00ednua de la informaci\u00f3 posada a la disposici\u00f3 del p\u00fablic.<\/p><p>S&#8217;estableix expressament que la FUNDACI\u00d3 MDP no \u00e9s responsable, en cap cas, de:<\/p><ul><li>La continu\u00eftat dels continguts i serveis del Lloc Web.<\/li><li>L&#8217;exist\u00e8ncia d&#8217;errors en aquests continguts i serveis.<\/li><li>La pres\u00e8ncia de virus o altres categories de components nocius en el Lloc Web o en el servidor que el subministra.<\/li><li>La vulnerabilitat del Lloc Web i\/o l&#8217;efectivitat de les mesures de seguretat que s&#8217;hi adoptin.<\/li><li>La falta d&#8217;utilitat o rendiment dels continguts i serveis del Lloc Web.<\/li><li>Els danys o perjudicis que causi, a ell mateix o a un tercer, qualsevol usuari que infringeixi les condicions, normes i instruccions que la FUNDACI\u00d3 MDP estableix per a l&#8217;acc\u00e9s i \u00fas del Lloc Web, o per mitj\u00e0 de la vulneraci\u00f3 dels sistemes de seguretat del Lloc Web.<\/li><\/ul><p>Sense perjudici de tot el que s&#8217;ha exposat, la FUNDACI\u00d3N MDP declara que ha adoptat totes les mesures necess\u00e0ries, dins de les seves possibilitats i de l&#8217;estat de la tecnologia, per garantir el funcionament del Lloc Web i evitar l&#8217;exist\u00e8ncia de virus o altres components maliciosos o nocius.<\/p><p><strong>C. Obligacions i responsabilitat dels usuaris<\/strong><\/p><p>Amb car\u00e0cter enunciatiu i no limitador, l&#8217;usuari del Lloc Web es compromet a:<\/p><ul><li>Un acc\u00e9s, \u00fas i navegaci\u00f3 del Lloc Web conforme a les disposicions establertes per la legislaci\u00f3 i normativa vigents, la bona fe, l&#8217;ordre p\u00fablic i els usos i costums generalment acceptats, aix\u00ed com a un acc\u00e9s, \u00fas i navegaci\u00f3 del Lloc Web d&#8217;acord amb les possibilitats i serveis que ofereix, aix\u00ed com amb les finalitats per a les quals ha estat concebut, i es compromet a no fer \u00fas del Lloc Web amb una finalitat diferent de la que s&#8217;estableix en aquest Av\u00eds Legal.<\/li><li>No usar el Lloc Web ni els seus continguts amb finalitats il\u00b7l\u00edcites, contr\u00e0ries a la legislaci\u00f3 i normativa vigents o lesives per als drets o interessos de la FUNDACI\u00d3 MDP i\/o de terceres persones, siguin f\u00edsiques o jur\u00eddiques.<\/li><li>No causar perjudicis, danys o deterioraments al software, eines i\/o continguts que constitueixen el Lloc Web, i no impedir-ne el funcionament normal.<\/li><li>No provocar danys en els sistemes f\u00edsics i l\u00f2gics del Lloc Web, aix\u00ed com tampoc introduir o difondre a la xarxa, per mitj\u00e0 del Lloc Web, virus inform\u00e0tics o software malici\u00f3s de qualsevol mena, o qualssevol altres eines susceptibles de provocar danys an\u00e0legs o semblants.<\/li><li>No fer servir cap mena de proc\u00e9s automatitzat per accedir al Lloc Web, usar-lo i\/o navegar-hi.<\/li><li>En tot cas, l&#8217;usuari \u00e9s responsable, de manera \u00fanica i exclusiva, de l&#8217;\u00fas que faci del Lloc Web, aix\u00ed com dels continguts i eines posats a la disposici\u00f3 del p\u00fablic per mitj\u00e0 d&#8217;aquest Lloc Web, i ha d&#8217;assumir de manera \u00fanica i exclusiva les responsabilitats de qualsevol \u00edndole que es puguin derivar de l&#8217;incompliment per part de l&#8217;usuari de les obligacions que cont\u00e9 aquest Av\u00eds Legal i\/o de la legislaci\u00f3 i normativa vigents en l&#8217;acc\u00e9s, \u00fas i navegaci\u00f3 que faci del Lloc Web, tant davant de la FUNDACI\u00d3 MDP com respecte d&#8217;altres tercers. En aquest sentit, la FUNDACI\u00d3 MDP no assumeix cap responsabilitat, tant directa com indirecta, derivada de l&#8217;incompliment per part de l&#8217;usuari dels compromisos i obligacions establerts en els par\u00e0grafs precedents i queda exclosa de qualsevol responsabilitat, sigui directa o indirecta, respecte de qualsevol dany o perjudici causat a l&#8217;usuari del Lloc Web i\/o a un tercer provocat pel mal \u00fas, intencionat o no, que l&#8217;usuari faci del Lloc Web i\/o dels continguts, eines i utilitats posats a la disposici\u00f3 del p\u00fablic per mitj\u00e0 d&#8217;aquest Lloc Web, aix\u00ed com per la inobservan\u00e7a del que s&#8217;ha estipulat en aquest document o en qualssevol altres que fossin publicats per la FUNDACI\u00d3 MDP per mitj\u00e0 del Lloc Web i vinculin als usuaris del Lloc Web.<\/li><li>L&#8217;usuari expressament exonera i mant\u00e9 indemne la FUNDACI\u00d3 MDP respecte de qualsevol responsabilitat i\/o reclamaci\u00f3 emesa per una tercera persona f\u00edsica o jur\u00eddica que sorgeixi a conseq\u00fc\u00e8ncia de l&#8217;acc\u00e9s, \u00fas i navegaci\u00f3 que l&#8217;usuari faci del Lloc Web.<\/li><\/ul><p>En aquest sentit, la FUNDACI\u00d3 MDP ofereix la possibilitat als usuaris d&#8217;aquest Lloc Web de denunciar i comunicar a la FUNDACI\u00d3 MDP, per mitj\u00e0 de l&#8217;adre\u00e7a de correu electr\u00f2nic <a href=\"mailto:cumplimientolegal@fundacionmdp.org\">cumplimientolegal@fundacionmdp.org<\/a>, qualssevol abusos, incid\u00e8ncies, vulneracions de drets, continguts inapropiats o contraris al que es disposa en aquestes condicions d&#8217;\u00fas que puguin apar\u00e8ixer en aquest Lloc Web, de qu\u00e8 els usuaris tinguin esment.<\/p><p><strong><em>D<\/em><\/strong><strong>. RESPONSABILITAT DE TERCERS, PUBLICITAT I\/O ENLLA\u00c7OS<\/strong><\/p><p>El Lloc Web pot allotjar, de manera provisional o permanent, enlla\u00e7os o tecnologies semblants (d&#8217;ara endavant i de manera gen\u00e8rica, <em>enlla\u00e7os<\/em>) que redirigeixin l&#8217;usuari a altres p\u00e0gines o llocs web i\/o espais publicitaris gestionats per tercers.<\/p><p>En cas que hi hagi aquests enlla\u00e7os, tenen com a \u00fanica finalitat facilitar i permetre l&#8217;acc\u00e9s a l&#8217;usuari a continguts i\/o serveis que puguin resultar del seu inter\u00e8s que, en tot cas, han de gestionar tercers i no pas la Fundaci\u00f3 MDP.<\/p><p>La FUNDACI\u00d3 MDP no es responsabilitza ni fa propis els continguts, serveis i qualsevol altra informaci\u00f3 proporcionada per tercers que puguin allotjar els enlla\u00e7os disponibles al Lloc Web.<\/p><p>La FUNDACI\u00d3N MDP no assumeix cap responsabilitat, sigui directa o indirecta, derivada de les connexions que es facin per mitj\u00e0 dels enlla\u00e7os, o dels continguts als quals dirigeixin aquests enlla\u00e7os, ni garanteix la disponibilitat t\u00e8cnica, licitud, veracitat, utilitat, qualitat, fiabilitat, exactitud, correcci\u00f3 o moralitat dels continguts, informacions o serveis a qu\u00e8 s&#8217;accedeixi per mitj\u00e0 d&#8217;aquests enlla\u00e7os, sempre que no siguin directament gestionats o controlats per la FUNDACI\u00d3 MDP.<\/p><p>Incloure enlla\u00e7os i connexions externes no implica, en cap cas, tret que s&#8217;indiqui expressament el contrari, associaci\u00f3, relaci\u00f3 ni participaci\u00f3 de la FUNDACI\u00d3 MDP amb les entitats o terceres persones connectades.<\/p><p><strong><em>E<\/em><\/strong><strong>. LIMITACI\u00d3 DE GARANTIA DE LA FUNDACI\u00d3 MDP<\/strong><\/p><p>La FUNDACI\u00d3 MDP no garanteix la disponibilitat ininterrompuda, l&#8217;acc\u00e9s o la continu\u00eftat del funcionament del Lloc Web, i tampoc que l&#8217;acc\u00e9s al Lloc Web no sigui temporalment interromput per raons d&#8217;\u00edndole t\u00e8cnica, ni que els continguts a qu\u00e8 accedeixen els usuaris, o el software que serveix de base al Lloc Web, sigui permanentment lliure d&#8217;errors.<\/p><p>En conseq\u00fc\u00e8ncia, la FUNDACI\u00d3 MDP no assumeix cap responsabilitat, sigui directa o indirecta, dins dels l\u00edmits establerts per la normativa vigent, respecte de qualsevol perjudici causat als usuaris del Lloc Web provocat o pogu\u00e9s derivar-se de la seva no disponibilitat, errors d&#8217;acc\u00e9s, falta de continu\u00eftat del lloc web, interfer\u00e8ncies, interrupcions o blocatges de servei, omissions, defici\u00e8ncies o sobrec\u00e0rrega de les l\u00ednies de telef\u00f2niques o d&#8217;Internet, avaries o desconnexions del sistema, aix\u00ed com respecte de qualsevol dany o perjudici causat a conseq\u00fc\u00e8ncia d&#8217;intromissions il\u00b7leg\u00edtimes en el Lloc Web, sigui en forma de software malici\u00f3s, virus, cucs, troians, codi malici\u00f3s o qualssevol altres figures an\u00e0logues.<\/p><p>Aix\u00ed mateix, la FUNDACI\u00d3 MDP no assumeix cap responsabilitat, tant directa com indirecta, respecte de cap conseq\u00fc\u00e8ncia, dany o perjudici, de qualsevol \u00edndole, que eventualment sofreixi l&#8217;usuari i que sigui originat a conseq\u00fc\u00e8ncia de l&#8217;acc\u00e9s i\/o \u00fas de la informaci\u00f3 posada a la disposici\u00f3 del p\u00fablic per mitj\u00e0 del Lloc Web.<\/p><p><strong><em>F<\/em><\/strong><strong>. PROPIETAT INDUSTRIAL I INTEL\u00b7LECTUAL<\/strong><\/p><p>La titularitat de tots i cadascun dels drets de propietat industrial i intel\u00b7lectual del Lloc Web, dels seus dissenys gr\u00e0fics, de les informacions i codis que contenen, del contingut i del software que serveix de base al Lloc Web, aix\u00ed com les marques, noms comercials, noms de domini i qualssevol altres continguts susceptibles d&#8217;aplicaci\u00f3 industrial i\/o comercial relatius al servei, funcionalitats o utilitats del Lloc Web pertany de manera \u00fanica i exclusiva a la FUNDACI\u00d3 MDP, o b\u00e9 han estat inclosos en el Lloc Web amb autoritzaci\u00f3 pr\u00e8via dels seus leg\u00edtims titulars i\/o complint la legislaci\u00f3 i normativa vigents. Aix\u00ed mateix, el Lloc Web pot incloure signes distintius, continguts, dissenys gr\u00e0fics, etc., propis de les entitats que integren el Grup Mutua Propietarios, a la qual est\u00e0 vinculada la FUNDACI\u00d3 MDP, que constitueixen drets de propietat industrial i intel\u00b7lectual que corresponen a l&#8217;entitat del Grup Mutua Propietarios a la qual facin refer\u00e8ncia.<\/p><p>En virtut de la facultat de reserva que preveu la legislaci\u00f3 vigent en mat\u00e8ria de propietat intel\u00b7lectual, la FUNDACI\u00d3 MDP s&#8217;oposa a l&#8217;\u00fas d&#8217;aquest Lloc Web i els elements que hi estan integrats protegits per la llei de propietat intel\u00b7lectual amb finalitats de mineria de textos i dades sense haver obtingut el seu consentiment previ i per escrit.<\/p><p>El fet que el Lloc Web posi a la disposici\u00f3 del p\u00fablic actius i\/o utilitats protegits per les normes reguladores de la propietat industrial i intel\u00b7lectual no permetr\u00e0 entendre, en cap cas, que es concedeixi als usuaris del Lloc Web cap llic\u00e8ncia d&#8217;explotaci\u00f3 respecte a aquestes, de manera total ni parcial. L&#8217;obtenci\u00f3 d&#8217;aquesta llic\u00e8ncia per part dels usuaris requereix l&#8217;autoritzaci\u00f3, pr\u00e8via, expressa i atorgada per escrit dels leg\u00edtims titulars de l&#8217;actiu intangible de qu\u00e8 es tracti.<\/p><p>De manera expressa l&#8217;usuari es compromet i s&#8217;obliga a respectar tots i cadascun dels actius protegits mitjan\u00e7ant drets de propietat industrial o intel\u00b7lectual als quals accedeixi per mitj\u00e0 del Lloc Web, i per a l&#8217;usuari del Lloc Web queda expressament prohibit qualsevol acte de reproducci\u00f3, distribuci\u00f3, comunicaci\u00f3 p\u00fablica, posada a disposici\u00f3, transformaci\u00f3 i, en general, qualsevol forma d&#8217;explotaci\u00f3 d&#8217;actius intangibles, obres o continguts als quals accedeixi per mitj\u00e0 del Lloc Web, excepte quan tingui autoritzaci\u00f3 pr\u00e8via, expressa i atorgada per escrit dels leg\u00edtims titulars de l&#8217;actiu intangible de qu\u00e8 es tracti.<\/p><p>S&#8217;informa l&#8217;usuari que qualsevol allotjament de continguts en aquest Lloc Web que faci l&#8217;usuari a conseq\u00fc\u00e8ncia del seu \u00fas implica la cessi\u00f3 gratu\u00efta i per temps indefinit, a favor de la FUNDACI\u00d3 MDP, de tots els drets d&#8217;explotaci\u00f3 sobre aquests continguts, \u00e9s a dir, els drets de reproducci\u00f3, distribuci\u00f3, comunicaci\u00f3 p\u00fablica i transformaci\u00f3.<\/p><p><strong><em>G<\/em><\/strong><strong>. PROTECCI\u00d3 DE DADES DE CAR\u00c0CTER PERSONAL<\/strong><\/p><p>Per saber com tractem les seves dades, pot consultar la nostra Pol\u00edtica de Privacitat (<a href=\"https:\/\/www.fundacionmdp.org\/ca\/politica-de-privacitat\/\"><u>aqu\u00ed<\/u><\/a>\u00a0).<\/p><p><strong><em>H<\/em><\/strong><strong>. INFORMACI\u00d3 SOBRE GALETES<\/strong><\/p><p>Per saber quines galetes fem servir en aquest Lloc Web, pot consultar la nostra Pol\u00edtica de Galetes (<a href=\"https:\/\/www.fundacionmdp.org\/ca\/politica-de-galetes\/\"><u>aqu\u00ed<\/u><\/a>\u00a0).<\/p><p><strong><em>I<\/em><\/strong><strong>. MODIFICACIONS I SUSPENSI\u00d3 DE LA DISPONIBILITAT DEL LLOC WEB<\/strong><\/p><p>La FUNDACI\u00d3 MDP es reserva el dret de dur a terme, en qualsevol moment i sense av\u00eds previ, modificacions, supressions o actualitzacions respecte de la informaci\u00f3 posada a la disposici\u00f3 del p\u00fablic per mitj\u00e0 del Lloc Web, en la seva configuraci\u00f3 interna o en la seva presentaci\u00f3.<\/p><p>Aix\u00ed mateix, la FUNDACI\u00d3 MDP es reserva el dret de modificar, totalment o parcialment, aquest Av\u00eds Legal, la Pol\u00edtica de Privacitat i la Pol\u00edtica de Galetes posats a la disposici\u00f3 dels usuaris per mitj\u00e0 del Lloc Web, incloent-hi, modificant o eliminant les cl\u00e0usules que consideri necess\u00e0ries, sense av\u00eds previ i en el moment que cregui oport\u00fa.<\/p><p>Les modificacions que es puguin dur a terme, segons cada cas, substituiran, completaran i\/o modificaran els documents d&#8217;Av\u00eds Legal, la Pol\u00edtica de Privacitat i la Pol\u00edtica de Galetes.<\/p><p>Les possibles modificacions poden estar motivades, entre altres motius, per canvis t\u00e8cnics en el servei prestat mitjan\u00e7ant el Lloc Web, canvis en la normativa o canvis en les funcionalitats del Lloc Web, o b\u00e9 amb la finalitat de preservar la disponibilitat del Lloc Web davant eventuals usos abusius manuals o robotitzats d&#8217;acc\u00e9s al Lloc Web.<\/p><p>L&#8217;usuari declara expressament que coneix, ent\u00e9n i accepta la possibilitat de modificaci\u00f3 de l&#8217;Av\u00eds Legal, la Pol\u00edtica de Privacitat i\/o la Pol\u00edtica de Galetes que t\u00e9 la FUNDACI\u00d3 MDP i, en cas que, produ\u00efdes aquestes modificacions, continu\u00ef fent servir el servei prestat pel Lloc Web, s&#8217;ent\u00e9n que accepta les modificacions introdu\u00efdes.<\/p><p>Igualment, la FUNDACI\u00d3 MDP es reserva el dret a suspendre temporalment o definitivament, i sense av\u00eds previ, l&#8217;accessibilitat al Lloc Web, sigui amb motiu d&#8217;operacions de manteniment, reparaci\u00f3, actualitzaci\u00f3 o millora del Lloc Web, o de suspensi\u00f3 definitiva de la disponibilitat i posada a la disposici\u00f3 del Lloc Web.<\/p><p><strong><em>J<\/em><\/strong><strong>. NORMES D&#8217;\u00daS DE XARXES SOCIALS<\/strong><\/p><p>L&#8217;acc\u00e9s i \u00fas dels comptes i p\u00e0gines de la FUNDACI\u00d3 MDP a LinkedIn, Twitter, Google Plus, YouTube, Instagram i Facebook o qualsevol altra xarxa social en qu\u00e8 la FUNDACI\u00d3 MDP pugui decidir obrir un compte, una p\u00e0gina i\/o perfil en un futur s\u00f3n sotmesos als termes i condicions d&#8217;\u00fas seg\u00fcents:<\/p><ul><li>Com que es tracta de f\u00f2rums p\u00fablics, quan l&#8217;usuari publica qualsevol dada, comentari o informaci\u00f3 assumeix que pot ser vist per la resta d&#8217;usuaris d&#8217;aquesta xarxa social i per la FUNDACI\u00d3 MDP. En aquest sentit, recomanem no usar aquests f\u00f2rums p\u00fablics per facilitar dades personals i en comptes d&#8217;aix\u00f2 fer servir els missatges privats que ofereixen aquestes xarxes socials.<\/li><li>Preguem que es parli en primera persona i que es tracti d&#8217;aportar valor en els comentaris i es facilitin informacions contrastades. L&#8217;usuari \u00e9s responsable de les seves aportacions i de les conseq\u00fc\u00e8ncies en la seva imatge i reputaci\u00f3. En cas de dubtes, val m\u00e9s no fer cap contribuci\u00f3.<\/li><li>Aquests espais constitueixen f\u00f2rums d&#8217;intercanvi d&#8217;opinions o per al debat constructiu. No serveixen per provocar pol\u00e8mica, desqualificar altres usuaris o tercers, ni per presentar queixes i reclamacions, les quals s&#8217;han de canalitzar per mitj\u00e0 de les vies espec\u00edfiques que la FUNDACI\u00d3 MDP t\u00e9 establertes per a aquesta finalitat.<\/li><li>Cal tractar amb respecte els altres usuaris aix\u00ed com el personal de la FUNDACI\u00d3 MDP. S&#8217;ha de fer servir un llenguatge apropiat i correcte.<\/li><li>No s&#8217;ha de publicar material publicitari ni fer \u00fas d&#8217;aquest perfil per buscar feina.<\/li><li>Hem de preservar el bon \u00fas d&#8217;aquest perfil i, per aix\u00f2, la FUNDACI\u00d3 MDP, com a administrador, es reserva el dret d&#8217;eliminar, sense dret a r\u00e8plica, qualsevol aportaci\u00f3 que:<ul><li>Consideri il\u00b7legal, irrespectuosa, amena\u00e7adora, infundada, calumniosa, difamat\u00f2ria, obscena, inapropiada, \u00e8ticament o socialment discriminat\u00f2ria.<\/li><li>Incorpori dades de tercers sense la seva autoritzaci\u00f3.<\/li><li>Contingui qualsevol mena de material publicitari o de propaganda, personal o en benefici de tercers, siguin persones f\u00edsiques o jur\u00eddiques.<\/li><li>Sigui redundant.<\/li><li>Publiqui repetidament el mateix contingut.<\/li><li>No estigui relacionada amb la finalitat de la p\u00e0gina.<\/li><li>Incompleixi els termes d&#8217;\u00fas que es recullen aqu\u00ed.<\/li><\/ul><\/li><li>Nom\u00e9s es poden descarregar continguts, copiar o imprimir qualsevol contribuci\u00f3 per a un \u00fas personal o privat<\/li><\/ul><p>La FUNDACI\u00d3 MDP no es fa responsable de les opinions expressades en els seus respectius perfils en xarxes socials ni assumeix cap garantia sobre la veracitat, exactitud o actualitzaci\u00f3 de les informacions que s&#8217;hi contenen. Aix\u00ed mateix, no es fa responsable dels llocs webs aliens als quals es pot accedir mitjan\u00e7ant enlla\u00e7os (<em>links<\/em>) des d&#8217;aquests perfils o de qualsevol contingut posat a la seva disposici\u00f3 per tercers.<\/p><p><strong><em>K<\/em><\/strong><strong>. LEGISLACI\u00d3 I FUR<\/strong><\/p><p>L&#8217;Av\u00eds Legal, la Pol\u00edtica de Privacitat, les Condicions Generals de Contractaci\u00f3 i la Pol\u00edtica de Galetes del Lloc Web han estat redactats en castell\u00e0 i catal\u00e0 i de conformitat amb les lleis i normativa d&#8217;Espanya. Els usuaris del Lloc Web accepten com a legislaci\u00f3 rectora de tota relaci\u00f3 que entaulin amb la FUNDACI\u00d3 MDP per mitj\u00e0 d&#8217;aquest Lloc Web la llei espanyola.<\/p><p>En cas que no hi hagi previsi\u00f3 legal que exigeixi la submissi\u00f3 a un determinat fur, les parts, amb expressa ren\u00fancia a qualsevol altre fur que els correspongui, admeten que qualsevol disputa relativa a la seva relaci\u00f3 amb la FUNDACI\u00d3 MDP s&#8217;ha de dirimir als jutjats i tribunals de la ciutat de Barcelona per a la discussi\u00f3 litigiosa. En aquest sentit, cal indicar que, en cas que l&#8217;usuari tingui la condici\u00f3 de consumidor (\u00e9s a dir, una persona f\u00edsica o jur\u00eddica que actua en un \u00e0mbit ali\u00e8 a una activitat empresarial o professional), la submissi\u00f3 anterior no \u00e9s aplicable, i s\u00f3n competents els jutjats i tribunals del domicili de l&#8217;usuari.<\/p><p>\u00daltima actualitzaci\u00f3: [29\/5\/2023]<\/p>\t\t\t\t\t\t\t\t<\/div>\n\t\t\t\t<\/div>\n\t\t\t\t\t<\/div>\n\t\t<\/div>\n\t\t\t\t\t<\/div>\n\t\t<\/section>\n\t\t\t\t<\/div>\n\t\t","protected":false},"excerpt":{"rendered":"<p>Av\u00eds legal AV\u00cdS LEGAL A. INTRODUCCI\u00d3 I DADES DEL TITULAR DEL LLOC WEB En compliment del que estableix la Llei 34\/2002, d&#8217;11 de juliol, de serveis de societat de la informaci\u00f3 i del comer\u00e7 electr\u00f2nic (LSSI-CE), la Fundaci\u00f3 Mutua de Propietarios comunica als usuaris les dades seg\u00fcents, com a titular d&#8217;aquest Lloc Web: Aquest Lloc [&hellip;]<\/p>\n","protected":false},"author":1,"featured_media":0,"parent":0,"menu_order":0,"comment_status":"closed","ping_status":"closed","template":"","meta":{"_acf_changed":false,"ocean_post_layout":"","ocean_both_sidebars_style":"","ocean_both_sidebars_content_width":0,"ocean_both_sidebars_sidebars_width":0,"ocean_sidebar":"","ocean_second_sidebar":"","ocean_disable_margins":"enable","ocean_add_body_class":"","ocean_shortcode_before_top_bar":"","ocean_shortcode_after_top_bar":"","ocean_shortcode_before_header":"","ocean_shortcode_after_header":"","ocean_has_shortcode":"","ocean_shortcode_after_title":"","ocean_shortcode_before_footer_widgets":"","ocean_shortcode_after_footer_widgets":"","ocean_shortcode_before_footer_bottom":"","ocean_shortcode_after_footer_bottom":"","ocean_display_top_bar":"default","ocean_display_header":"default","ocean_header_style":"","ocean_center_header_left_menu":"","ocean_custom_header_template":"","ocean_custom_logo":0,"ocean_custom_retina_logo":0,"ocean_custom_logo_max_width":0,"ocean_custom_logo_tablet_max_width":0,"ocean_custom_logo_mobile_max_width":0,"ocean_custom_logo_max_height":0,"ocean_custom_logo_tablet_max_height":0,"ocean_custom_logo_mobile_max_height":0,"ocean_header_custom_menu":"","ocean_menu_typo_font_family":"","ocean_menu_typo_font_subset":"","ocean_menu_typo_font_size":0,"ocean_menu_typo_font_size_tablet":0,"ocean_menu_typo_font_size_mobile":0,"ocean_menu_typo_font_size_unit":"px","ocean_menu_typo_font_weight":"","ocean_menu_typo_font_weight_tablet":"","ocean_menu_typo_font_weight_mobile":"","ocean_menu_typo_transform":"","ocean_menu_typo_transform_tablet":"","ocean_menu_typo_transform_mobile":"","ocean_menu_typo_line_height":0,"ocean_menu_typo_line_height_tablet":0,"ocean_menu_typo_line_height_mobile":0,"ocean_menu_typo_line_height_unit":"","ocean_menu_typo_spacing":0,"ocean_menu_typo_spacing_tablet":0,"ocean_menu_typo_spacing_mobile":0,"ocean_menu_typo_spacing_unit":"","ocean_menu_link_color":"","ocean_menu_link_color_hover":"","ocean_menu_link_color_active":"","ocean_menu_link_background":"","ocean_menu_link_hover_background":"","ocean_menu_link_active_background":"","ocean_menu_social_links_bg":"","ocean_menu_social_hover_links_bg":"","ocean_menu_social_links_color":"","ocean_menu_social_hover_links_color":"","ocean_disable_title":"default","ocean_disable_heading":"default","ocean_post_title":"","ocean_post_subheading":"","ocean_post_title_style":"","ocean_post_title_background_color":"","ocean_post_title_background":0,"ocean_post_title_bg_image_position":"","ocean_post_title_bg_image_attachment":"","ocean_post_title_bg_image_repeat":"","ocean_post_title_bg_image_size":"","ocean_post_title_height":0,"ocean_post_title_bg_overlay":0.5,"ocean_post_title_bg_overlay_color":"","ocean_disable_breadcrumbs":"default","ocean_breadcrumbs_color":"","ocean_breadcrumbs_separator_color":"","ocean_breadcrumbs_links_color":"","ocean_breadcrumbs_links_hover_color":"","ocean_display_footer_widgets":"default","ocean_display_footer_bottom":"default","ocean_custom_footer_template":"","footnotes":""},"class_list":["post-8518","page","type-page","status-publish","hentry","entry"],"acf":[],"yoast_head":"<!-- This site is optimized with the Yoast SEO plugin v27.3 - https:\/\/yoast.com\/product\/yoast-seo-wordpress\/ -->\n<title>Av\u00eds Legal - Fundaci\u00f3n Mutua de Propietarios<\/title>\n<meta name=\"robots\" content=\"index, follow, max-snippet:-1, max-image-preview:large, max-video-preview:-1\" \/>\n<link rel=\"canonical\" href=\"https:\/\/www.fundacionmdp.org\/aviso-legal\/\" \/>\n<meta property=\"og:locale\" content=\"ca_ES\" \/>\n<meta property=\"og:type\" content=\"article\" \/>\n<meta property=\"og:title\" content=\"Av\u00eds Legal - Fundaci\u00f3n Mutua de Propietarios\" \/>\n<meta property=\"og:description\" content=\"Av\u00eds legal AV\u00cdS LEGAL A. INTRODUCCI\u00d3 I DADES DEL TITULAR DEL LLOC WEB En compliment del que estableix la Llei 34\/2002, d&#8217;11 de juliol, de serveis de societat de la informaci\u00f3 i del comer\u00e7 electr\u00f2nic (LSSI-CE), la Fundaci\u00f3 Mutua de Propietarios comunica als usuaris les dades seg\u00fcents, com a titular d&#8217;aquest Lloc Web: Aquest Lloc [&hellip;]\" \/>\n<meta property=\"og:url\" content=\"https:\/\/www.fundacionmdp.org\/aviso-legal\/\" \/>\n<meta property=\"og:site_name\" content=\"Fundaci\u00f3n Mutua de Propietarios\" \/>\n<meta property=\"article:modified_time\" content=\"2023-05-25T13:53:23+00:00\" \/>\n<meta name=\"twitter:card\" content=\"summary_large_image\" \/>\n<meta name=\"twitter:label1\" content=\"Temps estimat de lectura\" \/>\n\t<meta name=\"twitter:data1\" content=\"16 minuts\" \/>\n<script type=\"application\/ld+json\" class=\"yoast-schema-graph\">{\"@context\":\"https:\\\/\\\/schema.org\",\"@graph\":[{\"@type\":\"WebPage\",\"@id\":\"https:\\\/\\\/www.fundacionmdp.org\\\/aviso-legal\\\/\",\"url\":\"https:\\\/\\\/www.fundacionmdp.org\\\/aviso-legal\\\/\",\"name\":\"Av\u00eds Legal - Fundaci\u00f3n Mutua de Propietarios\",\"isPartOf\":{\"@id\":\"https:\\\/\\\/www.fundacionmdp.org\\\/#website\"},\"datePublished\":\"2023-05-09T14:52:15+00:00\",\"dateModified\":\"2023-05-25T13:53:23+00:00\",\"breadcrumb\":{\"@id\":\"https:\\\/\\\/www.fundacionmdp.org\\\/aviso-legal\\\/#breadcrumb\"},\"inLanguage\":\"ca\",\"potentialAction\":[{\"@type\":\"ReadAction\",\"target\":[\"https:\\\/\\\/www.fundacionmdp.org\\\/aviso-legal\\\/\"]}]},{\"@type\":\"BreadcrumbList\",\"@id\":\"https:\\\/\\\/www.fundacionmdp.org\\\/aviso-legal\\\/#breadcrumb\",\"itemListElement\":[{\"@type\":\"ListItem\",\"position\":1,\"name\":\"Home\",\"item\":\"https:\\\/\\\/www.fundacionmdp.org\\\/ca\\\/\"},{\"@type\":\"ListItem\",\"position\":2,\"name\":\"Av\u00eds Legal\"}]},{\"@type\":\"WebSite\",\"@id\":\"https:\\\/\\\/www.fundacionmdp.org\\\/#website\",\"url\":\"https:\\\/\\\/www.fundacionmdp.org\\\/\",\"name\":\"Fundaci\u00f3n Mutua de Propietarios\",\"description\":\"En la Fundaci\u00f3n Mutua de Propietarios te ayudamos a convertir tu edificio de viviendas en un espacio sin barreras arquitect\u00f3nicas.\",\"publisher\":{\"@id\":\"https:\\\/\\\/www.fundacionmdp.org\\\/#organization\"},\"potentialAction\":[{\"@type\":\"SearchAction\",\"target\":{\"@type\":\"EntryPoint\",\"urlTemplate\":\"https:\\\/\\\/www.fundacionmdp.org\\\/?s={search_term_string}\"},\"query-input\":{\"@type\":\"PropertyValueSpecification\",\"valueRequired\":true,\"valueName\":\"search_term_string\"}}],\"inLanguage\":\"ca\"},{\"@type\":\"Organization\",\"@id\":\"https:\\\/\\\/www.fundacionmdp.org\\\/#organization\",\"name\":\"Fundaci\u00f3n Mutua de Propietarios\",\"url\":\"https:\\\/\\\/www.fundacionmdp.org\\\/\",\"logo\":{\"@type\":\"ImageObject\",\"inLanguage\":\"ca\",\"@id\":\"https:\\\/\\\/www.fundacionmdp.org\\\/#\\\/schema\\\/logo\\\/image\\\/\",\"url\":\"https:\\\/\\\/www.fundacionmdp.org\\\/wp-content\\\/uploads\\\/2023\\\/05\\\/logo_FMdP_cat.png\",\"contentUrl\":\"https:\\\/\\\/www.fundacionmdp.org\\\/wp-content\\\/uploads\\\/2023\\\/05\\\/logo_FMdP_cat.png\",\"width\":655,\"height\":297,\"caption\":\"Fundaci\u00f3n Mutua de Propietarios\"},\"image\":{\"@id\":\"https:\\\/\\\/www.fundacionmdp.org\\\/#\\\/schema\\\/logo\\\/image\\\/\"}}]}<\/script>\n<!-- \/ Yoast SEO plugin. -->","yoast_head_json":{"title":"Av\u00eds Legal - Fundaci\u00f3n Mutua de Propietarios","robots":{"index":"index","follow":"follow","max-snippet":"max-snippet:-1","max-image-preview":"max-image-preview:large","max-video-preview":"max-video-preview:-1"},"canonical":"https:\/\/www.fundacionmdp.org\/aviso-legal\/","og_locale":"ca_ES","og_type":"article","og_title":"Av\u00eds Legal - Fundaci\u00f3n Mutua de Propietarios","og_description":"Av\u00eds legal AV\u00cdS LEGAL A. INTRODUCCI\u00d3 I DADES DEL TITULAR DEL LLOC WEB En compliment del que estableix la Llei 34\/2002, d&#8217;11 de juliol, de serveis de societat de la informaci\u00f3 i del comer\u00e7 electr\u00f2nic (LSSI-CE), la Fundaci\u00f3 Mutua de Propietarios comunica als usuaris les dades seg\u00fcents, com a titular d&#8217;aquest Lloc Web: Aquest Lloc [&hellip;]","og_url":"https:\/\/www.fundacionmdp.org\/aviso-legal\/","og_site_name":"Fundaci\u00f3n Mutua de Propietarios","article_modified_time":"2023-05-25T13:53:23+00:00","twitter_card":"summary_large_image","twitter_misc":{"Temps estimat de lectura":"16 minuts"},"schema":{"@context":"https:\/\/schema.org","@graph":[{"@type":"WebPage","@id":"https:\/\/www.fundacionmdp.org\/aviso-legal\/","url":"https:\/\/www.fundacionmdp.org\/aviso-legal\/","name":"Av\u00eds Legal - Fundaci\u00f3n Mutua de Propietarios","isPartOf":{"@id":"https:\/\/www.fundacionmdp.org\/#website"},"datePublished":"2023-05-09T14:52:15+00:00","dateModified":"2023-05-25T13:53:23+00:00","breadcrumb":{"@id":"https:\/\/www.fundacionmdp.org\/aviso-legal\/#breadcrumb"},"inLanguage":"ca","potentialAction":[{"@type":"ReadAction","target":["https:\/\/www.fundacionmdp.org\/aviso-legal\/"]}]},{"@type":"BreadcrumbList","@id":"https:\/\/www.fundacionmdp.org\/aviso-legal\/#breadcrumb","itemListElement":[{"@type":"ListItem","position":1,"name":"Home","item":"https:\/\/www.fundacionmdp.org\/ca\/"},{"@type":"ListItem","position":2,"name":"Av\u00eds Legal"}]},{"@type":"WebSite","@id":"https:\/\/www.fundacionmdp.org\/#website","url":"https:\/\/www.fundacionmdp.org\/","name":"Fundaci\u00f3n Mutua de Propietarios","description":"En la Fundaci\u00f3n Mutua de Propietarios te ayudamos a convertir tu edificio de viviendas en un espacio sin barreras arquitect\u00f3nicas.","publisher":{"@id":"https:\/\/www.fundacionmdp.org\/#organization"},"potentialAction":[{"@type":"SearchAction","target":{"@type":"EntryPoint","urlTemplate":"https:\/\/www.fundacionmdp.org\/?s={search_term_string}"},"query-input":{"@type":"PropertyValueSpecification","valueRequired":true,"valueName":"search_term_string"}}],"inLanguage":"ca"},{"@type":"Organization","@id":"https:\/\/www.fundacionmdp.org\/#organization","name":"Fundaci\u00f3n Mutua de Propietarios","url":"https:\/\/www.fundacionmdp.org\/","logo":{"@type":"ImageObject","inLanguage":"ca","@id":"https:\/\/www.fundacionmdp.org\/#\/schema\/logo\/image\/","url":"https:\/\/www.fundacionmdp.org\/wp-content\/uploads\/2023\/05\/logo_FMdP_cat.png","contentUrl":"https:\/\/www.fundacionmdp.org\/wp-content\/uploads\/2023\/05\/logo_FMdP_cat.png","width":655,"height":297,"caption":"Fundaci\u00f3n Mutua de Propietarios"},"image":{"@id":"https:\/\/www.fundacionmdp.org\/#\/schema\/logo\/image\/"}}]}},"_links":{"self":[{"href":"https:\/\/www.fundacionmdp.org\/ca\/wp-json\/wp\/v2\/pages\/8518","targetHints":{"allow":["GET"]}}],"collection":[{"href":"https:\/\/www.fundacionmdp.org\/ca\/wp-json\/wp\/v2\/pages"}],"about":[{"href":"https:\/\/www.fundacionmdp.org\/ca\/wp-json\/wp\/v2\/types\/page"}],"author":[{"embeddable":true,"href":"https:\/\/www.fundacionmdp.org\/ca\/wp-json\/wp\/v2\/users\/1"}],"replies":[{"embeddable":true,"href":"https:\/\/www.fundacionmdp.org\/ca\/wp-json\/wp\/v2\/comments?post=8518"}],"version-history":[{"count":8,"href":"https:\/\/www.fundacionmdp.org\/ca\/wp-json\/wp\/v2\/pages\/8518\/revisions"}],"predecessor-version":[{"id":8983,"href":"https:\/\/www.fundacionmdp.org\/ca\/wp-json\/wp\/v2\/pages\/8518\/revisions\/8983"}],"wp:attachment":[{"href":"https:\/\/www.fundacionmdp.org\/ca\/wp-json\/wp\/v2\/media?parent=8518"}],"curies":[{"name":"wp","href":"https:\/\/api.w.org\/{rel}","templated":true}]}}