{"id":8536,"date":"2023-04-18T10:35:02","date_gmt":"2023-04-18T08:35:02","guid":{"rendered":"http:\/\/108.128.154.120\/?page_id=8536"},"modified":"2024-10-25T09:30:54","modified_gmt":"2024-10-25T07:30:54","slug":"politica-de-privacitat","status":"publish","type":"page","link":"https:\/\/www.fundacionmdp.org\/ca\/politica-de-privacitat\/","title":{"rendered":"Pol\u00edtica de privacitat"},"content":{"rendered":"\t\t<div data-elementor-type=\"wp-page\" data-elementor-id=\"8536\" class=\"elementor elementor-8536 elementor-3\">\n\t\t\t\t\t\t<section class=\"elementor-section elementor-top-section elementor-element elementor-element-5526925e seccion-legales elementor-section-boxed elementor-section-height-default elementor-section-height-default\" data-id=\"5526925e\" data-element_type=\"section\" data-e-type=\"section\">\n\t\t\t\t\t\t<div class=\"elementor-container elementor-column-gap-default\">\n\t\t\t\t\t<div class=\"elementor-column elementor-col-100 elementor-top-column elementor-element elementor-element-a7e3f13\" data-id=\"a7e3f13\" data-element_type=\"column\" data-e-type=\"column\">\n\t\t\t<div class=\"elementor-widget-wrap elementor-element-populated\">\n\t\t\t\t\t\t<div class=\"elementor-element elementor-element-32e932aa elementor-widget elementor-widget-text-editor\" data-id=\"32e932aa\" data-element_type=\"widget\" data-e-type=\"widget\" data-widget_type=\"text-editor.default\">\n\t\t\t\t<div class=\"elementor-widget-container\">\n\t\t\t\t\t\t\t\t\t<h2>Pol\u00edtica de Privacitat<\/h2><p>Mitjan\u00e7ant aquesta Pol\u00edtica de Privacitat, l&#8217;informem sobre la recopilaci\u00f3, tractament i \u00fas de les seves dades personals.<\/p><ol><li><strong>QUI \u00c9S EL RESPONSABLE DEL TRACTAMENT DE LES SEVES DADES?<\/strong><\/li><\/ol><table><tbody><tr><td width=\"288\">Identitat del responsable<\/td><td width=\"288\">Fundaci\u00f3n Mutua de Propietarios con CIF: G-67133942<\/td><\/tr><tr><td width=\"288\">Adre\u00e7a<\/td><td width=\"288\">C\/ Londres, 29, 08029, Barcelona (Espa\u00f1a).<\/td><\/tr><tr><td width=\"288\">Correu<\/td><td width=\"288\">rgpd@fundacionmdp.org<\/td><\/tr><tr><td width=\"288\">Contacte del Delegat de Protecci\u00f3 de Dades (DPD)<\/td><td width=\"288\">dpo@fundacionmdp.org<\/td><\/tr><\/tbody><\/table><p><strong>Altres societats del Grup Mutua Propietarios (Grup MP):<\/strong><\/p><p>L&#8217;informem que, per a alguns serveis o tractaments identificats en aquesta Pol\u00edtica de Privacitat, poden esdevenir responsables les societats seg\u00fcents del Grup MP al qual pertany la Fundaci\u00f3:<\/p><p>Best Technologies for Buildings, SL (d&#8217;ara endavant, <strong><em>SENSEDI<\/em><\/strong>), amb CIF B-65670861.<\/p><ol start=\"2\"><li><strong> AMB QUINA FINALITAT TRACTEM LES SEVES DADES?<\/strong><\/li><\/ol><p>A Fundaci\u00f3 Mutua de Propietarios tractem les dades que ens faciliti amb les finalitats seg\u00fcents:<\/p><ol><li>Gestionar les seves sol\u00b7licituds.<\/li><li>Atendre les seves consultes.<\/li><li>Informar-lo sobre les nostres activitats i esdeveniments.<\/li><li>Sol\u00b7licitar la seva col\u00b7laboraci\u00f3 en els nostres programes.<\/li><li>Enviar-li el nostre butllet\u00ed informatiu.<\/li><li>rebre la seva valoraci\u00f3 sobre les nostres activitats sense \u00e0nim de lucre.<\/li><li>Compliment de les nostres obligacions.<\/li><\/ol><p><strong>3. <\/strong><strong>QUINA \u00c9S LA LEGITIMACI\u00d3 PER AL TRACTAMENT DE LES SEVES DADES?<\/strong><\/p><p>La base legal per al tractament de les seves dades \u00e9s, per a les finalitats <em>a<\/em> i <em>b<\/em>, l&#8217;aplicaci\u00f3 de les mesures precontractuals sol\u00b7licitades per l&#8217;usuari o l&#8217;execuci\u00f3 de la relaci\u00f3 contractual entre les parts (en sentit ampli); per a les finalitats <em>c<\/em>, <em>d<\/em> i <em>e<\/em>, el consentiment que vost\u00e8 ens atorga; per a la finalitat <em>f<\/em>, el nostre inter\u00e8s leg\u00edtim per entendre i analitzar la valoraci\u00f3 de les nostres activitats i per millorar-les; aix\u00ed com per a la finalitat <em>g<\/em>, el compliment de les obligacions legals.<\/p><p>En relaci\u00f3 amb les activitats que es basen en el seu consentiment, pot retirar el consentiment en qualsevol moment per a qualsevol o totes les finalitats, sense que en cap cas la retirada d&#8217;aquests consentiments afecti la licitud del tractament basat en el consentiment previ a la seva retirada.<\/p><ol start=\"4\"><li><strong> QUANT DE TEMPS CONSERVAREM LES SEVES DADES?<\/strong><\/li><\/ol><p>Conservarem les seves dades personals mentre siguin necess\u00e0ries per complir les finalitats indicades anteriorment per a les quals s&#8217;han obtingut. Quan la base del tractament sigui el consentiment, les conservarem mentre no en sol\u00b7liciti la supressi\u00f3. Posteriorment, es conservaran degudament blocades durant els terminis de prescripci\u00f3 legal aplicables, a disposici\u00f3 exclusivament dels jutges i tribunals i les administracions p\u00fabliques competents.<\/p><ol start=\"5\"><li><strong> A QUINS DESTINATARIS ES COMUNICARAN LES DADES?<\/strong><\/li><\/ol><p>En cas de sol\u00b7licitar un ajut amb finan\u00e7ament, les seves dades personals es comunicaran a la entitat financera encarregada del finan\u00e7ament.<\/p><p>Tots els punts anteriors s\u00f3n sense perjudici dels prove\u00efdors a qu\u00e8 podem rec\u00f3rrer per a la prestaci\u00f3 dels serveis sol\u00b7licitats i que, en tot cas, els tractaran com a encarregats del tractament \u00fanicament i exclusivament per a la prestaci\u00f3 dels serveis. En cas que siguin fora de l&#8217;Espai Econ\u00f2mic Europeu, intentarem usar prove\u00efdors situats en territoris que ofereixin un nivell adequat de protecci\u00f3 de dades (\u00e9s a dir, territoris que disposin d&#8217;una decisi\u00f3 d&#8217;adequaci\u00f3 de la Comissi\u00f3 Europea) i, en cas que siguin a fora, oferirem les garanties adequades per mitj\u00e0 de l&#8217;\u00fas de les cl\u00e0usules tipus de protecci\u00f3 de dades adoptades per la Comissi\u00f3 Europea a cada moment juntament amb, si escau, les mesures complement\u00e0ries que es puguin requerir, a l&#8217;efecte de garantir que vost\u00e8 tingui els drets exigibles i les accions legals efectives. Pot obtenir informaci\u00f3 addicional sobre aquestes garanties adequades posant-se en contacte amb nosaltres o amb el nostre delegat de protecci\u00f3 de dades a trav\u00e9s dels mitjans de contacte que s&#8217;indiquen m\u00e9s amunt.<\/p><p><strong>6. QUINS S\u00d3N ELS SEUS DRETS COM A TITULAR DE LES DADES?<\/strong><\/p><table><tbody><tr><td width=\"102\">Dret<\/td><td width=\"302\">Contingut<\/td><td width=\"177\">Canals d&#8217;atenci\u00f3<\/td><\/tr><tr><td width=\"102\">Acc\u00e9s<\/td><td width=\"302\">Pot obtenir confirmaci\u00f3 de si tractem les seves dades personals, i pot consultar les seves dades personals incloses en els nostres fitxers.<\/td><td rowspan=\"6\" width=\"177\"><p>Pot exercir els seus drets enviant un correu electr\u00f2nic a rgpd@fundacionmdp.org.<\/p><p>\u00a0<\/p><\/td><\/tr><tr><td width=\"102\">Rectificaci\u00f3<\/td><td width=\"302\">Pot modificar les dades personals quan siguin inexactes, aix\u00ed com completar les que siguin incompletes.<\/td><\/tr><tr><td width=\"102\">Supressi\u00f3<\/td><td width=\"302\">Pot sol\u00b7licitar que eliminin les seves dades personals quan, entre altres motius, les dades ja no siguin necess\u00e0ries per a les finalitats per a les quals s&#8217;han obtingut.<\/td><\/tr><tr><td width=\"102\">Oposici\u00f3<\/td><td width=\"302\"><p>Pot sol\u00b7licitar que no es tractin les seves dades personals. Mutua de Propietarios deixar\u00e0 de tractar les dades, excepte per motius leg\u00edtims imperiosos, o l&#8217;exercici o la defensa de possibles reclamacions.<\/p><p>En particular, en qualsevol moment pot oposar-se a rebre comunicacions comercials sobre les nostres activitats a trav\u00e9s del mitj\u00e0 habilitat a aquest efecte, incloses en tota comunicaci\u00f3 que rebi, aix\u00ed com per mitj\u00e0 de l&#8217;adre\u00e7a indicada a la dreta.<\/p><\/td><\/tr><tr><td width=\"102\">Limitaci\u00f3 del tractament<\/td><td width=\"302\"><p>Pot sol\u00b7licitar la limitaci\u00f3 del tractament de les seves dades en els casos seg\u00fcents:<\/p><ul><li>mentre es comprovi la impugnaci\u00f3 de l&#8217;exactitud de les seves dades;<\/li><li>quan el tractament sigui il\u00b7l\u00edcit, s&#8217;oposi a la supressi\u00f3 de les seves dades i sol\u00b7liciti la limitaci\u00f3 del seu \u00fas;<\/li><li>quan Mutua de Propietarios no necessiti tractar les seves dades per\u00f2 vost\u00e8 les necessiti per a l&#8217;exercici o la defensa de reclamacions;<\/li><\/ul><p>quan s&#8217;hagi oposat al tractament de les seves dades per complir una missi\u00f3 d&#8217;inter\u00e8s p\u00fablic o per satisfer un inter\u00e8s leg\u00edtim, mentre es verifica si els motius leg\u00edtims per al tractament prevalen sobre els seus.<\/p><\/td><\/tr><tr><td width=\"102\">Portabilitat<\/td><td width=\"302\">Pot rebre, en format electr\u00f2nic, les dades personals que ens hagi facilitat i les que s&#8217;han obtingut de la seva relaci\u00f3 amb Fundaci\u00f3 Mutua de Propietarios, aix\u00ed com transmetre-les a una altra entitat.<\/td><\/tr><tr><td colspan=\"3\" width=\"581\">Si considera que Fundaci\u00f3 Mutua de Propietarios no ha tractat les seves dades personals d&#8217;acord amb la normativa aplicable, pot presentar una reclamaci\u00f3 davant de l&#8217;Ag\u00e8ncia Espanyola de Protecci\u00f3 de Dades o d&#8217;altre autoritat de control competent mitjan\u00e7ant el lloc web www.aepd.es.<\/td><\/tr><\/tbody><\/table><p>\u00daltima actualitzaci\u00f3 [29\/05\/2023]<\/p>\t\t\t\t\t\t\t\t<\/div>\n\t\t\t\t<\/div>\n\t\t\t\t\t<\/div>\n\t\t<\/div>\n\t\t\t\t\t<\/div>\n\t\t<\/section>\n\t\t\t\t<\/div>\n\t\t","protected":false},"excerpt":{"rendered":"<p>Pol\u00edtica de Privacitat Mitjan\u00e7ant aquesta Pol\u00edtica de Privacitat, l&#8217;informem sobre la recopilaci\u00f3, tractament i \u00fas de les seves dades personals. QUI \u00c9S EL RESPONSABLE DEL TRACTAMENT DE LES SEVES DADES? Identitat del responsable Fundaci\u00f3n Mutua de Propietarios con CIF: G-67133942 Adre\u00e7a C\/ Londres, 29, 08029, Barcelona (Espa\u00f1a). Correu rgpd@fundacionmdp.org Contacte del Delegat de Protecci\u00f3 de [&hellip;]<\/p>\n","protected":false},"author":1,"featured_media":0,"parent":0,"menu_order":0,"comment_status":"closed","ping_status":"open","template":"","meta":{"_acf_changed":false,"ocean_post_layout":"","ocean_both_sidebars_style":"","ocean_both_sidebars_content_width":0,"ocean_both_sidebars_sidebars_width":0,"ocean_sidebar":"","ocean_second_sidebar":"","ocean_disable_margins":"enable","ocean_add_body_class":"","ocean_shortcode_before_top_bar":"","ocean_shortcode_after_top_bar":"","ocean_shortcode_before_header":"","ocean_shortcode_after_header":"","ocean_has_shortcode":"","ocean_shortcode_after_title":"","ocean_shortcode_before_footer_widgets":"","ocean_shortcode_after_footer_widgets":"","ocean_shortcode_before_footer_bottom":"","ocean_shortcode_after_footer_bottom":"","ocean_display_top_bar":"default","ocean_display_header":"default","ocean_header_style":"","ocean_center_header_left_menu":"","ocean_custom_header_template":"","ocean_custom_logo":0,"ocean_custom_retina_logo":0,"ocean_custom_logo_max_width":0,"ocean_custom_logo_tablet_max_width":0,"ocean_custom_logo_mobile_max_width":0,"ocean_custom_logo_max_height":0,"ocean_custom_logo_tablet_max_height":0,"ocean_custom_logo_mobile_max_height":0,"ocean_header_custom_menu":"","ocean_menu_typo_font_family":"","ocean_menu_typo_font_subset":"","ocean_menu_typo_font_size":0,"ocean_menu_typo_font_size_tablet":0,"ocean_menu_typo_font_size_mobile":0,"ocean_menu_typo_font_size_unit":"px","ocean_menu_typo_font_weight":"","ocean_menu_typo_font_weight_tablet":"","ocean_menu_typo_font_weight_mobile":"","ocean_menu_typo_transform":"","ocean_menu_typo_transform_tablet":"","ocean_menu_typo_transform_mobile":"","ocean_menu_typo_line_height":0,"ocean_menu_typo_line_height_tablet":0,"ocean_menu_typo_line_height_mobile":0,"ocean_menu_typo_line_height_unit":"","ocean_menu_typo_spacing":0,"ocean_menu_typo_spacing_tablet":0,"ocean_menu_typo_spacing_mobile":0,"ocean_menu_typo_spacing_unit":"","ocean_menu_link_color":"","ocean_menu_link_color_hover":"","ocean_menu_link_color_active":"","ocean_menu_link_background":"","ocean_menu_link_hover_background":"","ocean_menu_link_active_background":"","ocean_menu_social_links_bg":"","ocean_menu_social_hover_links_bg":"","ocean_menu_social_links_color":"","ocean_menu_social_hover_links_color":"","ocean_disable_title":"default","ocean_disable_heading":"default","ocean_post_title":"","ocean_post_subheading":"","ocean_post_title_style":"","ocean_post_title_background_color":"","ocean_post_title_background":0,"ocean_post_title_bg_image_position":"","ocean_post_title_bg_image_attachment":"","ocean_post_title_bg_image_repeat":"","ocean_post_title_bg_image_size":"","ocean_post_title_height":0,"ocean_post_title_bg_overlay":0.5,"ocean_post_title_bg_overlay_color":"","ocean_disable_breadcrumbs":"default","ocean_breadcrumbs_color":"","ocean_breadcrumbs_separator_color":"","ocean_breadcrumbs_links_color":"","ocean_breadcrumbs_links_hover_color":"","ocean_display_footer_widgets":"default","ocean_display_footer_bottom":"default","ocean_custom_footer_template":"","footnotes":""},"class_list":["post-8536","page","type-page","status-publish","hentry","entry"],"acf":[],"yoast_head":"<!-- This site is optimized with the Yoast SEO plugin v27.3 - https:\/\/yoast.com\/product\/yoast-seo-wordpress\/ -->\n<title>Pol\u00edtica de privacitat - Fundaci\u00f3n Mutua de Propietarios<\/title>\n<meta name=\"robots\" content=\"index, follow, max-snippet:-1, max-image-preview:large, max-video-preview:-1\" \/>\n<link rel=\"canonical\" href=\"https:\/\/www.fundacionmdp.org\/politica-privacidad\/\" \/>\n<meta property=\"og:locale\" content=\"ca_ES\" \/>\n<meta property=\"og:type\" content=\"article\" \/>\n<meta property=\"og:title\" content=\"Pol\u00edtica de privacitat - Fundaci\u00f3n Mutua de Propietarios\" \/>\n<meta property=\"og:description\" content=\"Pol\u00edtica de Privacitat Mitjan\u00e7ant aquesta Pol\u00edtica de Privacitat, l&#8217;informem sobre la recopilaci\u00f3, tractament i \u00fas de les seves dades personals. QUI \u00c9S EL RESPONSABLE DEL TRACTAMENT DE LES SEVES DADES? Identitat del responsable Fundaci\u00f3n Mutua de Propietarios con CIF: G-67133942 Adre\u00e7a C\/ Londres, 29, 08029, Barcelona (Espa\u00f1a). Correu rgpd@fundacionmdp.org Contacte del Delegat de Protecci\u00f3 de [&hellip;]\" \/>\n<meta property=\"og:url\" content=\"https:\/\/www.fundacionmdp.org\/politica-privacidad\/\" \/>\n<meta property=\"og:site_name\" content=\"Fundaci\u00f3n Mutua de Propietarios\" \/>\n<meta property=\"article:modified_time\" content=\"2024-10-25T07:30:54+00:00\" \/>\n<meta name=\"twitter:card\" content=\"summary_large_image\" \/>\n<meta name=\"twitter:label1\" content=\"Temps estimat de lectura\" \/>\n\t<meta name=\"twitter:data1\" content=\"5 minuts\" \/>\n<script type=\"application\/ld+json\" class=\"yoast-schema-graph\">{\"@context\":\"https:\\\/\\\/schema.org\",\"@graph\":[{\"@type\":\"WebPage\",\"@id\":\"https:\\\/\\\/www.fundacionmdp.org\\\/politica-privacidad\\\/\",\"url\":\"https:\\\/\\\/www.fundacionmdp.org\\\/politica-privacidad\\\/\",\"name\":\"Pol\u00edtica de privacitat - Fundaci\u00f3n Mutua de Propietarios\",\"isPartOf\":{\"@id\":\"https:\\\/\\\/www.fundacionmdp.org\\\/#website\"},\"datePublished\":\"2023-04-18T08:35:02+00:00\",\"dateModified\":\"2024-10-25T07:30:54+00:00\",\"breadcrumb\":{\"@id\":\"https:\\\/\\\/www.fundacionmdp.org\\\/politica-privacidad\\\/#breadcrumb\"},\"inLanguage\":\"ca\",\"potentialAction\":[{\"@type\":\"ReadAction\",\"target\":[\"https:\\\/\\\/www.fundacionmdp.org\\\/politica-privacidad\\\/\"]}]},{\"@type\":\"BreadcrumbList\",\"@id\":\"https:\\\/\\\/www.fundacionmdp.org\\\/politica-privacidad\\\/#breadcrumb\",\"itemListElement\":[{\"@type\":\"ListItem\",\"position\":1,\"name\":\"Home\",\"item\":\"https:\\\/\\\/www.fundacionmdp.org\\\/ca\\\/\"},{\"@type\":\"ListItem\",\"position\":2,\"name\":\"Pol\u00edtica de privacitat\"}]},{\"@type\":\"WebSite\",\"@id\":\"https:\\\/\\\/www.fundacionmdp.org\\\/#website\",\"url\":\"https:\\\/\\\/www.fundacionmdp.org\\\/\",\"name\":\"Fundaci\u00f3n Mutua de Propietarios\",\"description\":\"En la Fundaci\u00f3n Mutua de Propietarios te ayudamos a convertir tu edificio de viviendas en un espacio sin barreras arquitect\u00f3nicas.\",\"publisher\":{\"@id\":\"https:\\\/\\\/www.fundacionmdp.org\\\/#organization\"},\"potentialAction\":[{\"@type\":\"SearchAction\",\"target\":{\"@type\":\"EntryPoint\",\"urlTemplate\":\"https:\\\/\\\/www.fundacionmdp.org\\\/?s={search_term_string}\"},\"query-input\":{\"@type\":\"PropertyValueSpecification\",\"valueRequired\":true,\"valueName\":\"search_term_string\"}}],\"inLanguage\":\"ca\"},{\"@type\":\"Organization\",\"@id\":\"https:\\\/\\\/www.fundacionmdp.org\\\/#organization\",\"name\":\"Fundaci\u00f3n Mutua de Propietarios\",\"url\":\"https:\\\/\\\/www.fundacionmdp.org\\\/\",\"logo\":{\"@type\":\"ImageObject\",\"inLanguage\":\"ca\",\"@id\":\"https:\\\/\\\/www.fundacionmdp.org\\\/#\\\/schema\\\/logo\\\/image\\\/\",\"url\":\"https:\\\/\\\/www.fundacionmdp.org\\\/wp-content\\\/uploads\\\/2023\\\/05\\\/logo_FMdP_cat.png\",\"contentUrl\":\"https:\\\/\\\/www.fundacionmdp.org\\\/wp-content\\\/uploads\\\/2023\\\/05\\\/logo_FMdP_cat.png\",\"width\":655,\"height\":297,\"caption\":\"Fundaci\u00f3n Mutua de Propietarios\"},\"image\":{\"@id\":\"https:\\\/\\\/www.fundacionmdp.org\\\/#\\\/schema\\\/logo\\\/image\\\/\"}}]}<\/script>\n<!-- \/ Yoast SEO plugin. -->","yoast_head_json":{"title":"Pol\u00edtica de privacitat - Fundaci\u00f3n Mutua de Propietarios","robots":{"index":"index","follow":"follow","max-snippet":"max-snippet:-1","max-image-preview":"max-image-preview:large","max-video-preview":"max-video-preview:-1"},"canonical":"https:\/\/www.fundacionmdp.org\/politica-privacidad\/","og_locale":"ca_ES","og_type":"article","og_title":"Pol\u00edtica de privacitat - Fundaci\u00f3n Mutua de Propietarios","og_description":"Pol\u00edtica de Privacitat Mitjan\u00e7ant aquesta Pol\u00edtica de Privacitat, l&#8217;informem sobre la recopilaci\u00f3, tractament i \u00fas de les seves dades personals. QUI \u00c9S EL RESPONSABLE DEL TRACTAMENT DE LES SEVES DADES? Identitat del responsable Fundaci\u00f3n Mutua de Propietarios con CIF: G-67133942 Adre\u00e7a C\/ Londres, 29, 08029, Barcelona (Espa\u00f1a). Correu rgpd@fundacionmdp.org Contacte del Delegat de Protecci\u00f3 de [&hellip;]","og_url":"https:\/\/www.fundacionmdp.org\/politica-privacidad\/","og_site_name":"Fundaci\u00f3n Mutua de Propietarios","article_modified_time":"2024-10-25T07:30:54+00:00","twitter_card":"summary_large_image","twitter_misc":{"Temps estimat de lectura":"5 minuts"},"schema":{"@context":"https:\/\/schema.org","@graph":[{"@type":"WebPage","@id":"https:\/\/www.fundacionmdp.org\/politica-privacidad\/","url":"https:\/\/www.fundacionmdp.org\/politica-privacidad\/","name":"Pol\u00edtica de privacitat - Fundaci\u00f3n Mutua de Propietarios","isPartOf":{"@id":"https:\/\/www.fundacionmdp.org\/#website"},"datePublished":"2023-04-18T08:35:02+00:00","dateModified":"2024-10-25T07:30:54+00:00","breadcrumb":{"@id":"https:\/\/www.fundacionmdp.org\/politica-privacidad\/#breadcrumb"},"inLanguage":"ca","potentialAction":[{"@type":"ReadAction","target":["https:\/\/www.fundacionmdp.org\/politica-privacidad\/"]}]},{"@type":"BreadcrumbList","@id":"https:\/\/www.fundacionmdp.org\/politica-privacidad\/#breadcrumb","itemListElement":[{"@type":"ListItem","position":1,"name":"Home","item":"https:\/\/www.fundacionmdp.org\/ca\/"},{"@type":"ListItem","position":2,"name":"Pol\u00edtica de privacitat"}]},{"@type":"WebSite","@id":"https:\/\/www.fundacionmdp.org\/#website","url":"https:\/\/www.fundacionmdp.org\/","name":"Fundaci\u00f3n Mutua de Propietarios","description":"En la Fundaci\u00f3n Mutua de Propietarios te ayudamos a convertir tu edificio de viviendas en un espacio sin barreras arquitect\u00f3nicas.","publisher":{"@id":"https:\/\/www.fundacionmdp.org\/#organization"},"potentialAction":[{"@type":"SearchAction","target":{"@type":"EntryPoint","urlTemplate":"https:\/\/www.fundacionmdp.org\/?s={search_term_string}"},"query-input":{"@type":"PropertyValueSpecification","valueRequired":true,"valueName":"search_term_string"}}],"inLanguage":"ca"},{"@type":"Organization","@id":"https:\/\/www.fundacionmdp.org\/#organization","name":"Fundaci\u00f3n Mutua de Propietarios","url":"https:\/\/www.fundacionmdp.org\/","logo":{"@type":"ImageObject","inLanguage":"ca","@id":"https:\/\/www.fundacionmdp.org\/#\/schema\/logo\/image\/","url":"https:\/\/www.fundacionmdp.org\/wp-content\/uploads\/2023\/05\/logo_FMdP_cat.png","contentUrl":"https:\/\/www.fundacionmdp.org\/wp-content\/uploads\/2023\/05\/logo_FMdP_cat.png","width":655,"height":297,"caption":"Fundaci\u00f3n Mutua de Propietarios"},"image":{"@id":"https:\/\/www.fundacionmdp.org\/#\/schema\/logo\/image\/"}}]}},"_links":{"self":[{"href":"https:\/\/www.fundacionmdp.org\/ca\/wp-json\/wp\/v2\/pages\/8536","targetHints":{"allow":["GET"]}}],"collection":[{"href":"https:\/\/www.fundacionmdp.org\/ca\/wp-json\/wp\/v2\/pages"}],"about":[{"href":"https:\/\/www.fundacionmdp.org\/ca\/wp-json\/wp\/v2\/types\/page"}],"author":[{"embeddable":true,"href":"https:\/\/www.fundacionmdp.org\/ca\/wp-json\/wp\/v2\/users\/1"}],"replies":[{"embeddable":true,"href":"https:\/\/www.fundacionmdp.org\/ca\/wp-json\/wp\/v2\/comments?post=8536"}],"version-history":[{"count":7,"href":"https:\/\/www.fundacionmdp.org\/ca\/wp-json\/wp\/v2\/pages\/8536\/revisions"}],"predecessor-version":[{"id":10220,"href":"https:\/\/www.fundacionmdp.org\/ca\/wp-json\/wp\/v2\/pages\/8536\/revisions\/10220"}],"wp:attachment":[{"href":"https:\/\/www.fundacionmdp.org\/ca\/wp-json\/wp\/v2\/media?parent=8536"}],"curies":[{"name":"wp","href":"https:\/\/api.w.org\/{rel}","templated":true}]}}