{"id":8571,"date":"2023-05-03T07:57:15","date_gmt":"2023-05-03T07:57:15","guid":{"rendered":"http:\/\/108.128.154.120\/?page_id=8571"},"modified":"2023-05-24T09:59:49","modified_gmt":"2023-05-24T09:59:49","slug":"programa-dajuts-sense-barreres","status":"publish","type":"page","link":"https:\/\/www.fundacionmdp.org\/ca\/programa-dajuts-sense-barreres\/","title":{"rendered":"Programa d&#8217;Ajuts sense Barreres"},"content":{"rendered":"\t\t<div data-elementor-type=\"wp-page\" data-elementor-id=\"8571\" class=\"elementor elementor-8571 elementor-1140\">\n\t\t\t\t<div class=\"elementor-element elementor-element-3c0965e6 e-con-full page-intro-section page-intro-programa e-flex e-con e-parent\" data-id=\"3c0965e6\" data-element_type=\"container\" data-e-type=\"container\">\n\t\t<div class=\"elementor-element elementor-element-7a09b46f page-intro-content e-flex e-con-boxed e-con e-parent\" data-id=\"7a09b46f\" data-element_type=\"container\" data-e-type=\"container\" data-settings=\"{&quot;background_background&quot;:&quot;classic&quot;}\">\n\t\t\t\t\t<div class=\"e-con-inner\">\n\t\t\t\t<div class=\"elementor-element elementor-element-549da651 elementor-widget elementor-widget-text-editor\" data-id=\"549da651\" data-element_type=\"widget\" data-e-type=\"widget\" data-widget_type=\"text-editor.default\">\n\t\t\t\t<div class=\"elementor-widget-container\">\n\t\t\t\t\t\t\t\t\t<h1>Programa d&#8217;Ajuts sense Barreres<\/h1>\t\t\t\t\t\t\t\t<\/div>\n\t\t\t\t<\/div>\n\t\t\t\t<div class=\"elementor-element elementor-element-7ad41702 elementor-widget-divider--view-line elementor-widget elementor-widget-divider\" data-id=\"7ad41702\" data-element_type=\"widget\" data-e-type=\"widget\" data-widget_type=\"divider.default\">\n\t\t\t\t<div class=\"elementor-widget-container\">\n\t\t\t\t\t\t\t<div class=\"elementor-divider\">\n\t\t\t<span class=\"elementor-divider-separator\">\n\t\t\t\t\t\t<\/span>\n\t\t<\/div>\n\t\t\t\t\t\t<\/div>\n\t\t\t\t<\/div>\n\t\t\t\t<div class=\"elementor-element elementor-element-18d256f8 elementor-widget elementor-widget-text-editor\" data-id=\"18d256f8\" data-element_type=\"widget\" data-e-type=\"widget\" data-widget_type=\"text-editor.default\">\n\t\t\t\t<div class=\"elementor-widget-container\">\n\t\t\t\t\t\t\t\t\tEl Programa sense Barreres de la Fundaci\u00f3 Mutua de Propietarios t\u00e9 com a objectiu proporcionar ajuts econ\u00f2mics per millorar l&#8217;accessibilitat en els edificis d&#8217;habitatges per a persones amb mobilitat redu\u00efda.\t\t\t\t\t\t\t\t<\/div>\n\t\t\t\t<\/div>\n\t\t\t\t\t<\/div>\n\t\t\t\t<\/div>\n\t\t<div class=\"elementor-element elementor-element-75f0bd4e page-intro-image e-flex e-con-boxed e-con e-parent\" data-id=\"75f0bd4e\" data-element_type=\"container\" data-e-type=\"container\">\n\t\t\t\t\t<div class=\"e-con-inner\">\n\t\t\t\t<div class=\"elementor-element elementor-element-642fc99f elementor-widget elementor-widget-image\" data-id=\"642fc99f\" data-element_type=\"widget\" data-e-type=\"widget\" data-widget_type=\"image.default\">\n\t\t\t\t<div class=\"elementor-widget-container\">\n\t\t\t\t\t\t\t\t\t\t\t\t\t\t\t<img fetchpriority=\"high\" decoding=\"async\" width=\"1024\" height=\"707\" src=\"https:\/\/www.fundacionmdp.org\/wp-content\/uploads\/2023\/04\/Depositphotos_240851888_XL-web-1024x707.jpg\" class=\"attachment-large size-large wp-image-6451\" alt=\"\" srcset=\"https:\/\/www.fundacionmdp.org\/wp-content\/uploads\/2023\/04\/Depositphotos_240851888_XL-web-1024x707.jpg 1024w, https:\/\/www.fundacionmdp.org\/wp-content\/uploads\/2023\/04\/Depositphotos_240851888_XL-web-300x207.jpg 300w, https:\/\/www.fundacionmdp.org\/wp-content\/uploads\/2023\/04\/Depositphotos_240851888_XL-web-768x530.jpg 768w, https:\/\/www.fundacionmdp.org\/wp-content\/uploads\/2023\/04\/Depositphotos_240851888_XL-web-1536x1060.jpg 1536w, https:\/\/www.fundacionmdp.org\/wp-content\/uploads\/2023\/04\/Depositphotos_240851888_XL-web.jpg 2000w\" sizes=\"(max-width: 1024px) 100vw, 1024px\" \/>\t\t\t\t\t\t\t\t\t\t\t\t\t\t\t<\/div>\n\t\t\t\t<\/div>\n\t\t\t\t\t<\/div>\n\t\t\t\t<\/div>\n\t\t\t\t<\/div>\n\t\t<div class=\"elementor-element elementor-element-76d7818 seccion-texto-destacado-1 e-flex e-con-boxed e-con e-parent\" data-id=\"76d7818\" data-element_type=\"container\" data-e-type=\"container\">\n\t\t\t\t\t<div class=\"e-con-inner\">\n\t\t\t\t<div class=\"elementor-element elementor-element-ba62796 elementor-widget__width-initial elementor-widget elementor-widget-text-editor\" data-id=\"ba62796\" data-element_type=\"widget\" data-e-type=\"widget\" data-widget_type=\"text-editor.default\">\n\t\t\t\t<div class=\"elementor-widget-container\">\n\t\t\t\t\t\t\t\t\t<p><b><span data-contrast=\"auto\">El 68 % de la poblaci\u00f3 afirma que els problemes de mobilitat s\u00f3n una de les situacions m\u00e9s preocupants per a la poblaci\u00f3 envellida.<\/span><\/b><span data-ccp-props=\"{&quot;335551550&quot;:2,&quot;335551620&quot;:2}\">\u00a0<\/span><\/p><p><b><span data-contrast=\"auto\">Com a societat cal que transformem els habitatges en #HabitatgesSenseBarreres i ens assegurem una millor qualitat de vida<\/span><\/b><span data-ccp-props=\"{&quot;335551550&quot;:2,&quot;335551620&quot;:2}\">\u00a0<\/span><\/p>\t\t\t\t\t\t\t\t<\/div>\n\t\t\t\t<\/div>\n\t\t\t\t\t<\/div>\n\t\t\t\t<\/div>\n\t\t<div class=\"elementor-element elementor-element-b70d4fc e-con-full seccion-text-img-1 back-100 e-flex e-con e-parent\" data-id=\"b70d4fc\" data-element_type=\"container\" data-e-type=\"container\">\n\t\t<div class=\"elementor-element elementor-element-b82f882 seccion-text-img-1-wrap e-flex e-con-boxed e-con e-parent\" data-id=\"b82f882\" data-element_type=\"container\" data-e-type=\"container\">\n\t\t\t\t\t<div class=\"e-con-inner\">\n\t\t<div class=\"elementor-element elementor-element-4070366 e-con-full col-text e-flex e-con e-parent\" data-id=\"4070366\" data-element_type=\"container\" data-e-type=\"container\">\n\t\t\t\t<div class=\"elementor-element elementor-element-6213de2 elementor-widget elementor-widget-text-editor\" data-id=\"6213de2\" data-element_type=\"widget\" data-e-type=\"widget\" data-widget_type=\"text-editor.default\">\n\t\t\t\t<div class=\"elementor-widget-container\">\n\t\t\t\t\t\t\t\t\t<p>Per garantir el dret a la vida independent, la Fundaci\u00f3 ofereix ajuts econ\u00f2mics per adaptar els edificis d&#8217;habitatges i eliminar barreres arquitect\u00f2niques a l&#8217;entorn.<\/p><p>El Programa sense Barreres se centra a contribuir t\u00e8cnicament i econ\u00f2micament a les obres d&#8217;accessibilitat per aconseguir que qualsevol persona pugui moure&#8217;s lliurement des del carrer a la porta de casa seva i crear aix\u00ed una societat m\u00e9s justa i igualit\u00e0ria.<\/p>\t\t\t\t\t\t\t\t<\/div>\n\t\t\t\t<\/div>\n\t\t\t\t<\/div>\n\t\t<div class=\"elementor-element elementor-element-a65eeb4 e-con-full col-img e-flex e-con e-parent\" data-id=\"a65eeb4\" data-element_type=\"container\" data-e-type=\"container\">\n\t\t\t\t<div class=\"elementor-element elementor-element-adad1e7 elementor-widget elementor-widget-video\" data-id=\"adad1e7\" data-element_type=\"widget\" data-e-type=\"widget\" data-settings=\"{&quot;youtube_url&quot;:&quot;https:\\\/\\\/www.youtube.com\\\/watch?v=na_b_zAqngg&quot;,&quot;lazy_load&quot;:&quot;yes&quot;,&quot;video_type&quot;:&quot;youtube&quot;,&quot;controls&quot;:&quot;yes&quot;}\" data-widget_type=\"video.default\">\n\t\t\t\t<div class=\"elementor-widget-container\">\n\t\t\t\t\t\t\t<div class=\"elementor-wrapper elementor-open-inline\">\n\t\t\t<div class=\"elementor-video\"><\/div>\t\t<\/div>\n\t\t\t\t\t\t<\/div>\n\t\t\t\t<\/div>\n\t\t\t\t<\/div>\n\t\t\t\t\t<\/div>\n\t\t\t\t<\/div>\n\t\t\t\t<\/div>\n\t\t<div class=\"elementor-element elementor-element-5ee2f45 programa-ayuda-seccion-title e-flex e-con-boxed e-con e-parent\" data-id=\"5ee2f45\" data-element_type=\"container\" data-e-type=\"container\">\n\t\t\t\t\t<div class=\"e-con-inner\">\n\t\t<div class=\"elementor-element elementor-element-8dd9a32 e-con-full e-flex e-con e-parent\" data-id=\"8dd9a32\" data-element_type=\"container\" data-e-type=\"container\">\n\t\t\t\t<div class=\"elementor-element elementor-element-6dce117 elementor-widget elementor-widget-text-editor\" data-id=\"6dce117\" data-element_type=\"widget\" data-e-type=\"widget\" data-widget_type=\"text-editor.default\">\n\t\t\t\t<div class=\"elementor-widget-container\">\n\t\t\t\t\t\t\t\t\t<h2>Com et podem ajudar?<\/h2>\nMitjan\u00e7ant les convocat\u00f2ries d&#8217;ajuts del Programa sense Barreres subvencionem obres d&#8217;accessibilitat a les zones comunes del teu edifici d&#8217;habitatges, com ara:\t\t\t\t\t\t\t\t<\/div>\n\t\t\t\t<\/div>\n\t\t\t\t<\/div>\n\t\t\t\t\t<\/div>\n\t\t\t\t<\/div>\n\t\t<div class=\"elementor-element elementor-element-4644305 programa-ayuda-seccion e-flex e-con-boxed e-con e-parent\" data-id=\"4644305\" data-element_type=\"container\" data-e-type=\"container\">\n\t\t\t\t\t<div class=\"e-con-inner\">\n\t\t<div class=\"elementor-element elementor-element-9dda32f e-con-full col-textos e-flex e-con e-parent\" data-id=\"9dda32f\" data-element_type=\"container\" data-e-type=\"container\">\n\t\t<div class=\"elementor-element elementor-element-ec6ee23 e-con-full programa-ayuda-slide-1 e-flex e-con e-parent\" data-id=\"ec6ee23\" data-element_type=\"container\" data-e-type=\"container\">\n\t\t\t\t<div class=\"elementor-element elementor-element-3a7ce67 title no-margin-bot elementor-widget elementor-widget-text-editor\" data-id=\"3a7ce67\" data-element_type=\"widget\" data-e-type=\"widget\" data-widget_type=\"text-editor.default\">\n\t\t\t\t<div class=\"elementor-widget-container\">\n\t\t\t\t\t\t\t\t\t<strong>Supressi\u00f3 de barreres arquitect\u00f2niques<\/strong>\t\t\t\t\t\t\t\t<\/div>\n\t\t\t\t<\/div>\n\t\t<div class=\"elementor-element elementor-element-4d1f056 e-con-full content-wrap e-flex e-con e-parent\" data-id=\"4d1f056\" data-element_type=\"container\" data-e-type=\"container\">\n\t\t\t\t<div class=\"elementor-element elementor-element-c4eca98 elementor-widget elementor-widget-text-editor\" data-id=\"c4eca98\" data-element_type=\"widget\" data-e-type=\"widget\" data-widget_type=\"text-editor.default\">\n\t\t\t\t<div class=\"elementor-widget-container\">\n\t\t\t\t\t\t\t\t\t<ul><li data-leveltext=\"\uf0a7\" data-font=\"Wingdings\" data-listid=\"2\" data-list-defn-props=\"{&quot;335552541&quot;:1,&quot;335559684&quot;:-2,&quot;335559685&quot;:2160,&quot;335559991&quot;:360,&quot;469769226&quot;:&quot;Wingdings&quot;,&quot;469769242&quot;:[9642],&quot;469777803&quot;:&quot;left&quot;,&quot;469777804&quot;:&quot;\uf0a7&quot;,&quot;469777815&quot;:&quot;multilevel&quot;}\" aria-setsize=\"-1\" data-aria-posinset=\"1\" data-aria-level=\"3\">L&#8217;execuci\u00f3 o millora de les rampes d&#8217;acc\u00e9s per tal de suprimir els desnivells.\u00a0<\/li><li data-leveltext=\"\uf0a7\" data-font=\"Wingdings\" data-listid=\"2\" data-list-defn-props=\"{&quot;335552541&quot;:1,&quot;335559684&quot;:-2,&quot;335559685&quot;:2160,&quot;335559991&quot;:360,&quot;469769226&quot;:&quot;Wingdings&quot;,&quot;469769242&quot;:[9642],&quot;469777803&quot;:&quot;left&quot;,&quot;469777804&quot;:&quot;\uf0a7&quot;,&quot;469777815&quot;:&quot;multilevel&quot;}\" aria-setsize=\"-1\" data-aria-posinset=\"2\" data-aria-level=\"3\">Reformes constructives que impliquin l&#8217;enderrocament, eixamplament o adequaci\u00f3 de portes o passadissos i l&#8217;ampliaci\u00f3 de parades d&#8217;ascensors.<\/li><li data-leveltext=\"\uf0a7\" data-font=\"Wingdings\" data-listid=\"2\" data-list-defn-props=\"{&quot;335552541&quot;:1,&quot;335559684&quot;:-2,&quot;335559685&quot;:2160,&quot;335559991&quot;:360,&quot;469769226&quot;:&quot;Wingdings&quot;,&quot;469769242&quot;:[9642],&quot;469777803&quot;:&quot;left&quot;,&quot;469777804&quot;:&quot;\uf0a7&quot;,&quot;469777815&quot;:&quot;multilevel&quot;}\" aria-setsize=\"-1\" data-aria-posinset=\"3\" data-aria-level=\"3\">Instal\u00b7laci\u00f3 de dispositius elevadors individuals, com ara dispositius per salvar escales, plataformes elevadores, etc.<\/li><\/ul>\t\t\t\t\t\t\t\t<\/div>\n\t\t\t\t<\/div>\n\t\t\t\t<\/div>\n\t\t\t\t<\/div>\n\t\t<div class=\"elementor-element elementor-element-b97acde e-con-full programa-ayuda-slide-2 e-flex e-con e-parent\" data-id=\"b97acde\" data-element_type=\"container\" data-e-type=\"container\">\n\t\t\t\t<div class=\"elementor-element elementor-element-85ccc52 title no-margin-bot elementor-widget elementor-widget-text-editor\" data-id=\"85ccc52\" data-element_type=\"widget\" data-e-type=\"widget\" data-widget_type=\"text-editor.default\">\n\t\t\t\t<div class=\"elementor-widget-container\">\n\t\t\t\t\t\t\t\t\t<strong>Instal\u00b7laci\u00f3 d&#8217;ascensors<\/strong>\t\t\t\t\t\t\t\t<\/div>\n\t\t\t\t<\/div>\n\t\t<div class=\"elementor-element elementor-element-ef643fa e-con-full content-wrap e-flex e-con e-parent\" data-id=\"ef643fa\" data-element_type=\"container\" data-e-type=\"container\">\n\t\t\t\t<div class=\"elementor-element elementor-element-cd077f3 elementor-widget elementor-widget-text-editor\" data-id=\"cd077f3\" data-element_type=\"widget\" data-e-type=\"widget\" data-widget_type=\"text-editor.default\">\n\t\t\t\t<div class=\"elementor-widget-container\">\n\t\t\t\t\t\t\t\t\t<ul><li>La instal\u00b7laci\u00f3 d&#8217;ascensors nous, l&#8217;abaixament de cotes d&#8217;ascensors existents o la millora de les condicions d&#8217;accessibilitat als ascensors existents.<\/li><\/ul>\t\t\t\t\t\t\t\t<\/div>\n\t\t\t\t<\/div>\n\t\t\t\t<\/div>\n\t\t\t\t<\/div>\n\t\t<div class=\"elementor-element elementor-element-b298490 e-flex e-con-boxed e-con e-parent\" data-id=\"b298490\" data-element_type=\"container\" data-e-type=\"container\">\n\t\t\t\t\t<div class=\"e-con-inner\">\n\t\t\t\t<div class=\"elementor-element elementor-element-4e4d159 title-no-margin-bot elementor-widget elementor-widget-text-editor\" data-id=\"4e4d159\" data-element_type=\"widget\" data-e-type=\"widget\" data-widget_type=\"text-editor.default\">\n\t\t\t\t<div class=\"elementor-widget-container\">\n\t\t\t\t\t\t\t\t\t<h3>Qu\u00e8 haig de fer per acollir-me al programa?<\/h3>\t\t\t\t\t\t\t\t<\/div>\n\t\t\t\t<\/div>\n\t\t\t\t<div class=\"elementor-element elementor-element-c8cf2c8 no-margin-bot elementor-widget elementor-widget-text-editor\" data-id=\"c8cf2c8\" data-element_type=\"widget\" data-e-type=\"widget\" data-widget_type=\"text-editor.default\">\n\t\t\t\t<div class=\"elementor-widget-container\">\n\t\t\t\t\t\t\t\t\tPots revisar les nostres convocat\u00f2ries d&#8217;ajuts a l&#8217;accessibilitat per veure quina \u00e9s la millor convocat\u00f2ria d&#8217;ajut que permetr\u00e0 que el teu edifici d&#8217;habitatge quedi lliure de barreres arquitect\u00f2niques. \t\t\t\t\t\t\t\t<\/div>\n\t\t\t\t<\/div>\n\t\t\t\t<div class=\"elementor-element elementor-element-08ab491 elementor-align-left elementor-widget elementor-widget-button\" data-id=\"08ab491\" data-element_type=\"widget\" data-e-type=\"widget\" data-widget_type=\"button.default\">\n\t\t\t\t<div class=\"elementor-widget-container\">\n\t\t\t\t\t\t\t\t\t<div class=\"elementor-button-wrapper\">\n\t\t\t\t\t<a class=\"elementor-button elementor-button-link elementor-size-sm\" href=\"https:\/\/www.fundacionmdp.org\/ca\/convocatories-dajuts-del-programa-dajuts-sense-barreres\/\">\n\t\t\t\t\t\t<span class=\"elementor-button-content-wrapper\">\n\t\t\t\t\t\t\t\t\t<span class=\"elementor-button-text\">CONSULTA LES CONVOCAT\u00d2RIES<\/span>\n\t\t\t\t\t<\/span>\n\t\t\t\t\t<\/a>\n\t\t\t\t<\/div>\n\t\t\t\t\t\t\t\t<\/div>\n\t\t\t\t<\/div>\n\t\t\t\t\t<\/div>\n\t\t\t\t<\/div>\n\t\t\t\t<\/div>\n\t\t<div class=\"elementor-element elementor-element-2a485c0 e-con-full img-col e-flex e-con e-parent\" data-id=\"2a485c0\" data-element_type=\"container\" data-e-type=\"container\">\n\t\t\t\t<div class=\"elementor-element elementor-element-a645a3f programa-ayuda-slide-1-opener elementor-widget elementor-widget-html\" data-id=\"a645a3f\" data-element_type=\"widget\" data-e-type=\"widget\" data-widget_type=\"html.default\">\n\t\t\t\t<div class=\"elementor-widget-container\">\n\t\t\t\t\t<p class=\"text\">Supressi\u00f3 de barreres <\/p>\n<svg xmlns=\"http:\/\/www.w3.org\/2000\/svg\" width=\"45\" height=\"46\" viewBox=\"0 0 45 46\">\n  <g id=\"Grupo_1188\" data-name=\"Grupo 1188\" transform=\"translate(-734 -1753)\">\n    <rect id=\"Rect\u00e1ngulo_5496\" class=\"back-icon\" data-name=\"Rect\u00e1ngulo 5496\" width=\"45\" height=\"46\" rx=\"22.5\" transform=\"translate(734 1753)\" fill=\"var(--color-alt)\"\/>\n    <g id=\"icono-rampa\" class=\"icon-opener\" transform=\"translate(746.396 1763.993)\">\n      <circle id=\"Elipse_270\" data-name=\"Elipse 270\" cx=\"2.024\" cy=\"2.024\" r=\"2.024\" transform=\"translate(8.918)\" fill=\"#fff\"\/>\n      <path id=\"Trazado_108\" data-name=\"Trazado 108\" d=\"M154.183,139.3H151.12a5.415,5.415,0,0,0-1.583-1.156v-3.309A2.138,2.138,0,0,0,147.4,132.7h-.173a2.1,2.1,0,0,0-1.388.515l-2.819,2.046a.957.957,0,0,0-.21,1.332l2.028,2.79a.954.954,0,0,0,1.542-1.123l-1.465-2.021.35-.254,1.465,2.021a1.387,1.387,0,0,1,.243,1.06c.074,0,.147-.007.221-.007a3.961,3.961,0,1,1-2.451.85,1.412,1.412,0,0,1-.261-.272l-.629-.869a5.405,5.405,0,1,0,8.514,2.669h.747v4.586a1.071,1.071,0,0,0,2.142,0v-5.65a1.07,1.07,0,0,0-1.071-1.071Z\" transform=\"translate(-136.57 -127.815)\" fill=\"#fff\"\/>\n      <path id=\"Trazado_109\" data-name=\"Trazado 109\" d=\"M21.208,461.688,0,454.4l.006,1.822L11.9,460.308H.018l0,1.38Z\" transform=\"translate(0 -437.675)\" fill=\"#fff\"\/>\n    <\/g>\n    <path id=\"Icon_material-close\" class=\"icon-closer\" data-name=\"Icon material-close\" d=\"M28.5,9.615,26.385,7.5,18,15.885,9.615,7.5,7.5,9.615,15.885,18,7.5,26.385,9.615,28.5,18,20.115,26.385,28.5,28.5,26.385,20.115,18Z\" transform=\"translate(738.5 1758.5)\" fill=\"#fff\"\/>\n  <\/g>\n<\/svg>\n\t\t\t\t<\/div>\n\t\t\t\t<\/div>\n\t\t\t\t<div class=\"elementor-element elementor-element-65d476d programa-ayuda-slide-2-opener elementor-widget elementor-widget-html\" data-id=\"65d476d\" data-element_type=\"widget\" data-e-type=\"widget\" data-widget_type=\"html.default\">\n\t\t\t\t<div class=\"elementor-widget-container\">\n\t\t\t\t\t<p class=\"text\">Instal\u00b7laci\u00f3 d'ascensors<\/p>\n<svg xmlns=\"http:\/\/www.w3.org\/2000\/svg\" xmlns:xlink=\"http:\/\/www.w3.org\/1999\/xlink\" width=\"45\" height=\"45\" viewBox=\"0 0 45 45\">\n  <defs>\n    <clipPath id=\"ascensor-clip-path\">\n      <rect id=\"Rect\u00e1ngulo_5503\" data-name=\"Rect\u00e1ngulo 5503\" width=\"22.558\" height=\"22.123\" rx=\"2\" fill=\"#fff\"\/>\n    <\/clipPath>\n  <\/defs>\n  <g id=\"Grupo_1471\" data-name=\"Grupo 1471\" transform=\"translate(-254 -2256)\">\n    <rect id=\"Rect\u00e1ngulo_5495\" class=\"back-icon\" data-name=\"Rect\u00e1ngulo 5495\" width=\"45\" height=\"45\" rx=\"22.5\" transform=\"translate(254 2256)\" fill=\"var(--color-alt)\"\/>\n    <g id=\"Grupo_960\" data-name=\"Grupo 960\" transform=\"translate(265.543 2267.513)\">\n      <g id=\"Grupo_959\" class=\"icon-opener\" data-name=\"Grupo 959\" clip-path=\"url(#ascensor-clip-path)\">\n        <path id=\"Trazado_142\" data-name=\"Trazado 142\" d=\"M0,0V22.123H3.96V5.535a.433.433,0,0,1,.418-.418c4.609,0,9.2-.007,13.8,0a.433.433,0,0,1,.418.418V22.123h3.96V0H0ZM7.215,2H15.3V3.194H7.215ZM19.886,12.01h1.305v1.462H19.886Zm0,2.3h1.305v1.471H19.886Z\" fill=\"#fff\" fill-rule=\"evenodd\"\/>\n        <rect id=\"Rect\u00e1ngulo_5501\" data-name=\"Rect\u00e1ngulo 5501\" width=\"6.068\" height=\"16.165\" transform=\"translate(4.798 5.957)\" fill=\"#fff\"\/>\n        <rect id=\"Rect\u00e1ngulo_5502\" data-name=\"Rect\u00e1ngulo 5502\" width=\"6.059\" height=\"16.165\" transform=\"translate(11.704 5.957)\" fill=\"#fff\"\/>\n      <\/g>\n    <\/g>\n    <path id=\"Icon_material-close\" class=\"icon-closer\" data-name=\"Icon material-close\" d=\"M28.5,9.615,26.385,7.5,18,15.885,9.615,7.5,7.5,9.615,15.885,18,7.5,26.385,9.615,28.5,18,20.115,26.385,28.5,28.5,26.385,20.115,18Z\" transform=\"translate(258.5 2260.5)\" fill=\"#fff\"\/>\n  <\/g>\n<\/svg>\n\t\t\t\t<\/div>\n\t\t\t\t<\/div>\n\t\t\t\t<div class=\"elementor-element elementor-element-64ca0bb back-shape elementor-widget elementor-widget-html\" data-id=\"64ca0bb\" data-element_type=\"widget\" data-e-type=\"widget\" data-widget_type=\"html.default\">\n\t\t\t\t<div class=\"elementor-widget-container\">\n\t\t\t\t\t<svg xmlns=\"http:\/\/www.w3.org\/2000\/svg\" xmlns:xlink=\"http:\/\/www.w3.org\/1999\/xlink\" width=\"675.341\" height=\"395.299\" viewBox=\"0 0 675.341 395.299\">\n  <defs>\n    <clipPath id=\"back-shape-clip-path\">\n      <rect id=\"Rect\u00e1ngulo_5831\" data-name=\"Rect\u00e1ngulo 5831\" width=\"675.341\" height=\"395.299\" transform=\"translate(515.18 312.701)\" fill=\"#fff\" stroke=\"#707070\" stroke-width=\"1\"\/>\n    <\/clipPath>\n    <linearGradient id=\"linear-gradient\" x1=\"0.508\" x2=\"0.5\" y2=\"0.871\" gradientUnits=\"objectBoundingBox\">\n      <stop offset=\"0\" stop-color=\"#fff\" stop-opacity=\"0\"\/>\n      <stop offset=\"0.972\" stop-color=\"#fff\"\/>\n      <stop offset=\"1\" stop-color=\"#fff\"\/>\n    <\/linearGradient>\n  <\/defs>\n  <g id=\"Line_round_border\" data-name=\"Line round border\" transform=\"translate(-515.18 -312.701)\" clip-path=\"url(#back-shape-clip-path)\">\n    <g id=\"Elipse_313\" data-name=\"Elipse 313\" transform=\"translate(524.18 326.15)\" fill=\"none\" stroke=\"#dacbbc\" stroke-width=\"1\">\n      <circle cx=\"328.67\" cy=\"328.67\" r=\"328.67\" stroke=\"none\"\/>\n      <circle cx=\"328.67\" cy=\"328.67\" r=\"328.17\" fill=\"none\"\/>\n    <\/g>\n    <rect id=\"Rect\u00e1ngulo_5830\" data-name=\"Rect\u00e1ngulo 5830\" width=\"703.265\" height=\"480.849\" transform=\"translate(494.465 326.15)\" fill=\"url(#linear-gradient)\"\/>\n  <\/g>\n<\/svg>\n\t\t\t\t<\/div>\n\t\t\t\t<\/div>\n\t\t\t\t<div class=\"elementor-element elementor-element-5a54ad7 elementor-widget__width-initial elementor-widget elementor-widget-image\" data-id=\"5a54ad7\" data-element_type=\"widget\" data-e-type=\"widget\" data-widget_type=\"image.default\">\n\t\t\t\t<div class=\"elementor-widget-container\">\n\t\t\t\t\t\t\t\t\t\t\t\t\t\t\t<img decoding=\"async\" width=\"1024\" height=\"535\" src=\"https:\/\/www.fundacionmdp.org\/wp-content\/uploads\/2023\/05\/Edifici-definitiu-web-1024x535.png\" class=\"attachment-large size-large wp-image-6469\" alt=\"\" srcset=\"https:\/\/www.fundacionmdp.org\/wp-content\/uploads\/2023\/05\/Edifici-definitiu-web-1024x535.png 1024w, https:\/\/www.fundacionmdp.org\/wp-content\/uploads\/2023\/05\/Edifici-definitiu-web-300x157.png 300w, https:\/\/www.fundacionmdp.org\/wp-content\/uploads\/2023\/05\/Edifici-definitiu-web-768x401.png 768w, https:\/\/www.fundacionmdp.org\/wp-content\/uploads\/2023\/05\/Edifici-definitiu-web.png 1200w\" sizes=\"(max-width: 1024px) 100vw, 1024px\" \/>\t\t\t\t\t\t\t\t\t\t\t\t\t\t\t<\/div>\n\t\t\t\t<\/div>\n\t\t\t\t<\/div>\n\t\t\t\t\t<\/div>\n\t\t\t\t<\/div>\n\t\t\t\t<\/div>\n\t\t","protected":false},"excerpt":{"rendered":"<p>Programa d&#8217;Ajuts sense Barreres El Programa sense Barreres de la Fundaci\u00f3 Mutua de Propietarios t\u00e9 com a objectiu proporcionar ajuts econ\u00f2mics per millorar l&#8217;accessibilitat en els edificis d&#8217;habitatges per a persones amb mobilitat redu\u00efda. El 68 % de la poblaci\u00f3 afirma que els problemes de mobilitat s\u00f3n una de les situacions m\u00e9s preocupants per a [&hellip;]<\/p>\n","protected":false},"author":1,"featured_media":0,"parent":0,"menu_order":0,"comment_status":"closed","ping_status":"closed","template":"","meta":{"_acf_changed":false,"ocean_post_layout":"","ocean_both_sidebars_style":"","ocean_both_sidebars_content_width":0,"ocean_both_sidebars_sidebars_width":0,"ocean_sidebar":"0","ocean_second_sidebar":"0","ocean_disable_margins":"enable","ocean_add_body_class":"","ocean_shortcode_before_top_bar":"","ocean_shortcode_after_top_bar":"","ocean_shortcode_before_header":"","ocean_shortcode_after_header":"","ocean_has_shortcode":"","ocean_shortcode_after_title":"","ocean_shortcode_before_footer_widgets":"","ocean_shortcode_after_footer_widgets":"","ocean_shortcode_before_footer_bottom":"","ocean_shortcode_after_footer_bottom":"","ocean_display_top_bar":"default","ocean_display_header":"default","ocean_header_style":"","ocean_center_header_left_menu":"0","ocean_custom_header_template":"0","ocean_custom_logo":0,"ocean_custom_retina_logo":0,"ocean_custom_logo_max_width":0,"ocean_custom_logo_tablet_max_width":0,"ocean_custom_logo_mobile_max_width":0,"ocean_custom_logo_max_height":0,"ocean_custom_logo_tablet_max_height":0,"ocean_custom_logo_mobile_max_height":0,"ocean_header_custom_menu":"0","ocean_menu_typo_font_family":"0","ocean_menu_typo_font_subset":"","ocean_menu_typo_font_size":0,"ocean_menu_typo_font_size_tablet":0,"ocean_menu_typo_font_size_mobile":0,"ocean_menu_typo_font_size_unit":"px","ocean_menu_typo_font_weight":"","ocean_menu_typo_font_weight_tablet":"","ocean_menu_typo_font_weight_mobile":"","ocean_menu_typo_transform":"","ocean_menu_typo_transform_tablet":"","ocean_menu_typo_transform_mobile":"","ocean_menu_typo_line_height":0,"ocean_menu_typo_line_height_tablet":0,"ocean_menu_typo_line_height_mobile":0,"ocean_menu_typo_line_height_unit":"","ocean_menu_typo_spacing":0,"ocean_menu_typo_spacing_tablet":0,"ocean_menu_typo_spacing_mobile":0,"ocean_menu_typo_spacing_unit":"","ocean_menu_link_color":"","ocean_menu_link_color_hover":"","ocean_menu_link_color_active":"","ocean_menu_link_background":"","ocean_menu_link_hover_background":"","ocean_menu_link_active_background":"","ocean_menu_social_links_bg":"","ocean_menu_social_hover_links_bg":"","ocean_menu_social_links_color":"","ocean_menu_social_hover_links_color":"","ocean_disable_title":"default","ocean_disable_heading":"default","ocean_post_title":"","ocean_post_subheading":"","ocean_post_title_style":"","ocean_post_title_background_color":"","ocean_post_title_background":0,"ocean_post_title_bg_image_position":"","ocean_post_title_bg_image_attachment":"","ocean_post_title_bg_image_repeat":"","ocean_post_title_bg_image_size":"","ocean_post_title_height":0,"ocean_post_title_bg_overlay":0.5,"ocean_post_title_bg_overlay_color":"","ocean_disable_breadcrumbs":"default","ocean_breadcrumbs_color":"","ocean_breadcrumbs_separator_color":"","ocean_breadcrumbs_links_color":"","ocean_breadcrumbs_links_hover_color":"","ocean_display_footer_widgets":"default","ocean_display_footer_bottom":"default","ocean_custom_footer_template":"0","footnotes":""},"class_list":["post-8571","page","type-page","status-publish","hentry","entry"],"acf":[],"yoast_head":"<!-- This site is optimized with the Yoast SEO plugin v27.3 - https:\/\/yoast.com\/product\/yoast-seo-wordpress\/ -->\n<title>Programa d&#039;Ajuts sense Barreres - Fundaci\u00f3n Mutua de Propietarios<\/title>\n<meta name=\"robots\" content=\"index, follow, max-snippet:-1, max-image-preview:large, max-video-preview:-1\" \/>\n<link rel=\"canonical\" href=\"https:\/\/www.fundacionmdp.org\/programa-de-ayudas-sin-barreras\/\" \/>\n<meta property=\"og:locale\" content=\"ca_ES\" \/>\n<meta property=\"og:type\" content=\"article\" \/>\n<meta property=\"og:title\" content=\"Programa d&#039;Ajuts sense Barreres - Fundaci\u00f3n Mutua de Propietarios\" \/>\n<meta property=\"og:description\" content=\"Programa d&#8217;Ajuts sense Barreres El Programa sense Barreres de la Fundaci\u00f3 Mutua de Propietarios t\u00e9 com a objectiu proporcionar ajuts econ\u00f2mics per millorar l&#8217;accessibilitat en els edificis d&#8217;habitatges per a persones amb mobilitat redu\u00efda. El 68 % de la poblaci\u00f3 afirma que els problemes de mobilitat s\u00f3n una de les situacions m\u00e9s preocupants per a [&hellip;]\" \/>\n<meta property=\"og:url\" content=\"https:\/\/www.fundacionmdp.org\/programa-de-ayudas-sin-barreras\/\" \/>\n<meta property=\"og:site_name\" content=\"Fundaci\u00f3n Mutua de Propietarios\" \/>\n<meta property=\"article:modified_time\" content=\"2023-05-24T09:59:49+00:00\" \/>\n<meta property=\"og:image\" content=\"http:\/\/108.128.154.120\/wp-content\/uploads\/2023\/04\/Depositphotos_240851888_XL-web-1024x707.jpg\" \/>\n<meta name=\"twitter:card\" content=\"summary_large_image\" \/>\n<meta name=\"twitter:label1\" content=\"Temps estimat de lectura\" \/>\n\t<meta name=\"twitter:data1\" content=\"2 minuts\" \/>\n<script type=\"application\/ld+json\" class=\"yoast-schema-graph\">{\"@context\":\"https:\\\/\\\/schema.org\",\"@graph\":[{\"@type\":\"WebPage\",\"@id\":\"https:\\\/\\\/www.fundacionmdp.org\\\/programa-de-ayudas-sin-barreras\\\/\",\"url\":\"https:\\\/\\\/www.fundacionmdp.org\\\/programa-de-ayudas-sin-barreras\\\/\",\"name\":\"Programa d'Ajuts sense Barreres - Fundaci\u00f3n Mutua de Propietarios\",\"isPartOf\":{\"@id\":\"https:\\\/\\\/www.fundacionmdp.org\\\/#website\"},\"primaryImageOfPage\":{\"@id\":\"https:\\\/\\\/www.fundacionmdp.org\\\/programa-de-ayudas-sin-barreras\\\/#primaryimage\"},\"image\":{\"@id\":\"https:\\\/\\\/www.fundacionmdp.org\\\/programa-de-ayudas-sin-barreras\\\/#primaryimage\"},\"thumbnailUrl\":\"http:\\\/\\\/108.128.154.120\\\/wp-content\\\/uploads\\\/2023\\\/04\\\/Depositphotos_240851888_XL-web-1024x707.jpg\",\"datePublished\":\"2023-05-03T07:57:15+00:00\",\"dateModified\":\"2023-05-24T09:59:49+00:00\",\"breadcrumb\":{\"@id\":\"https:\\\/\\\/www.fundacionmdp.org\\\/programa-de-ayudas-sin-barreras\\\/#breadcrumb\"},\"inLanguage\":\"ca\",\"potentialAction\":[{\"@type\":\"ReadAction\",\"target\":[\"https:\\\/\\\/www.fundacionmdp.org\\\/programa-de-ayudas-sin-barreras\\\/\"]}]},{\"@type\":\"ImageObject\",\"inLanguage\":\"ca\",\"@id\":\"https:\\\/\\\/www.fundacionmdp.org\\\/programa-de-ayudas-sin-barreras\\\/#primaryimage\",\"url\":\"http:\\\/\\\/108.128.154.120\\\/wp-content\\\/uploads\\\/2023\\\/04\\\/Depositphotos_240851888_XL-web-1024x707.jpg\",\"contentUrl\":\"http:\\\/\\\/108.128.154.120\\\/wp-content\\\/uploads\\\/2023\\\/04\\\/Depositphotos_240851888_XL-web-1024x707.jpg\"},{\"@type\":\"BreadcrumbList\",\"@id\":\"https:\\\/\\\/www.fundacionmdp.org\\\/programa-de-ayudas-sin-barreras\\\/#breadcrumb\",\"itemListElement\":[{\"@type\":\"ListItem\",\"position\":1,\"name\":\"Home\",\"item\":\"https:\\\/\\\/www.fundacionmdp.org\\\/ca\\\/\"},{\"@type\":\"ListItem\",\"position\":2,\"name\":\"Programa d&#8217;Ajuts sense Barreres\"}]},{\"@type\":\"WebSite\",\"@id\":\"https:\\\/\\\/www.fundacionmdp.org\\\/#website\",\"url\":\"https:\\\/\\\/www.fundacionmdp.org\\\/\",\"name\":\"Fundaci\u00f3n Mutua de Propietarios\",\"description\":\"En la Fundaci\u00f3n Mutua de Propietarios te ayudamos a convertir tu edificio de viviendas en un espacio sin barreras arquitect\u00f3nicas.\",\"publisher\":{\"@id\":\"https:\\\/\\\/www.fundacionmdp.org\\\/#organization\"},\"potentialAction\":[{\"@type\":\"SearchAction\",\"target\":{\"@type\":\"EntryPoint\",\"urlTemplate\":\"https:\\\/\\\/www.fundacionmdp.org\\\/?s={search_term_string}\"},\"query-input\":{\"@type\":\"PropertyValueSpecification\",\"valueRequired\":true,\"valueName\":\"search_term_string\"}}],\"inLanguage\":\"ca\"},{\"@type\":\"Organization\",\"@id\":\"https:\\\/\\\/www.fundacionmdp.org\\\/#organization\",\"name\":\"Fundaci\u00f3n Mutua de Propietarios\",\"url\":\"https:\\\/\\\/www.fundacionmdp.org\\\/\",\"logo\":{\"@type\":\"ImageObject\",\"inLanguage\":\"ca\",\"@id\":\"https:\\\/\\\/www.fundacionmdp.org\\\/#\\\/schema\\\/logo\\\/image\\\/\",\"url\":\"https:\\\/\\\/www.fundacionmdp.org\\\/wp-content\\\/uploads\\\/2023\\\/05\\\/logo_FMdP_cat.png\",\"contentUrl\":\"https:\\\/\\\/www.fundacionmdp.org\\\/wp-content\\\/uploads\\\/2023\\\/05\\\/logo_FMdP_cat.png\",\"width\":655,\"height\":297,\"caption\":\"Fundaci\u00f3n Mutua de Propietarios\"},\"image\":{\"@id\":\"https:\\\/\\\/www.fundacionmdp.org\\\/#\\\/schema\\\/logo\\\/image\\\/\"}}]}<\/script>\n<!-- \/ Yoast SEO plugin. -->","yoast_head_json":{"title":"Programa d'Ajuts sense Barreres - Fundaci\u00f3n Mutua de Propietarios","robots":{"index":"index","follow":"follow","max-snippet":"max-snippet:-1","max-image-preview":"max-image-preview:large","max-video-preview":"max-video-preview:-1"},"canonical":"https:\/\/www.fundacionmdp.org\/programa-de-ayudas-sin-barreras\/","og_locale":"ca_ES","og_type":"article","og_title":"Programa d'Ajuts sense Barreres - Fundaci\u00f3n Mutua de Propietarios","og_description":"Programa d&#8217;Ajuts sense Barreres El Programa sense Barreres de la Fundaci\u00f3 Mutua de Propietarios t\u00e9 com a objectiu proporcionar ajuts econ\u00f2mics per millorar l&#8217;accessibilitat en els edificis d&#8217;habitatges per a persones amb mobilitat redu\u00efda. El 68 % de la poblaci\u00f3 afirma que els problemes de mobilitat s\u00f3n una de les situacions m\u00e9s preocupants per a [&hellip;]","og_url":"https:\/\/www.fundacionmdp.org\/programa-de-ayudas-sin-barreras\/","og_site_name":"Fundaci\u00f3n Mutua de Propietarios","article_modified_time":"2023-05-24T09:59:49+00:00","og_image":[{"url":"http:\/\/108.128.154.120\/wp-content\/uploads\/2023\/04\/Depositphotos_240851888_XL-web-1024x707.jpg","type":"","width":"","height":""}],"twitter_card":"summary_large_image","twitter_misc":{"Temps estimat de lectura":"2 minuts"},"schema":{"@context":"https:\/\/schema.org","@graph":[{"@type":"WebPage","@id":"https:\/\/www.fundacionmdp.org\/programa-de-ayudas-sin-barreras\/","url":"https:\/\/www.fundacionmdp.org\/programa-de-ayudas-sin-barreras\/","name":"Programa d'Ajuts sense Barreres - Fundaci\u00f3n Mutua de Propietarios","isPartOf":{"@id":"https:\/\/www.fundacionmdp.org\/#website"},"primaryImageOfPage":{"@id":"https:\/\/www.fundacionmdp.org\/programa-de-ayudas-sin-barreras\/#primaryimage"},"image":{"@id":"https:\/\/www.fundacionmdp.org\/programa-de-ayudas-sin-barreras\/#primaryimage"},"thumbnailUrl":"http:\/\/108.128.154.120\/wp-content\/uploads\/2023\/04\/Depositphotos_240851888_XL-web-1024x707.jpg","datePublished":"2023-05-03T07:57:15+00:00","dateModified":"2023-05-24T09:59:49+00:00","breadcrumb":{"@id":"https:\/\/www.fundacionmdp.org\/programa-de-ayudas-sin-barreras\/#breadcrumb"},"inLanguage":"ca","potentialAction":[{"@type":"ReadAction","target":["https:\/\/www.fundacionmdp.org\/programa-de-ayudas-sin-barreras\/"]}]},{"@type":"ImageObject","inLanguage":"ca","@id":"https:\/\/www.fundacionmdp.org\/programa-de-ayudas-sin-barreras\/#primaryimage","url":"http:\/\/108.128.154.120\/wp-content\/uploads\/2023\/04\/Depositphotos_240851888_XL-web-1024x707.jpg","contentUrl":"http:\/\/108.128.154.120\/wp-content\/uploads\/2023\/04\/Depositphotos_240851888_XL-web-1024x707.jpg"},{"@type":"BreadcrumbList","@id":"https:\/\/www.fundacionmdp.org\/programa-de-ayudas-sin-barreras\/#breadcrumb","itemListElement":[{"@type":"ListItem","position":1,"name":"Home","item":"https:\/\/www.fundacionmdp.org\/ca\/"},{"@type":"ListItem","position":2,"name":"Programa d&#8217;Ajuts sense Barreres"}]},{"@type":"WebSite","@id":"https:\/\/www.fundacionmdp.org\/#website","url":"https:\/\/www.fundacionmdp.org\/","name":"Fundaci\u00f3n Mutua de Propietarios","description":"En la Fundaci\u00f3n Mutua de Propietarios te ayudamos a convertir tu edificio de viviendas en un espacio sin barreras arquitect\u00f3nicas.","publisher":{"@id":"https:\/\/www.fundacionmdp.org\/#organization"},"potentialAction":[{"@type":"SearchAction","target":{"@type":"EntryPoint","urlTemplate":"https:\/\/www.fundacionmdp.org\/?s={search_term_string}"},"query-input":{"@type":"PropertyValueSpecification","valueRequired":true,"valueName":"search_term_string"}}],"inLanguage":"ca"},{"@type":"Organization","@id":"https:\/\/www.fundacionmdp.org\/#organization","name":"Fundaci\u00f3n Mutua de Propietarios","url":"https:\/\/www.fundacionmdp.org\/","logo":{"@type":"ImageObject","inLanguage":"ca","@id":"https:\/\/www.fundacionmdp.org\/#\/schema\/logo\/image\/","url":"https:\/\/www.fundacionmdp.org\/wp-content\/uploads\/2023\/05\/logo_FMdP_cat.png","contentUrl":"https:\/\/www.fundacionmdp.org\/wp-content\/uploads\/2023\/05\/logo_FMdP_cat.png","width":655,"height":297,"caption":"Fundaci\u00f3n Mutua de Propietarios"},"image":{"@id":"https:\/\/www.fundacionmdp.org\/#\/schema\/logo\/image\/"}}]}},"_links":{"self":[{"href":"https:\/\/www.fundacionmdp.org\/ca\/wp-json\/wp\/v2\/pages\/8571","targetHints":{"allow":["GET"]}}],"collection":[{"href":"https:\/\/www.fundacionmdp.org\/ca\/wp-json\/wp\/v2\/pages"}],"about":[{"href":"https:\/\/www.fundacionmdp.org\/ca\/wp-json\/wp\/v2\/types\/page"}],"author":[{"embeddable":true,"href":"https:\/\/www.fundacionmdp.org\/ca\/wp-json\/wp\/v2\/users\/1"}],"replies":[{"embeddable":true,"href":"https:\/\/www.fundacionmdp.org\/ca\/wp-json\/wp\/v2\/comments?post=8571"}],"version-history":[{"count":22,"href":"https:\/\/www.fundacionmdp.org\/ca\/wp-json\/wp\/v2\/pages\/8571\/revisions"}],"predecessor-version":[{"id":8900,"href":"https:\/\/www.fundacionmdp.org\/ca\/wp-json\/wp\/v2\/pages\/8571\/revisions\/8900"}],"wp:attachment":[{"href":"https:\/\/www.fundacionmdp.org\/ca\/wp-json\/wp\/v2\/media?parent=8571"}],"curies":[{"name":"wp","href":"https:\/\/api.w.org\/{rel}","templated":true}]}}