{"id":8599,"date":"2023-05-07T07:43:51","date_gmt":"2023-05-07T05:43:51","guid":{"rendered":"http:\/\/108.128.154.120\/?page_id=8599"},"modified":"2026-01-22T09:50:39","modified_gmt":"2026-01-22T07:50:39","slug":"convocatories-dajuts-del-programa-dajuts-sense-barreres","status":"publish","type":"page","link":"https:\/\/www.fundacionmdp.org\/ca\/convocatories-dajuts-del-programa-dajuts-sense-barreres\/","title":{"rendered":"Convocat\u00f2ries d&#8217;ajuts del Programa d&#8217;Ajuts sense Barreres"},"content":{"rendered":"\t\t<div data-elementor-type=\"wp-page\" data-elementor-id=\"8599\" class=\"elementor elementor-8599 elementor-1778\">\n\t\t\t\t<div class=\"elementor-element elementor-element-15eba8a0 e-con-full page-intro-section e-flex e-con e-parent\" data-id=\"15eba8a0\" data-element_type=\"container\" data-e-type=\"container\">\n\t\t<div class=\"elementor-element elementor-element-6a6f50dd page-intro-content e-flex e-con-boxed e-con e-child\" data-id=\"6a6f50dd\" data-element_type=\"container\" data-e-type=\"container\" data-settings=\"{&quot;background_background&quot;:&quot;classic&quot;}\">\n\t\t\t\t\t<div class=\"e-con-inner\">\n\t\t\t\t<div class=\"elementor-element elementor-element-3a7239ea elementor-widget elementor-widget-text-editor\" data-id=\"3a7239ea\" data-element_type=\"widget\" data-e-type=\"widget\" data-widget_type=\"text-editor.default\">\n\t\t\t\t<div class=\"elementor-widget-container\">\n\t\t\t\t\t\t\t\t\t<h1>Convocat\u00f2ries d&#8217;ajuts del Programa d&#8217;Ajuts Sense Barreres<\/h1>\t\t\t\t\t\t\t\t<\/div>\n\t\t\t\t<\/div>\n\t\t\t\t<div class=\"elementor-element elementor-element-977caba elementor-widget-divider--view-line elementor-widget elementor-widget-divider\" data-id=\"977caba\" data-element_type=\"widget\" data-e-type=\"widget\" data-widget_type=\"divider.default\">\n\t\t\t\t<div class=\"elementor-widget-container\">\n\t\t\t\t\t\t\t<div class=\"elementor-divider\">\n\t\t\t<span class=\"elementor-divider-separator\">\n\t\t\t\t\t\t<\/span>\n\t\t<\/div>\n\t\t\t\t\t\t<\/div>\n\t\t\t\t<\/div>\n\t\t\t\t<div class=\"elementor-element elementor-element-112a4761 elementor-widget elementor-widget-text-editor\" data-id=\"112a4761\" data-element_type=\"widget\" data-e-type=\"widget\" data-widget_type=\"text-editor.default\">\n\t\t\t\t<div class=\"elementor-widget-container\">\n\t\t\t\t\t\t\t\t\t<p>Amb les nostres convocat\u00f2ries potenciem les obres d&#8217;accessibilitat en edificis d&#8217;habitatges per millorar la qualitat de vida dels residents.\u00a0<\/p><p>Consulta a continuaci\u00f3 les convocat\u00f2ries obertes d&#8217;ajuts amb els quals pots convertir el teu edifici en un #HabitatgeSenseBarreres<\/p>\t\t\t\t\t\t\t\t<\/div>\n\t\t\t\t<\/div>\n\t\t\t\t\t<\/div>\n\t\t\t\t<\/div>\n\t\t<div class=\"elementor-element elementor-element-7e69ed4f page-intro-image e-con-full e-flex e-con e-child\" data-id=\"7e69ed4f\" data-element_type=\"container\" data-e-type=\"container\">\n\t\t\t\t<div class=\"elementor-element elementor-element-6cb83d32 elementor-widget elementor-widget-image\" data-id=\"6cb83d32\" data-element_type=\"widget\" data-e-type=\"widget\" data-widget_type=\"image.default\">\n\t\t\t\t<div class=\"elementor-widget-container\">\n\t\t\t\t\t\t\t\t\t\t\t\t\t\t\t<img fetchpriority=\"high\" decoding=\"async\" width=\"1024\" height=\"682\" src=\"https:\/\/www.fundacionmdp.org\/wp-content\/uploads\/2023\/05\/fundacion-convocatorias-1024x682.jpg\" class=\"attachment-large size-large wp-image-6650\" alt=\"\" srcset=\"https:\/\/www.fundacionmdp.org\/wp-content\/uploads\/2023\/05\/fundacion-convocatorias-1024x682.jpg 1024w, https:\/\/www.fundacionmdp.org\/wp-content\/uploads\/2023\/05\/fundacion-convocatorias-300x200.jpg 300w, https:\/\/www.fundacionmdp.org\/wp-content\/uploads\/2023\/05\/fundacion-convocatorias-768x512.jpg 768w, https:\/\/www.fundacionmdp.org\/wp-content\/uploads\/2023\/05\/fundacion-convocatorias-1536x1024.jpg 1536w, https:\/\/www.fundacionmdp.org\/wp-content\/uploads\/2023\/05\/fundacion-convocatorias.jpg 2000w\" sizes=\"(max-width: 1024px) 100vw, 1024px\" \/>\t\t\t\t\t\t\t\t\t\t\t\t\t\t\t<\/div>\n\t\t\t\t<\/div>\n\t\t\t\t<\/div>\n\t\t\t\t<\/div>\n\t\t<div class=\"elementor-element elementor-element-14523ac e-flex e-con-boxed e-con e-parent\" data-id=\"14523ac\" data-element_type=\"container\" data-e-type=\"container\" data-settings=\"{&quot;background_background&quot;:&quot;classic&quot;}\">\n\t\t\t\t\t<div class=\"e-con-inner\">\n\t\t\t\t<div class=\"elementor-element elementor-element-d719973 elementor-widget elementor-widget-text-editor\" data-id=\"d719973\" data-element_type=\"widget\" data-e-type=\"widget\" data-widget_type=\"text-editor.default\">\n\t\t\t\t<div class=\"elementor-widget-container\">\n\t\t\t\t\t\t\t\t\t<h2>Convocat\u00f2ries<\/h2>\t\t\t\t\t\t\t\t<\/div>\n\t\t\t\t<\/div>\n\t\t<div class=\"elementor-element elementor-element-2b5dfde convocatorias-grid e-flex e-con-boxed e-con e-child\" data-id=\"2b5dfde\" data-element_type=\"container\" data-e-type=\"container\">\n\t\t\t\t\t<div class=\"e-con-inner\">\n\t\t\t\t<div class=\"elementor-element elementor-element-848b32a title-no-margin-bot elementor-widget elementor-widget-text-editor\" data-id=\"848b32a\" data-element_type=\"widget\" data-e-type=\"widget\" data-widget_type=\"text-editor.default\">\n\t\t\t\t<div class=\"elementor-widget-container\">\n\t\t\t\t\t\t\t\t\t<h2>2026<\/h2>\t\t\t\t\t\t\t\t<\/div>\n\t\t\t\t<\/div>\n\t\t\t\t<div class=\"elementor-element elementor-element-d6c826f elementor-widget elementor-widget-shortcode\" data-id=\"d6c826f\" data-element_type=\"widget\" data-e-type=\"widget\" data-widget_type=\"shortcode.default\">\n\t\t\t\t<div class=\"elementor-widget-container\">\n\t\t\t\t\t\t\t<div class=\"elementor-shortcode\"><div class=\"convocatorias-grid-wrap\">\n    \n            <div class=\"elementor-element convocatorias-single e-con-boxed e-con\">\n                <div class=\"e-con-inner\">\n                    \n                                            <div class=\"elementor-element convocatorias-img e-con-boxed e-con\">\n                            <div class=\"e-con-inner\">\n                                \n                                                                    <div class=\"elementor-element elementor-widget elementor-widget-image\">\n                                        <div class=\"elementor-widget-container\">\n                                            <img decoding=\"async\" src=\"https:\/\/www.fundacionmdp.org\/wp-content\/uploads\/2023\/04\/logo_FMdP_es.png\" alt=\"\" \/>\n                                        <\/div>\n                                    <\/div>\n                                \n                                                                    <div class=\"elementor-element elementor-widget elementor-widget-image\">\n                                        <div class=\"elementor-widget-container\">\n                                            <img decoding=\"async\" src=\"https:\/\/www.fundacionmdp.org\/wp-content\/uploads\/2023\/05\/logo-8.jpg\" alt=\"\" \/>\n                                        <\/div>\n                                    <\/div>\n                                                            <\/div>\n                        <\/div>\n                    \n                    <div class=\"elementor-element e-con-full convocatorias-text e-con\">\n                        <div class=\"elementor-element no-margin-bot elementor-widget elementor-widget-text-editor\">\n                            <div class=\"elementor-widget-container\">\n                                <h3>Convocat\u00f2ria d&#8217;ajuts econ\u00f2mics pel finan\u00e7ament al 0% inter\u00e8s per a la millora d&#8217;accessibilitat d&#8217;edificis d&#8217;habitatges situats en tot el territori espanyol.<\/h3>\n                                <p><strong>Creat per:<\/strong>\u00a0Fundaci\u00f3 Mutua de propietaros i Uni\u00f3n de Cr\u00e9ditos Inmobiliarios S.A (UCI)<br \/>\n<strong>Convocat\u00f2ria 2026: PROPERAMENT<\/strong><\/p>\n                            <\/div>\n                        <\/div>\n                    <\/div>\n\n\n                    <div class=\"elementor-element e-con-full convocatorias-btn e-con\">\n                        <div class=\"elementor-element elementor-widget elementor-widget-button\">\n                            <div class=\"elementor-widget-container\">\n                                <div class=\"elementor-button-wrapper\">\n\n                                                                       \n                                            <span class=\"elementor-button elementor-size-sm no-disponible\" role=\"button\" aria-disabled=\"true\">\n                                                <span class=\"elementor-button-content-wrapper\">\n                                                    <span class=\"elementor-button-text\">Properament<\/span>\n                                                <\/span>\n                                            <\/span>\n\n                                    \n                                <\/div>\n                            <\/div>\n                        <\/div>\n                    <\/div>\n                <\/div>\n            <\/div>\n    \n            <div class=\"elementor-element convocatorias-single e-con-boxed e-con\">\n                <div class=\"e-con-inner\">\n                    \n                                            <div class=\"elementor-element convocatorias-img e-con-boxed e-con\">\n                            <div class=\"e-con-inner\">\n                                \n                                                                    <div class=\"elementor-element elementor-widget elementor-widget-image\">\n                                        <div class=\"elementor-widget-container\">\n                                            <img decoding=\"async\" src=\"https:\/\/www.fundacionmdp.org\/wp-content\/uploads\/2023\/04\/logo_FMdP_es.png\" alt=\"\" \/>\n                                        <\/div>\n                                    <\/div>\n                                \n                                                            <\/div>\n                        <\/div>\n                    \n                    <div class=\"elementor-element e-con-full convocatorias-text e-con\">\n                        <div class=\"elementor-element no-margin-bot elementor-widget elementor-widget-text-editor\">\n                            <div class=\"elementor-widget-container\">\n                                <h3>Convocat\u00f2ria d&#8217;ajuts directes per realitzar obres d&#8217;accessibilitat als edificis de comunitats de propietaris (Madrid, Valencia i Barcelona)<\/h3>\n                                <p><strong>Creat per:<\/strong> Fundaci\u00f3 Mutua de propietaros<br \/>\n<strong>Convocat\u00f2ria 2026: TANCADA<\/strong><\/p>\n                            <\/div>\n                        <\/div>\n                    <\/div>\n\n\n                    <div class=\"elementor-element e-con-full convocatorias-btn e-con\">\n                        <div class=\"elementor-element elementor-widget elementor-widget-button\">\n                            <div class=\"elementor-widget-container\">\n                                <div class=\"elementor-button-wrapper\">\n\n                                                                    \n                                        <a href=\"https:\/\/www.fundacionmdp.org\/ca\/convocatorias\/convocatoria-dajuts-directes-per-realitzar-obres-daccessibilitat-als-edificis-de-comunitats-de-propietaris-madrid-valencia-i-barcelona\/\" class=\"elementor-button-link elementor-button elementor-size-sm\" role=\"button\">\n                                            <span class=\"elementor-button-content-wrapper\">\n                                                <span class=\"elementor-button-text\">Veure m\u00e9s<\/span>\n                                            <\/span>\n                                        <\/a>\n\n                                    \n                                <\/div>\n                            <\/div>\n                        <\/div>\n                    <\/div>\n                <\/div>\n            <\/div>\n    <\/div>\n<\/div>\n\t\t\t\t\t\t<\/div>\n\t\t\t\t<\/div>\n\t\t\t\t<div class=\"elementor-element elementor-element-4aaa283 title-no-margin-bot elementor-widget elementor-widget-text-editor\" data-id=\"4aaa283\" data-element_type=\"widget\" data-e-type=\"widget\" data-widget_type=\"text-editor.default\">\n\t\t\t\t<div class=\"elementor-widget-container\">\n\t\t\t\t\t\t\t\t\t<h2>2025<\/h2>\t\t\t\t\t\t\t\t<\/div>\n\t\t\t\t<\/div>\n\t\t\t\t<div class=\"elementor-element elementor-element-e509d6f elementor-widget elementor-widget-shortcode\" data-id=\"e509d6f\" data-element_type=\"widget\" data-e-type=\"widget\" data-widget_type=\"shortcode.default\">\n\t\t\t\t<div class=\"elementor-widget-container\">\n\t\t\t\t\t\t\t<div class=\"elementor-shortcode\"><div class=\"convocatorias-grid-wrap\">\n    \n            <div class=\"elementor-element convocatorias-single e-con-boxed e-con\">\n                <div class=\"e-con-inner\">\n                    \n                                            <div class=\"elementor-element convocatorias-img e-con-boxed e-con\">\n                            <div class=\"e-con-inner\">\n                                \n                                                                    <div class=\"elementor-element elementor-widget elementor-widget-image\">\n                                        <div class=\"elementor-widget-container\">\n                                            <img decoding=\"async\" src=\"https:\/\/www.fundacionmdp.org\/wp-content\/uploads\/2023\/05\/logo_FMdP_cat.png\" alt=\"\" \/>\n                                        <\/div>\n                                    <\/div>\n                                \n                                                                    <div class=\"elementor-element elementor-widget elementor-widget-image\">\n                                        <div class=\"elementor-widget-container\">\n                                            <img decoding=\"async\" src=\"https:\/\/www.fundacionmdp.org\/wp-content\/uploads\/2023\/05\/logo-8.jpg\" alt=\"\" \/>\n                                        <\/div>\n                                    <\/div>\n                                                            <\/div>\n                        <\/div>\n                    \n                    <div class=\"elementor-element e-con-full convocatorias-text e-con\">\n                        <div class=\"elementor-element no-margin-bot elementor-widget elementor-widget-text-editor\">\n                            <div class=\"elementor-widget-container\">\n                                <h3>Convocat\u00f2ria d\u2019ajuts econ\u00f2mics pel finan\u00e7ament al 0% inter\u00e8s per a la millora d\u2019accessibilitat d\u2019edificis d\u2019habitatges situats en tot el Territori Espanyol<\/h3>\n                                <p><strong>Creat per<\/strong> Fundaci\u00f3 Mutua de Propietarios i Uni\u00f3n de Cr\u00e9ditos Inmobiliarios, S.A (UCI)<br \/>\n<strong>Convocat\u00f2ria<\/strong> <strong>2025<\/strong>:\u00a0 <strong>TANCADA<\/strong><\/p>\n                            <\/div>\n                        <\/div>\n                    <\/div>\n\n\n                    <div class=\"elementor-element e-con-full convocatorias-btn e-con\">\n                        <div class=\"elementor-element elementor-widget elementor-widget-button\">\n                            <div class=\"elementor-widget-container\">\n                                <div class=\"elementor-button-wrapper\">\n\n                                                                    \n                                        <a href=\"https:\/\/www.fundacionmdp.org\/ca\/convocatorias\/convocatoria-dajuts-economics-pel-financament-al-0-interes-per-a-la-millora-daccessibilitat-dedificis-dhabitatges-situats-en-tot-el-territori-espanyol\/\" class=\"elementor-button-link elementor-button elementor-size-sm\" role=\"button\">\n                                            <span class=\"elementor-button-content-wrapper\">\n                                                <span class=\"elementor-button-text\">Veure m\u00e9s<\/span>\n                                            <\/span>\n                                        <\/a>\n\n                                    \n                                <\/div>\n                            <\/div>\n                        <\/div>\n                    <\/div>\n                <\/div>\n            <\/div>\n    \n            <div class=\"elementor-element convocatorias-single e-con-boxed e-con\">\n                <div class=\"e-con-inner\">\n                    \n                                            <div class=\"elementor-element convocatorias-img e-con-boxed e-con\">\n                            <div class=\"e-con-inner\">\n                                \n                                                                    <div class=\"elementor-element elementor-widget elementor-widget-image\">\n                                        <div class=\"elementor-widget-container\">\n                                            <img decoding=\"async\" src=\"https:\/\/www.fundacionmdp.org\/wp-content\/uploads\/2023\/04\/logo_FMdP_es.png\" alt=\"\" \/>\n                                        <\/div>\n                                    <\/div>\n                                \n                                                            <\/div>\n                        <\/div>\n                    \n                    <div class=\"elementor-element e-con-full convocatorias-text e-con\">\n                        <div class=\"elementor-element no-margin-bot elementor-widget elementor-widget-text-editor\">\n                            <div class=\"elementor-widget-container\">\n                                <h3>Convocat\u00f2ria d\u2019ajuts directes per realitzar obres d\u2019accesibilitat als edificis de comunitats de propietaris (Madrid, Valencia, Barcelona 2025)<\/h3>\n                                <p><strong>Creat per<\/strong> Fundaci\u00f3 Mutua de Propietarios<br \/>\n<strong>Convocat\u00f2ria 2025:<\/strong> <strong>TANCADA<\/strong><\/p>\n                            <\/div>\n                        <\/div>\n                    <\/div>\n\n\n                    <div class=\"elementor-element e-con-full convocatorias-btn e-con\">\n                        <div class=\"elementor-element elementor-widget elementor-widget-button\">\n                            <div class=\"elementor-widget-container\">\n                                <div class=\"elementor-button-wrapper\">\n\n                                                                    \n                                        <a href=\"https:\/\/www.fundacionmdp.org\/ca\/convocatorias\/convocatoria-de-ayudas-directas-para-obras-de-accesibilidad-a-los-edificios-de-comunidades-de-propietarios-madrid-2023\/\" class=\"elementor-button-link elementor-button elementor-size-sm\" role=\"button\">\n                                            <span class=\"elementor-button-content-wrapper\">\n                                                <span class=\"elementor-button-text\">Veure m\u00e9s<\/span>\n                                            <\/span>\n                                        <\/a>\n\n                                    \n                                <\/div>\n                            <\/div>\n                        <\/div>\n                    <\/div>\n                <\/div>\n            <\/div>\n    <\/div>\n<\/div>\n\t\t\t\t\t\t<\/div>\n\t\t\t\t<\/div>\n\t\t\t\t\t<\/div>\n\t\t\t\t<\/div>\n\t\t\t\t\t<\/div>\n\t\t\t\t<\/div>\n\t\t\t\t<\/div>\n\t\t","protected":false},"excerpt":{"rendered":"<p>Convocat\u00f2ries d&#8217;ajuts del Programa d&#8217;Ajuts Sense Barreres Amb les nostres convocat\u00f2ries potenciem les obres d&#8217;accessibilitat en edificis d&#8217;habitatges per millorar la qualitat de vida dels residents.\u00a0 Consulta a continuaci\u00f3 les convocat\u00f2ries obertes d&#8217;ajuts amb els quals pots convertir el teu edifici en un #HabitatgeSenseBarreres Convocat\u00f2ries 2026 2025<\/p>\n","protected":false},"author":1,"featured_media":0,"parent":0,"menu_order":0,"comment_status":"closed","ping_status":"closed","template":"","meta":{"_acf_changed":false,"ocean_post_layout":"","ocean_both_sidebars_style":"","ocean_both_sidebars_content_width":0,"ocean_both_sidebars_sidebars_width":0,"ocean_sidebar":"0","ocean_second_sidebar":"0","ocean_disable_margins":"enable","ocean_add_body_class":"","ocean_shortcode_before_top_bar":"","ocean_shortcode_after_top_bar":"","ocean_shortcode_before_header":"","ocean_shortcode_after_header":"","ocean_has_shortcode":"","ocean_shortcode_after_title":"","ocean_shortcode_before_footer_widgets":"","ocean_shortcode_after_footer_widgets":"","ocean_shortcode_before_footer_bottom":"","ocean_shortcode_after_footer_bottom":"","ocean_display_top_bar":"default","ocean_display_header":"default","ocean_header_style":"","ocean_center_header_left_menu":"0","ocean_custom_header_template":"0","ocean_custom_logo":0,"ocean_custom_retina_logo":0,"ocean_custom_logo_max_width":0,"ocean_custom_logo_tablet_max_width":0,"ocean_custom_logo_mobile_max_width":0,"ocean_custom_logo_max_height":0,"ocean_custom_logo_tablet_max_height":0,"ocean_custom_logo_mobile_max_height":0,"ocean_header_custom_menu":"0","ocean_menu_typo_font_family":"0","ocean_menu_typo_font_subset":"","ocean_menu_typo_font_size":0,"ocean_menu_typo_font_size_tablet":0,"ocean_menu_typo_font_size_mobile":0,"ocean_menu_typo_font_size_unit":"px","ocean_menu_typo_font_weight":"","ocean_menu_typo_font_weight_tablet":"","ocean_menu_typo_font_weight_mobile":"","ocean_menu_typo_transform":"","ocean_menu_typo_transform_tablet":"","ocean_menu_typo_transform_mobile":"","ocean_menu_typo_line_height":0,"ocean_menu_typo_line_height_tablet":0,"ocean_menu_typo_line_height_mobile":0,"ocean_menu_typo_line_height_unit":"","ocean_menu_typo_spacing":0,"ocean_menu_typo_spacing_tablet":0,"ocean_menu_typo_spacing_mobile":0,"ocean_menu_typo_spacing_unit":"","ocean_menu_link_color":"","ocean_menu_link_color_hover":"","ocean_menu_link_color_active":"","ocean_menu_link_background":"","ocean_menu_link_hover_background":"","ocean_menu_link_active_background":"","ocean_menu_social_links_bg":"","ocean_menu_social_hover_links_bg":"","ocean_menu_social_links_color":"","ocean_menu_social_hover_links_color":"","ocean_disable_title":"default","ocean_disable_heading":"default","ocean_post_title":"","ocean_post_subheading":"","ocean_post_title_style":"","ocean_post_title_background_color":"","ocean_post_title_background":0,"ocean_post_title_bg_image_position":"","ocean_post_title_bg_image_attachment":"","ocean_post_title_bg_image_repeat":"","ocean_post_title_bg_image_size":"","ocean_post_title_height":0,"ocean_post_title_bg_overlay":0.5,"ocean_post_title_bg_overlay_color":"","ocean_disable_breadcrumbs":"default","ocean_breadcrumbs_color":"","ocean_breadcrumbs_separator_color":"","ocean_breadcrumbs_links_color":"","ocean_breadcrumbs_links_hover_color":"","ocean_display_footer_widgets":"default","ocean_display_footer_bottom":"default","ocean_custom_footer_template":"0","footnotes":""},"class_list":["post-8599","page","type-page","status-publish","hentry","entry"],"acf":[],"yoast_head":"<!-- This site is optimized with the Yoast SEO plugin v27.3 - https:\/\/yoast.com\/product\/yoast-seo-wordpress\/ -->\n<title>Convocat\u00f2ries d&#039;ajuts del Programa d&#039;Ajuts sense Barreres - Fundaci\u00f3n Mutua de Propietarios<\/title>\n<meta name=\"robots\" content=\"index, follow, max-snippet:-1, max-image-preview:large, max-video-preview:-1\" \/>\n<link rel=\"canonical\" href=\"https:\/\/www.fundacionmdp.org\/convocatorias-de-ayudas-del-programa-de-ayudas-sin-barreras\/\" \/>\n<meta property=\"og:locale\" content=\"ca_ES\" \/>\n<meta property=\"og:type\" content=\"article\" \/>\n<meta property=\"og:title\" content=\"Convocat\u00f2ries d&#039;ajuts del Programa d&#039;Ajuts sense Barreres - Fundaci\u00f3n Mutua de Propietarios\" \/>\n<meta property=\"og:description\" content=\"Convocat\u00f2ries d&#8217;ajuts del Programa d&#8217;Ajuts Sense Barreres Amb les nostres convocat\u00f2ries potenciem les obres d&#8217;accessibilitat en edificis d&#8217;habitatges per millorar la qualitat de vida dels residents.\u00a0 Consulta a continuaci\u00f3 les convocat\u00f2ries obertes d&#8217;ajuts amb els quals pots convertir el teu edifici en un #HabitatgeSenseBarreres Convocat\u00f2ries 2026 2025\" \/>\n<meta property=\"og:url\" content=\"https:\/\/www.fundacionmdp.org\/convocatorias-de-ayudas-del-programa-de-ayudas-sin-barreras\/\" \/>\n<meta property=\"og:site_name\" content=\"Fundaci\u00f3n Mutua de Propietarios\" \/>\n<meta property=\"article:modified_time\" content=\"2026-01-22T07:50:39+00:00\" \/>\n<meta property=\"og:image\" content=\"https:\/\/www.fundacionmdp.org\/wp-content\/uploads\/2023\/05\/fundacion-convocatorias.jpg\" \/>\n\t<meta property=\"og:image:width\" content=\"2000\" \/>\n\t<meta property=\"og:image:height\" content=\"1333\" \/>\n\t<meta property=\"og:image:type\" content=\"image\/jpeg\" \/>\n<meta name=\"twitter:card\" content=\"summary_large_image\" \/>\n<meta name=\"twitter:label1\" content=\"Temps estimat de lectura\" \/>\n\t<meta name=\"twitter:data1\" content=\"4 minuts\" \/>\n<script type=\"application\/ld+json\" class=\"yoast-schema-graph\">{\"@context\":\"https:\\\/\\\/schema.org\",\"@graph\":[{\"@type\":\"WebPage\",\"@id\":\"https:\\\/\\\/www.fundacionmdp.org\\\/convocatorias-de-ayudas-del-programa-de-ayudas-sin-barreras\\\/\",\"url\":\"https:\\\/\\\/www.fundacionmdp.org\\\/convocatorias-de-ayudas-del-programa-de-ayudas-sin-barreras\\\/\",\"name\":\"Convocat\u00f2ries d'ajuts del Programa d'Ajuts sense Barreres - Fundaci\u00f3n Mutua de Propietarios\",\"isPartOf\":{\"@id\":\"https:\\\/\\\/www.fundacionmdp.org\\\/#website\"},\"primaryImageOfPage\":{\"@id\":\"https:\\\/\\\/www.fundacionmdp.org\\\/convocatorias-de-ayudas-del-programa-de-ayudas-sin-barreras\\\/#primaryimage\"},\"image\":{\"@id\":\"https:\\\/\\\/www.fundacionmdp.org\\\/convocatorias-de-ayudas-del-programa-de-ayudas-sin-barreras\\\/#primaryimage\"},\"thumbnailUrl\":\"https:\\\/\\\/www.fundacionmdp.org\\\/wp-content\\\/uploads\\\/2023\\\/05\\\/fundacion-convocatorias-1024x682.jpg\",\"datePublished\":\"2023-05-07T05:43:51+00:00\",\"dateModified\":\"2026-01-22T07:50:39+00:00\",\"breadcrumb\":{\"@id\":\"https:\\\/\\\/www.fundacionmdp.org\\\/convocatorias-de-ayudas-del-programa-de-ayudas-sin-barreras\\\/#breadcrumb\"},\"inLanguage\":\"ca\",\"potentialAction\":[{\"@type\":\"ReadAction\",\"target\":[\"https:\\\/\\\/www.fundacionmdp.org\\\/convocatorias-de-ayudas-del-programa-de-ayudas-sin-barreras\\\/\"]}]},{\"@type\":\"ImageObject\",\"inLanguage\":\"ca\",\"@id\":\"https:\\\/\\\/www.fundacionmdp.org\\\/convocatorias-de-ayudas-del-programa-de-ayudas-sin-barreras\\\/#primaryimage\",\"url\":\"https:\\\/\\\/www.fundacionmdp.org\\\/wp-content\\\/uploads\\\/2023\\\/05\\\/fundacion-convocatorias-1024x682.jpg\",\"contentUrl\":\"https:\\\/\\\/www.fundacionmdp.org\\\/wp-content\\\/uploads\\\/2023\\\/05\\\/fundacion-convocatorias-1024x682.jpg\"},{\"@type\":\"BreadcrumbList\",\"@id\":\"https:\\\/\\\/www.fundacionmdp.org\\\/convocatorias-de-ayudas-del-programa-de-ayudas-sin-barreras\\\/#breadcrumb\",\"itemListElement\":[{\"@type\":\"ListItem\",\"position\":1,\"name\":\"Home\",\"item\":\"https:\\\/\\\/www.fundacionmdp.org\\\/ca\\\/\"},{\"@type\":\"ListItem\",\"position\":2,\"name\":\"Convocat\u00f2ries d&#8217;ajuts del Programa d&#8217;Ajuts sense Barreres\"}]},{\"@type\":\"WebSite\",\"@id\":\"https:\\\/\\\/www.fundacionmdp.org\\\/#website\",\"url\":\"https:\\\/\\\/www.fundacionmdp.org\\\/\",\"name\":\"Fundaci\u00f3n Mutua de Propietarios\",\"description\":\"En la Fundaci\u00f3n Mutua de Propietarios te ayudamos a convertir tu edificio de viviendas en un espacio sin barreras arquitect\u00f3nicas.\",\"publisher\":{\"@id\":\"https:\\\/\\\/www.fundacionmdp.org\\\/#organization\"},\"potentialAction\":[{\"@type\":\"SearchAction\",\"target\":{\"@type\":\"EntryPoint\",\"urlTemplate\":\"https:\\\/\\\/www.fundacionmdp.org\\\/?s={search_term_string}\"},\"query-input\":{\"@type\":\"PropertyValueSpecification\",\"valueRequired\":true,\"valueName\":\"search_term_string\"}}],\"inLanguage\":\"ca\"},{\"@type\":\"Organization\",\"@id\":\"https:\\\/\\\/www.fundacionmdp.org\\\/#organization\",\"name\":\"Fundaci\u00f3n Mutua de Propietarios\",\"url\":\"https:\\\/\\\/www.fundacionmdp.org\\\/\",\"logo\":{\"@type\":\"ImageObject\",\"inLanguage\":\"ca\",\"@id\":\"https:\\\/\\\/www.fundacionmdp.org\\\/#\\\/schema\\\/logo\\\/image\\\/\",\"url\":\"https:\\\/\\\/www.fundacionmdp.org\\\/wp-content\\\/uploads\\\/2023\\\/05\\\/logo_FMdP_cat.png\",\"contentUrl\":\"https:\\\/\\\/www.fundacionmdp.org\\\/wp-content\\\/uploads\\\/2023\\\/05\\\/logo_FMdP_cat.png\",\"width\":655,\"height\":297,\"caption\":\"Fundaci\u00f3n Mutua de Propietarios\"},\"image\":{\"@id\":\"https:\\\/\\\/www.fundacionmdp.org\\\/#\\\/schema\\\/logo\\\/image\\\/\"}}]}<\/script>\n<!-- \/ Yoast SEO plugin. -->","yoast_head_json":{"title":"Convocat\u00f2ries d'ajuts del Programa d'Ajuts sense Barreres - Fundaci\u00f3n Mutua de Propietarios","robots":{"index":"index","follow":"follow","max-snippet":"max-snippet:-1","max-image-preview":"max-image-preview:large","max-video-preview":"max-video-preview:-1"},"canonical":"https:\/\/www.fundacionmdp.org\/convocatorias-de-ayudas-del-programa-de-ayudas-sin-barreras\/","og_locale":"ca_ES","og_type":"article","og_title":"Convocat\u00f2ries d'ajuts del Programa d'Ajuts sense Barreres - Fundaci\u00f3n Mutua de Propietarios","og_description":"Convocat\u00f2ries d&#8217;ajuts del Programa d&#8217;Ajuts Sense Barreres Amb les nostres convocat\u00f2ries potenciem les obres d&#8217;accessibilitat en edificis d&#8217;habitatges per millorar la qualitat de vida dels residents.\u00a0 Consulta a continuaci\u00f3 les convocat\u00f2ries obertes d&#8217;ajuts amb els quals pots convertir el teu edifici en un #HabitatgeSenseBarreres Convocat\u00f2ries 2026 2025","og_url":"https:\/\/www.fundacionmdp.org\/convocatorias-de-ayudas-del-programa-de-ayudas-sin-barreras\/","og_site_name":"Fundaci\u00f3n Mutua de Propietarios","article_modified_time":"2026-01-22T07:50:39+00:00","og_image":[{"width":2000,"height":1333,"url":"https:\/\/www.fundacionmdp.org\/wp-content\/uploads\/2023\/05\/fundacion-convocatorias.jpg","type":"image\/jpeg"}],"twitter_card":"summary_large_image","twitter_misc":{"Temps estimat de lectura":"4 minuts"},"schema":{"@context":"https:\/\/schema.org","@graph":[{"@type":"WebPage","@id":"https:\/\/www.fundacionmdp.org\/convocatorias-de-ayudas-del-programa-de-ayudas-sin-barreras\/","url":"https:\/\/www.fundacionmdp.org\/convocatorias-de-ayudas-del-programa-de-ayudas-sin-barreras\/","name":"Convocat\u00f2ries d'ajuts del Programa d'Ajuts sense Barreres - Fundaci\u00f3n Mutua de Propietarios","isPartOf":{"@id":"https:\/\/www.fundacionmdp.org\/#website"},"primaryImageOfPage":{"@id":"https:\/\/www.fundacionmdp.org\/convocatorias-de-ayudas-del-programa-de-ayudas-sin-barreras\/#primaryimage"},"image":{"@id":"https:\/\/www.fundacionmdp.org\/convocatorias-de-ayudas-del-programa-de-ayudas-sin-barreras\/#primaryimage"},"thumbnailUrl":"https:\/\/www.fundacionmdp.org\/wp-content\/uploads\/2023\/05\/fundacion-convocatorias-1024x682.jpg","datePublished":"2023-05-07T05:43:51+00:00","dateModified":"2026-01-22T07:50:39+00:00","breadcrumb":{"@id":"https:\/\/www.fundacionmdp.org\/convocatorias-de-ayudas-del-programa-de-ayudas-sin-barreras\/#breadcrumb"},"inLanguage":"ca","potentialAction":[{"@type":"ReadAction","target":["https:\/\/www.fundacionmdp.org\/convocatorias-de-ayudas-del-programa-de-ayudas-sin-barreras\/"]}]},{"@type":"ImageObject","inLanguage":"ca","@id":"https:\/\/www.fundacionmdp.org\/convocatorias-de-ayudas-del-programa-de-ayudas-sin-barreras\/#primaryimage","url":"https:\/\/www.fundacionmdp.org\/wp-content\/uploads\/2023\/05\/fundacion-convocatorias-1024x682.jpg","contentUrl":"https:\/\/www.fundacionmdp.org\/wp-content\/uploads\/2023\/05\/fundacion-convocatorias-1024x682.jpg"},{"@type":"BreadcrumbList","@id":"https:\/\/www.fundacionmdp.org\/convocatorias-de-ayudas-del-programa-de-ayudas-sin-barreras\/#breadcrumb","itemListElement":[{"@type":"ListItem","position":1,"name":"Home","item":"https:\/\/www.fundacionmdp.org\/ca\/"},{"@type":"ListItem","position":2,"name":"Convocat\u00f2ries d&#8217;ajuts del Programa d&#8217;Ajuts sense Barreres"}]},{"@type":"WebSite","@id":"https:\/\/www.fundacionmdp.org\/#website","url":"https:\/\/www.fundacionmdp.org\/","name":"Fundaci\u00f3n Mutua de Propietarios","description":"En la Fundaci\u00f3n Mutua de Propietarios te ayudamos a convertir tu edificio de viviendas en un espacio sin barreras arquitect\u00f3nicas.","publisher":{"@id":"https:\/\/www.fundacionmdp.org\/#organization"},"potentialAction":[{"@type":"SearchAction","target":{"@type":"EntryPoint","urlTemplate":"https:\/\/www.fundacionmdp.org\/?s={search_term_string}"},"query-input":{"@type":"PropertyValueSpecification","valueRequired":true,"valueName":"search_term_string"}}],"inLanguage":"ca"},{"@type":"Organization","@id":"https:\/\/www.fundacionmdp.org\/#organization","name":"Fundaci\u00f3n Mutua de Propietarios","url":"https:\/\/www.fundacionmdp.org\/","logo":{"@type":"ImageObject","inLanguage":"ca","@id":"https:\/\/www.fundacionmdp.org\/#\/schema\/logo\/image\/","url":"https:\/\/www.fundacionmdp.org\/wp-content\/uploads\/2023\/05\/logo_FMdP_cat.png","contentUrl":"https:\/\/www.fundacionmdp.org\/wp-content\/uploads\/2023\/05\/logo_FMdP_cat.png","width":655,"height":297,"caption":"Fundaci\u00f3n Mutua de Propietarios"},"image":{"@id":"https:\/\/www.fundacionmdp.org\/#\/schema\/logo\/image\/"}}]}},"_links":{"self":[{"href":"https:\/\/www.fundacionmdp.org\/ca\/wp-json\/wp\/v2\/pages\/8599","targetHints":{"allow":["GET"]}}],"collection":[{"href":"https:\/\/www.fundacionmdp.org\/ca\/wp-json\/wp\/v2\/pages"}],"about":[{"href":"https:\/\/www.fundacionmdp.org\/ca\/wp-json\/wp\/v2\/types\/page"}],"author":[{"embeddable":true,"href":"https:\/\/www.fundacionmdp.org\/ca\/wp-json\/wp\/v2\/users\/1"}],"replies":[{"embeddable":true,"href":"https:\/\/www.fundacionmdp.org\/ca\/wp-json\/wp\/v2\/comments?post=8599"}],"version-history":[{"count":19,"href":"https:\/\/www.fundacionmdp.org\/ca\/wp-json\/wp\/v2\/pages\/8599\/revisions"}],"predecessor-version":[{"id":12295,"href":"https:\/\/www.fundacionmdp.org\/ca\/wp-json\/wp\/v2\/pages\/8599\/revisions\/12295"}],"wp:attachment":[{"href":"https:\/\/www.fundacionmdp.org\/ca\/wp-json\/wp\/v2\/media?parent=8599"}],"curies":[{"name":"wp","href":"https:\/\/api.w.org\/{rel}","templated":true}]}}