{"id":8604,"date":"2023-05-07T14:32:12","date_gmt":"2023-05-07T14:32:12","guid":{"rendered":"http:\/\/108.128.154.120\/?page_id=8604"},"modified":"2023-05-22T10:57:41","modified_gmt":"2023-05-22T10:57:41","slug":"obres-subvencionades","status":"publish","type":"page","link":"https:\/\/www.fundacionmdp.org\/ca\/obres-subvencionades\/","title":{"rendered":"Obres subvencionades"},"content":{"rendered":"\t\t<div data-elementor-type=\"wp-page\" data-elementor-id=\"8604\" class=\"elementor elementor-8604 elementor-1785\">\n\t\t\t\t<div class=\"elementor-element elementor-element-65d2e88e e-con-full page-intro-section e-flex e-con e-parent\" data-id=\"65d2e88e\" data-element_type=\"container\" data-e-type=\"container\">\n\t\t<div class=\"elementor-element elementor-element-b08cd71 page-intro-content e-flex e-con-boxed e-con e-parent\" data-id=\"b08cd71\" data-element_type=\"container\" data-e-type=\"container\" data-settings=\"{&quot;background_background&quot;:&quot;classic&quot;}\">\n\t\t\t\t\t<div class=\"e-con-inner\">\n\t\t\t\t<div class=\"elementor-element elementor-element-3bb82fc5 elementor-widget elementor-widget-text-editor\" data-id=\"3bb82fc5\" data-element_type=\"widget\" data-e-type=\"widget\" data-widget_type=\"text-editor.default\">\n\t\t\t\t<div class=\"elementor-widget-container\">\n\t\t\t\t\t\t\t\t\t<h1>Obres subvencionades<\/h1>\t\t\t\t\t\t\t\t<\/div>\n\t\t\t\t<\/div>\n\t\t\t\t<div class=\"elementor-element elementor-element-52b76035 elementor-widget-divider--view-line elementor-widget elementor-widget-divider\" data-id=\"52b76035\" data-element_type=\"widget\" data-e-type=\"widget\" data-widget_type=\"divider.default\">\n\t\t\t\t<div class=\"elementor-widget-container\">\n\t\t\t\t\t\t\t<div class=\"elementor-divider\">\n\t\t\t<span class=\"elementor-divider-separator\">\n\t\t\t\t\t\t<\/span>\n\t\t<\/div>\n\t\t\t\t\t\t<\/div>\n\t\t\t\t<\/div>\n\t\t\t\t<div class=\"elementor-element elementor-element-16c3225b elementor-widget elementor-widget-text-editor\" data-id=\"16c3225b\" data-element_type=\"widget\" data-e-type=\"widget\" data-widget_type=\"text-editor.default\">\n\t\t\t\t<div class=\"elementor-widget-container\">\n\t\t\t\t\t\t\t\t\t<p>Des del 2018, la Fundaci\u00f3 ha contribu\u00eft a transformar itineraris accessibles des del carrer als habitatges i ha ajudat a millorar la qualitat de vida de tots els residents de l&#8217;edifici.<\/p><p>A continuaci\u00f3 pots con\u00e8ixer algunes de les obres on ja ha contribu\u00eft el Programa d&#8217;Ajuts sense Barreres.<\/p>\t\t\t\t\t\t\t\t<\/div>\n\t\t\t\t<\/div>\n\t\t\t\t\t<\/div>\n\t\t\t\t<\/div>\n\t\t<div class=\"elementor-element elementor-element-3f67f06e page-intro-image img-obras e-flex e-con-boxed e-con e-parent\" data-id=\"3f67f06e\" data-element_type=\"container\" data-e-type=\"container\" data-settings=\"{&quot;background_background&quot;:&quot;classic&quot;}\">\n\t\t\t\t\t<div class=\"e-con-inner\">\n\t\t\t\t<div class=\"elementor-element elementor-element-49516acd elementor-widget elementor-widget-image\" data-id=\"49516acd\" data-element_type=\"widget\" data-e-type=\"widget\" data-widget_type=\"image.default\">\n\t\t\t\t<div class=\"elementor-widget-container\">\n\t\t\t\t\t\t\t\t\t\t\t\t\t\t\t<img fetchpriority=\"high\" decoding=\"async\" width=\"1000\" height=\"675\" src=\"https:\/\/www.fundacionmdp.org\/wp-content\/uploads\/2023\/05\/edifici-rampa-bo-4-esgraons.png\" class=\"attachment-large size-large wp-image-6651\" alt=\"\" srcset=\"https:\/\/www.fundacionmdp.org\/wp-content\/uploads\/2023\/05\/edifici-rampa-bo-4-esgraons.png 1000w, https:\/\/www.fundacionmdp.org\/wp-content\/uploads\/2023\/05\/edifici-rampa-bo-4-esgraons-300x203.png 300w, https:\/\/www.fundacionmdp.org\/wp-content\/uploads\/2023\/05\/edifici-rampa-bo-4-esgraons-768x518.png 768w\" sizes=\"(max-width: 1000px) 100vw, 1000px\" \/>\t\t\t\t\t\t\t\t\t\t\t\t\t\t\t<\/div>\n\t\t\t\t<\/div>\n\t\t\t\t\t<\/div>\n\t\t\t\t<\/div>\n\t\t\t\t<\/div>\n\t\t<div class=\"elementor-element elementor-element-8c68cbb e-con-full seccion-obras e-flex e-con e-parent\" data-id=\"8c68cbb\" data-element_type=\"container\" data-e-type=\"container\">\n\t\t<div class=\"elementor-element elementor-element-d178b4f obra-single e-flex e-con-boxed e-con e-parent\" data-id=\"d178b4f\" data-element_type=\"container\" data-e-type=\"container\" data-settings=\"{&quot;background_background&quot;:&quot;classic&quot;}\">\n\t\t\t\t\t<div class=\"e-con-inner\">\n\t\t<div class=\"elementor-element elementor-element-07655c5 obra-single-wrap e-flex e-con-boxed e-con e-parent\" data-id=\"07655c5\" data-element_type=\"container\" data-e-type=\"container\">\n\t\t\t\t\t<div class=\"e-con-inner\">\n\t\t<div class=\"elementor-element elementor-element-d6988c0 e-con-full col-title e-flex e-con e-parent\" data-id=\"d6988c0\" data-element_type=\"container\" data-e-type=\"container\">\n\t\t\t\t<div class=\"elementor-element elementor-element-52a5510 elementor-widget elementor-widget-text-editor\" data-id=\"52a5510\" data-element_type=\"widget\" data-e-type=\"widget\" data-widget_type=\"text-editor.default\">\n\t\t\t\t<div class=\"elementor-widget-container\">\n\t\t\t\t\t\t\t\t\t<strong>Comunitat de propietaris situada al carrer de Joaqu\u00edn Costa de Barcelona<\/strong>\t\t\t\t\t\t\t\t<\/div>\n\t\t\t\t<\/div>\n\t\t\t\t<div class=\"elementor-element elementor-element-b1f2906 no-margin-bot elementor-widget elementor-widget-text-editor\" data-id=\"b1f2906\" data-element_type=\"widget\" data-e-type=\"widget\" data-widget_type=\"text-editor.default\">\n\t\t\t\t<div class=\"elementor-widget-container\">\n\t\t\t\t\t\t\t\t\t<p>L&#8217;ajut de la Fundaci\u00f3 es va destinar a la instal\u00b7laci\u00f3 d&#8217;un ascensor amb parada a totes les plantes de l&#8217;edifici.<\/p>\t\t\t\t\t\t\t\t<\/div>\n\t\t\t\t<\/div>\n\t\t\t\t<\/div>\n\t\t<div class=\"elementor-element elementor-element-bc543eb e-con-full col-imgs e-flex e-con e-parent\" data-id=\"bc543eb\" data-element_type=\"container\" data-e-type=\"container\">\n\t\t<div class=\"elementor-element elementor-element-50ce64b imgs-antes e-con-full e-flex e-con e-parent\" data-id=\"50ce64b\" data-element_type=\"container\" data-e-type=\"container\">\n\t\t\t\t<div class=\"elementor-element elementor-element-546a357 elementor-widget elementor-widget-image\" data-id=\"546a357\" data-element_type=\"widget\" data-e-type=\"widget\" data-widget_type=\"image.default\">\n\t\t\t\t<div class=\"elementor-widget-container\">\n\t\t\t\t\t\t\t\t\t\t\t\t\t\t\t<img decoding=\"async\" width=\"1024\" height=\"640\" src=\"https:\/\/www.fundacionmdp.org\/wp-content\/uploads\/2023\/05\/1_CP-Joaquim-Costa-47-Bcn-fotos-antes-2-1024x640.jpg\" class=\"attachment-large size-large wp-image-6835\" alt=\"\" srcset=\"https:\/\/www.fundacionmdp.org\/wp-content\/uploads\/2023\/05\/1_CP-Joaquim-Costa-47-Bcn-fotos-antes-2-1024x640.jpg 1024w, https:\/\/www.fundacionmdp.org\/wp-content\/uploads\/2023\/05\/1_CP-Joaquim-Costa-47-Bcn-fotos-antes-2-300x188.jpg 300w, https:\/\/www.fundacionmdp.org\/wp-content\/uploads\/2023\/05\/1_CP-Joaquim-Costa-47-Bcn-fotos-antes-2-768x480.jpg 768w, https:\/\/www.fundacionmdp.org\/wp-content\/uploads\/2023\/05\/1_CP-Joaquim-Costa-47-Bcn-fotos-antes-2.jpg 1319w\" sizes=\"(max-width: 1024px) 100vw, 1024px\" \/>\t\t\t\t\t\t\t\t\t\t\t\t\t\t\t<\/div>\n\t\t\t\t<\/div>\n\t\t\t\t<\/div>\n\t\t<div class=\"elementor-element elementor-element-ca6a639 e-con-full imgs-separador e-flex e-con e-parent\" data-id=\"ca6a639\" data-element_type=\"container\" data-e-type=\"container\">\n\t\t\t\t<div class=\"elementor-element elementor-element-0b2e8b2 elementor-view-stacked elementor-shape-circle elementor-widget elementor-widget-icon\" data-id=\"0b2e8b2\" data-element_type=\"widget\" data-e-type=\"widget\" data-widget_type=\"icon.default\">\n\t\t\t\t<div class=\"elementor-widget-container\">\n\t\t\t\t\t\t\t<div class=\"elementor-icon-wrapper\">\n\t\t\t<div class=\"elementor-icon\">\n\t\t\t<i aria-hidden=\"true\" class=\"icon icon-right-arrow1\"><\/i>\t\t\t<\/div>\n\t\t<\/div>\n\t\t\t\t\t\t<\/div>\n\t\t\t\t<\/div>\n\t\t\t\t<\/div>\n\t\t<div class=\"elementor-element elementor-element-e30f7e4 imgs-despues e-con-full e-flex e-con e-parent\" data-id=\"e30f7e4\" data-element_type=\"container\" data-e-type=\"container\">\n\t\t\t\t<div class=\"elementor-element elementor-element-258d9b9 elementor-widget elementor-widget-image\" data-id=\"258d9b9\" data-element_type=\"widget\" data-e-type=\"widget\" data-widget_type=\"image.default\">\n\t\t\t\t<div class=\"elementor-widget-container\">\n\t\t\t\t\t\t\t\t\t\t\t\t\t\t\t<img decoding=\"async\" width=\"750\" height=\"1000\" src=\"https:\/\/www.fundacionmdp.org\/wp-content\/uploads\/2023\/05\/1_CP-JOAQUIM-COSTA-47-BARCELONA-fotos-despues.jpg\" class=\"attachment-large size-large wp-image-6484\" alt=\"\" srcset=\"https:\/\/www.fundacionmdp.org\/wp-content\/uploads\/2023\/05\/1_CP-JOAQUIM-COSTA-47-BARCELONA-fotos-despues.jpg 750w, https:\/\/www.fundacionmdp.org\/wp-content\/uploads\/2023\/05\/1_CP-JOAQUIM-COSTA-47-BARCELONA-fotos-despues-225x300.jpg 225w\" sizes=\"(max-width: 750px) 100vw, 750px\" \/>\t\t\t\t\t\t\t\t\t\t\t\t\t\t\t<\/div>\n\t\t\t\t<\/div>\n\t\t\t\t<\/div>\n\t\t\t\t<\/div>\n\t\t\t\t\t<\/div>\n\t\t\t\t<\/div>\n\t\t\t\t\t<\/div>\n\t\t\t\t<\/div>\n\t\t<div class=\"elementor-element elementor-element-ec4448f obra-single e-flex e-con-boxed e-con e-parent\" data-id=\"ec4448f\" data-element_type=\"container\" data-e-type=\"container\" data-settings=\"{&quot;background_background&quot;:&quot;classic&quot;}\">\n\t\t\t\t\t<div class=\"e-con-inner\">\n\t\t<div class=\"elementor-element elementor-element-4e482e2 obra-single-wrap e-flex e-con-boxed e-con e-parent\" data-id=\"4e482e2\" data-element_type=\"container\" data-e-type=\"container\">\n\t\t\t\t\t<div class=\"e-con-inner\">\n\t\t<div class=\"elementor-element elementor-element-b89b843 e-con-full col-title e-flex e-con e-parent\" data-id=\"b89b843\" data-element_type=\"container\" data-e-type=\"container\">\n\t\t\t\t<div class=\"elementor-element elementor-element-44db236 elementor-widget elementor-widget-text-editor\" data-id=\"44db236\" data-element_type=\"widget\" data-e-type=\"widget\" data-widget_type=\"text-editor.default\">\n\t\t\t\t<div class=\"elementor-widget-container\">\n\t\t\t\t\t\t\t\t\t<strong>Comunitat de propietaris situada al carrer Pi i Gibert de Sant Adri\u00e0 del Bes\u00f2s<\/strong>\t\t\t\t\t\t\t\t<\/div>\n\t\t\t\t<\/div>\n\t\t\t\t<div class=\"elementor-element elementor-element-9059e4d no-margin-bot elementor-widget elementor-widget-text-editor\" data-id=\"9059e4d\" data-element_type=\"widget\" data-e-type=\"widget\" data-widget_type=\"text-editor.default\">\n\t\t\t\t<div class=\"elementor-widget-container\">\n\t\t\t\t\t\t\t\t\tL&#8217;ajut de la Fundaci\u00f3 es va destinar a la instal\u00b7laci\u00f3 d&#8217;un motor per a l&#8217;obertura de la porta autom\u00e0tica i l&#8217;eliminaci\u00f3 de l&#8217;esgla\u00f3 a l&#8217;entrada de la comunitat, cosa que va aportar autonomia a les persones amb mobilitat redu\u00efda.\t\t\t\t\t\t\t\t<\/div>\n\t\t\t\t<\/div>\n\t\t\t\t<\/div>\n\t\t<div class=\"elementor-element elementor-element-9eb5689 e-con-full col-imgs e-flex e-con e-parent\" data-id=\"9eb5689\" data-element_type=\"container\" data-e-type=\"container\">\n\t\t<div class=\"elementor-element elementor-element-c579599 imgs-antes e-con-full e-flex e-con e-parent\" data-id=\"c579599\" data-element_type=\"container\" data-e-type=\"container\">\n\t\t\t\t<div class=\"elementor-element elementor-element-c9ffd52 elementor-widget elementor-widget-image\" data-id=\"c9ffd52\" data-element_type=\"widget\" data-e-type=\"widget\" data-widget_type=\"image.default\">\n\t\t\t\t<div class=\"elementor-widget-container\">\n\t\t\t\t\t\t\t\t\t\t\t\t\t\t\t<img loading=\"lazy\" decoding=\"async\" width=\"1000\" height=\"750\" src=\"https:\/\/www.fundacionmdp.org\/wp-content\/uploads\/2023\/05\/2_CP-Pi-i-gibert-St-Adria-ANTES.jpg\" class=\"attachment-large size-large wp-image-6487\" alt=\"\" srcset=\"https:\/\/www.fundacionmdp.org\/wp-content\/uploads\/2023\/05\/2_CP-Pi-i-gibert-St-Adria-ANTES.jpg 1000w, https:\/\/www.fundacionmdp.org\/wp-content\/uploads\/2023\/05\/2_CP-Pi-i-gibert-St-Adria-ANTES-300x225.jpg 300w, https:\/\/www.fundacionmdp.org\/wp-content\/uploads\/2023\/05\/2_CP-Pi-i-gibert-St-Adria-ANTES-768x576.jpg 768w\" sizes=\"(max-width: 1000px) 100vw, 1000px\" \/>\t\t\t\t\t\t\t\t\t\t\t\t\t\t\t<\/div>\n\t\t\t\t<\/div>\n\t\t\t\t<\/div>\n\t\t<div class=\"elementor-element elementor-element-cc595b8 e-con-full imgs-separador e-flex e-con e-parent\" data-id=\"cc595b8\" data-element_type=\"container\" data-e-type=\"container\">\n\t\t\t\t<div class=\"elementor-element elementor-element-77acaee elementor-view-stacked elementor-shape-circle elementor-widget elementor-widget-icon\" data-id=\"77acaee\" data-element_type=\"widget\" data-e-type=\"widget\" data-widget_type=\"icon.default\">\n\t\t\t\t<div class=\"elementor-widget-container\">\n\t\t\t\t\t\t\t<div class=\"elementor-icon-wrapper\">\n\t\t\t<div class=\"elementor-icon\">\n\t\t\t<i aria-hidden=\"true\" class=\"icon icon-right-arrow1\"><\/i>\t\t\t<\/div>\n\t\t<\/div>\n\t\t\t\t\t\t<\/div>\n\t\t\t\t<\/div>\n\t\t\t\t<\/div>\n\t\t<div class=\"elementor-element elementor-element-b745ae1 imgs-despues e-con-full e-flex e-con e-parent\" data-id=\"b745ae1\" data-element_type=\"container\" data-e-type=\"container\">\n\t\t\t\t<div class=\"elementor-element elementor-element-ecef985 elementor-widget elementor-widget-image\" data-id=\"ecef985\" data-element_type=\"widget\" data-e-type=\"widget\" data-widget_type=\"image.default\">\n\t\t\t\t<div class=\"elementor-widget-container\">\n\t\t\t\t\t\t\t\t\t\t\t\t\t\t\t<img loading=\"lazy\" decoding=\"async\" width=\"748\" height=\"1001\" src=\"https:\/\/www.fundacionmdp.org\/wp-content\/uploads\/2023\/05\/2_-CP-Pi-i-gibert-St-Adria-despues.jpg\" class=\"attachment-large size-large wp-image-6486\" alt=\"\" srcset=\"https:\/\/www.fundacionmdp.org\/wp-content\/uploads\/2023\/05\/2_-CP-Pi-i-gibert-St-Adria-despues.jpg 748w, https:\/\/www.fundacionmdp.org\/wp-content\/uploads\/2023\/05\/2_-CP-Pi-i-gibert-St-Adria-despues-224x300.jpg 224w\" sizes=\"(max-width: 748px) 100vw, 748px\" \/>\t\t\t\t\t\t\t\t\t\t\t\t\t\t\t<\/div>\n\t\t\t\t<\/div>\n\t\t\t\t<\/div>\n\t\t\t\t<\/div>\n\t\t\t\t\t<\/div>\n\t\t\t\t<\/div>\n\t\t\t\t\t<\/div>\n\t\t\t\t<\/div>\n\t\t<div class=\"elementor-element elementor-element-7c3db88 obra-single e-flex e-con-boxed e-con e-parent\" data-id=\"7c3db88\" data-element_type=\"container\" data-e-type=\"container\" data-settings=\"{&quot;background_background&quot;:&quot;classic&quot;}\">\n\t\t\t\t\t<div class=\"e-con-inner\">\n\t\t<div class=\"elementor-element elementor-element-02de9a6 obra-single-wrap e-flex e-con-boxed e-con e-parent\" data-id=\"02de9a6\" data-element_type=\"container\" data-e-type=\"container\">\n\t\t\t\t\t<div class=\"e-con-inner\">\n\t\t<div class=\"elementor-element elementor-element-a863a7a e-con-full col-title e-flex e-con e-parent\" data-id=\"a863a7a\" data-element_type=\"container\" data-e-type=\"container\">\n\t\t\t\t<div class=\"elementor-element elementor-element-477399d elementor-widget elementor-widget-text-editor\" data-id=\"477399d\" data-element_type=\"widget\" data-e-type=\"widget\" data-widget_type=\"text-editor.default\">\n\t\t\t\t<div class=\"elementor-widget-container\">\n\t\t\t\t\t\t\t\t\t<strong>Comunitat de propietaris situada a l&#8217;avinguda dels Quinze de Barcelona<\/strong>\t\t\t\t\t\t\t\t<\/div>\n\t\t\t\t<\/div>\n\t\t\t\t<div class=\"elementor-element elementor-element-c2340a5 no-margin-bot elementor-widget elementor-widget-text-editor\" data-id=\"c2340a5\" data-element_type=\"widget\" data-e-type=\"widget\" data-widget_type=\"text-editor.default\">\n\t\t\t\t<div class=\"elementor-widget-container\">\n\t\t\t\t\t\t\t\t\tL&#8217;ajut de la Fundaci\u00f3 es va destinar a l&#8217;eliminaci\u00f3 dels esglaons a l&#8217;entrada principal de l&#8217;edifici i a la zona interm\u00e8dia del vest\u00edbul i a abaixar a cota 0 l&#8217;ascensor.\t\t\t\t\t\t\t\t<\/div>\n\t\t\t\t<\/div>\n\t\t\t\t<\/div>\n\t\t<div class=\"elementor-element elementor-element-9680e62 e-con-full col-imgs e-flex e-con e-parent\" data-id=\"9680e62\" data-element_type=\"container\" data-e-type=\"container\">\n\t\t<div class=\"elementor-element elementor-element-377daec imgs-antes e-con-full e-flex e-con e-parent\" data-id=\"377daec\" data-element_type=\"container\" data-e-type=\"container\">\n\t\t\t\t<div class=\"elementor-element elementor-element-d58cb6e elementor-widget elementor-widget-image\" data-id=\"d58cb6e\" data-element_type=\"widget\" data-e-type=\"widget\" data-widget_type=\"image.default\">\n\t\t\t\t<div class=\"elementor-widget-container\">\n\t\t\t\t\t\t\t\t\t\t\t\t\t\t\t<img loading=\"lazy\" decoding=\"async\" width=\"714\" height=\"1000\" src=\"https:\/\/www.fundacionmdp.org\/wp-content\/uploads\/2023\/05\/3_CP-Av-dels-quinze-antes.jpg\" class=\"attachment-large size-large wp-image-6488\" alt=\"\" srcset=\"https:\/\/www.fundacionmdp.org\/wp-content\/uploads\/2023\/05\/3_CP-Av-dels-quinze-antes.jpg 714w, https:\/\/www.fundacionmdp.org\/wp-content\/uploads\/2023\/05\/3_CP-Av-dels-quinze-antes-214x300.jpg 214w\" sizes=\"(max-width: 714px) 100vw, 714px\" \/>\t\t\t\t\t\t\t\t\t\t\t\t\t\t\t<\/div>\n\t\t\t\t<\/div>\n\t\t\t\t<\/div>\n\t\t<div class=\"elementor-element elementor-element-76f3a12 e-con-full imgs-separador e-flex e-con e-parent\" data-id=\"76f3a12\" data-element_type=\"container\" data-e-type=\"container\">\n\t\t\t\t<div class=\"elementor-element elementor-element-87268c4 elementor-view-stacked elementor-shape-circle elementor-widget elementor-widget-icon\" data-id=\"87268c4\" data-element_type=\"widget\" data-e-type=\"widget\" data-widget_type=\"icon.default\">\n\t\t\t\t<div class=\"elementor-widget-container\">\n\t\t\t\t\t\t\t<div class=\"elementor-icon-wrapper\">\n\t\t\t<div class=\"elementor-icon\">\n\t\t\t<i aria-hidden=\"true\" class=\"icon icon-right-arrow1\"><\/i>\t\t\t<\/div>\n\t\t<\/div>\n\t\t\t\t\t\t<\/div>\n\t\t\t\t<\/div>\n\t\t\t\t<\/div>\n\t\t<div class=\"elementor-element elementor-element-aa6e2cb imgs-despues e-con-full e-flex e-con e-parent\" data-id=\"aa6e2cb\" data-element_type=\"container\" data-e-type=\"container\">\n\t\t\t\t<div class=\"elementor-element elementor-element-65731c9 elementor-widget elementor-widget-image\" data-id=\"65731c9\" data-element_type=\"widget\" data-e-type=\"widget\" data-widget_type=\"image.default\">\n\t\t\t\t<div class=\"elementor-widget-container\">\n\t\t\t\t\t\t\t\t\t\t\t\t\t\t\t<img loading=\"lazy\" decoding=\"async\" width=\"714\" height=\"1000\" src=\"https:\/\/www.fundacionmdp.org\/wp-content\/uploads\/2023\/05\/3_CP-Av-dels-quinze-despues-1.jpg\" class=\"attachment-large size-large wp-image-6489\" alt=\"\" srcset=\"https:\/\/www.fundacionmdp.org\/wp-content\/uploads\/2023\/05\/3_CP-Av-dels-quinze-despues-1.jpg 714w, https:\/\/www.fundacionmdp.org\/wp-content\/uploads\/2023\/05\/3_CP-Av-dels-quinze-despues-1-214x300.jpg 214w\" sizes=\"(max-width: 714px) 100vw, 714px\" \/>\t\t\t\t\t\t\t\t\t\t\t\t\t\t\t<\/div>\n\t\t\t\t<\/div>\n\t\t\t\t<\/div>\n\t\t\t\t<\/div>\n\t\t\t\t\t<\/div>\n\t\t\t\t<\/div>\n\t\t\t\t\t<\/div>\n\t\t\t\t<\/div>\n\t\t<div class=\"elementor-element elementor-element-8854372 obra-single e-flex e-con-boxed e-con e-parent\" data-id=\"8854372\" data-element_type=\"container\" data-e-type=\"container\" data-settings=\"{&quot;background_background&quot;:&quot;classic&quot;}\">\n\t\t\t\t\t<div class=\"e-con-inner\">\n\t\t<div class=\"elementor-element elementor-element-019e1a8 obra-single-wrap e-flex e-con-boxed e-con e-parent\" data-id=\"019e1a8\" data-element_type=\"container\" data-e-type=\"container\">\n\t\t\t\t\t<div class=\"e-con-inner\">\n\t\t<div class=\"elementor-element elementor-element-5674ebb e-con-full col-title e-flex e-con e-parent\" data-id=\"5674ebb\" data-element_type=\"container\" data-e-type=\"container\">\n\t\t\t\t<div class=\"elementor-element elementor-element-91d0bd8 elementor-widget elementor-widget-text-editor\" data-id=\"91d0bd8\" data-element_type=\"widget\" data-e-type=\"widget\" data-widget_type=\"text-editor.default\">\n\t\t\t\t<div class=\"elementor-widget-container\">\n\t\t\t\t\t\t\t\t\t<strong>Comunitat de propietaris situada al carrer de Teodora Lamadrid de Barcelona<\/strong>\t\t\t\t\t\t\t\t<\/div>\n\t\t\t\t<\/div>\n\t\t\t\t<div class=\"elementor-element elementor-element-814c368 no-margin-bot elementor-widget elementor-widget-text-editor\" data-id=\"814c368\" data-element_type=\"widget\" data-e-type=\"widget\" data-widget_type=\"text-editor.default\">\n\t\t\t\t<div class=\"elementor-widget-container\">\n\t\t\t\t\t\t\t\t\tL&#8217;ajut de la Fundaci\u00f3 es va destinar a la instal\u00b7laci\u00f3 d&#8217;una rampa accessible (amb pendent que compleix la normativa) i a la millora de la maniobrabilitat del vest\u00edbul a la sortida de l&#8217;ascensor per a persones amb cadires de rodes.\t\t\t\t\t\t\t\t<\/div>\n\t\t\t\t<\/div>\n\t\t\t\t<\/div>\n\t\t<div class=\"elementor-element elementor-element-35c3ba4 e-con-full col-imgs e-flex e-con e-parent\" data-id=\"35c3ba4\" data-element_type=\"container\" data-e-type=\"container\">\n\t\t<div class=\"elementor-element elementor-element-debaf8d imgs-antes e-con-full e-flex e-con e-parent\" data-id=\"debaf8d\" data-element_type=\"container\" data-e-type=\"container\">\n\t\t\t\t<div class=\"elementor-element elementor-element-eea7ba0 elementor-widget elementor-widget-image\" data-id=\"eea7ba0\" data-element_type=\"widget\" data-e-type=\"widget\" data-widget_type=\"image.default\">\n\t\t\t\t<div class=\"elementor-widget-container\">\n\t\t\t\t\t\t\t\t\t\t\t\t\t\t\t<img loading=\"lazy\" decoding=\"async\" width=\"995\" height=\"995\" src=\"https:\/\/www.fundacionmdp.org\/wp-content\/uploads\/2023\/05\/4_CP-Teodora-lamadrid-ANTES-3.jpg\" class=\"attachment-large size-large wp-image-6879\" alt=\"\" srcset=\"https:\/\/www.fundacionmdp.org\/wp-content\/uploads\/2023\/05\/4_CP-Teodora-lamadrid-ANTES-3.jpg 995w, https:\/\/www.fundacionmdp.org\/wp-content\/uploads\/2023\/05\/4_CP-Teodora-lamadrid-ANTES-3-300x300.jpg 300w, https:\/\/www.fundacionmdp.org\/wp-content\/uploads\/2023\/05\/4_CP-Teodora-lamadrid-ANTES-3-150x150.jpg 150w, https:\/\/www.fundacionmdp.org\/wp-content\/uploads\/2023\/05\/4_CP-Teodora-lamadrid-ANTES-3-768x768.jpg 768w, https:\/\/www.fundacionmdp.org\/wp-content\/uploads\/2023\/05\/4_CP-Teodora-lamadrid-ANTES-3-600x600.jpg 600w\" sizes=\"(max-width: 995px) 100vw, 995px\" \/>\t\t\t\t\t\t\t\t\t\t\t\t\t\t\t<\/div>\n\t\t\t\t<\/div>\n\t\t\t\t<\/div>\n\t\t<div class=\"elementor-element elementor-element-1c55345 e-con-full imgs-separador e-flex e-con e-parent\" data-id=\"1c55345\" data-element_type=\"container\" data-e-type=\"container\">\n\t\t\t\t<div class=\"elementor-element elementor-element-5fb6795 elementor-view-stacked elementor-shape-circle elementor-widget elementor-widget-icon\" data-id=\"5fb6795\" data-element_type=\"widget\" data-e-type=\"widget\" data-widget_type=\"icon.default\">\n\t\t\t\t<div class=\"elementor-widget-container\">\n\t\t\t\t\t\t\t<div class=\"elementor-icon-wrapper\">\n\t\t\t<div class=\"elementor-icon\">\n\t\t\t<i aria-hidden=\"true\" class=\"icon icon-right-arrow1\"><\/i>\t\t\t<\/div>\n\t\t<\/div>\n\t\t\t\t\t\t<\/div>\n\t\t\t\t<\/div>\n\t\t\t\t<\/div>\n\t\t<div class=\"elementor-element elementor-element-4eebfa1 imgs-despues e-con-full e-flex e-con e-parent\" data-id=\"4eebfa1\" data-element_type=\"container\" data-e-type=\"container\">\n\t\t\t\t<div class=\"elementor-element elementor-element-b625934 elementor-widget elementor-widget-image\" data-id=\"b625934\" data-element_type=\"widget\" data-e-type=\"widget\" data-widget_type=\"image.default\">\n\t\t\t\t<div class=\"elementor-widget-container\">\n\t\t\t\t\t\t\t\t\t\t\t\t\t\t\t<img loading=\"lazy\" decoding=\"async\" width=\"1000\" height=\"1000\" src=\"https:\/\/www.fundacionmdp.org\/wp-content\/uploads\/2023\/05\/4_CP-Teodora-lamadrid-despues-2.jpg\" class=\"attachment-large size-large wp-image-6883\" alt=\"\" srcset=\"https:\/\/www.fundacionmdp.org\/wp-content\/uploads\/2023\/05\/4_CP-Teodora-lamadrid-despues-2.jpg 1000w, https:\/\/www.fundacionmdp.org\/wp-content\/uploads\/2023\/05\/4_CP-Teodora-lamadrid-despues-2-300x300.jpg 300w, https:\/\/www.fundacionmdp.org\/wp-content\/uploads\/2023\/05\/4_CP-Teodora-lamadrid-despues-2-150x150.jpg 150w, https:\/\/www.fundacionmdp.org\/wp-content\/uploads\/2023\/05\/4_CP-Teodora-lamadrid-despues-2-768x768.jpg 768w, https:\/\/www.fundacionmdp.org\/wp-content\/uploads\/2023\/05\/4_CP-Teodora-lamadrid-despues-2-600x600.jpg 600w\" sizes=\"(max-width: 1000px) 100vw, 1000px\" \/>\t\t\t\t\t\t\t\t\t\t\t\t\t\t\t<\/div>\n\t\t\t\t<\/div>\n\t\t\t\t<\/div>\n\t\t\t\t<\/div>\n\t\t\t\t\t<\/div>\n\t\t\t\t<\/div>\n\t\t\t\t\t<\/div>\n\t\t\t\t<\/div>\n\t\t<div class=\"elementor-element elementor-element-7ce424e obra-single e-flex e-con-boxed e-con e-parent\" data-id=\"7ce424e\" data-element_type=\"container\" data-e-type=\"container\" data-settings=\"{&quot;background_background&quot;:&quot;classic&quot;}\">\n\t\t\t\t\t<div class=\"e-con-inner\">\n\t\t<div class=\"elementor-element elementor-element-69bf7d8 obra-single-wrap e-flex e-con-boxed e-con e-parent\" data-id=\"69bf7d8\" data-element_type=\"container\" data-e-type=\"container\">\n\t\t\t\t\t<div class=\"e-con-inner\">\n\t\t<div class=\"elementor-element elementor-element-65b23ee e-con-full col-title e-flex e-con e-parent\" data-id=\"65b23ee\" data-element_type=\"container\" data-e-type=\"container\">\n\t\t\t\t<div class=\"elementor-element elementor-element-48804a8 elementor-widget elementor-widget-text-editor\" data-id=\"48804a8\" data-element_type=\"widget\" data-e-type=\"widget\" data-widget_type=\"text-editor.default\">\n\t\t\t\t<div class=\"elementor-widget-container\">\n\t\t\t\t\t\t\t\t\t<p><strong>Comunitat de propietaris situada al carrer de Calder\u00f3n de la Barca de Barcelona<\/strong><\/p>\t\t\t\t\t\t\t\t<\/div>\n\t\t\t\t<\/div>\n\t\t\t\t<div class=\"elementor-element elementor-element-ec76718 no-margin-bot elementor-widget elementor-widget-text-editor\" data-id=\"ec76718\" data-element_type=\"widget\" data-e-type=\"widget\" data-widget_type=\"text-editor.default\">\n\t\t\t\t<div class=\"elementor-widget-container\">\n\t\t\t\t\t\t\t\t\tL&#8217;ajut de la Fundaci\u00f3 es va destinar a la instal\u00b7laci\u00f3 d&#8217;un ascensor nou i a l&#8217;eliminaci\u00f3 de l&#8217;esgla\u00f3 a l&#8217;entrada principal de la comunitat per posar-hi una rampa amb opci\u00f3 de maniobra per a cadires de rodes. \t\t\t\t\t\t\t\t<\/div>\n\t\t\t\t<\/div>\n\t\t\t\t<\/div>\n\t\t<div class=\"elementor-element elementor-element-2448290 e-con-full col-imgs e-flex e-con e-parent\" data-id=\"2448290\" data-element_type=\"container\" data-e-type=\"container\">\n\t\t<div class=\"elementor-element elementor-element-38024fe imgs-antes e-con-full e-flex e-con e-parent\" data-id=\"38024fe\" data-element_type=\"container\" data-e-type=\"container\">\n\t\t\t\t<div class=\"elementor-element elementor-element-5ee4608 elementor-widget elementor-widget-image\" data-id=\"5ee4608\" data-element_type=\"widget\" data-e-type=\"widget\" data-widget_type=\"image.default\">\n\t\t\t\t<div class=\"elementor-widget-container\">\n\t\t\t\t\t\t\t\t\t\t\t\t\t\t\t<img loading=\"lazy\" decoding=\"async\" width=\"353\" height=\"472\" src=\"https:\/\/www.fundacionmdp.org\/wp-content\/uploads\/2023\/05\/5_CP-Calderon-de-la-barca-Antes.jpg\" class=\"attachment-large size-large wp-image-6492\" alt=\"\" srcset=\"https:\/\/www.fundacionmdp.org\/wp-content\/uploads\/2023\/05\/5_CP-Calderon-de-la-barca-Antes.jpg 353w, https:\/\/www.fundacionmdp.org\/wp-content\/uploads\/2023\/05\/5_CP-Calderon-de-la-barca-Antes-224x300.jpg 224w\" sizes=\"(max-width: 353px) 100vw, 353px\" \/>\t\t\t\t\t\t\t\t\t\t\t\t\t\t\t<\/div>\n\t\t\t\t<\/div>\n\t\t\t\t<\/div>\n\t\t<div class=\"elementor-element elementor-element-c171ab4 e-con-full imgs-separador e-flex e-con e-parent\" data-id=\"c171ab4\" data-element_type=\"container\" data-e-type=\"container\">\n\t\t\t\t<div class=\"elementor-element elementor-element-ae58426 elementor-view-stacked elementor-shape-circle elementor-widget elementor-widget-icon\" data-id=\"ae58426\" data-element_type=\"widget\" data-e-type=\"widget\" data-widget_type=\"icon.default\">\n\t\t\t\t<div class=\"elementor-widget-container\">\n\t\t\t\t\t\t\t<div class=\"elementor-icon-wrapper\">\n\t\t\t<div class=\"elementor-icon\">\n\t\t\t<i aria-hidden=\"true\" class=\"icon icon-right-arrow1\"><\/i>\t\t\t<\/div>\n\t\t<\/div>\n\t\t\t\t\t\t<\/div>\n\t\t\t\t<\/div>\n\t\t\t\t<\/div>\n\t\t<div class=\"elementor-element elementor-element-f7a4c33 imgs-despues e-con-full e-flex e-con e-parent\" data-id=\"f7a4c33\" data-element_type=\"container\" data-e-type=\"container\">\n\t\t\t\t<div class=\"elementor-element elementor-element-7d6b4a4 elementor-widget elementor-widget-image\" data-id=\"7d6b4a4\" data-element_type=\"widget\" data-e-type=\"widget\" data-widget_type=\"image.default\">\n\t\t\t\t<div class=\"elementor-widget-container\">\n\t\t\t\t\t\t\t\t\t\t\t\t\t\t\t<img loading=\"lazy\" decoding=\"async\" width=\"750\" height=\"1000\" src=\"https:\/\/www.fundacionmdp.org\/wp-content\/uploads\/2023\/05\/5_CP-Calderon-de-la-barca-Despues.jpg\" class=\"attachment-large size-large wp-image-6493\" alt=\"\" srcset=\"https:\/\/www.fundacionmdp.org\/wp-content\/uploads\/2023\/05\/5_CP-Calderon-de-la-barca-Despues.jpg 750w, https:\/\/www.fundacionmdp.org\/wp-content\/uploads\/2023\/05\/5_CP-Calderon-de-la-barca-Despues-225x300.jpg 225w\" sizes=\"(max-width: 750px) 100vw, 750px\" \/>\t\t\t\t\t\t\t\t\t\t\t\t\t\t\t<\/div>\n\t\t\t\t<\/div>\n\t\t\t\t<\/div>\n\t\t\t\t<\/div>\n\t\t\t\t\t<\/div>\n\t\t\t\t<\/div>\n\t\t\t\t\t<\/div>\n\t\t\t\t<\/div>\n\t\t<div class=\"elementor-element elementor-element-d8bf09c obra-single e-flex e-con-boxed e-con e-parent\" data-id=\"d8bf09c\" data-element_type=\"container\" data-e-type=\"container\" data-settings=\"{&quot;background_background&quot;:&quot;classic&quot;}\">\n\t\t\t\t\t<div class=\"e-con-inner\">\n\t\t<div class=\"elementor-element elementor-element-6db3767 obra-single-wrap e-flex e-con-boxed e-con e-parent\" data-id=\"6db3767\" data-element_type=\"container\" data-e-type=\"container\">\n\t\t\t\t\t<div class=\"e-con-inner\">\n\t\t<div class=\"elementor-element elementor-element-4239650 e-con-full col-title e-flex e-con e-parent\" data-id=\"4239650\" data-element_type=\"container\" data-e-type=\"container\">\n\t\t\t\t<div class=\"elementor-element elementor-element-ddc077e elementor-widget elementor-widget-text-editor\" data-id=\"ddc077e\" data-element_type=\"widget\" data-e-type=\"widget\" data-widget_type=\"text-editor.default\">\n\t\t\t\t<div class=\"elementor-widget-container\">\n\t\t\t\t\t\t\t\t\t<p><strong>Comunitat de propietaris situada al carrer de Sardenya de Barcelona<\/strong><\/p>\t\t\t\t\t\t\t\t<\/div>\n\t\t\t\t<\/div>\n\t\t\t\t<div class=\"elementor-element elementor-element-2389257 no-margin-bot elementor-widget elementor-widget-text-editor\" data-id=\"2389257\" data-element_type=\"widget\" data-e-type=\"widget\" data-widget_type=\"text-editor.default\">\n\t\t\t\t<div class=\"elementor-widget-container\">\n\t\t\t\t\t\t\t\t\tL&#8217;ajut de la Fundaci\u00f3 es va destinar a instal\u00b7lar portes autom\u00e0tiques a totes les parades de l&#8217;ascensor que hi havia.\t\t\t\t\t\t\t\t<\/div>\n\t\t\t\t<\/div>\n\t\t\t\t<\/div>\n\t\t<div class=\"elementor-element elementor-element-fc542e0 e-con-full col-imgs e-flex e-con e-parent\" data-id=\"fc542e0\" data-element_type=\"container\" data-e-type=\"container\">\n\t\t<div class=\"elementor-element elementor-element-326331d imgs-antes e-con-full e-flex e-con e-parent\" data-id=\"326331d\" data-element_type=\"container\" data-e-type=\"container\">\n\t\t\t\t<div class=\"elementor-element elementor-element-daecfa2 elementor-widget elementor-widget-image\" data-id=\"daecfa2\" data-element_type=\"widget\" data-e-type=\"widget\" data-widget_type=\"image.default\">\n\t\t\t\t<div class=\"elementor-widget-container\">\n\t\t\t\t\t\t\t\t\t\t\t\t\t\t\t<img loading=\"lazy\" decoding=\"async\" width=\"521\" height=\"291\" src=\"https:\/\/www.fundacionmdp.org\/wp-content\/uploads\/2023\/05\/6_CP-Sardenya-500Bcn-ANTES.jpg\" class=\"attachment-large size-large wp-image-6494\" alt=\"\" srcset=\"https:\/\/www.fundacionmdp.org\/wp-content\/uploads\/2023\/05\/6_CP-Sardenya-500Bcn-ANTES.jpg 521w, https:\/\/www.fundacionmdp.org\/wp-content\/uploads\/2023\/05\/6_CP-Sardenya-500Bcn-ANTES-300x168.jpg 300w\" sizes=\"(max-width: 521px) 100vw, 521px\" \/>\t\t\t\t\t\t\t\t\t\t\t\t\t\t\t<\/div>\n\t\t\t\t<\/div>\n\t\t\t\t<\/div>\n\t\t<div class=\"elementor-element elementor-element-35c357b e-con-full imgs-separador e-flex e-con e-parent\" data-id=\"35c357b\" data-element_type=\"container\" data-e-type=\"container\">\n\t\t\t\t<div class=\"elementor-element elementor-element-ca4e984 elementor-view-stacked elementor-shape-circle elementor-widget elementor-widget-icon\" data-id=\"ca4e984\" data-element_type=\"widget\" data-e-type=\"widget\" data-widget_type=\"icon.default\">\n\t\t\t\t<div class=\"elementor-widget-container\">\n\t\t\t\t\t\t\t<div class=\"elementor-icon-wrapper\">\n\t\t\t<div class=\"elementor-icon\">\n\t\t\t<i aria-hidden=\"true\" class=\"icon icon-right-arrow1\"><\/i>\t\t\t<\/div>\n\t\t<\/div>\n\t\t\t\t\t\t<\/div>\n\t\t\t\t<\/div>\n\t\t\t\t<\/div>\n\t\t<div class=\"elementor-element elementor-element-c614487 imgs-despues e-con-full e-flex e-con e-parent\" data-id=\"c614487\" data-element_type=\"container\" data-e-type=\"container\">\n\t\t\t\t<div class=\"elementor-element elementor-element-2021ac5 elementor-widget elementor-widget-image\" data-id=\"2021ac5\" data-element_type=\"widget\" data-e-type=\"widget\" data-widget_type=\"image.default\">\n\t\t\t\t<div class=\"elementor-widget-container\">\n\t\t\t\t\t\t\t\t\t\t\t\t\t\t\t<img loading=\"lazy\" decoding=\"async\" width=\"547\" height=\"293\" src=\"https:\/\/www.fundacionmdp.org\/wp-content\/uploads\/2023\/05\/6_CP-Sardenya-500Bcn-DESPUES.jpg\" class=\"attachment-large size-large wp-image-6495\" alt=\"\" srcset=\"https:\/\/www.fundacionmdp.org\/wp-content\/uploads\/2023\/05\/6_CP-Sardenya-500Bcn-DESPUES.jpg 547w, https:\/\/www.fundacionmdp.org\/wp-content\/uploads\/2023\/05\/6_CP-Sardenya-500Bcn-DESPUES-300x161.jpg 300w\" sizes=\"(max-width: 547px) 100vw, 547px\" \/>\t\t\t\t\t\t\t\t\t\t\t\t\t\t\t<\/div>\n\t\t\t\t<\/div>\n\t\t\t\t<\/div>\n\t\t\t\t<\/div>\n\t\t\t\t\t<\/div>\n\t\t\t\t<\/div>\n\t\t\t\t\t<\/div>\n\t\t\t\t<\/div>\n\t\t<div class=\"elementor-element elementor-element-11d63d4 obra-single e-flex e-con-boxed e-con e-parent\" data-id=\"11d63d4\" data-element_type=\"container\" data-e-type=\"container\" data-settings=\"{&quot;background_background&quot;:&quot;classic&quot;}\">\n\t\t\t\t\t<div class=\"e-con-inner\">\n\t\t<div class=\"elementor-element elementor-element-4461cb8 obra-single-wrap e-flex e-con-boxed e-con e-parent\" data-id=\"4461cb8\" data-element_type=\"container\" data-e-type=\"container\">\n\t\t\t\t\t<div class=\"e-con-inner\">\n\t\t<div class=\"elementor-element elementor-element-2ef3c8f e-con-full col-title e-flex e-con e-parent\" data-id=\"2ef3c8f\" data-element_type=\"container\" data-e-type=\"container\">\n\t\t\t\t<div class=\"elementor-element elementor-element-366b66b elementor-widget elementor-widget-text-editor\" data-id=\"366b66b\" data-element_type=\"widget\" data-e-type=\"widget\" data-widget_type=\"text-editor.default\">\n\t\t\t\t<div class=\"elementor-widget-container\">\n\t\t\t\t\t\t\t\t\t<p><strong>Comunitat de propietaris situada al carrer de la Mare de D\u00e9u de Montserrat de Gav\u00e0<\/strong><\/p>\t\t\t\t\t\t\t\t<\/div>\n\t\t\t\t<\/div>\n\t\t\t\t<div class=\"elementor-element elementor-element-9b80c90 no-margin-bot elementor-widget elementor-widget-text-editor\" data-id=\"9b80c90\" data-element_type=\"widget\" data-e-type=\"widget\" data-widget_type=\"text-editor.default\">\n\t\t\t\t<div class=\"elementor-widget-container\">\n\t\t\t\t\t\t\t\t\t<p>L&#8217;ajut de la Fundaci\u00f3 es va destinar a l&#8217;eliminaci\u00f3 de les barreres arquitect\u00f2niques de l&#8217;entrada (eliminaci\u00f3 dels esglaons), a la instal\u00b7laci\u00f3 d&#8217;una rampa, a la millora de la maniobrabilitat per a persones amb mobilitat redu\u00efda i a la instal\u00b7laci\u00f3 d&#8217;un ascensor.<\/p>\t\t\t\t\t\t\t\t<\/div>\n\t\t\t\t<\/div>\n\t\t\t\t<\/div>\n\t\t<div class=\"elementor-element elementor-element-d1d440f e-con-full col-imgs e-flex e-con e-parent\" data-id=\"d1d440f\" data-element_type=\"container\" data-e-type=\"container\">\n\t\t<div class=\"elementor-element elementor-element-766d8e7 imgs-antes e-con-full e-flex e-con e-parent\" data-id=\"766d8e7\" data-element_type=\"container\" data-e-type=\"container\">\n\t\t\t\t<div class=\"elementor-element elementor-element-4dd3e7d elementor-widget elementor-widget-image\" data-id=\"4dd3e7d\" data-element_type=\"widget\" data-e-type=\"widget\" data-widget_type=\"image.default\">\n\t\t\t\t<div class=\"elementor-widget-container\">\n\t\t\t\t\t\t\t\t\t\t\t\t\t\t\t<img loading=\"lazy\" decoding=\"async\" width=\"1000\" height=\"562\" src=\"https:\/\/www.fundacionmdp.org\/wp-content\/uploads\/2023\/05\/7_CP-Gava-antes.jpg\" class=\"attachment-large size-large wp-image-6496\" alt=\"\" srcset=\"https:\/\/www.fundacionmdp.org\/wp-content\/uploads\/2023\/05\/7_CP-Gava-antes.jpg 1000w, https:\/\/www.fundacionmdp.org\/wp-content\/uploads\/2023\/05\/7_CP-Gava-antes-300x169.jpg 300w, https:\/\/www.fundacionmdp.org\/wp-content\/uploads\/2023\/05\/7_CP-Gava-antes-768x432.jpg 768w, https:\/\/www.fundacionmdp.org\/wp-content\/uploads\/2023\/05\/7_CP-Gava-antes-800x450.jpg 800w\" sizes=\"(max-width: 1000px) 100vw, 1000px\" \/>\t\t\t\t\t\t\t\t\t\t\t\t\t\t\t<\/div>\n\t\t\t\t<\/div>\n\t\t\t\t<\/div>\n\t\t<div class=\"elementor-element elementor-element-6d4148a e-con-full imgs-separador e-flex e-con e-parent\" data-id=\"6d4148a\" data-element_type=\"container\" data-e-type=\"container\">\n\t\t\t\t<div class=\"elementor-element elementor-element-773b9aa elementor-view-stacked elementor-shape-circle elementor-widget elementor-widget-icon\" data-id=\"773b9aa\" data-element_type=\"widget\" data-e-type=\"widget\" data-widget_type=\"icon.default\">\n\t\t\t\t<div class=\"elementor-widget-container\">\n\t\t\t\t\t\t\t<div class=\"elementor-icon-wrapper\">\n\t\t\t<div class=\"elementor-icon\">\n\t\t\t<i aria-hidden=\"true\" class=\"icon icon-right-arrow1\"><\/i>\t\t\t<\/div>\n\t\t<\/div>\n\t\t\t\t\t\t<\/div>\n\t\t\t\t<\/div>\n\t\t\t\t<\/div>\n\t\t<div class=\"elementor-element elementor-element-c4917db imgs-despues e-con-full e-flex e-con e-parent\" data-id=\"c4917db\" data-element_type=\"container\" data-e-type=\"container\">\n\t\t\t\t<div class=\"elementor-element elementor-element-411b2be elementor-widget elementor-widget-image\" data-id=\"411b2be\" data-element_type=\"widget\" data-e-type=\"widget\" data-widget_type=\"image.default\">\n\t\t\t\t<div class=\"elementor-widget-container\">\n\t\t\t\t\t\t\t\t\t\t\t\t\t\t\t<img loading=\"lazy\" decoding=\"async\" width=\"1000\" height=\"748\" src=\"https:\/\/www.fundacionmdp.org\/wp-content\/uploads\/2023\/05\/7_CP-Gava-despues.jpg\" class=\"attachment-large size-large wp-image-6497\" alt=\"\" srcset=\"https:\/\/www.fundacionmdp.org\/wp-content\/uploads\/2023\/05\/7_CP-Gava-despues.jpg 1000w, https:\/\/www.fundacionmdp.org\/wp-content\/uploads\/2023\/05\/7_CP-Gava-despues-300x224.jpg 300w, https:\/\/www.fundacionmdp.org\/wp-content\/uploads\/2023\/05\/7_CP-Gava-despues-768x574.jpg 768w\" sizes=\"(max-width: 1000px) 100vw, 1000px\" \/>\t\t\t\t\t\t\t\t\t\t\t\t\t\t\t<\/div>\n\t\t\t\t<\/div>\n\t\t\t\t<\/div>\n\t\t\t\t<\/div>\n\t\t\t\t\t<\/div>\n\t\t\t\t<\/div>\n\t\t\t\t\t<\/div>\n\t\t\t\t<\/div>\n\t\t<div class=\"elementor-element elementor-element-7346508 obra-single e-flex e-con-boxed e-con e-parent\" data-id=\"7346508\" data-element_type=\"container\" data-e-type=\"container\" data-settings=\"{&quot;background_background&quot;:&quot;classic&quot;}\">\n\t\t\t\t\t<div class=\"e-con-inner\">\n\t\t<div class=\"elementor-element elementor-element-28296c5 obra-single-wrap e-flex e-con-boxed e-con e-parent\" data-id=\"28296c5\" data-element_type=\"container\" data-e-type=\"container\">\n\t\t\t\t\t<div class=\"e-con-inner\">\n\t\t<div class=\"elementor-element elementor-element-d0b1ad1 e-con-full col-title e-flex e-con e-parent\" data-id=\"d0b1ad1\" data-element_type=\"container\" data-e-type=\"container\">\n\t\t\t\t<div class=\"elementor-element elementor-element-1abfbbc elementor-widget elementor-widget-text-editor\" data-id=\"1abfbbc\" data-element_type=\"widget\" data-e-type=\"widget\" data-widget_type=\"text-editor.default\">\n\t\t\t\t<div class=\"elementor-widget-container\">\n\t\t\t\t\t\t\t\t\t<p><strong>Comunitat de propietaris situada al carrer de Pedrell de Barcelona<\/strong><\/p>\t\t\t\t\t\t\t\t<\/div>\n\t\t\t\t<\/div>\n\t\t\t\t<div class=\"elementor-element elementor-element-96824ab no-margin-bot elementor-widget elementor-widget-text-editor\" data-id=\"96824ab\" data-element_type=\"widget\" data-e-type=\"widget\" data-widget_type=\"text-editor.default\">\n\t\t\t\t<div class=\"elementor-widget-container\">\n\t\t\t\t\t\t\t\t\t<p>Amb l&#8217;ajut de la Fundaci\u00f3 va fer possible una reforma de l&#8217;entrada principal amb una rampa accessible amb parada interm\u00e8dia.<\/p>\t\t\t\t\t\t\t\t<\/div>\n\t\t\t\t<\/div>\n\t\t\t\t<\/div>\n\t\t<div class=\"elementor-element elementor-element-888c500 e-con-full col-imgs e-flex e-con e-parent\" data-id=\"888c500\" data-element_type=\"container\" data-e-type=\"container\">\n\t\t<div class=\"elementor-element elementor-element-6c64a4e imgs-antes e-con-full e-flex e-con e-parent\" data-id=\"6c64a4e\" data-element_type=\"container\" data-e-type=\"container\">\n\t\t\t\t<div class=\"elementor-element elementor-element-a92fe49 elementor-widget elementor-widget-image\" data-id=\"a92fe49\" data-element_type=\"widget\" data-e-type=\"widget\" data-widget_type=\"image.default\">\n\t\t\t\t<div class=\"elementor-widget-container\">\n\t\t\t\t\t\t\t\t\t\t\t\t\t\t\t<img loading=\"lazy\" decoding=\"async\" width=\"385\" height=\"294\" src=\"https:\/\/www.fundacionmdp.org\/wp-content\/uploads\/2023\/05\/8_Foto-Antes-pedrell.jpg\" class=\"attachment-large size-large wp-image-6498\" alt=\"\" srcset=\"https:\/\/www.fundacionmdp.org\/wp-content\/uploads\/2023\/05\/8_Foto-Antes-pedrell.jpg 385w, https:\/\/www.fundacionmdp.org\/wp-content\/uploads\/2023\/05\/8_Foto-Antes-pedrell-300x229.jpg 300w\" sizes=\"(max-width: 385px) 100vw, 385px\" \/>\t\t\t\t\t\t\t\t\t\t\t\t\t\t\t<\/div>\n\t\t\t\t<\/div>\n\t\t\t\t<\/div>\n\t\t<div class=\"elementor-element elementor-element-50e5312 e-con-full imgs-separador e-flex e-con e-parent\" data-id=\"50e5312\" data-element_type=\"container\" data-e-type=\"container\">\n\t\t\t\t<div class=\"elementor-element elementor-element-9d1eaec elementor-view-stacked elementor-shape-circle elementor-widget elementor-widget-icon\" data-id=\"9d1eaec\" data-element_type=\"widget\" data-e-type=\"widget\" data-widget_type=\"icon.default\">\n\t\t\t\t<div class=\"elementor-widget-container\">\n\t\t\t\t\t\t\t<div class=\"elementor-icon-wrapper\">\n\t\t\t<div class=\"elementor-icon\">\n\t\t\t<i aria-hidden=\"true\" class=\"icon icon-right-arrow1\"><\/i>\t\t\t<\/div>\n\t\t<\/div>\n\t\t\t\t\t\t<\/div>\n\t\t\t\t<\/div>\n\t\t\t\t<\/div>\n\t\t<div class=\"elementor-element elementor-element-9d4036a imgs-despues e-con-full e-flex e-con e-parent\" data-id=\"9d4036a\" data-element_type=\"container\" data-e-type=\"container\">\n\t\t\t\t<div class=\"elementor-element elementor-element-4aca4e9 elementor-widget elementor-widget-image\" data-id=\"4aca4e9\" data-element_type=\"widget\" data-e-type=\"widget\" data-widget_type=\"image.default\">\n\t\t\t\t<div class=\"elementor-widget-container\">\n\t\t\t\t\t\t\t\t\t\t\t\t\t\t\t<img loading=\"lazy\" decoding=\"async\" width=\"1000\" height=\"748\" src=\"https:\/\/www.fundacionmdp.org\/wp-content\/uploads\/2023\/05\/8_Foto-despues-Pedrell.jpg\" class=\"attachment-large size-large wp-image-6499\" alt=\"\" srcset=\"https:\/\/www.fundacionmdp.org\/wp-content\/uploads\/2023\/05\/8_Foto-despues-Pedrell.jpg 1000w, https:\/\/www.fundacionmdp.org\/wp-content\/uploads\/2023\/05\/8_Foto-despues-Pedrell-300x224.jpg 300w, https:\/\/www.fundacionmdp.org\/wp-content\/uploads\/2023\/05\/8_Foto-despues-Pedrell-768x574.jpg 768w\" sizes=\"(max-width: 1000px) 100vw, 1000px\" \/>\t\t\t\t\t\t\t\t\t\t\t\t\t\t\t<\/div>\n\t\t\t\t<\/div>\n\t\t\t\t<\/div>\n\t\t\t\t<\/div>\n\t\t\t\t\t<\/div>\n\t\t\t\t<\/div>\n\t\t\t\t\t<\/div>\n\t\t\t\t<\/div>\n\t\t\t\t<\/div>\n\t\t\t\t<\/div>\n\t\t","protected":false},"excerpt":{"rendered":"<p>Obres subvencionades Des del 2018, la Fundaci\u00f3 ha contribu\u00eft a transformar itineraris accessibles des del carrer als habitatges i ha ajudat a millorar la qualitat de vida de tots els residents de l&#8217;edifici. A continuaci\u00f3 pots con\u00e8ixer algunes de les obres on ja ha contribu\u00eft el Programa d&#8217;Ajuts sense Barreres. Comunitat de propietaris situada al [&hellip;]<\/p>\n","protected":false},"author":1,"featured_media":0,"parent":0,"menu_order":0,"comment_status":"closed","ping_status":"closed","template":"","meta":{"_acf_changed":false,"ocean_post_layout":"","ocean_both_sidebars_style":"","ocean_both_sidebars_content_width":0,"ocean_both_sidebars_sidebars_width":0,"ocean_sidebar":"0","ocean_second_sidebar":"0","ocean_disable_margins":"enable","ocean_add_body_class":"","ocean_shortcode_before_top_bar":"","ocean_shortcode_after_top_bar":"","ocean_shortcode_before_header":"","ocean_shortcode_after_header":"","ocean_has_shortcode":"","ocean_shortcode_after_title":"","ocean_shortcode_before_footer_widgets":"","ocean_shortcode_after_footer_widgets":"","ocean_shortcode_before_footer_bottom":"","ocean_shortcode_after_footer_bottom":"","ocean_display_top_bar":"default","ocean_display_header":"default","ocean_header_style":"","ocean_center_header_left_menu":"0","ocean_custom_header_template":"0","ocean_custom_logo":0,"ocean_custom_retina_logo":0,"ocean_custom_logo_max_width":0,"ocean_custom_logo_tablet_max_width":0,"ocean_custom_logo_mobile_max_width":0,"ocean_custom_logo_max_height":0,"ocean_custom_logo_tablet_max_height":0,"ocean_custom_logo_mobile_max_height":0,"ocean_header_custom_menu":"0","ocean_menu_typo_font_family":"0","ocean_menu_typo_font_subset":"","ocean_menu_typo_font_size":0,"ocean_menu_typo_font_size_tablet":0,"ocean_menu_typo_font_size_mobile":0,"ocean_menu_typo_font_size_unit":"px","ocean_menu_typo_font_weight":"","ocean_menu_typo_font_weight_tablet":"","ocean_menu_typo_font_weight_mobile":"","ocean_menu_typo_transform":"","ocean_menu_typo_transform_tablet":"","ocean_menu_typo_transform_mobile":"","ocean_menu_typo_line_height":0,"ocean_menu_typo_line_height_tablet":0,"ocean_menu_typo_line_height_mobile":0,"ocean_menu_typo_line_height_unit":"","ocean_menu_typo_spacing":0,"ocean_menu_typo_spacing_tablet":0,"ocean_menu_typo_spacing_mobile":0,"ocean_menu_typo_spacing_unit":"","ocean_menu_link_color":"","ocean_menu_link_color_hover":"","ocean_menu_link_color_active":"","ocean_menu_link_background":"","ocean_menu_link_hover_background":"","ocean_menu_link_active_background":"","ocean_menu_social_links_bg":"","ocean_menu_social_hover_links_bg":"","ocean_menu_social_links_color":"","ocean_menu_social_hover_links_color":"","ocean_disable_title":"default","ocean_disable_heading":"default","ocean_post_title":"","ocean_post_subheading":"","ocean_post_title_style":"","ocean_post_title_background_color":"","ocean_post_title_background":0,"ocean_post_title_bg_image_position":"","ocean_post_title_bg_image_attachment":"","ocean_post_title_bg_image_repeat":"","ocean_post_title_bg_image_size":"","ocean_post_title_height":0,"ocean_post_title_bg_overlay":0.5,"ocean_post_title_bg_overlay_color":"","ocean_disable_breadcrumbs":"default","ocean_breadcrumbs_color":"","ocean_breadcrumbs_separator_color":"","ocean_breadcrumbs_links_color":"","ocean_breadcrumbs_links_hover_color":"","ocean_display_footer_widgets":"default","ocean_display_footer_bottom":"default","ocean_custom_footer_template":"0","footnotes":""},"class_list":["post-8604","page","type-page","status-publish","hentry","entry"],"acf":[],"yoast_head":"<!-- This site is optimized with the Yoast SEO plugin v27.3 - https:\/\/yoast.com\/product\/yoast-seo-wordpress\/ -->\n<title>Obres subvencionades - Fundaci\u00f3n Mutua de Propietarios<\/title>\n<meta name=\"robots\" content=\"index, follow, max-snippet:-1, max-image-preview:large, max-video-preview:-1\" \/>\n<link rel=\"canonical\" href=\"https:\/\/www.fundacionmdp.org\/obras-subvencionadas\/\" \/>\n<meta property=\"og:locale\" content=\"ca_ES\" \/>\n<meta property=\"og:type\" content=\"article\" \/>\n<meta property=\"og:title\" content=\"Obres subvencionades - Fundaci\u00f3n Mutua de Propietarios\" \/>\n<meta property=\"og:description\" content=\"Obres subvencionades Des del 2018, la Fundaci\u00f3 ha contribu\u00eft a transformar itineraris accessibles des del carrer als habitatges i ha ajudat a millorar la qualitat de vida de tots els residents de l&#8217;edifici. A continuaci\u00f3 pots con\u00e8ixer algunes de les obres on ja ha contribu\u00eft el Programa d&#8217;Ajuts sense Barreres. Comunitat de propietaris situada al [&hellip;]\" \/>\n<meta property=\"og:url\" content=\"https:\/\/www.fundacionmdp.org\/obras-subvencionadas\/\" \/>\n<meta property=\"og:site_name\" content=\"Fundaci\u00f3n Mutua de Propietarios\" \/>\n<meta property=\"article:modified_time\" content=\"2023-05-22T10:57:41+00:00\" \/>\n<meta property=\"og:image\" content=\"http:\/\/108.128.154.120\/wp-content\/uploads\/2023\/05\/edifici-rampa-bo-4-esgraons.png\" \/>\n<meta name=\"twitter:card\" content=\"summary_large_image\" \/>\n<meta name=\"twitter:label1\" content=\"Temps estimat de lectura\" \/>\n\t<meta name=\"twitter:data1\" content=\"2 minuts\" \/>\n<script type=\"application\/ld+json\" class=\"yoast-schema-graph\">{\"@context\":\"https:\\\/\\\/schema.org\",\"@graph\":[{\"@type\":\"WebPage\",\"@id\":\"https:\\\/\\\/www.fundacionmdp.org\\\/obras-subvencionadas\\\/\",\"url\":\"https:\\\/\\\/www.fundacionmdp.org\\\/obras-subvencionadas\\\/\",\"name\":\"Obres subvencionades - Fundaci\u00f3n Mutua de Propietarios\",\"isPartOf\":{\"@id\":\"https:\\\/\\\/www.fundacionmdp.org\\\/#website\"},\"primaryImageOfPage\":{\"@id\":\"https:\\\/\\\/www.fundacionmdp.org\\\/obras-subvencionadas\\\/#primaryimage\"},\"image\":{\"@id\":\"https:\\\/\\\/www.fundacionmdp.org\\\/obras-subvencionadas\\\/#primaryimage\"},\"thumbnailUrl\":\"http:\\\/\\\/108.128.154.120\\\/wp-content\\\/uploads\\\/2023\\\/05\\\/edifici-rampa-bo-4-esgraons.png\",\"datePublished\":\"2023-05-07T14:32:12+00:00\",\"dateModified\":\"2023-05-22T10:57:41+00:00\",\"breadcrumb\":{\"@id\":\"https:\\\/\\\/www.fundacionmdp.org\\\/obras-subvencionadas\\\/#breadcrumb\"},\"inLanguage\":\"ca\",\"potentialAction\":[{\"@type\":\"ReadAction\",\"target\":[\"https:\\\/\\\/www.fundacionmdp.org\\\/obras-subvencionadas\\\/\"]}]},{\"@type\":\"ImageObject\",\"inLanguage\":\"ca\",\"@id\":\"https:\\\/\\\/www.fundacionmdp.org\\\/obras-subvencionadas\\\/#primaryimage\",\"url\":\"http:\\\/\\\/108.128.154.120\\\/wp-content\\\/uploads\\\/2023\\\/05\\\/edifici-rampa-bo-4-esgraons.png\",\"contentUrl\":\"http:\\\/\\\/108.128.154.120\\\/wp-content\\\/uploads\\\/2023\\\/05\\\/edifici-rampa-bo-4-esgraons.png\"},{\"@type\":\"BreadcrumbList\",\"@id\":\"https:\\\/\\\/www.fundacionmdp.org\\\/obras-subvencionadas\\\/#breadcrumb\",\"itemListElement\":[{\"@type\":\"ListItem\",\"position\":1,\"name\":\"Home\",\"item\":\"https:\\\/\\\/www.fundacionmdp.org\\\/ca\\\/\"},{\"@type\":\"ListItem\",\"position\":2,\"name\":\"Obres subvencionades\"}]},{\"@type\":\"WebSite\",\"@id\":\"https:\\\/\\\/www.fundacionmdp.org\\\/#website\",\"url\":\"https:\\\/\\\/www.fundacionmdp.org\\\/\",\"name\":\"Fundaci\u00f3n Mutua de Propietarios\",\"description\":\"En la Fundaci\u00f3n Mutua de Propietarios te ayudamos a convertir tu edificio de viviendas en un espacio sin barreras arquitect\u00f3nicas.\",\"publisher\":{\"@id\":\"https:\\\/\\\/www.fundacionmdp.org\\\/#organization\"},\"potentialAction\":[{\"@type\":\"SearchAction\",\"target\":{\"@type\":\"EntryPoint\",\"urlTemplate\":\"https:\\\/\\\/www.fundacionmdp.org\\\/?s={search_term_string}\"},\"query-input\":{\"@type\":\"PropertyValueSpecification\",\"valueRequired\":true,\"valueName\":\"search_term_string\"}}],\"inLanguage\":\"ca\"},{\"@type\":\"Organization\",\"@id\":\"https:\\\/\\\/www.fundacionmdp.org\\\/#organization\",\"name\":\"Fundaci\u00f3n Mutua de Propietarios\",\"url\":\"https:\\\/\\\/www.fundacionmdp.org\\\/\",\"logo\":{\"@type\":\"ImageObject\",\"inLanguage\":\"ca\",\"@id\":\"https:\\\/\\\/www.fundacionmdp.org\\\/#\\\/schema\\\/logo\\\/image\\\/\",\"url\":\"https:\\\/\\\/www.fundacionmdp.org\\\/wp-content\\\/uploads\\\/2023\\\/05\\\/logo_FMdP_cat.png\",\"contentUrl\":\"https:\\\/\\\/www.fundacionmdp.org\\\/wp-content\\\/uploads\\\/2023\\\/05\\\/logo_FMdP_cat.png\",\"width\":655,\"height\":297,\"caption\":\"Fundaci\u00f3n Mutua de Propietarios\"},\"image\":{\"@id\":\"https:\\\/\\\/www.fundacionmdp.org\\\/#\\\/schema\\\/logo\\\/image\\\/\"}}]}<\/script>\n<!-- \/ Yoast SEO plugin. -->","yoast_head_json":{"title":"Obres subvencionades - Fundaci\u00f3n Mutua de Propietarios","robots":{"index":"index","follow":"follow","max-snippet":"max-snippet:-1","max-image-preview":"max-image-preview:large","max-video-preview":"max-video-preview:-1"},"canonical":"https:\/\/www.fundacionmdp.org\/obras-subvencionadas\/","og_locale":"ca_ES","og_type":"article","og_title":"Obres subvencionades - Fundaci\u00f3n Mutua de Propietarios","og_description":"Obres subvencionades Des del 2018, la Fundaci\u00f3 ha contribu\u00eft a transformar itineraris accessibles des del carrer als habitatges i ha ajudat a millorar la qualitat de vida de tots els residents de l&#8217;edifici. A continuaci\u00f3 pots con\u00e8ixer algunes de les obres on ja ha contribu\u00eft el Programa d&#8217;Ajuts sense Barreres. Comunitat de propietaris situada al [&hellip;]","og_url":"https:\/\/www.fundacionmdp.org\/obras-subvencionadas\/","og_site_name":"Fundaci\u00f3n Mutua de Propietarios","article_modified_time":"2023-05-22T10:57:41+00:00","og_image":[{"url":"http:\/\/108.128.154.120\/wp-content\/uploads\/2023\/05\/edifici-rampa-bo-4-esgraons.png","type":"","width":"","height":""}],"twitter_card":"summary_large_image","twitter_misc":{"Temps estimat de lectura":"2 minuts"},"schema":{"@context":"https:\/\/schema.org","@graph":[{"@type":"WebPage","@id":"https:\/\/www.fundacionmdp.org\/obras-subvencionadas\/","url":"https:\/\/www.fundacionmdp.org\/obras-subvencionadas\/","name":"Obres subvencionades - Fundaci\u00f3n Mutua de Propietarios","isPartOf":{"@id":"https:\/\/www.fundacionmdp.org\/#website"},"primaryImageOfPage":{"@id":"https:\/\/www.fundacionmdp.org\/obras-subvencionadas\/#primaryimage"},"image":{"@id":"https:\/\/www.fundacionmdp.org\/obras-subvencionadas\/#primaryimage"},"thumbnailUrl":"http:\/\/108.128.154.120\/wp-content\/uploads\/2023\/05\/edifici-rampa-bo-4-esgraons.png","datePublished":"2023-05-07T14:32:12+00:00","dateModified":"2023-05-22T10:57:41+00:00","breadcrumb":{"@id":"https:\/\/www.fundacionmdp.org\/obras-subvencionadas\/#breadcrumb"},"inLanguage":"ca","potentialAction":[{"@type":"ReadAction","target":["https:\/\/www.fundacionmdp.org\/obras-subvencionadas\/"]}]},{"@type":"ImageObject","inLanguage":"ca","@id":"https:\/\/www.fundacionmdp.org\/obras-subvencionadas\/#primaryimage","url":"http:\/\/108.128.154.120\/wp-content\/uploads\/2023\/05\/edifici-rampa-bo-4-esgraons.png","contentUrl":"http:\/\/108.128.154.120\/wp-content\/uploads\/2023\/05\/edifici-rampa-bo-4-esgraons.png"},{"@type":"BreadcrumbList","@id":"https:\/\/www.fundacionmdp.org\/obras-subvencionadas\/#breadcrumb","itemListElement":[{"@type":"ListItem","position":1,"name":"Home","item":"https:\/\/www.fundacionmdp.org\/ca\/"},{"@type":"ListItem","position":2,"name":"Obres subvencionades"}]},{"@type":"WebSite","@id":"https:\/\/www.fundacionmdp.org\/#website","url":"https:\/\/www.fundacionmdp.org\/","name":"Fundaci\u00f3n Mutua de Propietarios","description":"En la Fundaci\u00f3n Mutua de Propietarios te ayudamos a convertir tu edificio de viviendas en un espacio sin barreras arquitect\u00f3nicas.","publisher":{"@id":"https:\/\/www.fundacionmdp.org\/#organization"},"potentialAction":[{"@type":"SearchAction","target":{"@type":"EntryPoint","urlTemplate":"https:\/\/www.fundacionmdp.org\/?s={search_term_string}"},"query-input":{"@type":"PropertyValueSpecification","valueRequired":true,"valueName":"search_term_string"}}],"inLanguage":"ca"},{"@type":"Organization","@id":"https:\/\/www.fundacionmdp.org\/#organization","name":"Fundaci\u00f3n Mutua de Propietarios","url":"https:\/\/www.fundacionmdp.org\/","logo":{"@type":"ImageObject","inLanguage":"ca","@id":"https:\/\/www.fundacionmdp.org\/#\/schema\/logo\/image\/","url":"https:\/\/www.fundacionmdp.org\/wp-content\/uploads\/2023\/05\/logo_FMdP_cat.png","contentUrl":"https:\/\/www.fundacionmdp.org\/wp-content\/uploads\/2023\/05\/logo_FMdP_cat.png","width":655,"height":297,"caption":"Fundaci\u00f3n Mutua de Propietarios"},"image":{"@id":"https:\/\/www.fundacionmdp.org\/#\/schema\/logo\/image\/"}}]}},"_links":{"self":[{"href":"https:\/\/www.fundacionmdp.org\/ca\/wp-json\/wp\/v2\/pages\/8604","targetHints":{"allow":["GET"]}}],"collection":[{"href":"https:\/\/www.fundacionmdp.org\/ca\/wp-json\/wp\/v2\/pages"}],"about":[{"href":"https:\/\/www.fundacionmdp.org\/ca\/wp-json\/wp\/v2\/types\/page"}],"author":[{"embeddable":true,"href":"https:\/\/www.fundacionmdp.org\/ca\/wp-json\/wp\/v2\/users\/1"}],"replies":[{"embeddable":true,"href":"https:\/\/www.fundacionmdp.org\/ca\/wp-json\/wp\/v2\/comments?post=8604"}],"version-history":[{"count":4,"href":"https:\/\/www.fundacionmdp.org\/ca\/wp-json\/wp\/v2\/pages\/8604\/revisions"}],"predecessor-version":[{"id":8609,"href":"https:\/\/www.fundacionmdp.org\/ca\/wp-json\/wp\/v2\/pages\/8604\/revisions\/8609"}],"wp:attachment":[{"href":"https:\/\/www.fundacionmdp.org\/ca\/wp-json\/wp\/v2\/media?parent=8604"}],"curies":[{"name":"wp","href":"https:\/\/api.w.org\/{rel}","templated":true}]}}