{"id":8610,"date":"2023-05-07T17:01:56","date_gmt":"2023-05-07T17:01:56","guid":{"rendered":"http:\/\/108.128.154.120\/?page_id=8610"},"modified":"2023-05-22T11:16:34","modified_gmt":"2023-05-22T11:16:34","slug":"histories-sense-barreres","status":"publish","type":"page","link":"https:\/\/www.fundacionmdp.org\/ca\/histories-sense-barreres\/","title":{"rendered":"Hist\u00f2ries sense Barreres"},"content":{"rendered":"\t\t<div data-elementor-type=\"wp-page\" data-elementor-id=\"8610\" class=\"elementor elementor-8610 elementor-1891\">\n\t\t\t\t<div class=\"elementor-element elementor-element-2ebb3707 e-con-full page-intro-section e-flex e-con e-parent\" data-id=\"2ebb3707\" data-element_type=\"container\" data-e-type=\"container\">\n\t\t<div class=\"elementor-element elementor-element-abce10c page-intro-content e-flex e-con-boxed e-con e-parent\" data-id=\"abce10c\" data-element_type=\"container\" data-e-type=\"container\" data-settings=\"{&quot;background_background&quot;:&quot;classic&quot;}\">\n\t\t\t\t\t<div class=\"e-con-inner\">\n\t\t\t\t<div class=\"elementor-element elementor-element-615ebf29 elementor-widget elementor-widget-text-editor\" data-id=\"615ebf29\" data-element_type=\"widget\" data-e-type=\"widget\" data-widget_type=\"text-editor.default\">\n\t\t\t\t<div class=\"elementor-widget-container\">\n\t\t\t\t\t\t\t\t\t<h1>Hist\u00f2ries sense Barreres<\/h1>\t\t\t\t\t\t\t\t<\/div>\n\t\t\t\t<\/div>\n\t\t\t\t<div class=\"elementor-element elementor-element-69f561e6 elementor-widget-divider--view-line elementor-widget elementor-widget-divider\" data-id=\"69f561e6\" data-element_type=\"widget\" data-e-type=\"widget\" data-widget_type=\"divider.default\">\n\t\t\t\t<div class=\"elementor-widget-container\">\n\t\t\t\t\t\t\t<div class=\"elementor-divider\">\n\t\t\t<span class=\"elementor-divider-separator\">\n\t\t\t\t\t\t<\/span>\n\t\t<\/div>\n\t\t\t\t\t\t<\/div>\n\t\t\t\t<\/div>\n\t\t\t\t<div class=\"elementor-element elementor-element-3b41fe12 elementor-widget elementor-widget-text-editor\" data-id=\"3b41fe12\" data-element_type=\"widget\" data-e-type=\"widget\" data-widget_type=\"text-editor.default\">\n\t\t\t\t<div class=\"elementor-widget-container\">\n\t\t\t\t\t\t\t\t\tDescobreix l&#8217;aspecte m\u00e9s hum\u00e0 d&#8217;aquestes iniciatives juntament amb els protagonistes de les hist\u00f2ries, que han guanyat una qualitat de vida m\u00e9s bona gr\u00e0cies als seus #HabitatgeSenseBarreres\t\t\t\t\t\t\t\t<\/div>\n\t\t\t\t<\/div>\n\t\t\t\t\t<\/div>\n\t\t\t\t<\/div>\n\t\t<div class=\"elementor-element elementor-element-4a671b82 page-intro-image e-flex e-con-boxed e-con e-parent\" data-id=\"4a671b82\" data-element_type=\"container\" data-e-type=\"container\">\n\t\t\t\t\t<div class=\"e-con-inner\">\n\t\t\t\t<div class=\"elementor-element elementor-element-1b868b2f elementor-widget elementor-widget-image\" data-id=\"1b868b2f\" data-element_type=\"widget\" data-e-type=\"widget\" data-widget_type=\"image.default\">\n\t\t\t\t<div class=\"elementor-widget-container\">\n\t\t\t\t\t\t\t\t\t\t\t\t\t\t\t<img fetchpriority=\"high\" decoding=\"async\" width=\"1024\" height=\"570\" src=\"https:\/\/www.fundacionmdp.org\/wp-content\/uploads\/2023\/05\/divulga-2-1024x570.jpg\" class=\"attachment-large size-large wp-image-6652\" alt=\"\" srcset=\"https:\/\/www.fundacionmdp.org\/wp-content\/uploads\/2023\/05\/divulga-2-1024x570.jpg 1024w, https:\/\/www.fundacionmdp.org\/wp-content\/uploads\/2023\/05\/divulga-2-300x167.jpg 300w, https:\/\/www.fundacionmdp.org\/wp-content\/uploads\/2023\/05\/divulga-2-768x427.jpg 768w, https:\/\/www.fundacionmdp.org\/wp-content\/uploads\/2023\/05\/divulga-2-1536x855.jpg 1536w, https:\/\/www.fundacionmdp.org\/wp-content\/uploads\/2023\/05\/divulga-2.jpg 2000w\" sizes=\"(max-width: 1024px) 100vw, 1024px\" \/>\t\t\t\t\t\t\t\t\t\t\t\t\t\t\t<\/div>\n\t\t\t\t<\/div>\n\t\t\t\t\t<\/div>\n\t\t\t\t<\/div>\n\t\t\t\t<\/div>\n\t\t<div class=\"elementor-element elementor-element-5a78063 e-flex e-con-boxed e-con e-parent\" data-id=\"5a78063\" data-element_type=\"container\" data-e-type=\"container\" data-settings=\"{&quot;background_background&quot;:&quot;classic&quot;}\">\n\t\t\t\t\t<div class=\"e-con-inner\">\n\t\t\t\t<div class=\"elementor-element elementor-element-9cfa4ac elementor-widget__width-initial elementor-widget elementor-widget-text-editor\" data-id=\"9cfa4ac\" data-element_type=\"widget\" data-e-type=\"widget\" data-widget_type=\"text-editor.default\">\n\t\t\t\t<div class=\"elementor-widget-container\">\n\t\t\t\t\t\t\t\t\t<h2>Vols ajudar-nos a fer realitat m\u00e9s hist\u00f2ries sense barreres?<\/h2>\t\t\t\t\t\t\t\t<\/div>\n\t\t\t\t<\/div>\n\t\t\t\t<div class=\"elementor-element elementor-element-7916cbd elementor-widget elementor-widget-button\" data-id=\"7916cbd\" data-element_type=\"widget\" data-e-type=\"widget\" data-widget_type=\"button.default\">\n\t\t\t\t<div class=\"elementor-widget-container\">\n\t\t\t\t\t\t\t\t\t<div class=\"elementor-button-wrapper\">\n\t\t\t\t\t<a class=\"elementor-button elementor-button-link elementor-size-lg\" href=\"https:\/\/www.fundacionmdp.org\/ca\/fes-ten-soci\/\">\n\t\t\t\t\t\t<span class=\"elementor-button-content-wrapper\">\n\t\t\t\t\t\t\t\t\t<span class=\"elementor-button-text\">FES-TE'N SOCI<\/span>\n\t\t\t\t\t<\/span>\n\t\t\t\t\t<\/a>\n\t\t\t\t<\/div>\n\t\t\t\t\t\t\t\t<\/div>\n\t\t\t\t<\/div>\n\t\t\t\t\t<\/div>\n\t\t\t\t<\/div>\n\t\t<div class=\"elementor-element elementor-element-6da6a98d seccion-testimonios-videos e-flex e-con-boxed e-con e-parent\" data-id=\"6da6a98d\" data-element_type=\"container\" data-e-type=\"container\">\n\t\t\t\t\t<div class=\"e-con-inner\">\n\t\t<div class=\"elementor-element elementor-element-150bce54 seccion-testimonio-video e-flex e-con-boxed e-con e-parent\" data-id=\"150bce54\" data-element_type=\"container\" data-e-type=\"container\">\n\t\t\t\t\t<div class=\"e-con-inner\">\n\t\t<div class=\"elementor-element elementor-element-321a9a6d col-text e-flex e-con-boxed e-con e-parent\" data-id=\"321a9a6d\" data-element_type=\"container\" data-e-type=\"container\">\n\t\t\t\t\t<div class=\"e-con-inner\">\n\t\t<div class=\"elementor-element elementor-element-dd2c965 e-con-full col-text-wraap e-flex e-con e-parent\" data-id=\"dd2c965\" data-element_type=\"container\" data-e-type=\"container\">\n\t\t\t\t<div class=\"elementor-element elementor-element-312f4d20 title-no-margin-bot elementor-widget elementor-widget-text-editor\" data-id=\"312f4d20\" data-element_type=\"widget\" data-e-type=\"widget\" data-widget_type=\"text-editor.default\">\n\t\t\t\t<div class=\"elementor-widget-container\">\n\t\t\t\t\t\t\t\t\t<h2>La hist\u00f2ria d&#8217;en Benito, el ve\u00ed visionari<\/h2>\t\t\t\t\t\t\t\t<\/div>\n\t\t\t\t<\/div>\n\t\t\t\t<div class=\"elementor-element elementor-element-1ae5851e elementor-widget-divider--view-line elementor-widget elementor-widget-divider\" data-id=\"1ae5851e\" data-element_type=\"widget\" data-e-type=\"widget\" data-widget_type=\"divider.default\">\n\t\t\t\t<div class=\"elementor-widget-container\">\n\t\t\t\t\t\t\t<div class=\"elementor-divider\">\n\t\t\t<span class=\"elementor-divider-separator\">\n\t\t\t\t\t\t<\/span>\n\t\t<\/div>\n\t\t\t\t\t\t<\/div>\n\t\t\t\t<\/div>\n\t\t\t\t<div class=\"elementor-element elementor-element-7f44861b elementor-widget elementor-widget-text-editor\" data-id=\"7f44861b\" data-element_type=\"widget\" data-e-type=\"widget\" data-widget_type=\"text-editor.default\">\n\t\t\t\t<div class=\"elementor-widget-container\">\n\t\t\t\t\t\t\t\t\tDescobreix la Hist\u00f2ria d&#8217;en Benito, el visionari, i com l&#8217;eliminaci\u00f3 de barreres arquitect\u00f2niques va canviar les vides dels ve\u00efns de la seva comunitat.\t\t\t\t\t\t\t\t<\/div>\n\t\t\t\t<\/div>\n\t\t\t\t<\/div>\n\t\t\t\t\t<\/div>\n\t\t\t\t<\/div>\n\t\t<div class=\"elementor-element elementor-element-648bcb0 e-con-full e-flex e-con e-parent\" data-id=\"648bcb0\" data-element_type=\"container\" data-e-type=\"container\">\n\t\t\t\t<div class=\"elementor-element elementor-element-63721f41 elementor-widget elementor-widget-video\" data-id=\"63721f41\" data-element_type=\"widget\" data-e-type=\"widget\" data-settings=\"{&quot;youtube_url&quot;:&quot;https:\\\/\\\/www.youtube.com\\\/watch?v=-gbdrA3pM_0&quot;,&quot;lazy_load&quot;:&quot;yes&quot;,&quot;video_type&quot;:&quot;youtube&quot;,&quot;controls&quot;:&quot;yes&quot;}\" data-widget_type=\"video.default\">\n\t\t\t\t<div class=\"elementor-widget-container\">\n\t\t\t\t\t\t\t<div class=\"elementor-wrapper elementor-open-inline\">\n\t\t\t<div class=\"elementor-video\"><\/div>\t\t<\/div>\n\t\t\t\t\t\t<\/div>\n\t\t\t\t<\/div>\n\t\t\t\t<\/div>\n\t\t\t\t\t<\/div>\n\t\t\t\t<\/div>\n\t\t<div class=\"elementor-element elementor-element-1d682039 seccion-testimonio-video e-flex e-con-boxed e-con e-parent\" data-id=\"1d682039\" data-element_type=\"container\" data-e-type=\"container\">\n\t\t\t\t\t<div class=\"e-con-inner\">\n\t\t<div class=\"elementor-element elementor-element-587907a6 col-text e-flex e-con-boxed e-con e-parent\" data-id=\"587907a6\" data-element_type=\"container\" data-e-type=\"container\">\n\t\t\t\t\t<div class=\"e-con-inner\">\n\t\t<div class=\"elementor-element elementor-element-129dbee9 e-con-full col-text-wraap e-flex e-con e-parent\" data-id=\"129dbee9\" data-element_type=\"container\" data-e-type=\"container\">\n\t\t\t\t<div class=\"elementor-element elementor-element-aca0ffa elementor-widget elementor-widget-text-editor\" data-id=\"aca0ffa\" data-element_type=\"widget\" data-e-type=\"widget\" data-widget_type=\"text-editor.default\">\n\t\t\t\t<div class=\"elementor-widget-container\">\n\t\t\t\t\t\t\t\t\t<h2>La Hist\u00f2ria de l&#8217;\u00c1ngela, la ve\u00efna solid\u00e0ria<\/h2>\t\t\t\t\t\t\t\t<\/div>\n\t\t\t\t<\/div>\n\t\t\t\t<div class=\"elementor-element elementor-element-786f3f9e elementor-widget-divider--view-line elementor-widget elementor-widget-divider\" data-id=\"786f3f9e\" data-element_type=\"widget\" data-e-type=\"widget\" data-widget_type=\"divider.default\">\n\t\t\t\t<div class=\"elementor-widget-container\">\n\t\t\t\t\t\t\t<div class=\"elementor-divider\">\n\t\t\t<span class=\"elementor-divider-separator\">\n\t\t\t\t\t\t<\/span>\n\t\t<\/div>\n\t\t\t\t\t\t<\/div>\n\t\t\t\t<\/div>\n\t\t\t\t<div class=\"elementor-element elementor-element-6c7ebc99 elementor-widget elementor-widget-text-editor\" data-id=\"6c7ebc99\" data-element_type=\"widget\" data-e-type=\"widget\" data-widget_type=\"text-editor.default\">\n\t\t\t\t<div class=\"elementor-widget-container\">\n\t\t\t\t\t\t\t\t\tDescobreix la Hist\u00f2ria de l&#8217;\u00c1ngela, la ve\u00efna solid\u00e0ria, i com l&#8217;actitud de l&#8217;\u00c1ngela i les reformes de les portes de l&#8217;ascensor de la seva comunitat va millorar la vida dels qui hi viuen.\t\t\t\t\t\t\t\t<\/div>\n\t\t\t\t<\/div>\n\t\t\t\t<\/div>\n\t\t\t\t\t<\/div>\n\t\t\t\t<\/div>\n\t\t<div class=\"elementor-element elementor-element-64a71434 e-con-full e-flex e-con e-parent\" data-id=\"64a71434\" data-element_type=\"container\" data-e-type=\"container\">\n\t\t\t\t<div class=\"elementor-element elementor-element-aa17e elementor-widget elementor-widget-video\" data-id=\"aa17e\" data-element_type=\"widget\" data-e-type=\"widget\" data-settings=\"{&quot;youtube_url&quot;:&quot;https:\\\/\\\/www.youtube.com\\\/watch?v=JhAwLC-hBmQ&amp;t=2s&quot;,&quot;lazy_load&quot;:&quot;yes&quot;,&quot;video_type&quot;:&quot;youtube&quot;,&quot;controls&quot;:&quot;yes&quot;}\" data-widget_type=\"video.default\">\n\t\t\t\t<div class=\"elementor-widget-container\">\n\t\t\t\t\t\t\t<div class=\"elementor-wrapper elementor-open-inline\">\n\t\t\t<div class=\"elementor-video\"><\/div>\t\t<\/div>\n\t\t\t\t\t\t<\/div>\n\t\t\t\t<\/div>\n\t\t\t\t<\/div>\n\t\t\t\t\t<\/div>\n\t\t\t\t<\/div>\n\t\t<div class=\"elementor-element elementor-element-561f1867 seccion-testimonio-video e-flex e-con-boxed e-con e-parent\" data-id=\"561f1867\" data-element_type=\"container\" data-e-type=\"container\">\n\t\t\t\t\t<div class=\"e-con-inner\">\n\t\t<div class=\"elementor-element elementor-element-248a575c col-text e-flex e-con-boxed e-con e-parent\" data-id=\"248a575c\" data-element_type=\"container\" data-e-type=\"container\">\n\t\t\t\t\t<div class=\"e-con-inner\">\n\t\t<div class=\"elementor-element elementor-element-42ab0b22 e-con-full col-text-wraap e-flex e-con e-parent\" data-id=\"42ab0b22\" data-element_type=\"container\" data-e-type=\"container\">\n\t\t\t\t<div class=\"elementor-element elementor-element-1950c828 title-no-margin-bot elementor-widget elementor-widget-text-editor\" data-id=\"1950c828\" data-element_type=\"widget\" data-e-type=\"widget\" data-widget_type=\"text-editor.default\">\n\t\t\t\t<div class=\"elementor-widget-container\">\n\t\t\t\t\t\t\t\t\t<h2>La Hist\u00f2ria de l&#8217;Ana, la ve\u00efna conscienciada<\/h2>\t\t\t\t\t\t\t\t<\/div>\n\t\t\t\t<\/div>\n\t\t\t\t<div class=\"elementor-element elementor-element-5a891d76 elementor-widget-divider--view-line elementor-widget elementor-widget-divider\" data-id=\"5a891d76\" data-element_type=\"widget\" data-e-type=\"widget\" data-widget_type=\"divider.default\">\n\t\t\t\t<div class=\"elementor-widget-container\">\n\t\t\t\t\t\t\t<div class=\"elementor-divider\">\n\t\t\t<span class=\"elementor-divider-separator\">\n\t\t\t\t\t\t<\/span>\n\t\t<\/div>\n\t\t\t\t\t\t<\/div>\n\t\t\t\t<\/div>\n\t\t\t\t<div class=\"elementor-element elementor-element-6a8d2ff9 elementor-widget elementor-widget-text-editor\" data-id=\"6a8d2ff9\" data-element_type=\"widget\" data-e-type=\"widget\" data-widget_type=\"text-editor.default\">\n\t\t\t\t<div class=\"elementor-widget-container\">\n\t\t\t\t\t\t\t\t\tDescobreix la Hist\u00f2ria de l&#8217;Ana, la ve\u00efna conscienciada, i com la instal\u00b7laci\u00f3 d&#8217;un ascensor va millorar l&#8217;accessibilitat al seu habitatge tot i ser a un entresol.\t\t\t\t\t\t\t\t<\/div>\n\t\t\t\t<\/div>\n\t\t\t\t<\/div>\n\t\t\t\t\t<\/div>\n\t\t\t\t<\/div>\n\t\t<div class=\"elementor-element elementor-element-28df2e37 e-con-full e-flex e-con e-parent\" data-id=\"28df2e37\" data-element_type=\"container\" data-e-type=\"container\">\n\t\t\t\t<div class=\"elementor-element elementor-element-cd3687d elementor-widget elementor-widget-video\" data-id=\"cd3687d\" data-element_type=\"widget\" data-e-type=\"widget\" data-settings=\"{&quot;youtube_url&quot;:&quot;https:\\\/\\\/www.youtube.com\\\/watch?v=OmuHnpUg0L8&amp;t=1s&quot;,&quot;lazy_load&quot;:&quot;yes&quot;,&quot;video_type&quot;:&quot;youtube&quot;,&quot;controls&quot;:&quot;yes&quot;}\" data-widget_type=\"video.default\">\n\t\t\t\t<div class=\"elementor-widget-container\">\n\t\t\t\t\t\t\t<div class=\"elementor-wrapper elementor-open-inline\">\n\t\t\t<div class=\"elementor-video\"><\/div>\t\t<\/div>\n\t\t\t\t\t\t<\/div>\n\t\t\t\t<\/div>\n\t\t\t\t<\/div>\n\t\t\t\t\t<\/div>\n\t\t\t\t<\/div>\n\t\t\t\t\t<\/div>\n\t\t\t\t<\/div>\n\t\t<div class=\"elementor-element elementor-element-5f7aab7 seccion-testimonios-fotos-title e-flex e-con-boxed e-con e-parent\" data-id=\"5f7aab7\" data-element_type=\"container\" data-e-type=\"container\">\n\t\t\t\t\t<div class=\"e-con-inner\">\n\t\t\t\t<div class=\"elementor-element elementor-element-454683c elementor-widget elementor-widget-heading\" data-id=\"454683c\" data-element_type=\"widget\" data-e-type=\"widget\" data-widget_type=\"heading.default\">\n\t\t\t\t<div class=\"elementor-widget-container\">\n\t\t\t\t\t<h2 class=\"elementor-heading-title elementor-size-default\">Altres testimonis<\/h2>\t\t\t\t<\/div>\n\t\t\t\t<\/div>\n\t\t\t\t\t<\/div>\n\t\t\t\t<\/div>\n\t\t<div class=\"elementor-element elementor-element-4d4b973 seccion-testimonios-fotos e-flex e-con-boxed e-con e-parent\" data-id=\"4d4b973\" data-element_type=\"container\" data-e-type=\"container\">\n\t\t\t\t\t<div class=\"e-con-inner\">\n\t\t<div class=\"elementor-element elementor-element-21e7e36 e-flex e-con-boxed e-con e-parent\" data-id=\"21e7e36\" data-element_type=\"container\" data-e-type=\"container\">\n\t\t\t\t\t<div class=\"e-con-inner\">\n\t\t\t\t<div class=\"elementor-element elementor-element-ddb1e49 elementor-widget elementor-widget-image\" data-id=\"ddb1e49\" data-element_type=\"widget\" data-e-type=\"widget\" data-widget_type=\"image.default\">\n\t\t\t\t<div class=\"elementor-widget-container\">\n\t\t\t\t\t\t\t\t\t\t\t\t\t\t\t<img decoding=\"async\" width=\"882\" height=\"1024\" src=\"https:\/\/www.fundacionmdp.org\/wp-content\/uploads\/2023\/05\/Foto-testimonio-de-Palleja_H-de-Juan-web-882x1024.jpg\" class=\"attachment-large size-large wp-image-6478\" alt=\"\" srcset=\"https:\/\/www.fundacionmdp.org\/wp-content\/uploads\/2023\/05\/Foto-testimonio-de-Palleja_H-de-Juan-web-882x1024.jpg 882w, https:\/\/www.fundacionmdp.org\/wp-content\/uploads\/2023\/05\/Foto-testimonio-de-Palleja_H-de-Juan-web-258x300.jpg 258w, https:\/\/www.fundacionmdp.org\/wp-content\/uploads\/2023\/05\/Foto-testimonio-de-Palleja_H-de-Juan-web-768x892.jpg 768w, https:\/\/www.fundacionmdp.org\/wp-content\/uploads\/2023\/05\/Foto-testimonio-de-Palleja_H-de-Juan-web.jpg 1000w\" sizes=\"(max-width: 882px) 100vw, 882px\" \/>\t\t\t\t\t\t\t\t\t\t\t\t\t\t\t<\/div>\n\t\t\t\t<\/div>\n\t\t\t\t<div class=\"elementor-element elementor-element-31fe22f elementor-widget elementor-widget-heading\" data-id=\"31fe22f\" data-element_type=\"widget\" data-e-type=\"widget\" data-widget_type=\"heading.default\">\n\t\t\t\t<div class=\"elementor-widget-container\">\n\t\t\t\t\t<h3 class=\"elementor-heading-title elementor-size-default\">La Hist\u00f2ria d'en Juan<\/h3>\t\t\t\t<\/div>\n\t\t\t\t<\/div>\n\t\t\t\t<div class=\"elementor-element elementor-element-44cba78 elementor-widget-divider--view-line elementor-widget elementor-widget-divider\" data-id=\"44cba78\" data-element_type=\"widget\" data-e-type=\"widget\" data-widget_type=\"divider.default\">\n\t\t\t\t<div class=\"elementor-widget-container\">\n\t\t\t\t\t\t\t<div class=\"elementor-divider\">\n\t\t\t<span class=\"elementor-divider-separator\">\n\t\t\t\t\t\t<\/span>\n\t\t<\/div>\n\t\t\t\t\t\t<\/div>\n\t\t\t\t<\/div>\n\t\t\t\t<div class=\"elementor-element elementor-element-b8c8c99 elementor-widget elementor-widget-text-editor\" data-id=\"b8c8c99\" data-element_type=\"widget\" data-e-type=\"widget\" data-widget_type=\"text-editor.default\">\n\t\t\t\t<div class=\"elementor-widget-container\">\n\t\t\t\t\t\t\t\t\t<p>Abans en Juan s&#8217;ho havia de pensar dues vegades abans de sortir de casa perqu\u00e8 no hi havia cap ascensor, perqu\u00e8 aix\u00f2 li suposava un desgast f\u00edsic i emocional.<\/p><p><em>&#8220;Sens dubte, tenir un ascensor a la meva comunitat \u00e9s un luxe al qual, quan abans no en tenies, dones encara m\u00e9s valor i import\u00e0ncia\u201d.\u200b<\/em><\/p><p><strong>Juan, comunitat de propietaris a Pallej\u00e0 (Barcelona).\u200b<\/strong><\/p>\t\t\t\t\t\t\t\t<\/div>\n\t\t\t\t<\/div>\n\t\t\t\t\t<\/div>\n\t\t\t\t<\/div>\n\t\t<div class=\"elementor-element elementor-element-7545274 e-flex e-con-boxed e-con e-parent\" data-id=\"7545274\" data-element_type=\"container\" data-e-type=\"container\">\n\t\t\t\t\t<div class=\"e-con-inner\">\n\t\t\t\t<div class=\"elementor-element elementor-element-af81a1f elementor-widget elementor-widget-image\" data-id=\"af81a1f\" data-element_type=\"widget\" data-e-type=\"widget\" data-widget_type=\"image.default\">\n\t\t\t\t<div class=\"elementor-widget-container\">\n\t\t\t\t\t\t\t\t\t\t\t\t\t\t\t<img decoding=\"async\" width=\"686\" height=\"1001\" src=\"https:\/\/www.fundacionmdp.org\/wp-content\/uploads\/2023\/05\/Foto-testimonio-Pi-i-Gibert-web.jpg\" class=\"attachment-large size-large wp-image-6479\" alt=\"\" srcset=\"https:\/\/www.fundacionmdp.org\/wp-content\/uploads\/2023\/05\/Foto-testimonio-Pi-i-Gibert-web.jpg 686w, https:\/\/www.fundacionmdp.org\/wp-content\/uploads\/2023\/05\/Foto-testimonio-Pi-i-Gibert-web-206x300.jpg 206w\" sizes=\"(max-width: 686px) 100vw, 686px\" \/>\t\t\t\t\t\t\t\t\t\t\t\t\t\t\t<\/div>\n\t\t\t\t<\/div>\n\t\t\t\t<div class=\"elementor-element elementor-element-66c2397 elementor-widget elementor-widget-heading\" data-id=\"66c2397\" data-element_type=\"widget\" data-e-type=\"widget\" data-widget_type=\"heading.default\">\n\t\t\t\t<div class=\"elementor-widget-container\">\n\t\t\t\t\t<h3 class=\"elementor-heading-title elementor-size-default\">La Hist\u00f2ria d'en Domingo<\/h3>\t\t\t\t<\/div>\n\t\t\t\t<\/div>\n\t\t\t\t<div class=\"elementor-element elementor-element-d40c223 elementor-widget-divider--view-line elementor-widget elementor-widget-divider\" data-id=\"d40c223\" data-element_type=\"widget\" data-e-type=\"widget\" data-widget_type=\"divider.default\">\n\t\t\t\t<div class=\"elementor-widget-container\">\n\t\t\t\t\t\t\t<div class=\"elementor-divider\">\n\t\t\t<span class=\"elementor-divider-separator\">\n\t\t\t\t\t\t<\/span>\n\t\t<\/div>\n\t\t\t\t\t\t<\/div>\n\t\t\t\t<\/div>\n\t\t\t\t<div class=\"elementor-element elementor-element-c91fcef elementor-widget elementor-widget-text-editor\" data-id=\"c91fcef\" data-element_type=\"widget\" data-e-type=\"widget\" data-widget_type=\"text-editor.default\">\n\t\t\t\t<div class=\"elementor-widget-container\">\n\t\t\t\t\t\t\t\t\t<p>Un simple esgla\u00f3 a l&#8217;entrada del seu edifici i una porta no autom\u00e0tica separaven en Domingo de la seva vida social.<\/p><p><em>\u201cGr\u00e0cies a les obres, ara cada tarda puc sortir a comprar, anar al casal a jugar la partideta i fins i tot al ball dels diumenges\u201d.<\/em><\/p><p><strong>Domingo, comunitat de propietaris de Sant Adri\u00e0 del Bes\u00f2s (Barcelona)\u200b<\/strong><\/p>\t\t\t\t\t\t\t\t<\/div>\n\t\t\t\t<\/div>\n\t\t\t\t\t<\/div>\n\t\t\t\t<\/div>\n\t\t<div class=\"elementor-element elementor-element-5e28d9f e-flex e-con-boxed e-con e-parent\" data-id=\"5e28d9f\" data-element_type=\"container\" data-e-type=\"container\">\n\t\t\t\t\t<div class=\"e-con-inner\">\n\t\t\t\t<div class=\"elementor-element elementor-element-46756ce elementor-widget elementor-widget-image\" data-id=\"46756ce\" data-element_type=\"widget\" data-e-type=\"widget\" data-widget_type=\"image.default\">\n\t\t\t\t<div class=\"elementor-widget-container\">\n\t\t\t\t\t\t\t\t\t\t\t\t\t\t\t<img loading=\"lazy\" decoding=\"async\" width=\"1000\" height=\"708\" src=\"https:\/\/www.fundacionmdp.org\/wp-content\/uploads\/2023\/05\/Foto-testimonio-Pareto-55-web.jpg\" class=\"attachment-large size-large wp-image-6480\" alt=\"\" srcset=\"https:\/\/www.fundacionmdp.org\/wp-content\/uploads\/2023\/05\/Foto-testimonio-Pareto-55-web.jpg 1000w, https:\/\/www.fundacionmdp.org\/wp-content\/uploads\/2023\/05\/Foto-testimonio-Pareto-55-web-300x212.jpg 300w, https:\/\/www.fundacionmdp.org\/wp-content\/uploads\/2023\/05\/Foto-testimonio-Pareto-55-web-768x544.jpg 768w\" sizes=\"(max-width: 1000px) 100vw, 1000px\" \/>\t\t\t\t\t\t\t\t\t\t\t\t\t\t\t<\/div>\n\t\t\t\t<\/div>\n\t\t\t\t<div class=\"elementor-element elementor-element-b08f755 elementor-widget elementor-widget-heading\" data-id=\"b08f755\" data-element_type=\"widget\" data-e-type=\"widget\" data-widget_type=\"heading.default\">\n\t\t\t\t<div class=\"elementor-widget-container\">\n\t\t\t\t\t<h3 class=\"elementor-heading-title elementor-size-default\">La Hist\u00f2ria de la Josefina i l'Asun<\/h3>\t\t\t\t<\/div>\n\t\t\t\t<\/div>\n\t\t\t\t<div class=\"elementor-element elementor-element-91ffc2c elementor-widget-divider--view-line elementor-widget elementor-widget-divider\" data-id=\"91ffc2c\" data-element_type=\"widget\" data-e-type=\"widget\" data-widget_type=\"divider.default\">\n\t\t\t\t<div class=\"elementor-widget-container\">\n\t\t\t\t\t\t\t<div class=\"elementor-divider\">\n\t\t\t<span class=\"elementor-divider-separator\">\n\t\t\t\t\t\t<\/span>\n\t\t<\/div>\n\t\t\t\t\t\t<\/div>\n\t\t\t\t<\/div>\n\t\t\t\t<div class=\"elementor-element elementor-element-d71173e elementor-widget elementor-widget-text-editor\" data-id=\"d71173e\" data-element_type=\"widget\" data-e-type=\"widget\" data-widget_type=\"text-editor.default\">\n\t\t\t\t<div class=\"elementor-widget-container\">\n\t\t\t\t\t\t\t\t\t<p>Tot i que la Josefina i l&#8217;Asun no tenen mobilitat redu\u00efda, van fer mans i m\u00e0nigues per conv\u00e8ncer tots els ve\u00efns de fer les obres d&#8217;accessibilitat.<\/p><p><em>\u201cLes comunitats que dubtin a fer reformes per millorar l&#8217;accessibilitat han de perdre la por. Que s&#8217;hi tirin de cap!\u201d\u200b<\/em><\/p><p><strong>Josefina i Asun, comunitat de propietaris de l&#8217;Hospitalet de Llobregat (Barcelona).\u200b<\/strong><\/p>\t\t\t\t\t\t\t\t<\/div>\n\t\t\t\t<\/div>\n\t\t\t\t\t<\/div>\n\t\t\t\t<\/div>\n\t\t<div class=\"elementor-element elementor-element-005c68d e-flex e-con-boxed e-con e-parent\" data-id=\"005c68d\" data-element_type=\"container\" data-e-type=\"container\">\n\t\t\t\t\t<div class=\"e-con-inner\">\n\t\t\t\t<div class=\"elementor-element elementor-element-76dde26 elementor-widget elementor-widget-image\" data-id=\"76dde26\" data-element_type=\"widget\" data-e-type=\"widget\" data-widget_type=\"image.default\">\n\t\t\t\t<div class=\"elementor-widget-container\">\n\t\t\t\t\t\t\t\t\t\t\t\t\t\t\t<img loading=\"lazy\" decoding=\"async\" width=\"447\" height=\"999\" src=\"https:\/\/www.fundacionmdp.org\/wp-content\/uploads\/2023\/05\/Foto-testimonio-Teodora-lamadrid-web.jpg\" class=\"attachment-large size-large wp-image-6481\" alt=\"\" srcset=\"https:\/\/www.fundacionmdp.org\/wp-content\/uploads\/2023\/05\/Foto-testimonio-Teodora-lamadrid-web.jpg 447w, https:\/\/www.fundacionmdp.org\/wp-content\/uploads\/2023\/05\/Foto-testimonio-Teodora-lamadrid-web-134x300.jpg 134w\" sizes=\"(max-width: 447px) 100vw, 447px\" \/>\t\t\t\t\t\t\t\t\t\t\t\t\t\t\t<\/div>\n\t\t\t\t<\/div>\n\t\t\t\t<div class=\"elementor-element elementor-element-2694a0a elementor-widget elementor-widget-heading\" data-id=\"2694a0a\" data-element_type=\"widget\" data-e-type=\"widget\" data-widget_type=\"heading.default\">\n\t\t\t\t<div class=\"elementor-widget-container\">\n\t\t\t\t\t<h3 class=\"elementor-heading-title elementor-size-default\">La Hist\u00f2ria de la Gloria<\/h3>\t\t\t\t<\/div>\n\t\t\t\t<\/div>\n\t\t\t\t<div class=\"elementor-element elementor-element-54847a0 elementor-widget-divider--view-line elementor-widget elementor-widget-divider\" data-id=\"54847a0\" data-element_type=\"widget\" data-e-type=\"widget\" data-widget_type=\"divider.default\">\n\t\t\t\t<div class=\"elementor-widget-container\">\n\t\t\t\t\t\t\t<div class=\"elementor-divider\">\n\t\t\t<span class=\"elementor-divider-separator\">\n\t\t\t\t\t\t<\/span>\n\t\t<\/div>\n\t\t\t\t\t\t<\/div>\n\t\t\t\t<\/div>\n\t\t\t\t<div class=\"elementor-element elementor-element-41c1406 elementor-widget elementor-widget-text-editor\" data-id=\"41c1406\" data-element_type=\"widget\" data-e-type=\"widget\" data-widget_type=\"text-editor.default\">\n\t\t\t\t<div class=\"elementor-widget-container\">\n\t\t\t\t\t\t\t\t\t<p>Una rampa amb un pendent massa inclinat feia dif\u00edcil que la Gloria sort\u00eds al carrer amb el seu pare.<\/p><p><em>\u201cQuan hav\u00edem de baixar el pare amb la cadira de rodes era perill\u00f3s; hav\u00edem de fer molta for\u00e7a. Ara tenim una rampa accessible i la fem servir molts ve\u00efns i ve\u00efnes, tinguem problemes de mobilitat o no.\u201d<\/em><\/p><p><strong>Gloria, comunitat de propietaris del carrer de Teodora Lamadrid de Barcelona<\/strong><\/p>\t\t\t\t\t\t\t\t<\/div>\n\t\t\t\t<\/div>\n\t\t\t\t\t<\/div>\n\t\t\t\t<\/div>\n\t\t<div class=\"elementor-element elementor-element-73e7909 e-flex e-con-boxed e-con e-parent\" data-id=\"73e7909\" data-element_type=\"container\" data-e-type=\"container\">\n\t\t\t\t\t<div class=\"e-con-inner\">\n\t\t\t\t<div class=\"elementor-element elementor-element-addf334 elementor-widget elementor-widget-image\" data-id=\"addf334\" data-element_type=\"widget\" data-e-type=\"widget\" data-widget_type=\"image.default\">\n\t\t\t\t<div class=\"elementor-widget-container\">\n\t\t\t\t\t\t\t\t\t\t\t\t\t\t\t<img loading=\"lazy\" decoding=\"async\" width=\"771\" height=\"1024\" src=\"https:\/\/www.fundacionmdp.org\/wp-content\/uploads\/2023\/05\/Foto-testimonio-Pedrell-176-web-771x1024.jpg\" class=\"attachment-large size-large wp-image-6482\" alt=\"\" srcset=\"https:\/\/www.fundacionmdp.org\/wp-content\/uploads\/2023\/05\/Foto-testimonio-Pedrell-176-web-771x1024.jpg 771w, https:\/\/www.fundacionmdp.org\/wp-content\/uploads\/2023\/05\/Foto-testimonio-Pedrell-176-web-226x300.jpg 226w, https:\/\/www.fundacionmdp.org\/wp-content\/uploads\/2023\/05\/Foto-testimonio-Pedrell-176-web-768x1020.jpg 768w, https:\/\/www.fundacionmdp.org\/wp-content\/uploads\/2023\/05\/Foto-testimonio-Pedrell-176-web.jpg 1000w\" sizes=\"(max-width: 771px) 100vw, 771px\" \/>\t\t\t\t\t\t\t\t\t\t\t\t\t\t\t<\/div>\n\t\t\t\t<\/div>\n\t\t\t\t<div class=\"elementor-element elementor-element-6701bb7 elementor-widget elementor-widget-heading\" data-id=\"6701bb7\" data-element_type=\"widget\" data-e-type=\"widget\" data-widget_type=\"heading.default\">\n\t\t\t\t<div class=\"elementor-widget-container\">\n\t\t\t\t\t<h3 class=\"elementor-heading-title elementor-size-default\">La Hist\u00f2ria d'en Jordi<\/h3>\t\t\t\t<\/div>\n\t\t\t\t<\/div>\n\t\t\t\t<div class=\"elementor-element elementor-element-7763057 elementor-widget-divider--view-line elementor-widget elementor-widget-divider\" data-id=\"7763057\" data-element_type=\"widget\" data-e-type=\"widget\" data-widget_type=\"divider.default\">\n\t\t\t\t<div class=\"elementor-widget-container\">\n\t\t\t\t\t\t\t<div class=\"elementor-divider\">\n\t\t\t<span class=\"elementor-divider-separator\">\n\t\t\t\t\t\t<\/span>\n\t\t<\/div>\n\t\t\t\t\t\t<\/div>\n\t\t\t\t<\/div>\n\t\t\t\t<div class=\"elementor-element elementor-element-31e7c04 elementor-widget elementor-widget-text-editor\" data-id=\"31e7c04\" data-element_type=\"widget\" data-e-type=\"widget\" data-widget_type=\"text-editor.default\">\n\t\t\t\t<div class=\"elementor-widget-container\">\n\t\t\t\t\t\t\t\t\t<p>Com a president de la comunitat, en Jordi est\u00e0 molt content perqu\u00e8 les obres i la nova rampa accessible han millorat la seva vida i la de tots els ve\u00efns.<\/p><p><em>\u201cAmb la nova entrada podem accedir-hi d&#8217;una manera c\u00f2moda i sense perill. Ens facilita l&#8217;entrada amb els carretons de la compra, els cotxets de beb\u00e8s i els ve\u00efns i ve\u00efnes amb mobilitat redu\u00efda.\u201d<\/em><\/p><p><strong>Jordi, comunitat de propietaris del carrer de Pedrell de Barcelona.<\/strong><\/p>\t\t\t\t\t\t\t\t<\/div>\n\t\t\t\t<\/div>\n\t\t\t\t\t<\/div>\n\t\t\t\t<\/div>\n\t\t<div class=\"elementor-element elementor-element-52cfcbf e-flex e-con-boxed e-con e-parent\" data-id=\"52cfcbf\" data-element_type=\"container\" data-e-type=\"container\">\n\t\t\t\t\t<div class=\"e-con-inner\">\n\t\t\t\t<div class=\"elementor-element elementor-element-4c976b0 elementor-widget elementor-widget-image\" data-id=\"4c976b0\" data-element_type=\"widget\" data-e-type=\"widget\" data-widget_type=\"image.default\">\n\t\t\t\t<div class=\"elementor-widget-container\">\n\t\t\t\t\t\t\t\t\t\t\t\t\t\t\t<img loading=\"lazy\" decoding=\"async\" width=\"727\" height=\"1000\" src=\"https:\/\/www.fundacionmdp.org\/wp-content\/uploads\/2023\/05\/Foto-testimonio-Granollers-5_7-web.jpg\" class=\"attachment-large size-large wp-image-6483\" alt=\"\" srcset=\"https:\/\/www.fundacionmdp.org\/wp-content\/uploads\/2023\/05\/Foto-testimonio-Granollers-5_7-web.jpg 727w, https:\/\/www.fundacionmdp.org\/wp-content\/uploads\/2023\/05\/Foto-testimonio-Granollers-5_7-web-218x300.jpg 218w\" sizes=\"(max-width: 727px) 100vw, 727px\" \/>\t\t\t\t\t\t\t\t\t\t\t\t\t\t\t<\/div>\n\t\t\t\t<\/div>\n\t\t\t\t<div class=\"elementor-element elementor-element-8c03e92 elementor-widget elementor-widget-heading\" data-id=\"8c03e92\" data-element_type=\"widget\" data-e-type=\"widget\" data-widget_type=\"heading.default\">\n\t\t\t\t<div class=\"elementor-widget-container\">\n\t\t\t\t\t<h3 class=\"elementor-heading-title elementor-size-default\">La Hist\u00f2ria d'en Joan<\/h3>\t\t\t\t<\/div>\n\t\t\t\t<\/div>\n\t\t\t\t<div class=\"elementor-element elementor-element-366b51e elementor-widget-divider--view-line elementor-widget elementor-widget-divider\" data-id=\"366b51e\" data-element_type=\"widget\" data-e-type=\"widget\" data-widget_type=\"divider.default\">\n\t\t\t\t<div class=\"elementor-widget-container\">\n\t\t\t\t\t\t\t<div class=\"elementor-divider\">\n\t\t\t<span class=\"elementor-divider-separator\">\n\t\t\t\t\t\t<\/span>\n\t\t<\/div>\n\t\t\t\t\t\t<\/div>\n\t\t\t\t<\/div>\n\t\t\t\t<div class=\"elementor-element elementor-element-e8bb86a elementor-widget elementor-widget-text-editor\" data-id=\"e8bb86a\" data-element_type=\"widget\" data-e-type=\"widget\" data-widget_type=\"text-editor.default\">\n\t\t\t\t<div class=\"elementor-widget-container\">\n\t\t\t\t\t\t\t\t\t<p>En Joan viu a la seva comunitat des de fa m\u00e9s de 60 anys, i per fi gaudeix de les millores que s&#8217;han fet a l&#8217;ascensor de la seva finca, que es va construir l&#8217;any 1961 i no era accessible.<\/p><p><em>\u201cAmb la modernitzaci\u00f3 de l&#8217;ascensor hem guanyat en seguretat i, sobretot, en mobilitat amb l&#8217;obertura de les portes autom\u00e0tiques\u201d.\u200b<\/em><\/p><p><strong>Joan, comunitat de propietaris del carrer de Granollers a Barcelona<\/strong><\/p>\t\t\t\t\t\t\t\t<\/div>\n\t\t\t\t<\/div>\n\t\t\t\t\t<\/div>\n\t\t\t\t<\/div>\n\t\t\t\t\t<\/div>\n\t\t\t\t<\/div>\n\t\t\t\t<\/div>\n\t\t","protected":false},"excerpt":{"rendered":"<p>Hist\u00f2ries sense Barreres Descobreix l&#8217;aspecte m\u00e9s hum\u00e0 d&#8217;aquestes iniciatives juntament amb els protagonistes de les hist\u00f2ries, que han guanyat una qualitat de vida m\u00e9s bona gr\u00e0cies als seus #HabitatgeSenseBarreres Vols ajudar-nos a fer realitat m\u00e9s hist\u00f2ries sense barreres? FES-TE&#8217;N SOCI La hist\u00f2ria d&#8217;en Benito, el ve\u00ed visionari Descobreix la Hist\u00f2ria d&#8217;en Benito, el visionari, i [&hellip;]<\/p>\n","protected":false},"author":1,"featured_media":0,"parent":0,"menu_order":0,"comment_status":"closed","ping_status":"closed","template":"","meta":{"_acf_changed":false,"ocean_post_layout":"","ocean_both_sidebars_style":"","ocean_both_sidebars_content_width":0,"ocean_both_sidebars_sidebars_width":0,"ocean_sidebar":"0","ocean_second_sidebar":"0","ocean_disable_margins":"enable","ocean_add_body_class":"","ocean_shortcode_before_top_bar":"","ocean_shortcode_after_top_bar":"","ocean_shortcode_before_header":"","ocean_shortcode_after_header":"","ocean_has_shortcode":"","ocean_shortcode_after_title":"","ocean_shortcode_before_footer_widgets":"","ocean_shortcode_after_footer_widgets":"","ocean_shortcode_before_footer_bottom":"","ocean_shortcode_after_footer_bottom":"","ocean_display_top_bar":"default","ocean_display_header":"default","ocean_header_style":"","ocean_center_header_left_menu":"0","ocean_custom_header_template":"0","ocean_custom_logo":0,"ocean_custom_retina_logo":0,"ocean_custom_logo_max_width":0,"ocean_custom_logo_tablet_max_width":0,"ocean_custom_logo_mobile_max_width":0,"ocean_custom_logo_max_height":0,"ocean_custom_logo_tablet_max_height":0,"ocean_custom_logo_mobile_max_height":0,"ocean_header_custom_menu":"0","ocean_menu_typo_font_family":"0","ocean_menu_typo_font_subset":"","ocean_menu_typo_font_size":0,"ocean_menu_typo_font_size_tablet":0,"ocean_menu_typo_font_size_mobile":0,"ocean_menu_typo_font_size_unit":"px","ocean_menu_typo_font_weight":"","ocean_menu_typo_font_weight_tablet":"","ocean_menu_typo_font_weight_mobile":"","ocean_menu_typo_transform":"","ocean_menu_typo_transform_tablet":"","ocean_menu_typo_transform_mobile":"","ocean_menu_typo_line_height":0,"ocean_menu_typo_line_height_tablet":0,"ocean_menu_typo_line_height_mobile":0,"ocean_menu_typo_line_height_unit":"","ocean_menu_typo_spacing":0,"ocean_menu_typo_spacing_tablet":0,"ocean_menu_typo_spacing_mobile":0,"ocean_menu_typo_spacing_unit":"","ocean_menu_link_color":"","ocean_menu_link_color_hover":"","ocean_menu_link_color_active":"","ocean_menu_link_background":"","ocean_menu_link_hover_background":"","ocean_menu_link_active_background":"","ocean_menu_social_links_bg":"","ocean_menu_social_hover_links_bg":"","ocean_menu_social_links_color":"","ocean_menu_social_hover_links_color":"","ocean_disable_title":"default","ocean_disable_heading":"default","ocean_post_title":"","ocean_post_subheading":"","ocean_post_title_style":"","ocean_post_title_background_color":"","ocean_post_title_background":0,"ocean_post_title_bg_image_position":"","ocean_post_title_bg_image_attachment":"","ocean_post_title_bg_image_repeat":"","ocean_post_title_bg_image_size":"","ocean_post_title_height":0,"ocean_post_title_bg_overlay":0.5,"ocean_post_title_bg_overlay_color":"","ocean_disable_breadcrumbs":"default","ocean_breadcrumbs_color":"","ocean_breadcrumbs_separator_color":"","ocean_breadcrumbs_links_color":"","ocean_breadcrumbs_links_hover_color":"","ocean_display_footer_widgets":"default","ocean_display_footer_bottom":"default","ocean_custom_footer_template":"0","footnotes":""},"class_list":["post-8610","page","type-page","status-publish","hentry","entry"],"acf":[],"yoast_head":"<!-- This site is optimized with the Yoast SEO plugin v27.3 - https:\/\/yoast.com\/product\/yoast-seo-wordpress\/ -->\n<title>Hist\u00f2ries sense Barreres - Fundaci\u00f3n Mutua de Propietarios<\/title>\n<meta name=\"robots\" content=\"index, follow, max-snippet:-1, max-image-preview:large, max-video-preview:-1\" \/>\n<link rel=\"canonical\" href=\"https:\/\/www.fundacionmdp.org\/historias-sin-barreras\/\" \/>\n<meta property=\"og:locale\" content=\"ca_ES\" \/>\n<meta property=\"og:type\" content=\"article\" \/>\n<meta property=\"og:title\" content=\"Hist\u00f2ries sense Barreres - Fundaci\u00f3n Mutua de Propietarios\" \/>\n<meta property=\"og:description\" content=\"Hist\u00f2ries sense Barreres Descobreix l&#8217;aspecte m\u00e9s hum\u00e0 d&#8217;aquestes iniciatives juntament amb els protagonistes de les hist\u00f2ries, que han guanyat una qualitat de vida m\u00e9s bona gr\u00e0cies als seus #HabitatgeSenseBarreres Vols ajudar-nos a fer realitat m\u00e9s hist\u00f2ries sense barreres? FES-TE&#8217;N SOCI La hist\u00f2ria d&#8217;en Benito, el ve\u00ed visionari Descobreix la Hist\u00f2ria d&#8217;en Benito, el visionari, i [&hellip;]\" \/>\n<meta property=\"og:url\" content=\"https:\/\/www.fundacionmdp.org\/historias-sin-barreras\/\" \/>\n<meta property=\"og:site_name\" content=\"Fundaci\u00f3n Mutua de Propietarios\" \/>\n<meta property=\"article:modified_time\" content=\"2023-05-22T11:16:34+00:00\" \/>\n<meta property=\"og:image\" content=\"http:\/\/108.128.154.120\/wp-content\/uploads\/2023\/05\/divulga-2-1024x570.jpg\" \/>\n<meta name=\"twitter:card\" content=\"summary_large_image\" \/>\n<meta name=\"twitter:label1\" content=\"Temps estimat de lectura\" \/>\n\t<meta name=\"twitter:data1\" content=\"3 minuts\" \/>\n<script type=\"application\/ld+json\" class=\"yoast-schema-graph\">{\"@context\":\"https:\\\/\\\/schema.org\",\"@graph\":[{\"@type\":\"WebPage\",\"@id\":\"https:\\\/\\\/www.fundacionmdp.org\\\/historias-sin-barreras\\\/\",\"url\":\"https:\\\/\\\/www.fundacionmdp.org\\\/historias-sin-barreras\\\/\",\"name\":\"Hist\u00f2ries sense Barreres - Fundaci\u00f3n Mutua de Propietarios\",\"isPartOf\":{\"@id\":\"https:\\\/\\\/www.fundacionmdp.org\\\/#website\"},\"primaryImageOfPage\":{\"@id\":\"https:\\\/\\\/www.fundacionmdp.org\\\/historias-sin-barreras\\\/#primaryimage\"},\"image\":{\"@id\":\"https:\\\/\\\/www.fundacionmdp.org\\\/historias-sin-barreras\\\/#primaryimage\"},\"thumbnailUrl\":\"http:\\\/\\\/108.128.154.120\\\/wp-content\\\/uploads\\\/2023\\\/05\\\/divulga-2-1024x570.jpg\",\"datePublished\":\"2023-05-07T17:01:56+00:00\",\"dateModified\":\"2023-05-22T11:16:34+00:00\",\"breadcrumb\":{\"@id\":\"https:\\\/\\\/www.fundacionmdp.org\\\/historias-sin-barreras\\\/#breadcrumb\"},\"inLanguage\":\"ca\",\"potentialAction\":[{\"@type\":\"ReadAction\",\"target\":[\"https:\\\/\\\/www.fundacionmdp.org\\\/historias-sin-barreras\\\/\"]}]},{\"@type\":\"ImageObject\",\"inLanguage\":\"ca\",\"@id\":\"https:\\\/\\\/www.fundacionmdp.org\\\/historias-sin-barreras\\\/#primaryimage\",\"url\":\"http:\\\/\\\/108.128.154.120\\\/wp-content\\\/uploads\\\/2023\\\/05\\\/divulga-2-1024x570.jpg\",\"contentUrl\":\"http:\\\/\\\/108.128.154.120\\\/wp-content\\\/uploads\\\/2023\\\/05\\\/divulga-2-1024x570.jpg\"},{\"@type\":\"BreadcrumbList\",\"@id\":\"https:\\\/\\\/www.fundacionmdp.org\\\/historias-sin-barreras\\\/#breadcrumb\",\"itemListElement\":[{\"@type\":\"ListItem\",\"position\":1,\"name\":\"Home\",\"item\":\"https:\\\/\\\/www.fundacionmdp.org\\\/ca\\\/\"},{\"@type\":\"ListItem\",\"position\":2,\"name\":\"Hist\u00f2ries sense Barreres\"}]},{\"@type\":\"WebSite\",\"@id\":\"https:\\\/\\\/www.fundacionmdp.org\\\/#website\",\"url\":\"https:\\\/\\\/www.fundacionmdp.org\\\/\",\"name\":\"Fundaci\u00f3n Mutua de Propietarios\",\"description\":\"En la Fundaci\u00f3n Mutua de Propietarios te ayudamos a convertir tu edificio de viviendas en un espacio sin barreras arquitect\u00f3nicas.\",\"publisher\":{\"@id\":\"https:\\\/\\\/www.fundacionmdp.org\\\/#organization\"},\"potentialAction\":[{\"@type\":\"SearchAction\",\"target\":{\"@type\":\"EntryPoint\",\"urlTemplate\":\"https:\\\/\\\/www.fundacionmdp.org\\\/?s={search_term_string}\"},\"query-input\":{\"@type\":\"PropertyValueSpecification\",\"valueRequired\":true,\"valueName\":\"search_term_string\"}}],\"inLanguage\":\"ca\"},{\"@type\":\"Organization\",\"@id\":\"https:\\\/\\\/www.fundacionmdp.org\\\/#organization\",\"name\":\"Fundaci\u00f3n Mutua de Propietarios\",\"url\":\"https:\\\/\\\/www.fundacionmdp.org\\\/\",\"logo\":{\"@type\":\"ImageObject\",\"inLanguage\":\"ca\",\"@id\":\"https:\\\/\\\/www.fundacionmdp.org\\\/#\\\/schema\\\/logo\\\/image\\\/\",\"url\":\"https:\\\/\\\/www.fundacionmdp.org\\\/wp-content\\\/uploads\\\/2023\\\/05\\\/logo_FMdP_cat.png\",\"contentUrl\":\"https:\\\/\\\/www.fundacionmdp.org\\\/wp-content\\\/uploads\\\/2023\\\/05\\\/logo_FMdP_cat.png\",\"width\":655,\"height\":297,\"caption\":\"Fundaci\u00f3n Mutua de Propietarios\"},\"image\":{\"@id\":\"https:\\\/\\\/www.fundacionmdp.org\\\/#\\\/schema\\\/logo\\\/image\\\/\"}}]}<\/script>\n<!-- \/ Yoast SEO plugin. -->","yoast_head_json":{"title":"Hist\u00f2ries sense Barreres - Fundaci\u00f3n Mutua de Propietarios","robots":{"index":"index","follow":"follow","max-snippet":"max-snippet:-1","max-image-preview":"max-image-preview:large","max-video-preview":"max-video-preview:-1"},"canonical":"https:\/\/www.fundacionmdp.org\/historias-sin-barreras\/","og_locale":"ca_ES","og_type":"article","og_title":"Hist\u00f2ries sense Barreres - Fundaci\u00f3n Mutua de Propietarios","og_description":"Hist\u00f2ries sense Barreres Descobreix l&#8217;aspecte m\u00e9s hum\u00e0 d&#8217;aquestes iniciatives juntament amb els protagonistes de les hist\u00f2ries, que han guanyat una qualitat de vida m\u00e9s bona gr\u00e0cies als seus #HabitatgeSenseBarreres Vols ajudar-nos a fer realitat m\u00e9s hist\u00f2ries sense barreres? FES-TE&#8217;N SOCI La hist\u00f2ria d&#8217;en Benito, el ve\u00ed visionari Descobreix la Hist\u00f2ria d&#8217;en Benito, el visionari, i [&hellip;]","og_url":"https:\/\/www.fundacionmdp.org\/historias-sin-barreras\/","og_site_name":"Fundaci\u00f3n Mutua de Propietarios","article_modified_time":"2023-05-22T11:16:34+00:00","og_image":[{"url":"http:\/\/108.128.154.120\/wp-content\/uploads\/2023\/05\/divulga-2-1024x570.jpg","type":"","width":"","height":""}],"twitter_card":"summary_large_image","twitter_misc":{"Temps estimat de lectura":"3 minuts"},"schema":{"@context":"https:\/\/schema.org","@graph":[{"@type":"WebPage","@id":"https:\/\/www.fundacionmdp.org\/historias-sin-barreras\/","url":"https:\/\/www.fundacionmdp.org\/historias-sin-barreras\/","name":"Hist\u00f2ries sense Barreres - Fundaci\u00f3n Mutua de Propietarios","isPartOf":{"@id":"https:\/\/www.fundacionmdp.org\/#website"},"primaryImageOfPage":{"@id":"https:\/\/www.fundacionmdp.org\/historias-sin-barreras\/#primaryimage"},"image":{"@id":"https:\/\/www.fundacionmdp.org\/historias-sin-barreras\/#primaryimage"},"thumbnailUrl":"http:\/\/108.128.154.120\/wp-content\/uploads\/2023\/05\/divulga-2-1024x570.jpg","datePublished":"2023-05-07T17:01:56+00:00","dateModified":"2023-05-22T11:16:34+00:00","breadcrumb":{"@id":"https:\/\/www.fundacionmdp.org\/historias-sin-barreras\/#breadcrumb"},"inLanguage":"ca","potentialAction":[{"@type":"ReadAction","target":["https:\/\/www.fundacionmdp.org\/historias-sin-barreras\/"]}]},{"@type":"ImageObject","inLanguage":"ca","@id":"https:\/\/www.fundacionmdp.org\/historias-sin-barreras\/#primaryimage","url":"http:\/\/108.128.154.120\/wp-content\/uploads\/2023\/05\/divulga-2-1024x570.jpg","contentUrl":"http:\/\/108.128.154.120\/wp-content\/uploads\/2023\/05\/divulga-2-1024x570.jpg"},{"@type":"BreadcrumbList","@id":"https:\/\/www.fundacionmdp.org\/historias-sin-barreras\/#breadcrumb","itemListElement":[{"@type":"ListItem","position":1,"name":"Home","item":"https:\/\/www.fundacionmdp.org\/ca\/"},{"@type":"ListItem","position":2,"name":"Hist\u00f2ries sense Barreres"}]},{"@type":"WebSite","@id":"https:\/\/www.fundacionmdp.org\/#website","url":"https:\/\/www.fundacionmdp.org\/","name":"Fundaci\u00f3n Mutua de Propietarios","description":"En la Fundaci\u00f3n Mutua de Propietarios te ayudamos a convertir tu edificio de viviendas en un espacio sin barreras arquitect\u00f3nicas.","publisher":{"@id":"https:\/\/www.fundacionmdp.org\/#organization"},"potentialAction":[{"@type":"SearchAction","target":{"@type":"EntryPoint","urlTemplate":"https:\/\/www.fundacionmdp.org\/?s={search_term_string}"},"query-input":{"@type":"PropertyValueSpecification","valueRequired":true,"valueName":"search_term_string"}}],"inLanguage":"ca"},{"@type":"Organization","@id":"https:\/\/www.fundacionmdp.org\/#organization","name":"Fundaci\u00f3n Mutua de Propietarios","url":"https:\/\/www.fundacionmdp.org\/","logo":{"@type":"ImageObject","inLanguage":"ca","@id":"https:\/\/www.fundacionmdp.org\/#\/schema\/logo\/image\/","url":"https:\/\/www.fundacionmdp.org\/wp-content\/uploads\/2023\/05\/logo_FMdP_cat.png","contentUrl":"https:\/\/www.fundacionmdp.org\/wp-content\/uploads\/2023\/05\/logo_FMdP_cat.png","width":655,"height":297,"caption":"Fundaci\u00f3n Mutua de Propietarios"},"image":{"@id":"https:\/\/www.fundacionmdp.org\/#\/schema\/logo\/image\/"}}]}},"_links":{"self":[{"href":"https:\/\/www.fundacionmdp.org\/ca\/wp-json\/wp\/v2\/pages\/8610","targetHints":{"allow":["GET"]}}],"collection":[{"href":"https:\/\/www.fundacionmdp.org\/ca\/wp-json\/wp\/v2\/pages"}],"about":[{"href":"https:\/\/www.fundacionmdp.org\/ca\/wp-json\/wp\/v2\/types\/page"}],"author":[{"embeddable":true,"href":"https:\/\/www.fundacionmdp.org\/ca\/wp-json\/wp\/v2\/users\/1"}],"replies":[{"embeddable":true,"href":"https:\/\/www.fundacionmdp.org\/ca\/wp-json\/wp\/v2\/comments?post=8610"}],"version-history":[{"count":7,"href":"https:\/\/www.fundacionmdp.org\/ca\/wp-json\/wp\/v2\/pages\/8610\/revisions"}],"predecessor-version":[{"id":8622,"href":"https:\/\/www.fundacionmdp.org\/ca\/wp-json\/wp\/v2\/pages\/8610\/revisions\/8622"}],"wp:attachment":[{"href":"https:\/\/www.fundacionmdp.org\/ca\/wp-json\/wp\/v2\/media?parent=8610"}],"curies":[{"name":"wp","href":"https:\/\/api.w.org\/{rel}","templated":true}]}}