{"id":8623,"date":"2023-05-05T06:40:53","date_gmt":"2023-05-05T04:40:53","guid":{"rendered":"http:\/\/108.128.154.120\/?page_id=8623"},"modified":"2023-05-22T11:23:03","modified_gmt":"2023-05-22T11:23:03","slug":"qui-som","status":"publish","type":"page","link":"https:\/\/www.fundacionmdp.org\/ca\/qui-som\/","title":{"rendered":"Qui som"},"content":{"rendered":"\t\t<div data-elementor-type=\"wp-page\" data-elementor-id=\"8623\" class=\"elementor elementor-8623 elementor-1557\">\n\t\t\t\t<div class=\"elementor-element elementor-element-76ed67d1 e-con-full page-intro-section e-flex e-con e-parent\" data-id=\"76ed67d1\" data-element_type=\"container\" data-e-type=\"container\">\n\t\t<div class=\"elementor-element elementor-element-6678e2f0 page-intro-content e-flex e-con-boxed e-con e-parent\" data-id=\"6678e2f0\" data-element_type=\"container\" data-e-type=\"container\" data-settings=\"{&quot;background_background&quot;:&quot;classic&quot;}\">\n\t\t\t\t\t<div class=\"e-con-inner\">\n\t\t\t\t<div class=\"elementor-element elementor-element-796a1338 elementor-widget elementor-widget-text-editor\" data-id=\"796a1338\" data-element_type=\"widget\" data-e-type=\"widget\" data-widget_type=\"text-editor.default\">\n\t\t\t\t<div class=\"elementor-widget-container\">\n\t\t\t\t\t\t\t\t\t<h1>Qui som<\/h1>\t\t\t\t\t\t\t\t<\/div>\n\t\t\t\t<\/div>\n\t\t\t\t<div class=\"elementor-element elementor-element-64aed700 elementor-widget-divider--view-line elementor-widget elementor-widget-divider\" data-id=\"64aed700\" data-element_type=\"widget\" data-e-type=\"widget\" data-widget_type=\"divider.default\">\n\t\t\t\t<div class=\"elementor-widget-container\">\n\t\t\t\t\t\t\t<div class=\"elementor-divider\">\n\t\t\t<span class=\"elementor-divider-separator\">\n\t\t\t\t\t\t<\/span>\n\t\t<\/div>\n\t\t\t\t\t\t<\/div>\n\t\t\t\t<\/div>\n\t\t\t\t<div class=\"elementor-element elementor-element-1af65463 elementor-widget elementor-widget-text-editor\" data-id=\"1af65463\" data-element_type=\"widget\" data-e-type=\"widget\" data-widget_type=\"text-editor.default\">\n\t\t\t\t<div class=\"elementor-widget-container\">\n\t\t\t\t\t\t\t\t\t<p><span data-contrast=\"none\">La <\/span><b><span data-contrast=\"none\">Fundaci\u00f3 Mutua de Propietarios<\/span><\/b> \u00e9s una instituci\u00f3 sense \u00e0nim de lucre que treballa per millorar la qualitat de vida de les persones amb mobilitat redu\u00efda per mitj\u00e0 de l&#8217;impuls de l&#8217;accessibilitat en els edificis d&#8217;habitatges.\u00a0<span data-ccp-props=\"{}\">\u00a0<\/span><\/p><p><span data-contrast=\"none\">Per mitj\u00e0 de les nostres <\/span><b><span data-contrast=\"none\">activitats i programes<\/span><\/b><span data-contrast=\"none\">, volem contribuir a aconseguir habitatges i comunitats de propietaris m\u00e9s accessibles per a tothom, i especialment per a persones amb mobilitat redu\u00efda.<\/span><span data-ccp-props=\"{}\">\u00a0<\/span><\/p>\t\t\t\t\t\t\t\t<\/div>\n\t\t\t\t<\/div>\n\t\t\t\t\t<\/div>\n\t\t\t\t<\/div>\n\t\t<div class=\"elementor-element elementor-element-5b4e309c page-intro-image e-flex e-con-boxed e-con e-parent\" data-id=\"5b4e309c\" data-element_type=\"container\" data-e-type=\"container\">\n\t\t\t\t\t<div class=\"e-con-inner\">\n\t\t\t\t<div class=\"elementor-element elementor-element-41f20331 elementor-widget elementor-widget-image\" data-id=\"41f20331\" data-element_type=\"widget\" data-e-type=\"widget\" data-widget_type=\"image.default\">\n\t\t\t\t<div class=\"elementor-widget-container\">\n\t\t\t\t\t\t\t\t\t\t\t\t\t\t\t<img fetchpriority=\"high\" decoding=\"async\" width=\"1024\" height=\"607\" src=\"https:\/\/www.fundacionmdp.org\/wp-content\/uploads\/2023\/05\/fundacionmdp-quienes-somos--1024x607.jpg\" class=\"attachment-large size-large wp-image-6619\" alt=\"\" srcset=\"https:\/\/www.fundacionmdp.org\/wp-content\/uploads\/2023\/05\/fundacionmdp-quienes-somos--1024x607.jpg 1024w, https:\/\/www.fundacionmdp.org\/wp-content\/uploads\/2023\/05\/fundacionmdp-quienes-somos--300x178.jpg 300w, https:\/\/www.fundacionmdp.org\/wp-content\/uploads\/2023\/05\/fundacionmdp-quienes-somos--768x455.jpg 768w, https:\/\/www.fundacionmdp.org\/wp-content\/uploads\/2023\/05\/fundacionmdp-quienes-somos--1536x910.jpg 1536w, https:\/\/www.fundacionmdp.org\/wp-content\/uploads\/2023\/05\/fundacionmdp-quienes-somos-.jpg 2000w\" sizes=\"(max-width: 1024px) 100vw, 1024px\" \/>\t\t\t\t\t\t\t\t\t\t\t\t\t\t\t<\/div>\n\t\t\t\t<\/div>\n\t\t\t\t\t<\/div>\n\t\t\t\t<\/div>\n\t\t\t\t<\/div>\n\t\t<div class=\"elementor-element elementor-element-2d44363 e-flex e-con-boxed e-con e-parent\" data-id=\"2d44363\" data-element_type=\"container\" data-e-type=\"container\" data-settings=\"{&quot;background_background&quot;:&quot;classic&quot;,&quot;shape_divider_bottom&quot;:&quot;curve&quot;,&quot;shape_divider_bottom_negative&quot;:&quot;yes&quot;}\">\n\t\t\t\t\t<div class=\"e-con-inner\">\n\t\t\t\t<div class=\"elementor-shape elementor-shape-bottom\" aria-hidden=\"true\" data-negative=\"true\">\n\t\t\t<svg xmlns=\"http:\/\/www.w3.org\/2000\/svg\" viewBox=\"0 0 1000 100\" preserveAspectRatio=\"none\">\n\t<path class=\"elementor-shape-fill\" d=\"M500,97C126.7,96.3,0.8,19.8,0,0v100l1000,0V1C1000,19.4,873.3,97.8,500,97z\"\/>\n<\/svg>\t\t<\/div>\n\t\t\t\t<div class=\"elementor-element elementor-element-046f70e title-no-margin-bot elementor-widget elementor-widget-text-editor\" data-id=\"046f70e\" data-element_type=\"widget\" data-e-type=\"widget\" data-widget_type=\"text-editor.default\">\n\t\t\t\t<div class=\"elementor-widget-container\">\n\t\t\t\t\t\t\t\t\t<h2>Desenvolupem la nostra activitat mitjan\u00e7ant:<\/h2>\t\t\t\t\t\t\t\t<\/div>\n\t\t\t\t<\/div>\n\t\t<div class=\"elementor-element elementor-element-0140289 quienes-somos-grid-wrap e-flex e-con-boxed e-con e-parent\" data-id=\"0140289\" data-element_type=\"container\" data-e-type=\"container\">\n\t\t\t\t\t<div class=\"e-con-inner\">\n\t\t<div class=\"elementor-element elementor-element-911492e quienes-somos-grid-single e-flex e-con-boxed e-con e-parent\" data-id=\"911492e\" data-element_type=\"container\" data-e-type=\"container\" data-settings=\"{&quot;background_background&quot;:&quot;classic&quot;}\">\n\t\t\t\t\t<div class=\"e-con-inner\">\n\t\t<div class=\"elementor-element elementor-element-a9f8c8e e-flex e-con-boxed e-con e-parent\" data-id=\"a9f8c8e\" data-element_type=\"container\" data-e-type=\"container\" data-settings=\"{&quot;background_background&quot;:&quot;classic&quot;}\">\n\t\t\t\t\t<div class=\"e-con-inner\">\n\t\t\t\t<div class=\"elementor-element elementor-element-048f595 elementor-widget elementor-widget-heading\" data-id=\"048f595\" data-element_type=\"widget\" data-e-type=\"widget\" data-widget_type=\"heading.default\">\n\t\t\t\t<div class=\"elementor-widget-container\">\n\t\t\t\t\t<h3 class=\"elementor-heading-title elementor-size-default\">Accessibilitat<\/h3>\t\t\t\t<\/div>\n\t\t\t\t<\/div>\n\t\t\t\t\t<\/div>\n\t\t\t\t<\/div>\n\t\t<div class=\"elementor-element elementor-element-839e38f e-flex e-con-boxed e-con e-parent\" data-id=\"839e38f\" data-element_type=\"container\" data-e-type=\"container\">\n\t\t\t\t\t<div class=\"e-con-inner\">\n\t\t\t\t<div class=\"elementor-element elementor-element-e9fc339 no-margin-bot elementor-widget elementor-widget-text-editor\" data-id=\"e9fc339\" data-element_type=\"widget\" data-e-type=\"widget\" data-widget_type=\"text-editor.default\">\n\t\t\t\t<div class=\"elementor-widget-container\">\n\t\t\t\t\t\t\t\t\t<p>Treballem en l&#8217;eliminaci\u00f3 de barreres arquitect\u00f2niques i en la sensibilitzaci\u00f3 dels actors socials i pol\u00edtics que prenen decisions en aquesta mat\u00e8ria.<\/p>\t\t\t\t\t\t\t\t<\/div>\n\t\t\t\t<\/div>\n\t\t\t\t\t<\/div>\n\t\t\t\t<\/div>\n\t\t\t\t\t<\/div>\n\t\t\t\t<\/div>\n\t\t<div class=\"elementor-element elementor-element-30898a3 quienes-somos-grid-single e-flex e-con-boxed e-con e-parent\" data-id=\"30898a3\" data-element_type=\"container\" data-e-type=\"container\" data-settings=\"{&quot;background_background&quot;:&quot;classic&quot;}\">\n\t\t\t\t\t<div class=\"e-con-inner\">\n\t\t<div class=\"elementor-element elementor-element-d0c782a e-flex e-con-boxed e-con e-parent\" data-id=\"d0c782a\" data-element_type=\"container\" data-e-type=\"container\" data-settings=\"{&quot;background_background&quot;:&quot;classic&quot;}\">\n\t\t\t\t\t<div class=\"e-con-inner\">\n\t\t\t\t<div class=\"elementor-element elementor-element-9a5aae6 elementor-widget elementor-widget-heading\" data-id=\"9a5aae6\" data-element_type=\"widget\" data-e-type=\"widget\" data-widget_type=\"heading.default\">\n\t\t\t\t<div class=\"elementor-widget-container\">\n\t\t\t\t\t<h3 class=\"elementor-heading-title elementor-size-default\">Acci\u00f3 i inclusi\u00f3 social<\/h3>\t\t\t\t<\/div>\n\t\t\t\t<\/div>\n\t\t\t\t\t<\/div>\n\t\t\t\t<\/div>\n\t\t<div class=\"elementor-element elementor-element-08757ce e-flex e-con-boxed e-con e-parent\" data-id=\"08757ce\" data-element_type=\"container\" data-e-type=\"container\">\n\t\t\t\t\t<div class=\"e-con-inner\">\n\t\t\t\t<div class=\"elementor-element elementor-element-84c2e64 no-margin-bot elementor-widget elementor-widget-text-editor\" data-id=\"84c2e64\" data-element_type=\"widget\" data-e-type=\"widget\" data-widget_type=\"text-editor.default\">\n\t\t\t\t<div class=\"elementor-widget-container\">\n\t\t\t\t\t\t\t\t\tDissenyem activitats que promouen la integraci\u00f3 i qualitat de vida de les persones amb mobilitat redu\u00efda i fomenten la seva participaci\u00f3 activa en la societat.\t\t\t\t\t\t\t\t<\/div>\n\t\t\t\t<\/div>\n\t\t\t\t\t<\/div>\n\t\t\t\t<\/div>\n\t\t\t\t\t<\/div>\n\t\t\t\t<\/div>\n\t\t<div class=\"elementor-element elementor-element-749b88a quienes-somos-grid-single e-flex e-con-boxed e-con e-parent\" data-id=\"749b88a\" data-element_type=\"container\" data-e-type=\"container\" data-settings=\"{&quot;background_background&quot;:&quot;classic&quot;}\">\n\t\t\t\t\t<div class=\"e-con-inner\">\n\t\t<div class=\"elementor-element elementor-element-94d39d9 e-flex e-con-boxed e-con e-parent\" data-id=\"94d39d9\" data-element_type=\"container\" data-e-type=\"container\" data-settings=\"{&quot;background_background&quot;:&quot;classic&quot;}\">\n\t\t\t\t\t<div class=\"e-con-inner\">\n\t\t\t\t<div class=\"elementor-element elementor-element-ebbc863 elementor-widget elementor-widget-heading\" data-id=\"ebbc863\" data-element_type=\"widget\" data-e-type=\"widget\" data-widget_type=\"heading.default\">\n\t\t\t\t<div class=\"elementor-widget-container\">\n\t\t\t\t\t<h3 class=\"elementor-heading-title elementor-size-default\">Innovaci\u00f3<\/h3>\t\t\t\t<\/div>\n\t\t\t\t<\/div>\n\t\t\t\t\t<\/div>\n\t\t\t\t<\/div>\n\t\t<div class=\"elementor-element elementor-element-0d691c3 e-flex e-con-boxed e-con e-parent\" data-id=\"0d691c3\" data-element_type=\"container\" data-e-type=\"container\">\n\t\t\t\t\t<div class=\"e-con-inner\">\n\t\t\t\t<div class=\"elementor-element elementor-element-9a0f542 no-margin-bot elementor-widget elementor-widget-text-editor\" data-id=\"9a0f542\" data-element_type=\"widget\" data-e-type=\"widget\" data-widget_type=\"text-editor.default\">\n\t\t\t\t<div class=\"elementor-widget-container\">\n\t\t\t\t\t\t\t\t\tPer mitj\u00e0 de les noves tecnologies i l&#8217;exploraci\u00f3 de noves solucions i eines, millorem les condicions de vida de les persones amb mobilitat redu\u00efda.\t\t\t\t\t\t\t\t<\/div>\n\t\t\t\t<\/div>\n\t\t\t\t\t<\/div>\n\t\t\t\t<\/div>\n\t\t\t\t\t<\/div>\n\t\t\t\t<\/div>\n\t\t\t\t\t<\/div>\n\t\t\t\t<\/div>\n\t\t<div class=\"elementor-element elementor-element-e669f74 e-flex e-con-boxed e-con e-parent\" data-id=\"e669f74\" data-element_type=\"container\" data-e-type=\"container\">\n\t\t\t\t\t<div class=\"e-con-inner\">\n\t\t\t\t<div class=\"elementor-element elementor-element-f53d4d4 no-margin-bot elementor-widget elementor-widget-text-editor\" data-id=\"f53d4d4\" data-element_type=\"widget\" data-e-type=\"widget\" data-widget_type=\"text-editor.default\">\n\t\t\t\t<div class=\"elementor-widget-container\">\n\t\t\t\t\t\t\t\t\t<b><span data-contrast=\"auto\">El nostre objectiu \u00e9s construir un futur d&#8217;Habitatges sense Barreres<\/span><\/b><span data-ccp-props=\"{&quot;134233117&quot;:true,&quot;134233118&quot;:true,&quot;335559685&quot;:720}\">\u00a0<\/span>\t\t\t\t\t\t\t\t<\/div>\n\t\t\t\t<\/div>\n\t\t\t\t<div class=\"elementor-element elementor-element-cf7ed2d elementor-widget-divider--view-line elementor-widget elementor-widget-divider\" data-id=\"cf7ed2d\" data-element_type=\"widget\" data-e-type=\"widget\" data-widget_type=\"divider.default\">\n\t\t\t\t<div class=\"elementor-widget-container\">\n\t\t\t\t\t\t\t<div class=\"elementor-divider\">\n\t\t\t<span class=\"elementor-divider-separator\">\n\t\t\t\t\t\t<\/span>\n\t\t<\/div>\n\t\t\t\t\t\t<\/div>\n\t\t\t\t<\/div>\n\t\t\t\t<div class=\"elementor-element elementor-element-8df2be4 elementor-widget elementor-widget-text-editor\" data-id=\"8df2be4\" data-element_type=\"widget\" data-e-type=\"widget\" data-widget_type=\"text-editor.default\">\n\t\t\t\t<div class=\"elementor-widget-container\">\n\t\t\t\t\t\t\t\t\t<span data-contrast=\"none\">&#8220;Aconseguir un itinerari accessible des de la via p\u00fablica a l&#8217;habitatge \u00e9s fonamental per garantir l&#8217;autonomia personal i la vida independent del col\u00b7lectiu de persones amb mobilitat redu\u00efda.&#8221;<\/span>\t\t\t\t\t\t\t\t<\/div>\n\t\t\t\t<\/div>\n\t\t\t\t\t<\/div>\n\t\t\t\t<\/div>\n\t\t\t\t\t<\/div>\n\t\t\t\t<\/div>\n\t\t\t\t<\/div>\n\t\t","protected":false},"excerpt":{"rendered":"<p>Qui som La Fundaci\u00f3 Mutua de Propietarios \u00e9s una instituci\u00f3 sense \u00e0nim de lucre que treballa per millorar la qualitat de vida de les persones amb mobilitat redu\u00efda per mitj\u00e0 de l&#8217;impuls de l&#8217;accessibilitat en els edificis d&#8217;habitatges.\u00a0\u00a0 Per mitj\u00e0 de les nostres activitats i programes, volem contribuir a aconseguir habitatges i comunitats de propietaris [&hellip;]<\/p>\n","protected":false},"author":1,"featured_media":0,"parent":0,"menu_order":0,"comment_status":"closed","ping_status":"closed","template":"","meta":{"_acf_changed":false,"ocean_post_layout":"","ocean_both_sidebars_style":"","ocean_both_sidebars_content_width":0,"ocean_both_sidebars_sidebars_width":0,"ocean_sidebar":"0","ocean_second_sidebar":"0","ocean_disable_margins":"enable","ocean_add_body_class":"","ocean_shortcode_before_top_bar":"","ocean_shortcode_after_top_bar":"","ocean_shortcode_before_header":"","ocean_shortcode_after_header":"","ocean_has_shortcode":"","ocean_shortcode_after_title":"","ocean_shortcode_before_footer_widgets":"","ocean_shortcode_after_footer_widgets":"","ocean_shortcode_before_footer_bottom":"","ocean_shortcode_after_footer_bottom":"","ocean_display_top_bar":"default","ocean_display_header":"default","ocean_header_style":"","ocean_center_header_left_menu":"0","ocean_custom_header_template":"0","ocean_custom_logo":0,"ocean_custom_retina_logo":0,"ocean_custom_logo_max_width":0,"ocean_custom_logo_tablet_max_width":0,"ocean_custom_logo_mobile_max_width":0,"ocean_custom_logo_max_height":0,"ocean_custom_logo_tablet_max_height":0,"ocean_custom_logo_mobile_max_height":0,"ocean_header_custom_menu":"0","ocean_menu_typo_font_family":"0","ocean_menu_typo_font_subset":"","ocean_menu_typo_font_size":0,"ocean_menu_typo_font_size_tablet":0,"ocean_menu_typo_font_size_mobile":0,"ocean_menu_typo_font_size_unit":"px","ocean_menu_typo_font_weight":"","ocean_menu_typo_font_weight_tablet":"","ocean_menu_typo_font_weight_mobile":"","ocean_menu_typo_transform":"","ocean_menu_typo_transform_tablet":"","ocean_menu_typo_transform_mobile":"","ocean_menu_typo_line_height":0,"ocean_menu_typo_line_height_tablet":0,"ocean_menu_typo_line_height_mobile":0,"ocean_menu_typo_line_height_unit":"","ocean_menu_typo_spacing":0,"ocean_menu_typo_spacing_tablet":0,"ocean_menu_typo_spacing_mobile":0,"ocean_menu_typo_spacing_unit":"","ocean_menu_link_color":"","ocean_menu_link_color_hover":"","ocean_menu_link_color_active":"","ocean_menu_link_background":"","ocean_menu_link_hover_background":"","ocean_menu_link_active_background":"","ocean_menu_social_links_bg":"","ocean_menu_social_hover_links_bg":"","ocean_menu_social_links_color":"","ocean_menu_social_hover_links_color":"","ocean_disable_title":"default","ocean_disable_heading":"default","ocean_post_title":"","ocean_post_subheading":"","ocean_post_title_style":"","ocean_post_title_background_color":"","ocean_post_title_background":0,"ocean_post_title_bg_image_position":"","ocean_post_title_bg_image_attachment":"","ocean_post_title_bg_image_repeat":"","ocean_post_title_bg_image_size":"","ocean_post_title_height":0,"ocean_post_title_bg_overlay":0.5,"ocean_post_title_bg_overlay_color":"","ocean_disable_breadcrumbs":"default","ocean_breadcrumbs_color":"","ocean_breadcrumbs_separator_color":"","ocean_breadcrumbs_links_color":"","ocean_breadcrumbs_links_hover_color":"","ocean_display_footer_widgets":"default","ocean_display_footer_bottom":"default","ocean_custom_footer_template":"0","footnotes":""},"class_list":["post-8623","page","type-page","status-publish","hentry","entry"],"acf":[],"yoast_head":"<!-- This site is optimized with the Yoast SEO plugin v27.3 - https:\/\/yoast.com\/product\/yoast-seo-wordpress\/ -->\n<title>Qui som - Fundaci\u00f3n Mutua de Propietarios<\/title>\n<meta name=\"robots\" content=\"index, follow, max-snippet:-1, max-image-preview:large, max-video-preview:-1\" \/>\n<link rel=\"canonical\" href=\"https:\/\/www.fundacionmdp.org\/quienes-somos\/\" \/>\n<meta property=\"og:locale\" content=\"ca_ES\" \/>\n<meta property=\"og:type\" content=\"article\" \/>\n<meta property=\"og:title\" content=\"Qui som - Fundaci\u00f3n Mutua de Propietarios\" \/>\n<meta property=\"og:description\" content=\"Qui som La Fundaci\u00f3 Mutua de Propietarios \u00e9s una instituci\u00f3 sense \u00e0nim de lucre que treballa per millorar la qualitat de vida de les persones amb mobilitat redu\u00efda per mitj\u00e0 de l&#8217;impuls de l&#8217;accessibilitat en els edificis d&#8217;habitatges.\u00a0\u00a0 Per mitj\u00e0 de les nostres activitats i programes, volem contribuir a aconseguir habitatges i comunitats de propietaris [&hellip;]\" \/>\n<meta property=\"og:url\" content=\"https:\/\/www.fundacionmdp.org\/quienes-somos\/\" \/>\n<meta property=\"og:site_name\" content=\"Fundaci\u00f3n Mutua de Propietarios\" \/>\n<meta property=\"article:modified_time\" content=\"2023-05-22T11:23:03+00:00\" \/>\n<meta property=\"og:image\" content=\"http:\/\/108.128.154.120\/wp-content\/uploads\/2023\/05\/fundacionmdp-quienes-somos--1024x607.jpg\" \/>\n<meta name=\"twitter:card\" content=\"summary_large_image\" \/>\n<meta name=\"twitter:label1\" content=\"Temps estimat de lectura\" \/>\n\t<meta name=\"twitter:data1\" content=\"1 minut\" \/>\n<script type=\"application\/ld+json\" class=\"yoast-schema-graph\">{\"@context\":\"https:\\\/\\\/schema.org\",\"@graph\":[{\"@type\":\"WebPage\",\"@id\":\"https:\\\/\\\/www.fundacionmdp.org\\\/quienes-somos\\\/\",\"url\":\"https:\\\/\\\/www.fundacionmdp.org\\\/quienes-somos\\\/\",\"name\":\"Qui som - Fundaci\u00f3n Mutua de Propietarios\",\"isPartOf\":{\"@id\":\"https:\\\/\\\/www.fundacionmdp.org\\\/#website\"},\"primaryImageOfPage\":{\"@id\":\"https:\\\/\\\/www.fundacionmdp.org\\\/quienes-somos\\\/#primaryimage\"},\"image\":{\"@id\":\"https:\\\/\\\/www.fundacionmdp.org\\\/quienes-somos\\\/#primaryimage\"},\"thumbnailUrl\":\"http:\\\/\\\/108.128.154.120\\\/wp-content\\\/uploads\\\/2023\\\/05\\\/fundacionmdp-quienes-somos--1024x607.jpg\",\"datePublished\":\"2023-05-05T04:40:53+00:00\",\"dateModified\":\"2023-05-22T11:23:03+00:00\",\"breadcrumb\":{\"@id\":\"https:\\\/\\\/www.fundacionmdp.org\\\/quienes-somos\\\/#breadcrumb\"},\"inLanguage\":\"ca\",\"potentialAction\":[{\"@type\":\"ReadAction\",\"target\":[\"https:\\\/\\\/www.fundacionmdp.org\\\/quienes-somos\\\/\"]}]},{\"@type\":\"ImageObject\",\"inLanguage\":\"ca\",\"@id\":\"https:\\\/\\\/www.fundacionmdp.org\\\/quienes-somos\\\/#primaryimage\",\"url\":\"http:\\\/\\\/108.128.154.120\\\/wp-content\\\/uploads\\\/2023\\\/05\\\/fundacionmdp-quienes-somos--1024x607.jpg\",\"contentUrl\":\"http:\\\/\\\/108.128.154.120\\\/wp-content\\\/uploads\\\/2023\\\/05\\\/fundacionmdp-quienes-somos--1024x607.jpg\"},{\"@type\":\"BreadcrumbList\",\"@id\":\"https:\\\/\\\/www.fundacionmdp.org\\\/quienes-somos\\\/#breadcrumb\",\"itemListElement\":[{\"@type\":\"ListItem\",\"position\":1,\"name\":\"Home\",\"item\":\"https:\\\/\\\/www.fundacionmdp.org\\\/ca\\\/\"},{\"@type\":\"ListItem\",\"position\":2,\"name\":\"Qui som\"}]},{\"@type\":\"WebSite\",\"@id\":\"https:\\\/\\\/www.fundacionmdp.org\\\/#website\",\"url\":\"https:\\\/\\\/www.fundacionmdp.org\\\/\",\"name\":\"Fundaci\u00f3n Mutua de Propietarios\",\"description\":\"En la Fundaci\u00f3n Mutua de Propietarios te ayudamos a convertir tu edificio de viviendas en un espacio sin barreras arquitect\u00f3nicas.\",\"publisher\":{\"@id\":\"https:\\\/\\\/www.fundacionmdp.org\\\/#organization\"},\"potentialAction\":[{\"@type\":\"SearchAction\",\"target\":{\"@type\":\"EntryPoint\",\"urlTemplate\":\"https:\\\/\\\/www.fundacionmdp.org\\\/?s={search_term_string}\"},\"query-input\":{\"@type\":\"PropertyValueSpecification\",\"valueRequired\":true,\"valueName\":\"search_term_string\"}}],\"inLanguage\":\"ca\"},{\"@type\":\"Organization\",\"@id\":\"https:\\\/\\\/www.fundacionmdp.org\\\/#organization\",\"name\":\"Fundaci\u00f3n Mutua de Propietarios\",\"url\":\"https:\\\/\\\/www.fundacionmdp.org\\\/\",\"logo\":{\"@type\":\"ImageObject\",\"inLanguage\":\"ca\",\"@id\":\"https:\\\/\\\/www.fundacionmdp.org\\\/#\\\/schema\\\/logo\\\/image\\\/\",\"url\":\"https:\\\/\\\/www.fundacionmdp.org\\\/wp-content\\\/uploads\\\/2023\\\/05\\\/logo_FMdP_cat.png\",\"contentUrl\":\"https:\\\/\\\/www.fundacionmdp.org\\\/wp-content\\\/uploads\\\/2023\\\/05\\\/logo_FMdP_cat.png\",\"width\":655,\"height\":297,\"caption\":\"Fundaci\u00f3n Mutua de Propietarios\"},\"image\":{\"@id\":\"https:\\\/\\\/www.fundacionmdp.org\\\/#\\\/schema\\\/logo\\\/image\\\/\"}}]}<\/script>\n<!-- \/ Yoast SEO plugin. -->","yoast_head_json":{"title":"Qui som - Fundaci\u00f3n Mutua de Propietarios","robots":{"index":"index","follow":"follow","max-snippet":"max-snippet:-1","max-image-preview":"max-image-preview:large","max-video-preview":"max-video-preview:-1"},"canonical":"https:\/\/www.fundacionmdp.org\/quienes-somos\/","og_locale":"ca_ES","og_type":"article","og_title":"Qui som - Fundaci\u00f3n Mutua de Propietarios","og_description":"Qui som La Fundaci\u00f3 Mutua de Propietarios \u00e9s una instituci\u00f3 sense \u00e0nim de lucre que treballa per millorar la qualitat de vida de les persones amb mobilitat redu\u00efda per mitj\u00e0 de l&#8217;impuls de l&#8217;accessibilitat en els edificis d&#8217;habitatges.\u00a0\u00a0 Per mitj\u00e0 de les nostres activitats i programes, volem contribuir a aconseguir habitatges i comunitats de propietaris [&hellip;]","og_url":"https:\/\/www.fundacionmdp.org\/quienes-somos\/","og_site_name":"Fundaci\u00f3n Mutua de Propietarios","article_modified_time":"2023-05-22T11:23:03+00:00","og_image":[{"url":"http:\/\/108.128.154.120\/wp-content\/uploads\/2023\/05\/fundacionmdp-quienes-somos--1024x607.jpg","type":"","width":"","height":""}],"twitter_card":"summary_large_image","twitter_misc":{"Temps estimat de lectura":"1 minut"},"schema":{"@context":"https:\/\/schema.org","@graph":[{"@type":"WebPage","@id":"https:\/\/www.fundacionmdp.org\/quienes-somos\/","url":"https:\/\/www.fundacionmdp.org\/quienes-somos\/","name":"Qui som - Fundaci\u00f3n Mutua de Propietarios","isPartOf":{"@id":"https:\/\/www.fundacionmdp.org\/#website"},"primaryImageOfPage":{"@id":"https:\/\/www.fundacionmdp.org\/quienes-somos\/#primaryimage"},"image":{"@id":"https:\/\/www.fundacionmdp.org\/quienes-somos\/#primaryimage"},"thumbnailUrl":"http:\/\/108.128.154.120\/wp-content\/uploads\/2023\/05\/fundacionmdp-quienes-somos--1024x607.jpg","datePublished":"2023-05-05T04:40:53+00:00","dateModified":"2023-05-22T11:23:03+00:00","breadcrumb":{"@id":"https:\/\/www.fundacionmdp.org\/quienes-somos\/#breadcrumb"},"inLanguage":"ca","potentialAction":[{"@type":"ReadAction","target":["https:\/\/www.fundacionmdp.org\/quienes-somos\/"]}]},{"@type":"ImageObject","inLanguage":"ca","@id":"https:\/\/www.fundacionmdp.org\/quienes-somos\/#primaryimage","url":"http:\/\/108.128.154.120\/wp-content\/uploads\/2023\/05\/fundacionmdp-quienes-somos--1024x607.jpg","contentUrl":"http:\/\/108.128.154.120\/wp-content\/uploads\/2023\/05\/fundacionmdp-quienes-somos--1024x607.jpg"},{"@type":"BreadcrumbList","@id":"https:\/\/www.fundacionmdp.org\/quienes-somos\/#breadcrumb","itemListElement":[{"@type":"ListItem","position":1,"name":"Home","item":"https:\/\/www.fundacionmdp.org\/ca\/"},{"@type":"ListItem","position":2,"name":"Qui som"}]},{"@type":"WebSite","@id":"https:\/\/www.fundacionmdp.org\/#website","url":"https:\/\/www.fundacionmdp.org\/","name":"Fundaci\u00f3n Mutua de Propietarios","description":"En la Fundaci\u00f3n Mutua de Propietarios te ayudamos a convertir tu edificio de viviendas en un espacio sin barreras arquitect\u00f3nicas.","publisher":{"@id":"https:\/\/www.fundacionmdp.org\/#organization"},"potentialAction":[{"@type":"SearchAction","target":{"@type":"EntryPoint","urlTemplate":"https:\/\/www.fundacionmdp.org\/?s={search_term_string}"},"query-input":{"@type":"PropertyValueSpecification","valueRequired":true,"valueName":"search_term_string"}}],"inLanguage":"ca"},{"@type":"Organization","@id":"https:\/\/www.fundacionmdp.org\/#organization","name":"Fundaci\u00f3n Mutua de Propietarios","url":"https:\/\/www.fundacionmdp.org\/","logo":{"@type":"ImageObject","inLanguage":"ca","@id":"https:\/\/www.fundacionmdp.org\/#\/schema\/logo\/image\/","url":"https:\/\/www.fundacionmdp.org\/wp-content\/uploads\/2023\/05\/logo_FMdP_cat.png","contentUrl":"https:\/\/www.fundacionmdp.org\/wp-content\/uploads\/2023\/05\/logo_FMdP_cat.png","width":655,"height":297,"caption":"Fundaci\u00f3n Mutua de Propietarios"},"image":{"@id":"https:\/\/www.fundacionmdp.org\/#\/schema\/logo\/image\/"}}]}},"_links":{"self":[{"href":"https:\/\/www.fundacionmdp.org\/ca\/wp-json\/wp\/v2\/pages\/8623","targetHints":{"allow":["GET"]}}],"collection":[{"href":"https:\/\/www.fundacionmdp.org\/ca\/wp-json\/wp\/v2\/pages"}],"about":[{"href":"https:\/\/www.fundacionmdp.org\/ca\/wp-json\/wp\/v2\/types\/page"}],"author":[{"embeddable":true,"href":"https:\/\/www.fundacionmdp.org\/ca\/wp-json\/wp\/v2\/users\/1"}],"replies":[{"embeddable":true,"href":"https:\/\/www.fundacionmdp.org\/ca\/wp-json\/wp\/v2\/comments?post=8623"}],"version-history":[{"count":4,"href":"https:\/\/www.fundacionmdp.org\/ca\/wp-json\/wp\/v2\/pages\/8623\/revisions"}],"predecessor-version":[{"id":8627,"href":"https:\/\/www.fundacionmdp.org\/ca\/wp-json\/wp\/v2\/pages\/8623\/revisions\/8627"}],"wp:attachment":[{"href":"https:\/\/www.fundacionmdp.org\/ca\/wp-json\/wp\/v2\/media?parent=8623"}],"curies":[{"name":"wp","href":"https:\/\/api.w.org\/{rel}","templated":true}]}}